{"id":27014,"date":"2026-01-16T16:55:32","date_gmt":"2026-01-16T16:55:32","guid":{"rendered":"https:\/\/maxxinstitutes.com\/?post_type=product&#038;p=27014"},"modified":"2026-02-06T22:09:56","modified_gmt":"2026-02-06T22:09:56","slug":"spanska-och-karriarlaboratorium-for-unga-vuxna-18-25-copy","status":"publish","type":"product","link":"https:\/\/maxxinstitutes.com\/sv\/produkt\/spanska-och-karriarlaboratorium-for-unga-vuxna-18-25-copy\/","title":{"rendered":"Familjens spanska program"},"content":{"rendered":"<p data-start=\"525\" data-end=\"726\">MAXX Institutes <strong data-start=\"529\" data-end=\"555\">Family Spanish Program<\/strong> g\u00f6r det m\u00f6jligt f\u00f6r f\u00f6r\u00e4ldrar och barn att <strong data-start=\"606\" data-end=\"644\">l\u00e4ra sig spanska tillsammans som<\/strong> en familj medan de njuter av en avslappnad Medelhavssemester i <strong data-start=\"695\" data-end=\"725\">Palma de Mallorca eller Ibiza.<\/strong><\/p>\n<p data-start=\"728\" data-end=\"1006\">Detta flexibla <strong data-start=\"742\" data-end=\"763\">eftermiddagsprogram<\/strong> \u00e4r utformat f\u00f6r att passa perfekt in i en familjev\u00e4nlig rytm: lektioner \u00e4ger rum under de varmaste timmarna p\u00e5 dagen i <strong data-start=\"882\" data-end=\"912\">luftkonditionerade klassrum<\/strong>, vilket g\u00f6r att f\u00f6rmiddagar och sena eftermiddagar \u00e4r fria att njuta av str\u00e4nder, natur och \u00f6liv tillsammans.<\/p>\n<p data-start=\"1008\" data-end=\"1092\">Familjerna kan v\u00e4lja mellan tv\u00e5 format, beroende p\u00e5 \u00e5lder, niv\u00e5 och inl\u00e4rningsm\u00e5l:<\/p>\n<h4 data-start=\"1094\" data-end=\"1134\"><strong data-start=\"1099\" data-end=\"1134\">Alternativ A: Familj tillsammans-klass<\/strong><\/h4>\n<p data-start=\"1135\" data-end=\"1357\">F\u00f6r\u00e4ldrar och barn l\u00e4r sig tillsammans i en privat grupp med <strong data-start=\"1197\" data-end=\"1212\">en l\u00e4rare<\/strong>, med aktiviteter som \u00e4r anpassade till varje \u00e5lder och niv\u00e5. Vuxna fokuserar p\u00e5 kommunikativ spanska, medan barn l\u00e4r sig genom roliga, interaktiva \u00f6vningar.<\/p>\n<ul data-start=\"1359\" data-end=\"1533\">\n<li data-start=\"1359\" data-end=\"1405\">\n<p data-start=\"1361\" data-end=\"1405\">Perfekt f\u00f6r familjer med barn fr\u00e5n <strong data-start=\"1399\" data-end=\"1405\">4<\/strong> \u00e5r och <strong data-start=\"1399\" data-end=\"1405\">upp\u00e5t<\/strong><\/p>\n<\/li>\n<li data-start=\"1406\" data-end=\"1444\">\n<p data-start=\"1408\" data-end=\"1444\">F\u00f6r\u00e4ldrar p\u00e5 nyb\u00f6rjarniv\u00e5 <strong data-start=\"1435\" data-end=\"1444\">A1-A2<\/strong><\/p>\n<\/li>\n<li data-start=\"1445\" data-end=\"1489\">\n<p data-start=\"1447\" data-end=\"1489\"><strong data-start=\"1447\" data-end=\"1466\">1 privat grupp<\/strong> f\u00f6r 2-4 familjemedlemmar<\/p>\n<\/li>\n<li data-start=\"1490\" data-end=\"1533\">\n<p data-start=\"1492\" data-end=\"1533\"><strong data-start=\"1492\" data-end=\"1533\">2 lektioner \u00e0 50 minuter per eftermiddag<\/strong><\/p>\n<\/li>\n<\/ul>\n<h4 data-start=\"1535\" data-end=\"1575\"><strong data-start=\"1540\" data-end=\"1575\">Alternativ B: Familj parallellklass<\/strong><\/h4>\n<p data-start=\"1576\" data-end=\"1756\">F\u00f6r\u00e4ldrar och barn l\u00e4r sig samtidigt, men i <strong data-start=\"1628\" data-end=\"1652\">separata 1:1-lektioner<\/strong> med <strong data-start=\"1658\" data-end=\"1674\">tv\u00e5 l\u00e4rare<\/strong>. Detta alternativ \u00e4r perfekt n\u00e4r \u00e5ldrar, niv\u00e5er eller inl\u00e4rningsm\u00e5l skiljer sig \u00e5t avsev\u00e4rt.<\/p>\n<ul data-start=\"1758\" data-end=\"1904\">\n<li data-start=\"1758\" data-end=\"1816\">\n<p data-start=\"1760\" data-end=\"1816\">L\u00e4mplig f\u00f6r familjer med mycket olika niv\u00e5er eller \u00e5ldrar<\/p>\n<\/li>\n<li data-start=\"1817\" data-end=\"1860\">\n<p data-start=\"1819\" data-end=\"1860\"><strong data-start=\"1819\" data-end=\"1839\">2 privata grupper<\/strong> (f\u00f6r\u00e4ldrar &amp; barn)<\/p>\n<\/li>\n<li data-start=\"1861\" data-end=\"1904\">\n<p data-start=\"1863\" data-end=\"1904\"><strong data-start=\"1863\" data-end=\"1904\">2 lektioner \u00e0 50 minuter per eftermiddag<\/strong><\/p>\n<\/li>\n<\/ul>\n<p data-start=\"1906\" data-end=\"2046\">B\u00e5da formaten erbjuder <strong data-start=\"1925\" data-end=\"1949\">personligt anpassat inneh\u00e5ll<\/strong>, ingen logistisk stress och m\u00f6jlighet att dela en meningsfull spr\u00e5kupplevelse som familj.<\/p>\n<h3 data-start=\"2053\" data-end=\"2091\">L\u00e4rande och \u00f6liv i kombination<\/h3>\n<p data-start=\"2093\" data-end=\"2248\">Oavsett om det \u00e4r p\u00e5 Mallorca eller Ibiza, g\u00f6r Family Spanish-programmet det m\u00f6jligt f\u00f6r dig att kombinera spr\u00e5kinl\u00e4rning med of\u00f6rgl\u00f6mliga familjeupplevelser. B\u00e5da \u00f6arna erbjuder: <\/p>\n<ul data-start=\"2249\" data-end=\"2445\">\n<li data-start=\"2249\" data-end=\"2282\">\n<p data-start=\"2251\" data-end=\"2282\">s\u00e4kra, familjev\u00e4nliga str\u00e4nder<\/p>\n<\/li>\n<li data-start=\"2283\" data-end=\"2325\">\n<p data-start=\"2285\" data-end=\"2325\">kulturella h\u00f6jdpunkter och historiska st\u00e4der<\/p>\n<\/li>\n<li data-start=\"2326\" data-end=\"2364\">\n<p data-start=\"2328\" data-end=\"2364\">naturomr\u00e5den och sk\u00f6na utflykter<\/p>\n<\/li>\n<li data-start=\"2365\" data-end=\"2445\">\n<p data-start=\"2367\" data-end=\"2445\">aktiviteter f\u00f6re eller efter lektionen, perfekt anpassade till lektionsschemat<\/p>\n<\/li>\n<\/ul>\n<p data-start=\"2447\" data-end=\"2555\">Valfri barnomsorg eller barnflicka kan rekommenderas f\u00f6r f\u00f6r\u00e4ldrar som vill ha lite tid f\u00f6r sig sj\u00e4lva.<\/p>\n<h2 data-start=\"2601\" data-end=\"2641\">Boendealternativ f\u00f6r familjer<\/h2>\n<p data-start=\"2643\" data-end=\"2833\">Att hitta r\u00e4tt st\u00e4lle att bo p\u00e5 \u00e4r en viktig del av en lyckad spr\u00e5kresa f\u00f6r hela familjen. Vi erbjuder <strong data-start=\"2749\" data-end=\"2773\">personligt st\u00f6d<\/strong> f\u00f6r att hj\u00e4lpa dig att v\u00e4lja det b\u00e4sta alternativet f\u00f6r din familjs behov. <\/p>\n<h3 data-start=\"2835\" data-end=\"2893\">Spansk v\u00e4rdfamilj <em data-start=\"2862\" data-end=\"2891\">(mycket begr\u00e4nsad tillg\u00e4nglighet)<\/em><\/h3>\n<p data-start=\"2894\" data-end=\"2948\">F\u00f6r familjer som s\u00f6ker en autentisk kulturupplevelse:<\/p>\n<ul data-start=\"2949\" data-end=\"3161\">\n<li data-start=\"2949\" data-end=\"2993\">\n<p data-start=\"2951\" data-end=\"2993\">Noggrant utvalda spanska v\u00e4rdfamiljer<\/p>\n<\/li>\n<li data-start=\"2994\" data-end=\"3069\">\n<p data-start=\"2996\" data-end=\"3069\">Perfekt f\u00f6r <strong data-start=\"3006\" data-end=\"3028\">1-2 familjemedlemmar<\/strong> (ibland 3, beroende p\u00e5 tillg\u00e4nglighet)<\/p>\n<\/li>\n<li data-start=\"3070\" data-end=\"3134\">\n<p data-start=\"3072\" data-end=\"3134\">Bra m\u00f6jlighet att \u00f6va spanska i vardagliga situationer<\/p>\n<\/li>\n<li data-start=\"3135\" data-end=\"3161\">\n<p data-start=\"3137\" data-end=\"3161\">Varm, lokal atmosf\u00e4r<\/p>\n<\/li>\n<\/ul>\n<h3 data-start=\"3163\" data-end=\"3193\">Hotell &amp; familjerum<\/h3>\n<p data-start=\"3194\" data-end=\"3238\">F\u00f6r familjer som f\u00f6redrar komfort och avskildhet:<\/p>\n<ul data-start=\"3239\" data-end=\"3402\">\n<li data-start=\"3239\" data-end=\"3290\">\n<p data-start=\"3241\" data-end=\"3290\">Utvalda familjev\u00e4nliga hotell och l\u00e4genhetshotell<\/p>\n<\/li>\n<li data-start=\"3291\" data-end=\"3326\">\n<p data-start=\"3293\" data-end=\"3326\">Rymliga familjerum eller sviter<\/p>\n<\/li>\n<li data-start=\"3327\" data-end=\"3368\">\n<p data-start=\"3329\" data-end=\"3368\">Pooler, fritidsomr\u00e5den och m\u00e5ltidsalternativ<\/p>\n<\/li>\n<li data-start=\"3369\" data-end=\"3402\">\n<p data-start=\"3371\" data-end=\"3402\">N\u00e4ra till skola och strand<\/p>\n<\/li>\n<\/ul>\n<h3 data-start=\"3404\" data-end=\"3442\">L\u00e4genheter &amp; semesterbost\u00e4der<\/h3>\n<p data-start=\"3443\" data-end=\"3479\">F\u00f6r familjer som v\u00e4rdes\u00e4tter sj\u00e4lvst\u00e4ndighet:<\/p>\n<ul data-start=\"3480\" data-end=\"3671\">\n<li data-start=\"3480\" data-end=\"3538\">\n<p data-start=\"3482\" data-end=\"3538\">Perfekt f\u00f6r familjer med sm\u00e5 barn eller l\u00e4ngre vistelser<\/p>\n<\/li>\n<li data-start=\"3539\" data-end=\"3589\">\n<p data-start=\"3541\" data-end=\"3589\">K\u00f6ksfaciliteter och flexibel dagsplanering<\/p>\n<\/li>\n<li data-start=\"3590\" data-end=\"3638\">\n<p data-start=\"3592\" data-end=\"3638\">Ofta bel\u00e4gna n\u00e4ra str\u00e4nder och parkeringsplatser<\/p>\n<\/li>\n<li data-start=\"3639\" data-end=\"3671\">\n<p data-start=\"3641\" data-end=\"3671\">En bil rekommenderas vanligtvis<\/p>\n<\/li>\n<\/ul>\n<p data-start=\"3673\" data-end=\"3807\">V\u00e5rt team <strong data-start=\"3694\" data-end=\"3806\">skickar<\/strong> g\u00e4rna <strong data-start=\"3694\" data-end=\"3806\">rekommendationer, j\u00e4mf\u00f6r alternativ, hj\u00e4lper till med bokningar och ger r\u00e5d om de b\u00e4sta familjev\u00e4nliga platserna<\/strong>.<\/p>\n   <div class=\"pricing-section\" id=\"pricing-section-main\">\n        <div class=\"pricing-content\">\n                            <h2>Priser<\/h2>\n<ul>\n<h3>Island Hopper-programmet<\/h3>\n<div class=\"indented\">\n<li><strong>1 vecka:<\/strong> 390\u20ac<\/li>\n<\/div>\n<div class=\"indented\">\n<li><strong>2 veckor:<\/strong> 720\u20ac<\/li>\n<\/div>\n<div class=\"indented\">\n<li><strong>3 veckor:<\/strong> 1050\u20ac<\/li>\n<\/div>\n<div class=\"indented\">\n<li><strong>4 veckor:<\/strong> 1280\u20ac<\/li>\n<\/div>\n<\/ul>\n<p>Om dessa paket inte riktigt uppfyller dina behov eller om du vill ha mer information innan du fattar ett beslut \u00e4r du v\u00e4lkommen att:<\/p>\n<div class=\"btn-grpp\">\n  <a class=\"btn-11\" href=\"\/sv\/kontakt\/\"><br \/>\n    <button>Kontakta oss<\/button><br \/>\n  <\/a><br \/>\n  <a class=\"btn-22\" href=\"\/sv\/kostnadskalkylator\/\"><br \/>\n    <button>Beg\u00e4r offert<\/button><br \/>\n  <\/a>\n<\/div>\n                   <\/div>\n       <div class=\"pricing-image\">\n                            <img fetchpriority=\"high\" decoding=\"async\" src=\"https:\/\/maxxinstitutes.com\/wp-content\/uploads\/2026\/01\/product-images-website-10.png\" alt=\"Custom Product Image\" width=\"400\" height=\"400\" title=\"\">\n                 <\/div>\n\t   \n  <\/div>\n<style>\nbody {\nfont-family: Arial, sans-serif;\nmargin: 0;\npadding: 0;\nbackground-color: #f4f4f4;\n}\n\n.pricing-section {\n    display: flex;\n    align-items: center;\n    justify-content: center;\n    padding: 30px;\n    background: linear-gradient(135deg, #1c1e64, #5b6db8);\n    color: white;\n}\n\n.pricing-content {\nflex: 1;\npadding: 20px;\nmax-width: 50%;\n}\n\n.pricing-content h2 {\nfont-size: 36px;\nmargin-bottom: 20px;\n}\n\n.pricing-content ul {\nlist-style: none;\npadding: 0;\n}\n\n.pricing-content li {\nfont-size: 14px;\nmargin-bottom: 10px;\n}\n\n.pricing-content a {\ncolor: #96c8ff;\ntext-decoration: none;\n}\n\n.pricing-content a:hover {\ntext-decoration: underline;\n}\n\n.pricing-image {\nflex: 1;\nmax-width: 50%;\ndisplay: flex;\njustify-content: center;\nalign-items: center;\npadding: 20px;\n}\n\n.pricing-image img {\nmax-width: 100%;\nborder-radius: 10px;\n}\n\n\/* Responsive Design *\/\n@media (max-width: 768px) {\n.pricing-section {\nflex-direction: column;\ntext-align: center;\t\n}\n.pricing-content {\n    justify-items: center;\n}\n.pricing-content, .pricing-image {\nmax-width: 100%;\n}\n}\n#pricing-section-main .pricing-content h2 {\n    color: #ffffff;\n    font-size: 27px;\n}\n\n#pricing-section-main .pricing-content h3 {\n    color: #ffffff;\n    font-size: 17px;\n}\n\n.indented {\n    margin-left: 26px;\n}\n\n.pricing-content ul {\n    list-style: disc;\n}\n.pricing-content li {\n    text-align: left;\n    margin-bottom: 13px;\n}\n#pricing-section-main .pricing-content p {\n    font-size: 12px;\n}\n@media and (max-width: 768px){\ndiv#pricing-section-main {\n    padding: 20px;\n}\n}\ndiv#pricing-section-main {\n   margin-bottom: 20px;\n}\n\t.pricing-content h3 {\n    text-align: left!important;\n}\n\/* \t17-02-25 *\/\n\t.btn-grpp {\n    display: flex;\n}\na.btn-22 {\n    margin-left: 12px;\n}\n.pricing-image {\n    max-width: fit-content;\n}\n\t.btn-grpp button {\n    color: #020c1a;\n    border-radius: 3px;\n}\n<\/style>\n    \n","protected":false},"excerpt":{"rendered":"<p>L\u00e4r dig spanska tillsammans som en familj i Palma de Mallorca eller Ibiza.<br data-start=\"3955\" data-end=\"3958\">Family Spanish Program erbjuder flexibla eftermiddagslektioner, personliga format f\u00f6r f\u00f6r\u00e4ldrar och barn och st\u00f6d f\u00f6r boende &#8211; allt utformat f\u00f6r att passa perfekt in i en avslappnad familjesemester.<\/p>\n","protected":false},"featured_media":27021,"comment_status":"closed","ping_status":"closed","template":"","meta":[],"product_brand":[],"product_cat":[453,419],"product_tag":[],"class_list":{"0":"post-27014","1":"product","2":"type-product","3":"status-publish","4":"has-post-thumbnail","6":"product_cat-skraddarsydda-program-ibiza","7":"product_cat-skraddarsydda-program-mallorca","9":"first","10":"instock","11":"shipping-taxable","12":"purchasable","13":"product-type-simple"},"_links":{"self":[{"href":"https:\/\/maxxinstitutes.com\/sv\/wp-json\/wp\/v2\/product\/27014","targetHints":{"allow":["GET"]}}],"collection":[{"href":"https:\/\/maxxinstitutes.com\/sv\/wp-json\/wp\/v2\/product"}],"about":[{"href":"https:\/\/maxxinstitutes.com\/sv\/wp-json\/wp\/v2\/types\/product"}],"replies":[{"embeddable":true,"href":"https:\/\/maxxinstitutes.com\/sv\/wp-json\/wp\/v2\/comments?post=27014"}],"wp:featuredmedia":[{"embeddable":true,"href":"https:\/\/maxxinstitutes.com\/sv\/wp-json\/wp\/v2\/media\/27021"}],"wp:attachment":[{"href":"https:\/\/maxxinstitutes.com\/sv\/wp-json\/wp\/v2\/media?parent=27014"}],"wp:term":[{"taxonomy":"product_brand","embeddable":true,"href":"https:\/\/maxxinstitutes.com\/sv\/wp-json\/wp\/v2\/product_brand?post=27014"},{"taxonomy":"product_cat","embeddable":true,"href":"https:\/\/maxxinstitutes.com\/sv\/wp-json\/wp\/v2\/product_cat?post=27014"},{"taxonomy":"product_tag","embeddable":true,"href":"https:\/\/maxxinstitutes.com\/sv\/wp-json\/wp\/v2\/product_tag?post=27014"}],"curies":[{"name":"wp","href":"https:\/\/api.w.org\/{rel}","templated":true}]}}