{"id":16924,"date":"2024-12-10T22:18:14","date_gmt":"2024-12-10T22:18:14","guid":{"rendered":"http:\/\/maxxinstitutes.com\/?post_type=product&#038;p=16924"},"modified":"2025-07-28T07:31:33","modified_gmt":"2025-07-28T07:31:33","slug":"20-grupplektioner-per-vecka-i-madrid","status":"publish","type":"product","link":"https:\/\/maxxinstitutes.com\/sv\/produkt\/20-grupplektioner-per-vecka-i-madrid\/","title":{"rendered":"20 grupplektioner per vecka i Madrid"},"content":{"rendered":"<h2>Allm\u00e4n spanska &#8211; 20 grupplektioner per vecka<\/h2>\n<h3><strong>Varf\u00f6r Madrid?<\/strong><\/h3>\n<p>L\u00e4r dig spanska i Spaniens pulserande huvudstad! V\u00e5r centralt bel\u00e4gna spr\u00e5kskola i Madrid erbjuder en dynamisk, urban inl\u00e4rningsmilj\u00f6 med rika kulturella upplevelser precis utanf\u00f6r klassrummet. Oavsett om du stannar i n\u00e5gra veckor eller flera m\u00e5nader erbjuder Madrid den perfekta blandningen av tradition och modernitet f\u00f6r att komplettera din spr\u00e5kresa.<\/p>\n<h3><strong>Detaljer om kursen<\/strong><\/h3>\n<ul>\n<li data-start=\"668\" data-end=\"708\"><strong data-start=\"668\" data-end=\"688\">Lektioner per vecka:<\/strong> 20 grupplektioner<\/li>\n<li data-start=\"711\" data-end=\"770\"><strong data-start=\"711\" data-end=\"729\">Kursens inneh\u00e5ll<\/strong>: Allm\u00e4n spanska p\u00e5 din nuvarande niv\u00e5<\/li>\n<li data-start=\"773\" data-end=\"839\"><strong data-start=\"773\" data-end=\"791\">Niv\u00e5er som erbjuds<\/strong>: Fr\u00e5n helt nyb\u00f6rjare (A1) till avancerad (C2)<\/li>\n<li data-start=\"842\" data-end=\"896\"><strong data-start=\"842\" data-end=\"854\">L\u00e4rare<\/strong>: Erfarna, kvalificerade modersm\u00e5lsl\u00e4rare<\/li>\n<li data-start=\"899\" data-end=\"996\"><strong data-start=\"899\" data-end=\"915\">Klassens format<\/strong>: Roterande l\u00e4rare f\u00f6r att uts\u00e4tta eleverna f\u00f6r olika accenter och undervisningsstilar<\/li>\n<li data-start=\"999\" data-end=\"1039\"><strong data-start=\"999\" data-end=\"1013\">Gruppstorlek<\/strong>: 4-8 elever per klass<\/li>\n<li data-start=\"1042\" data-end=\"1081\"><strong data-start=\"1042\" data-end=\"1057\">\u00c5lder f\u00f6r studenter<\/strong>: Minst 18 \u00e5r gammal<\/li>\n<li data-start=\"1109\" data-end=\"1157\"><strong data-start=\"1109\" data-end=\"1121\">Varaktighet<\/strong>: 1 till 52 veckor (flexibel bokning)<\/li>\n<li data-start=\"1160\" data-end=\"1229\"><strong data-start=\"1160\" data-end=\"1172\">Rabatt<\/strong>: 10% rabatt p\u00e5 kursavgifter f\u00f6r bokningar fr\u00e5n 8 veckor och fram\u00e5t<\/li>\n<li data-start=\"1232\" data-end=\"1256\"><strong data-start=\"1232\" data-end=\"1253\">Alternativ f\u00f6r tidtabell<\/strong>:<\/li>\n<li data-start=\"1261\" data-end=\"1284\">F\u00f6rmiddag: 9:00 &#8211; 12:50<\/li>\n<li data-start=\"1289\" data-end=\"1367\">Eftermiddagar: 13:00 &#8211; 16:50<br data-start=\"1313\" data-end=\"1316\" \/><em data-start=\"1318\" data-end=\"1365\">(m\u00e5ndag till fredag, beroende p\u00e5 tillg\u00e4nglighet)<\/em><\/li>\n<li data-start=\"1370\" data-end=\"1414\"><strong data-start=\"1370\" data-end=\"1389\">Lektionens l\u00e4ngd<\/strong>: 50 minuter per lektion<\/li>\n<li data-start=\"1417\" data-end=\"1482\"><strong data-start=\"1417\" data-end=\"1432\">Start datum<\/strong>: Varje m\u00e5ndag (Alla niv\u00e5er med f\u00f6rkunskaper)<\/li>\n<li data-start=\"1485\" data-end=\"1545\"><strong data-start=\"1485\" data-end=\"1511\">F\u00f6r helt nyb\u00f6rjare<\/strong>: Utvalda startdatum tillg\u00e4ngliga<\/li>\n<li data-start=\"1548\" data-end=\"1578\"><strong data-start=\"1548\" data-end=\"1564\">Tillg\u00e4nglighet<\/strong>: \u00c5ret runt<\/li>\n<\/ul>\n<h3><strong>Vad ing\u00e5r?<\/strong><\/h3>\n<ul>\n<li data-start=\"1607\" data-end=\"1674\"><strong data-start=\"1607\" data-end=\"1629\">Fritidsaktiviteter<\/strong>: 3 sociala eller kulturella upplevelser per vecka<\/li>\n<li data-start=\"1677\" data-end=\"1707\"><strong data-start=\"1677\" data-end=\"1689\">Bokningsavgift<\/strong>: 18 euro (eng\u00e5ngskostnad)<\/li>\n<li data-start=\"1710\" data-end=\"1754\"><strong data-start=\"1710\" data-end=\"1730\">Registreringsavgift<\/strong>: 0 \u20ac (inga dolda kostnader)<\/li>\n<\/ul>\n<h3><strong>Varf\u00f6r v\u00e4lja den h\u00e4r kursen i Madrid?<\/strong><\/h3>\n<ul>\n<li>Sm\u00e5 grupper och personlig uppm\u00e4rksamhet<\/li>\n<li>Roterande l\u00e4rare = fler accenter, mer exponering, mer framsteg<\/li>\n<li>Kombinera stadsliv, kultur och spr\u00e5kinl\u00e4rning p\u00e5 ett av Europas vackraste resm\u00e5l<\/li>\n<\/ul>\n<p data-start=\"3036\" data-end=\"3310\">   <div class=\"pricing-section\" id=\"pricing-section-main\">\n        <div class=\"pricing-content\">\n                            <h2>Priser<\/h2>\n<ul>\n<h3>20 grupplektioner\/vecka<\/h3>\n<div class=\"indented\">\n<li><strong>1 vecka:<\/strong> 190\u20ac<\/li>\n<\/div>\n<div class=\"indented\">\n<li><strong>8 veckor:<\/strong> 170\u20ac<\/li>\n<\/div>\n<\/ul>\n<p>Om dessa paket inte riktigt passar dina behov eller om du vill ha mer information innan du best\u00e4mmer dig, tveka inte att:<\/p>\n<div class=\"btn-grpp\">\n  <a class=\"btn-11\" href=\"\/sv\/kontakt\/\"><br \/>\n    <button>Kontakta oss<\/button><br \/>\n  <\/a><br \/>\n  <a class=\"btn-22\" href=\"\/sv\/kostnadskalkylator\/\"><br \/>\n    <button>Beg\u00e4r offert<\/button><br \/>\n  <\/a>\n<\/div>\n                   <\/div>\n       <div class=\"pricing-image\">\n                            <img fetchpriority=\"high\" decoding=\"async\" src=\"https:\/\/maxxinstitutes.com\/wp-content\/uploads\/2024\/12\/11-1.png\" alt=\"Custom Product Image\" width=\"400\" height=\"400\" title=\"\">\n                 <\/div>\n\t   \n  <\/div>\n<style>\nbody {\nfont-family: Arial, sans-serif;\nmargin: 0;\npadding: 0;\nbackground-color: #f4f4f4;\n}\n\n.pricing-section {\n    display: flex;\n    align-items: center;\n    justify-content: center;\n    padding: 30px;\n    background: linear-gradient(135deg, #1c1e64, #5b6db8);\n    color: white;\n}\n\n.pricing-content {\nflex: 1;\npadding: 20px;\nmax-width: 50%;\n}\n\n.pricing-content h2 {\nfont-size: 36px;\nmargin-bottom: 20px;\n}\n\n.pricing-content ul {\nlist-style: none;\npadding: 0;\n}\n\n.pricing-content li {\nfont-size: 14px;\nmargin-bottom: 10px;\n}\n\n.pricing-content a {\ncolor: #96c8ff;\ntext-decoration: none;\n}\n\n.pricing-content a:hover {\ntext-decoration: underline;\n}\n\n.pricing-image {\nflex: 1;\nmax-width: 50%;\ndisplay: flex;\njustify-content: center;\nalign-items: center;\npadding: 20px;\n}\n\n.pricing-image img {\nmax-width: 100%;\nborder-radius: 10px;\n}\n\n\/* Responsive Design *\/\n@media (max-width: 768px) {\n.pricing-section {\nflex-direction: column;\ntext-align: center;\t\n}\n.pricing-content {\n    justify-items: center;\n}\n.pricing-content, .pricing-image {\nmax-width: 100%;\n}\n}\n#pricing-section-main .pricing-content h2 {\n    color: #ffffff;\n    font-size: 27px;\n}\n\n#pricing-section-main .pricing-content h3 {\n    color: #ffffff;\n    font-size: 17px;\n}\n\n.indented {\n    margin-left: 26px;\n}\n\n.pricing-content ul {\n    list-style: disc;\n}\n.pricing-content li {\n    text-align: left;\n    margin-bottom: 13px;\n}\n#pricing-section-main .pricing-content p {\n    font-size: 12px;\n}\n@media and (max-width: 768px){\ndiv#pricing-section-main {\n    padding: 20px;\n}\n}\ndiv#pricing-section-main {\n   margin-bottom: 20px;\n}\n\t.pricing-content h3 {\n    text-align: left!important;\n}\n\/* \t17-02-25 *\/\n\t.btn-grpp {\n    display: flex;\n}\na.btn-22 {\n    margin-left: 12px;\n}\n.pricing-image {\n    max-width: fit-content;\n}\n\t.btn-grpp button {\n    color: #020c1a;\n    border-radius: 3px;\n}\n<\/style>\n    <\/p>\n","protected":false},"excerpt":{"rendered":"<ul>\n<li>Spanskkurs f\u00f6r alla niv\u00e5er (nyb\u00f6rjare till avancerad)<\/li>\n<li>Tillg\u00e4nglig fr\u00e5n april till november<\/li>\n<li>F\u00f6r startdatum under andra m\u00e5nader, v\u00e4nligen kontrollera <a href=\"http:\/\/maxxinstitutes.com\/product\/private-spanish-lessons-in-madrid\/\"><strong>Privatlektioner<\/strong><\/a><\/li>\n<li>V\u00e4nligen v\u00e4lj veckor f\u00f6r att f\u00e5 en pris\u00f6versikt<\/li>\n<\/ul>\n","protected":false},"featured_media":23354,"comment_status":"closed","ping_status":"closed","template":"","meta":[],"product_brand":[],"product_cat":[283],"product_tag":[],"class_list":{"0":"post-16924","1":"product","2":"type-product","3":"status-publish","4":"has-post-thumbnail","6":"product_cat-madrid-sv","8":"first","9":"instock","10":"shipping-taxable","11":"purchasable","12":"product-type-variable"},"_links":{"self":[{"href":"https:\/\/maxxinstitutes.com\/sv\/wp-json\/wp\/v2\/product\/16924","targetHints":{"allow":["GET"]}}],"collection":[{"href":"https:\/\/maxxinstitutes.com\/sv\/wp-json\/wp\/v2\/product"}],"about":[{"href":"https:\/\/maxxinstitutes.com\/sv\/wp-json\/wp\/v2\/types\/product"}],"replies":[{"embeddable":true,"href":"https:\/\/maxxinstitutes.com\/sv\/wp-json\/wp\/v2\/comments?post=16924"}],"wp:featuredmedia":[{"embeddable":true,"href":"https:\/\/maxxinstitutes.com\/sv\/wp-json\/wp\/v2\/media\/23354"}],"wp:attachment":[{"href":"https:\/\/maxxinstitutes.com\/sv\/wp-json\/wp\/v2\/media?parent=16924"}],"wp:term":[{"taxonomy":"product_brand","embeddable":true,"href":"https:\/\/maxxinstitutes.com\/sv\/wp-json\/wp\/v2\/product_brand?post=16924"},{"taxonomy":"product_cat","embeddable":true,"href":"https:\/\/maxxinstitutes.com\/sv\/wp-json\/wp\/v2\/product_cat?post=16924"},{"taxonomy":"product_tag","embeddable":true,"href":"https:\/\/maxxinstitutes.com\/sv\/wp-json\/wp\/v2\/product_tag?post=16924"}],"curies":[{"name":"wp","href":"https:\/\/api.w.org\/{rel}","templated":true}]}}