{"id":16352,"date":"2024-12-10T20:57:42","date_gmt":"2024-12-10T20:57:42","guid":{"rendered":"http:\/\/maxxinstitutes.com\/?post_type=product&#038;p=16352"},"modified":"2025-07-28T10:18:04","modified_gmt":"2025-07-28T10:18:04","slug":"20-grupplektioner-per-vecka-i-ibiza","status":"publish","type":"product","link":"https:\/\/maxxinstitutes.com\/sv\/produkt\/20-grupplektioner-per-vecka-i-ibiza\/","title":{"rendered":"20 grupplektioner per vecka i Ibiza"},"content":{"rendered":"<h2>Allm\u00e4n spanska &#8211; 20 grupplektioner per vecka<\/h2>\n<h3>Varf\u00f6r Ibiza?<\/h3>\n<p>L\u00e4r dig spanska i en av Medelhavets vackraste milj\u00f6er. Ibiza \u00e4r inte bara k\u00e4nt f\u00f6r sina str\u00e4nder och sin avslappnade atmosf\u00e4r &#8211; det \u00e4r ocks\u00e5 en idealisk plats f\u00f6r att helt f\u00f6rdjupa dig i det spanska spr\u00e5ket. V\u00e5r moderna spr\u00e5kskola ligger i hj\u00e4rtat av Ibiza stad och erbjuder den perfekta kombinationen av intensivt l\u00e4rande och \u00f6livsstil.<\/p>\n<h3>Detaljer om kursen:<\/h3>\n<ul>\n<li data-start=\"645\" data-end=\"685\"><strong data-start=\"645\" data-end=\"665\">Lektioner per vecka:<\/strong> 20 grupplektioner<\/li>\n<li data-start=\"688\" data-end=\"747\"><strong data-start=\"688\" data-end=\"706\">Kursens inneh\u00e5ll<\/strong>: Allm\u00e4n spanska p\u00e5 din nuvarande niv\u00e5<\/li>\n<li data-start=\"750\" data-end=\"832\"><strong data-start=\"750\" data-end=\"768\">Niv\u00e5er som erbjuds<\/strong>: A1 till B2<br data-start=\"778\" data-end=\"781\" \/><em data-start=\"783\" data-end=\"830\">(F\u00f6r C1 och C2 rekommenderar vi privatlektioner<\/em>)<\/li>\n<li data-start=\"835\" data-end=\"907\"><strong data-start=\"835\" data-end=\"847\">L\u00e4rare<\/strong>: H\u00f6gkvalificerade modersm\u00e5lsl\u00e4rare med universitetsexamen<\/li>\n<li data-start=\"910\" data-end=\"1005\"><strong data-start=\"910\" data-end=\"926\">Klassformat<\/strong>: Roterande l\u00e4rare f\u00f6r att f\u00f6rb\u00e4ttra inl\u00e4rningen genom olika accenter och metoder<\/li>\n<li data-start=\"1008\" data-end=\"1060\"><strong data-start=\"1008\" data-end=\"1022\">Gruppstorlek<\/strong>: Genomsnittligt 6, maximalt 12 deltagare<\/li>\n<li data-start=\"1063\" data-end=\"1098\"><strong data-start=\"1063\" data-end=\"1078\">Studentens \u00e5lder<\/strong>: Minst 18 \u00e5r<\/li>\n<li data-start=\"1126\" data-end=\"1239\"><strong data-start=\"1126\" data-end=\"1149\">Kurstillg\u00e4nglighet<\/strong>: 31 mars till 27 oktober 2025<br data-start=\"1178\" data-end=\"1181\" \/><em data-start=\"1183\" data-end=\"1237\">(Utanf\u00f6r denna period \u00e4r privatlektioner tillg\u00e4ngliga<\/em>)<\/li>\n<li data-start=\"1242\" data-end=\"1290\"><strong data-start=\"1242\" data-end=\"1254\">Varaktighet<\/strong>: 1 till 52 veckor (flexibel bokning)<\/li>\n<li data-start=\"1293\" data-end=\"1315\"><strong data-start=\"1293\" data-end=\"1312\">Schema f\u00f6r lektionerna<\/strong>:\n<ul data-start=\"1318\" data-end=\"1542\">\n<li data-start=\"1318\" data-end=\"1377\">\n<p data-start=\"1320\" data-end=\"1377\">09:30 &#8211; 11:10: F\u00f6rsta blocket (2 lektioner med en l\u00e4rare)<\/p>\n<\/li>\n<li data-start=\"1380\" data-end=\"1404\">\n<p data-start=\"1382\" data-end=\"1404\">11:10 &#8211; 11:25: Paus<\/p>\n<\/li>\n<li data-start=\"1407\" data-end=\"1471\">\n<p data-start=\"1409\" data-end=\"1471\">11:25 &#8211; 13:05: Andra blocket (2 lektioner med en annan l\u00e4rare)<\/p>\n<\/li>\n<li data-start=\"1474\" data-end=\"1542\">\n<p data-start=\"1476\" data-end=\"1542\">13:20 &#8211; 14:10: Valfri social\/kulturell aktivitet (m\u00e5n, ons, tors)<\/p>\n<\/li>\n<\/ul>\n<\/li>\n<li data-start=\"1545\" data-end=\"1587\"><strong data-start=\"1545\" data-end=\"1562\">Lektionens l\u00e4ngd<\/strong>: 50 minuter per lektion<\/li>\n<li data-start=\"1590\" data-end=\"1647\"><strong data-start=\"1590\" data-end=\"1605\">Start datum<\/strong>: Varje m\u00e5ndag (med f\u00f6rkunskaper)<\/li>\n<li data-start=\"1652\" data-end=\"1704\">Helt nyb\u00f6rjare: Utvalda startdatum tillg\u00e4ngliga<\/li>\n<\/ul>\n<div class=\"bt_bb_text\">\n<h3><strong>Vad ing\u00e5r?<\/strong><\/h3>\n<ul>\n<li data-start=\"1733\" data-end=\"1800\"><strong data-start=\"1733\" data-end=\"1755\">Fritidsaktiviteter<\/strong>: 3 kulturella och sociala aktiviteter per vecka<\/li>\n<li data-start=\"1803\" data-end=\"1874\"><strong data-start=\"1803\" data-end=\"1823\">Registreringsavgift<\/strong>: 0 \u20ac &#8211; boka direkt med oss utan dolda kostnader<\/li>\n<li data-start=\"1877\" data-end=\"1971\"><strong data-start=\"1877\" data-end=\"1900\">Ytterligare tj\u00e4nster<\/strong>: Placeringstest, kursintyg, boendealternativ tillg\u00e4ngliga<\/li>\n<\/ul>\n<h3><strong>Varf\u00f6r v\u00e4lja den h\u00e4r kursen p\u00e5 Ibiza?<\/strong><\/h3>\n<ul>\n<li>Sm\u00e5 grupper och personlig uppm\u00e4rksamhet<\/li>\n<li>Roterande l\u00e4rare = fler accenter, mer exponering, mer framsteg<\/li>\n<li>Kombinera strandliv, kultur och spr\u00e5kinl\u00e4rning p\u00e5 ett av Europas vackraste resm\u00e5l<\/li>\n<\/ul>\n<\/div>\n<p data-start=\"3036\" data-end=\"3310\">   <div class=\"pricing-section\" id=\"pricing-section-main\">\n        <div class=\"pricing-content\">\n                            <h2>Priser<\/h2>\n<ul>\n<h3>20 grupplektioner\/vecka<\/h3>\n<div class=\"indented\">\n<li><strong>1 vecka:<\/strong> 229\u20ac<\/li>\n<\/div>\n<div class=\"indented\">\n<li><strong>2\u20138 veckor:<\/strong> 209\u20ac per vecka<\/li>\n<\/div>\n<div class=\"indented\">\n<li><strong>9\u201324 veckor:<\/strong> 170\u20ac per vecka<\/li>\n<\/div>\n<div class=\"indented\">\n<li><strong>24+ veckor:<\/strong> 160\u20ac per vecka<\/li>\n<\/div>\n<\/ul>\n<p>Om dessa paket inte riktigt passar dina behov eller om du vill ha mer information innan du best\u00e4mmer dig, tveka inte att:<\/p>\n<div class=\"btn-grpp\">\n  <a class=\"btn-11\" href=\"\/sv\/kontakt\/\"><br \/>\n    <button>Kontakta oss<\/button><br \/>\n  <\/a><br \/>\n  <a class=\"btn-22\" href=\"\/sv\/kostnadskalkylator\/\"><br \/>\n    <button>F\u00e5 en offert<\/button><br \/>\n  <\/a>\n<\/div>\n                   <\/div>\n       <div class=\"pricing-image\">\n                            <img fetchpriority=\"high\" decoding=\"async\" src=\"https:\/\/maxxinstitutes.com\/wp-content\/uploads\/2024\/12\/1-1.png\" alt=\"Custom Product Image\" width=\"400\" height=\"400\" title=\"\">\n                 <\/div>\n\t   \n  <\/div>\n<style>\nbody {\nfont-family: Arial, sans-serif;\nmargin: 0;\npadding: 0;\nbackground-color: #f4f4f4;\n}\n\n.pricing-section {\n    display: flex;\n    align-items: center;\n    justify-content: center;\n    padding: 30px;\n    background: linear-gradient(135deg, #1c1e64, #5b6db8);\n    color: white;\n}\n\n.pricing-content {\nflex: 1;\npadding: 20px;\nmax-width: 50%;\n}\n\n.pricing-content h2 {\nfont-size: 36px;\nmargin-bottom: 20px;\n}\n\n.pricing-content ul {\nlist-style: none;\npadding: 0;\n}\n\n.pricing-content li {\nfont-size: 14px;\nmargin-bottom: 10px;\n}\n\n.pricing-content a {\ncolor: #96c8ff;\ntext-decoration: none;\n}\n\n.pricing-content a:hover {\ntext-decoration: underline;\n}\n\n.pricing-image {\nflex: 1;\nmax-width: 50%;\ndisplay: flex;\njustify-content: center;\nalign-items: center;\npadding: 20px;\n}\n\n.pricing-image img {\nmax-width: 100%;\nborder-radius: 10px;\n}\n\n\/* Responsive Design *\/\n@media (max-width: 768px) {\n.pricing-section {\nflex-direction: column;\ntext-align: center;\t\n}\n.pricing-content {\n    justify-items: center;\n}\n.pricing-content, .pricing-image {\nmax-width: 100%;\n}\n}\n#pricing-section-main .pricing-content h2 {\n    color: #ffffff;\n    font-size: 27px;\n}\n\n#pricing-section-main .pricing-content h3 {\n    color: #ffffff;\n    font-size: 17px;\n}\n\n.indented {\n    margin-left: 26px;\n}\n\n.pricing-content ul {\n    list-style: disc;\n}\n.pricing-content li {\n    text-align: left;\n    margin-bottom: 13px;\n}\n#pricing-section-main .pricing-content p {\n    font-size: 12px;\n}\n@media and (max-width: 768px){\ndiv#pricing-section-main {\n    padding: 20px;\n}\n}\ndiv#pricing-section-main {\n   margin-bottom: 20px;\n}\n\t.pricing-content h3 {\n    text-align: left!important;\n}\n\/* \t17-02-25 *\/\n\t.btn-grpp {\n    display: flex;\n}\na.btn-22 {\n    margin-left: 12px;\n}\n.pricing-image {\n    max-width: fit-content;\n}\n\t.btn-grpp button {\n    color: #020c1a;\n    border-radius: 3px;\n}\n<\/style>\n    <\/p>\n","protected":false},"excerpt":{"rendered":"<ul>\n<li>Delta i v\u00e5ra livliga spanskakurser p\u00e5 Ibiza, tillg\u00e4ngliga fr\u00e5n april till november<\/li>\n<li>Sm\u00e5 grupper, expertl\u00e4rare och en rolig, uppslukande milj\u00f6 f\u00f6r att snabbt f\u00f6rb\u00e4ttra din spanska &#8211; oavsett om du precis har b\u00f6rjat eller vill f\u00f6rb\u00e4ttra dina kunskaper.<\/li>\n<li><em data-start=\"453\" data-end=\"531\">Vill du studera utanf\u00f6r dessa m\u00e5nader? Utforska v\u00e5ra flexibla privatlektioner! <\/em><\/li>\n<\/ul>\n","protected":false},"featured_media":23228,"comment_status":"closed","ping_status":"closed","template":"","meta":[],"product_brand":[],"product_cat":[294,230],"product_tag":[],"class_list":{"0":"post-16352","1":"product","2":"type-product","3":"status-publish","4":"has-post-thumbnail","6":"product_cat-mestadels","7":"product_cat-spanska-kurser-i-ibiza","9":"first","10":"instock","11":"shipping-taxable","12":"purchasable","13":"product-type-variable"},"_links":{"self":[{"href":"https:\/\/maxxinstitutes.com\/sv\/wp-json\/wp\/v2\/product\/16352","targetHints":{"allow":["GET"]}}],"collection":[{"href":"https:\/\/maxxinstitutes.com\/sv\/wp-json\/wp\/v2\/product"}],"about":[{"href":"https:\/\/maxxinstitutes.com\/sv\/wp-json\/wp\/v2\/types\/product"}],"replies":[{"embeddable":true,"href":"https:\/\/maxxinstitutes.com\/sv\/wp-json\/wp\/v2\/comments?post=16352"}],"wp:featuredmedia":[{"embeddable":true,"href":"https:\/\/maxxinstitutes.com\/sv\/wp-json\/wp\/v2\/media\/23228"}],"wp:attachment":[{"href":"https:\/\/maxxinstitutes.com\/sv\/wp-json\/wp\/v2\/media?parent=16352"}],"wp:term":[{"taxonomy":"product_brand","embeddable":true,"href":"https:\/\/maxxinstitutes.com\/sv\/wp-json\/wp\/v2\/product_brand?post=16352"},{"taxonomy":"product_cat","embeddable":true,"href":"https:\/\/maxxinstitutes.com\/sv\/wp-json\/wp\/v2\/product_cat?post=16352"},{"taxonomy":"product_tag","embeddable":true,"href":"https:\/\/maxxinstitutes.com\/sv\/wp-json\/wp\/v2\/product_tag?post=16352"}],"curies":[{"name":"wp","href":"https:\/\/api.w.org\/{rel}","templated":true}]}}