{"id":15697,"date":"2024-09-18T10:38:14","date_gmt":"2024-09-18T10:38:14","guid":{"rendered":"http:\/\/maxxinstitutes.com\/product\/20-grupplektioner-per-vecka-2025\/"},"modified":"2025-07-28T11:07:32","modified_gmt":"2025-07-28T11:07:32","slug":"20-grupplektioner-per-vecka-2025","status":"publish","type":"product","link":"https:\/\/maxxinstitutes.com\/sv\/produkt\/20-grupplektioner-per-vecka-2025\/","title":{"rendered":"20 grupplektioner per vecka i Palma de Mallorca"},"content":{"rendered":"<div class=\"frst-box\">\n<div class=\"price-box\">\n<h2>Allm\u00e4n spanska &#8211; 20 grupplektioner per vecka<\/h2>\n<h3><strong>Varf\u00f6r Mallorca<\/strong><\/h3>\n<p>L\u00e4r dig spanska medan du njuter av Medelhavets livsstil. V\u00e5r centralt bel\u00e4gna skola i <strong data-start=\"211\" data-end=\"232\">Palma de Mallorca<\/strong> \u00e4r inrymd i en rymlig historisk byggnad &#8211; en inspirerande och avkopplande milj\u00f6 f\u00f6r din inl\u00e4rningsresa. Efter lektionen kan du utforska charmiga gamla stadsgator, gyllene str\u00e4nder och livliga marknader i \u00f6ns soldr\u00e4nkta huvudstad.<\/p>\n<p>V\u00e5r mest popul\u00e4ra kurs p\u00e5 Mallorca \u00e4r utformad f\u00f6r elever p\u00e5 alla niv\u00e5er, fr\u00e5n absoluta nyb\u00f6rjare till \u00f6vre mellanniv\u00e5. Upplev dynamiska, roterande l\u00e4rare, sm\u00e5 grupper och uppslukande kulturella aktiviteter &#8211; den perfekta blandningen av struktur och n\u00f6je f\u00f6r att \u00f6ka din spanska snabbt och effektivt.<\/p>\n<\/div>\n<h3><strong>Detaljer om kursen<\/strong><\/h3>\n<ul>\n<li><strong data-start=\"864\" data-end=\"885\">Lektioner per vecka:<\/strong> 20 grupplektioner<\/li>\n<li><strong data-start=\"907\" data-end=\"925\">Lektionens l\u00e4ngd:<\/strong> 50 minuter per <strong data-start=\"907\" data-end=\"925\">lektion<\/strong><\/li>\n<li><strong data-start=\"951\" data-end=\"970\">Niv\u00e5er som erbjuds:<\/strong> A0 (absolut nyb\u00f6rjare) till B2<\/li>\n<li><strong data-start=\"1005\" data-end=\"1018\">L\u00e4rare:<\/strong> Minst 2 roterande kvalificerade modersm\u00e5lsl\u00e4rare per vecka<\/li>\n<li><strong data-start=\"1089\" data-end=\"1109\">Kursens l\u00e4ngd:<\/strong> 1 till 52 veckor<\/li>\n<li><strong data-start=\"1128\" data-end=\"1142\">Tidtabell:<\/strong> M\u00e5ndag till fredag, kl. 9.30-11.10 och kl. 11.25-13.05<\/li>\n<li><strong data-start=\"1192\" data-end=\"1208\">Startdatum:<\/strong> Varje m\u00e5ndag mellan <strong data-start=\"1230\" data-end=\"1262\">1 april och 27 oktober 2025<\/strong>, f\u00f6r alla niv\u00e5er<\/li>\n<li><strong data-start=\"1283\" data-end=\"1298\">Gruppstorlek:<\/strong> Genomsnittligt 6 studenter, maximalt 10<\/li>\n<li><strong data-start=\"1334\" data-end=\"1350\">\u00c5lder f\u00f6r studenter:<\/strong> Minimi\u00e5lder 18 \u00e5r; medel\u00e5lder:<br data-start=\"1379\" data-end=\"1382\" \/>&#8211; Juli &amp; augusti: ~28 \u00e5r<br data-start=\"1410\" data-end=\"1413\" \/>&#8211; Resten av \u00e5ret: ~36-55 \u00e5r<\/li>\n<li><strong data-start=\"1452\" data-end=\"1469\">C1\/C2-niv\u00e5er:<\/strong> Boka privatlektioner &#8211; denna kurs \u00e4r inte l\u00e4mplig f\u00f6r avancerade elever<\/li>\n<\/ul>\n<\/div>\n<h3><strong>Vad ing\u00e5r?<\/strong><\/h3>\n<ul>\n<li data-start=\"1583\" data-end=\"1629\">3 veckovisa <strong data-start=\"1592\" data-end=\"1616\">kulturupplevelser<\/strong> (ing\u00e5r)<\/li>\n<li data-start=\"1632\" data-end=\"1676\">Placeringstest &amp; deltagarintyg<\/li>\n<li data-start=\"1679\" data-end=\"1715\">Kvalificerade modersm\u00e5lsl\u00e4rare<\/li>\n<li data-start=\"1718\" data-end=\"1752\">Tillg\u00e5ng till gemensamma utrymmen och Wi-Fi<\/li>\n<li data-start=\"1755\" data-end=\"1799\">St\u00f6d med bokning av boende vid behov<\/li>\n<\/ul>\n<h3><strong>Varf\u00f6r v\u00e4lja den h\u00e4r kursen p\u00e5 Mallorca?<\/strong><\/h3>\n<ul>\n<li>Sm\u00e5 grupper och personlig uppm\u00e4rksamhet<\/li>\n<li>Roterande l\u00e4rare = fler accenter, mer exponering, mer framsteg<\/li>\n<li>Kombinera strandliv, kultur och spr\u00e5kinl\u00e4rning p\u00e5 ett av Europas vackraste resm\u00e5l<\/li>\n<\/ul>\n<div class=\"frst-box\">\n<div class=\"price-box\">\n<ul>\n<li style=\"list-style-type: none;\"><\/li>\n<\/ul>\n<\/div>\n<\/div>\n<p data-start=\"3036\" data-end=\"3310\">   <div class=\"pricing-section\" id=\"pricing-section-main\">\n        <div class=\"pricing-content\">\n                            <h2>Priser<\/h2>\n<ul>\n<h3>20 grupplektioner\/vecka<\/h3>\n<div class=\"indented\">\n<li><strong>1\u20134 veckor:<\/strong> 229\u20ac<\/li>\n<\/div>\n<div class=\"indented\">\n<li><strong>5\u20138 veckor:<\/strong> 209\u20ac per vecka<\/li>\n<\/div>\n<div class=\"indented\">\n<li><strong>9\u201324 veckor:<\/strong> 170\u20ac per vecka<\/li>\n<\/div>\n<div class=\"indented\">\n<li><strong>24+ veckor:<\/strong> 160\u20ac per vecka<\/li>\n<\/div>\n<\/ul>\n<p>Om dessa paket inte riktigt uppfyller dina behov eller om du vill ha mer information innan du best\u00e4mmer dig, tveka inte att:<\/p>\n<div class=\"btn-grpp\">\n  <a class=\"btn-11\" href=\"\/sv\/kontakt\/\"><br \/>\n    <button>Kontakta oss<\/button><br \/>\n  <\/a><br \/>\n  <a class=\"btn-22\" href=\"\/sv\/kostnadskalkylator\/\"><br \/>\n    <button>F\u00e5 en offert<\/button><br \/>\n  <\/a>\n<\/div>\n                   <\/div>\n       <div class=\"pricing-image\">\n                            <img fetchpriority=\"high\" decoding=\"async\" src=\"https:\/\/maxxinstitutes.com\/wp-content\/uploads\/2024\/09\/Spanish-intensive-20-5-lessons-week_.jpg\" alt=\"Custom Product Image\" width=\"400\" height=\"400\" title=\"\">\n                 <\/div>\n\t   \n  <\/div>\n<style>\nbody {\nfont-family: Arial, sans-serif;\nmargin: 0;\npadding: 0;\nbackground-color: #f4f4f4;\n}\n\n.pricing-section {\n    display: flex;\n    align-items: center;\n    justify-content: center;\n    padding: 30px;\n    background: linear-gradient(135deg, #1c1e64, #5b6db8);\n    color: white;\n}\n\n.pricing-content {\nflex: 1;\npadding: 20px;\nmax-width: 50%;\n}\n\n.pricing-content h2 {\nfont-size: 36px;\nmargin-bottom: 20px;\n}\n\n.pricing-content ul {\nlist-style: none;\npadding: 0;\n}\n\n.pricing-content li {\nfont-size: 14px;\nmargin-bottom: 10px;\n}\n\n.pricing-content a {\ncolor: #96c8ff;\ntext-decoration: none;\n}\n\n.pricing-content a:hover {\ntext-decoration: underline;\n}\n\n.pricing-image {\nflex: 1;\nmax-width: 50%;\ndisplay: flex;\njustify-content: center;\nalign-items: center;\npadding: 20px;\n}\n\n.pricing-image img {\nmax-width: 100%;\nborder-radius: 10px;\n}\n\n\/* Responsive Design *\/\n@media (max-width: 768px) {\n.pricing-section {\nflex-direction: column;\ntext-align: center;\t\n}\n.pricing-content {\n    justify-items: center;\n}\n.pricing-content, .pricing-image {\nmax-width: 100%;\n}\n}\n#pricing-section-main .pricing-content h2 {\n    color: #ffffff;\n    font-size: 27px;\n}\n\n#pricing-section-main .pricing-content h3 {\n    color: #ffffff;\n    font-size: 17px;\n}\n\n.indented {\n    margin-left: 26px;\n}\n\n.pricing-content ul {\n    list-style: disc;\n}\n.pricing-content li {\n    text-align: left;\n    margin-bottom: 13px;\n}\n#pricing-section-main .pricing-content p {\n    font-size: 12px;\n}\n@media and (max-width: 768px){\ndiv#pricing-section-main {\n    padding: 20px;\n}\n}\ndiv#pricing-section-main {\n   margin-bottom: 20px;\n}\n\t.pricing-content h3 {\n    text-align: left!important;\n}\n\/* \t17-02-25 *\/\n\t.btn-grpp {\n    display: flex;\n}\na.btn-22 {\n    margin-left: 12px;\n}\n.pricing-image {\n    max-width: fit-content;\n}\n\t.btn-grpp button {\n    color: #020c1a;\n    border-radius: 3px;\n}\n<\/style>\n    <\/p>\n","protected":false},"excerpt":{"rendered":"<ul>\n<li>\n<p class=\"\" data-start=\"215\" data-end=\"639\">Uppt\u00e4ck gl\u00e4djen i att l\u00e4ra dig spanska i hj\u00e4rtat av Palma!<\/p>\n<\/li>\n<li>\n<p class=\"\" data-start=\"215\" data-end=\"639\">V\u00e5ra gruppklasser p\u00e5g\u00e5r fr\u00e5n april till november och erbjuder en engagerande blandning av kommunikation, kultur och n\u00f6je. Oavsett om du \u00e4r helt nyb\u00f6rjare eller en avancerad elev kommer du att trivas i v\u00e5r v\u00e4nliga milj\u00f6 med sm\u00e5 grupper.<\/p>\n<\/li>\n<li>\n<p class=\"\" data-start=\"215\" data-end=\"639\"><em data-start=\"569\" data-end=\"639\">Beh\u00f6ver du ett annat schema? Privatlektioner \u00e4r tillg\u00e4ngliga \u00e5ret runt. <\/em><\/p>\n<\/li>\n<\/ul>\n","protected":false},"featured_media":23340,"comment_status":"closed","ping_status":"closed","template":"","meta":[],"product_brand":[],"product_cat":[275,417],"product_tag":[],"class_list":{"0":"post-15697","1":"product","2":"type-product","3":"status-publish","4":"has-post-thumbnail","6":"product_cat-mallorca-sv","7":"product_cat-populara-mallorca","9":"first","10":"instock","11":"shipping-taxable","12":"purchasable","13":"product-type-variable"},"_links":{"self":[{"href":"https:\/\/maxxinstitutes.com\/sv\/wp-json\/wp\/v2\/product\/15697","targetHints":{"allow":["GET"]}}],"collection":[{"href":"https:\/\/maxxinstitutes.com\/sv\/wp-json\/wp\/v2\/product"}],"about":[{"href":"https:\/\/maxxinstitutes.com\/sv\/wp-json\/wp\/v2\/types\/product"}],"replies":[{"embeddable":true,"href":"https:\/\/maxxinstitutes.com\/sv\/wp-json\/wp\/v2\/comments?post=15697"}],"wp:featuredmedia":[{"embeddable":true,"href":"https:\/\/maxxinstitutes.com\/sv\/wp-json\/wp\/v2\/media\/23340"}],"wp:attachment":[{"href":"https:\/\/maxxinstitutes.com\/sv\/wp-json\/wp\/v2\/media?parent=15697"}],"wp:term":[{"taxonomy":"product_brand","embeddable":true,"href":"https:\/\/maxxinstitutes.com\/sv\/wp-json\/wp\/v2\/product_brand?post=15697"},{"taxonomy":"product_cat","embeddable":true,"href":"https:\/\/maxxinstitutes.com\/sv\/wp-json\/wp\/v2\/product_cat?post=15697"},{"taxonomy":"product_tag","embeddable":true,"href":"https:\/\/maxxinstitutes.com\/sv\/wp-json\/wp\/v2\/product_tag?post=15697"}],"curies":[{"name":"wp","href":"https:\/\/api.w.org\/{rel}","templated":true}]}}