{"id":22367,"date":"2025-03-13T16:31:23","date_gmt":"2025-03-13T16:31:23","guid":{"rendered":"https:\/\/maxxinstitutes.com\/studentvisum\/"},"modified":"2025-09-24T17:28:02","modified_gmt":"2025-09-24T17:28:02","slug":"studentvisum","status":"publish","type":"page","link":"https:\/\/maxxinstitutes.com\/sv\/studentvisum\/","title":{"rendered":"studentvisum"},"content":{"rendered":"\t\t<div data-elementor-type=\"wp-page\" data-elementor-id=\"22367\" class=\"elementor elementor-22367 elementor-22357\" data-elementor-post-type=\"page\">\n\t\t\t\t<div class=\"elementor-element elementor-element-abecd70 e-flex e-con-boxed e-con e-parent\" data-id=\"abecd70\" data-element_type=\"container\" data-e-type=\"container\">\n\t\t\t\t\t<div class=\"e-con-inner\">\n\t\t<div class=\"elementor-element elementor-element-61c0bb6 e-con-full e-flex e-con e-child\" data-id=\"61c0bb6\" data-element_type=\"container\" data-e-type=\"container\">\n\t\t\t\t<div class=\"elementor-element elementor-element-9e07010 elementor-widget elementor-widget-heading\" data-id=\"9e07010\" data-element_type=\"widget\" data-e-type=\"widget\" data-widget_type=\"heading.default\">\n\t\t\t\t<div class=\"elementor-widget-container\">\n\t\t\t\t\t<h2 class=\"elementor-heading-title elementor-size-default\">Studentvisum f\u00f6r din vistelse p\u00e5 Ibiza<\/h2>\t\t\t\t<\/div>\n\t\t\t\t<\/div>\n\t\t\t\t<\/div>\n\t\t\t\t\t<\/div>\n\t\t\t\t<\/div>\n\t\t<div class=\"elementor-element elementor-element-4065bd7 e-flex e-con-boxed e-con e-parent\" data-id=\"4065bd7\" data-element_type=\"container\" data-e-type=\"container\">\n\t\t\t\t\t<div class=\"e-con-inner\">\n\t\t\t\t<div class=\"elementor-element elementor-element-f4d4ed3 color-scheme-inherit text-left elementor-widget elementor-widget-text-editor\" data-id=\"f4d4ed3\" data-element_type=\"widget\" data-e-type=\"widget\" data-widget_type=\"text-editor.default\">\n\t\t\t\t<div class=\"elementor-widget-container\">\n\t\t\t\t\t\t\t\t\t<p>P\u00e5 Instituto de Idiomas Ibiza (Ibiza Language Institute) har vi sedan 2008 hj\u00e4lpt studenter fr\u00e5n l\u00e4nder utanf\u00f6r EU att f\u00e5 l\u00e5ngvariga studentvisum. Som en skola som \u00e4r ackrediterad av Instituto Cervantes och en specifik kursstruktur uppfyller v\u00e5ra spanska kurser kraven f\u00f6r din ans\u00f6kan om studentvisum f\u00f6r Spanien. <\/p>\t\t\t\t\t\t\t\t<\/div>\n\t\t\t\t<\/div>\n\t\t\t\t\t<\/div>\n\t\t\t\t<\/div>\n\t\t<div class=\"elementor-element elementor-element-fe35ec4 e-flex e-con-boxed e-con e-parent\" data-id=\"fe35ec4\" data-element_type=\"container\" data-e-type=\"container\">\n\t\t\t\t\t<div class=\"e-con-inner\">\n\t\t\t\t<div class=\"elementor-element elementor-element-40a4536 color-scheme-inherit text-left elementor-widget elementor-widget-text-editor\" data-id=\"40a4536\" data-element_type=\"widget\" data-e-type=\"widget\" data-widget_type=\"text-editor.default\">\n\t\t\t\t<div class=\"elementor-widget-container\">\n\t\t\t\t\t\t\t\t\t<p>L\u00e4s vidare f\u00f6r att f\u00e5 reda p\u00e5 det:<\/p><ul><li>Hur ans\u00f6ker du?<\/li><li>Dokument som beh\u00f6vs<\/li><li>Betalningar<\/li><li>Vistelser mellan 90 och 180 dagar<\/li><li>Vistelser mellan 180 dagar och 1 \u00e5r<\/li><li>F\u00f6rl\u00e4ng ditt turistvisum eller ans\u00f6k fr\u00e5n Spanien<\/li><\/ul>\t\t\t\t\t\t\t\t<\/div>\n\t\t\t\t<\/div>\n\t\t\t\t\t<\/div>\n\t\t\t\t<\/div>\n\t\t<div class=\"elementor-element elementor-element-bfb31a3 e-flex e-con-boxed e-con e-parent\" data-id=\"bfb31a3\" data-element_type=\"container\" data-e-type=\"container\">\n\t\t\t\t\t<div class=\"e-con-inner\">\n\t\t\t\t<div class=\"elementor-element elementor-element-a0da8ec elementor-widget elementor-widget-spacer\" data-id=\"a0da8ec\" data-element_type=\"widget\" data-e-type=\"widget\" data-widget_type=\"spacer.default\">\n\t\t\t\t<div class=\"elementor-widget-container\">\n\t\t\t\t\t\t\t<div class=\"elementor-spacer\">\n\t\t\t<div class=\"elementor-spacer-inner\"><\/div>\n\t\t<\/div>\n\t\t\t\t\t\t<\/div>\n\t\t\t\t<\/div>\n\t\t\t\t\t<\/div>\n\t\t\t\t<\/div>\n\t\t<div class=\"elementor-element elementor-element-f29717a e-flex e-con-boxed e-con e-parent\" data-id=\"f29717a\" data-element_type=\"container\" data-e-type=\"container\">\n\t\t\t\t\t<div class=\"e-con-inner\">\n\t\t\t\t<div class=\"elementor-element elementor-element-0688667 elementor-widget elementor-widget-heading\" data-id=\"0688667\" data-element_type=\"widget\" data-e-type=\"widget\" data-widget_type=\"heading.default\">\n\t\t\t\t<div class=\"elementor-widget-container\">\n\t\t\t\t\t<h2 class=\"elementor-heading-title elementor-size-default\">Hur ans\u00f6ker du?<\/h2>\t\t\t\t<\/div>\n\t\t\t\t<\/div>\n\t\t\t\t\t<\/div>\n\t\t\t\t<\/div>\n\t\t<div class=\"elementor-element elementor-element-398cd0e e-flex e-con-boxed e-con e-parent\" data-id=\"398cd0e\" data-element_type=\"container\" data-e-type=\"container\">\n\t\t\t\t\t<div class=\"e-con-inner\">\n\t\t\t\t<div class=\"elementor-element elementor-element-6606990 color-scheme-inherit text-left elementor-widget elementor-widget-text-editor\" data-id=\"6606990\" data-element_type=\"widget\" data-e-type=\"widget\" data-widget_type=\"text-editor.default\">\n\t\t\t\t<div class=\"elementor-widget-container\">\n\t\t\t\t\t\t\t\t\t<p>Processen g\u00e5r till p\u00e5 f\u00f6ljande s\u00e4tt:<\/p><ol><li>Senast 9-12 veckor f\u00f6re din planerade ankomst till Spanien, kontakta din n\u00e4rmaste spanska ambassad eller konsulat f\u00f6r att antingen be om ett m\u00f6te, listan \u00f6ver krav och om du kan posta dokumenten f\u00f6r din visumans\u00f6kan<\/li><li>En lista \u00f6ver alla spanska ambassader och konsulat finns h\u00e4r: <a href=\"https:\/\/www.exteriores.gob.es\/en\/EmbajadasConsulados\/Paginas\/index.aspx\" target=\"_blank\" rel=\"noopener\">https:\/\/www.exteriores.gob.es\/en\/EmbajadasConsulados\/Paginas\/index.aspx<\/a><\/li><li>Boka kursen enligt den tid du har t\u00e4nkt dig. Kontakta oss g\u00e4rna f\u00f6r en prisuppgift. <\/li><li>G\u00f6r betalningen p\u00e5 det s\u00e4tt som ambassaden kr\u00e4ver av dig.<\/li><li>Ta emot godk\u00e4nnandebrevet med betalningsbevis och l\u00e4mna in det p\u00e5 den spanska ambassaden eller konsulatet i ditt land.<\/li><\/ol>\t\t\t\t\t\t\t\t<\/div>\n\t\t\t\t<\/div>\n\t\t\t\t\t<\/div>\n\t\t\t\t<\/div>\n\t\t<div class=\"elementor-element elementor-element-d122a99 e-flex e-con-boxed e-con e-parent\" data-id=\"d122a99\" data-element_type=\"container\" data-e-type=\"container\">\n\t\t\t\t\t<div class=\"e-con-inner\">\n\t\t\t\t<div class=\"elementor-element elementor-element-2ed41a5 elementor-widget elementor-widget-spacer\" data-id=\"2ed41a5\" data-element_type=\"widget\" data-e-type=\"widget\" data-widget_type=\"spacer.default\">\n\t\t\t\t<div class=\"elementor-widget-container\">\n\t\t\t\t\t\t\t<div class=\"elementor-spacer\">\n\t\t\t<div class=\"elementor-spacer-inner\"><\/div>\n\t\t<\/div>\n\t\t\t\t\t\t<\/div>\n\t\t\t\t<\/div>\n\t\t\t\t\t<\/div>\n\t\t\t\t<\/div>\n\t\t<div class=\"elementor-element elementor-element-089a06d e-flex e-con-boxed e-con e-parent\" data-id=\"089a06d\" data-element_type=\"container\" data-e-type=\"container\">\n\t\t\t\t\t<div class=\"e-con-inner\">\n\t\t\t\t<div class=\"elementor-element elementor-element-d0ac257 elementor-widget elementor-widget-heading\" data-id=\"d0ac257\" data-element_type=\"widget\" data-e-type=\"widget\" data-widget_type=\"heading.default\">\n\t\t\t\t<div class=\"elementor-widget-container\">\n\t\t\t\t\t<h2 class=\"elementor-heading-title elementor-size-default\">Betalningar<\/h2>\t\t\t\t<\/div>\n\t\t\t\t<\/div>\n\t\t\t\t\t<\/div>\n\t\t\t\t<\/div>\n\t\t<div class=\"elementor-element elementor-element-6f24202 e-flex e-con-boxed e-con e-parent\" data-id=\"6f24202\" data-element_type=\"container\" data-e-type=\"container\">\n\t\t\t\t\t<div class=\"e-con-inner\">\n\t\t\t\t<div class=\"elementor-element elementor-element-b1d6df1 color-scheme-inherit text-left elementor-widget elementor-widget-text-editor\" data-id=\"b1d6df1\" data-element_type=\"widget\" data-e-type=\"widget\" data-widget_type=\"text-editor.default\">\n\t\t\t\t<div class=\"elementor-widget-container\">\n\t\t\t\t\t\t\t\t\t<p>Ta h\u00e4nsyn till f\u00f6ljande punkter om betalning av din kurs f\u00f6r att kunna ta emot antagningsbeskedet fr\u00e5n skolan och ans\u00f6ka om ditt visum:<\/p><ol><li>I allm\u00e4nhet kommer den spanska ambassaden i ditt land att kr\u00e4va att du betalar f\u00f6r kursen i sin helhet i f\u00f6rskott. Det \u00e4r inte skolans policy att vi insisterar p\u00e5 full betalning, men ett krav i 99,9% av visumans\u00f6kningarna f\u00f6r Spanien. M\u00e5natliga delbetalningar \u00e4r inte m\u00f6jliga.  <\/li><li>Vi kommer att utf\u00e4rda godk\u00e4nnandebrevet n\u00e4r hela betalningen har kommit in p\u00e5 skolans bankkonto.<\/li><li>Om den spanska ambassaden i ditt land inte kr\u00e4ver full betalning, v\u00e4nligen vidarebefordra denna information fr\u00e5n ambassaden till oss.<\/li><\/ol>\t\t\t\t\t\t\t\t<\/div>\n\t\t\t\t<\/div>\n\t\t\t\t\t<\/div>\n\t\t\t\t<\/div>\n\t\t<div class=\"elementor-element elementor-element-02a20f0 e-flex e-con-boxed e-con e-parent\" data-id=\"02a20f0\" data-element_type=\"container\" data-e-type=\"container\">\n\t\t\t\t\t<div class=\"e-con-inner\">\n\t\t\t\t<div class=\"elementor-element elementor-element-98d9a70 elementor-widget elementor-widget-spacer\" data-id=\"98d9a70\" data-element_type=\"widget\" data-e-type=\"widget\" data-widget_type=\"spacer.default\">\n\t\t\t\t<div class=\"elementor-widget-container\">\n\t\t\t\t\t\t\t<div class=\"elementor-spacer\">\n\t\t\t<div class=\"elementor-spacer-inner\"><\/div>\n\t\t<\/div>\n\t\t\t\t\t\t<\/div>\n\t\t\t\t<\/div>\n\t\t\t\t\t<\/div>\n\t\t\t\t<\/div>\n\t\t<div class=\"elementor-element elementor-element-b3674d3 e-flex e-con-boxed e-con e-parent\" data-id=\"b3674d3\" data-element_type=\"container\" data-e-type=\"container\">\n\t\t\t\t\t<div class=\"e-con-inner\">\n\t\t\t\t<div class=\"elementor-element elementor-element-079397c elementor-widget elementor-widget-heading\" data-id=\"079397c\" data-element_type=\"widget\" data-e-type=\"widget\" data-widget_type=\"heading.default\">\n\t\t\t\t<div class=\"elementor-widget-container\">\n\t\t\t\t\t<h2 class=\"elementor-heading-title elementor-size-default\">Dokument som kr\u00e4vs f\u00f6r vistelser p\u00e5 90-180 dagar<\/h2>\t\t\t\t<\/div>\n\t\t\t\t<\/div>\n\t\t\t\t\t<\/div>\n\t\t\t\t<\/div>\n\t\t<div class=\"elementor-element elementor-element-c143c2d e-flex e-con-boxed e-con e-parent\" data-id=\"c143c2d\" data-element_type=\"container\" data-e-type=\"container\">\n\t\t\t\t\t<div class=\"e-con-inner\">\n\t\t\t\t<div class=\"elementor-element elementor-element-15dc00a color-scheme-inherit text-left elementor-widget elementor-widget-text-editor\" data-id=\"15dc00a\" data-element_type=\"widget\" data-e-type=\"widget\" data-widget_type=\"text-editor.default\">\n\t\t\t\t<div class=\"elementor-widget-container\">\n\t\t\t\t\t\t\t\t\t<ol><li>Ifyllt och undertecknat formul\u00e4r f\u00f6r visumans\u00f6kan<em>(Solicitud de visado)<\/em><\/li><li>Giltigt pass fr\u00e5n ditt land (kopia av alla sidor)<\/li><li>Tv\u00e5 nytagna foton i passstorlek<\/li><li>Instituto de Idiomas Ibiza (Ibiza Language Institute) acceptansbrev f\u00f6r ett heltidsprogram (20 lektioner \/ vecka)<\/li><li>Bekr\u00e4ftelse p\u00e5 betalningen f\u00f6r din kurs utf\u00e4rdad av Instituto de Idiomas Ibiza<\/li><li>En sjukf\u00f6rs\u00e4kring f\u00f6r utlandsvistelser<\/li><li>Bevis p\u00e5 att du har minst 570 euro per m\u00e5nad till ditt f\u00f6rfogande f\u00f6r levnadskostnader (axcept boende)<\/li><li>Bevis p\u00e5 boende p\u00e5 Ibiza (t.ex. hyreskontrakt, inbjudan fr\u00e5n v\u00e4n eller familjemedlem eller boende som tillhandah\u00e5lls av skolan)<\/li><li>Bokning av flyg<\/li><\/ol><p><strong>VIKTIGT:<\/strong><\/p><p>Kraven kan \u00e4ndras n\u00e4r som helst beroende p\u00e5 ditt ursprungsland. Den spanska ambassaden kan be dig om ytterligare dokument. <\/p>\t\t\t\t\t\t\t\t<\/div>\n\t\t\t\t<\/div>\n\t\t\t\t\t<\/div>\n\t\t\t\t<\/div>\n\t\t<div class=\"elementor-element elementor-element-8fe8121 e-flex e-con-boxed e-con e-parent\" data-id=\"8fe8121\" data-element_type=\"container\" data-e-type=\"container\">\n\t\t\t\t\t<div class=\"e-con-inner\">\n\t\t\t\t<div class=\"elementor-element elementor-element-185485f elementor-widget elementor-widget-spacer\" data-id=\"185485f\" data-element_type=\"widget\" data-e-type=\"widget\" data-widget_type=\"spacer.default\">\n\t\t\t\t<div class=\"elementor-widget-container\">\n\t\t\t\t\t\t\t<div class=\"elementor-spacer\">\n\t\t\t<div class=\"elementor-spacer-inner\"><\/div>\n\t\t<\/div>\n\t\t\t\t\t\t<\/div>\n\t\t\t\t<\/div>\n\t\t\t\t\t<\/div>\n\t\t\t\t<\/div>\n\t\t<div class=\"elementor-element elementor-element-f4ac68b e-flex e-con-boxed e-con e-parent\" data-id=\"f4ac68b\" data-element_type=\"container\" data-e-type=\"container\">\n\t\t\t\t\t<div class=\"e-con-inner\">\n\t\t\t\t<div class=\"elementor-element elementor-element-f71f06d elementor-widget elementor-widget-heading\" data-id=\"f71f06d\" data-element_type=\"widget\" data-e-type=\"widget\" data-widget_type=\"heading.default\">\n\t\t\t\t<div class=\"elementor-widget-container\">\n\t\t\t\t\t<h2 class=\"elementor-heading-title elementor-size-default\">Dokument som kr\u00e4vs f\u00f6r vistelser mellan 180 dagar och 1 \u00e5r<\/h2>\t\t\t\t<\/div>\n\t\t\t\t<\/div>\n\t\t\t\t\t<\/div>\n\t\t\t\t<\/div>\n\t\t<div class=\"elementor-element elementor-element-50c871c e-flex e-con-boxed e-con e-parent\" data-id=\"50c871c\" data-element_type=\"container\" data-e-type=\"container\">\n\t\t\t\t\t<div class=\"e-con-inner\">\n\t\t\t\t<div class=\"elementor-element elementor-element-5e72203 color-scheme-inherit text-left elementor-widget elementor-widget-text-editor\" data-id=\"5e72203\" data-element_type=\"widget\" data-e-type=\"widget\" data-widget_type=\"text-editor.default\">\n\t\t\t\t<div class=\"elementor-widget-container\">\n\t\t\t\t\t\t\t\t\t<ol><li>Ifyllt och undertecknat formul\u00e4r f\u00f6r visumans\u00f6kan<em>(Solicitud de visado)<\/em><\/li><li>Giltigt pass fr\u00e5n ditt land (kopia av alla sidor)<\/li><li>Tv\u00e5 nytagna foton i passstorlek<\/li><li>Instituto de Idiomas Ibiza (Ibiza Language Institute) acceptansbrev f\u00f6r ett heltidsprogram (20 lektioner \/ vecka)<\/li><li>Bekr\u00e4ftelse p\u00e5 betalningen f\u00f6r din kurs utf\u00e4rdad av Instituto de Idiomas Ibiza<\/li><li>En sjukf\u00f6rs\u00e4kring f\u00f6r utlandsvistelser<\/li><li>Bevis p\u00e5 att du har minst 570 euro per m\u00e5nad till ditt f\u00f6rfogande f\u00f6r levnadskostnader (axcept boende)<\/li><li>Bevis p\u00e5 boende p\u00e5 Ibiza (t.ex. hyreskontrakt, inbjudan fr\u00e5n v\u00e4n eller familjemedlem eller boende som tillhandah\u00e5lls av skolan)<\/li><li>Bokning av flyg<\/li><li>Ett l\u00e4karintyg som bekr\u00e4ftar att du inte har n\u00e5gra sjukdomar som kr\u00e4ver att du s\u00e4tts i karant\u00e4n<\/li><li>Straffregisterutdrag fr\u00e5n ditt hemland, inte \u00e4ldre \u00e4n 5 \u00e5r med ett giltigt apostilleintyg<\/li><li>Alla dokument utom passet m\u00e5ste \u00f6vers\u00e4ttas till spanska<\/li><li>Ambassaden kan kr\u00e4va att du kommer dit f\u00f6r att ha en kort intervju med dig<\/li><li>Visumets ursprungliga giltighetstid \u00e4r 90 dagar. N\u00e4r du \u00e4r p\u00e5 Ibiza m\u00e5ste du presentera alla dokument igen p\u00e5 immigrationskontoret f\u00f6r att f\u00e5 identitetskortet f\u00f6r utl\u00e4nningar (TIE). NIE-numret utf\u00e4rdas av ambassaden och kommer att anges i ditt visum  <\/li><li style=\"list-style-type: none;\"> <\/li><\/ol>\t\t\t\t\t\t\t\t<\/div>\n\t\t\t\t<\/div>\n\t\t\t\t\t<\/div>\n\t\t\t\t<\/div>\n\t\t<div class=\"elementor-element elementor-element-c6b3c4d e-flex e-con-boxed e-con e-parent\" data-id=\"c6b3c4d\" data-element_type=\"container\" data-e-type=\"container\">\n\t\t\t\t\t<div class=\"e-con-inner\">\n\t\t\t\t<div class=\"elementor-element elementor-element-da4cf0f elementor-widget elementor-widget-spacer\" data-id=\"da4cf0f\" data-element_type=\"widget\" data-e-type=\"widget\" data-widget_type=\"spacer.default\">\n\t\t\t\t<div class=\"elementor-widget-container\">\n\t\t\t\t\t\t\t<div class=\"elementor-spacer\">\n\t\t\t<div class=\"elementor-spacer-inner\"><\/div>\n\t\t<\/div>\n\t\t\t\t\t\t<\/div>\n\t\t\t\t<\/div>\n\t\t\t\t\t<\/div>\n\t\t\t\t<\/div>\n\t\t<div class=\"elementor-element elementor-element-9a111ec e-flex e-con-boxed e-con e-parent\" data-id=\"9a111ec\" data-element_type=\"container\" data-e-type=\"container\">\n\t\t\t\t\t<div class=\"e-con-inner\">\n\t\t\t\t<div class=\"elementor-element elementor-element-af34dfe elementor-widget elementor-widget-heading\" data-id=\"af34dfe\" data-element_type=\"widget\" data-e-type=\"widget\" data-widget_type=\"heading.default\">\n\t\t\t\t<div class=\"elementor-widget-container\">\n\t\t\t\t\t<h2 class=\"elementor-heading-title elementor-size-default\">Hur l\u00e5ng tid tar det<\/h2>\t\t\t\t<\/div>\n\t\t\t\t<\/div>\n\t\t\t\t\t<\/div>\n\t\t\t\t<\/div>\n\t\t<div class=\"elementor-element elementor-element-9d91b58 e-flex e-con-boxed e-con e-parent\" data-id=\"9d91b58\" data-element_type=\"container\" data-e-type=\"container\">\n\t\t\t\t\t<div class=\"e-con-inner\">\n\t\t\t\t<div class=\"elementor-element elementor-element-eea3b07 color-scheme-inherit text-left elementor-widget elementor-widget-text-editor\" data-id=\"eea3b07\" data-element_type=\"widget\" data-e-type=\"widget\" data-widget_type=\"text-editor.default\">\n\t\t\t\t<div class=\"elementor-widget-container\">\n\t\t\t\t\t\t\t\t\t<p>Vi kan inte s\u00e4ga hur l\u00e5ng tid det tar att f\u00e5 ett m\u00f6te eftersom ambassaderna kan vara mycket upptagna. Men n\u00e4r din ans\u00f6kan \u00e4r ifylld och du har l\u00e4mnat in den tar det cirka 15 arbetsdagar (3 veckor) att behandla den. <\/p>\t\t\t\t\t\t\t\t<\/div>\n\t\t\t\t<\/div>\n\t\t\t\t\t<\/div>\n\t\t\t\t<\/div>\n\t\t<div class=\"elementor-element elementor-element-4413a7b e-flex e-con-boxed e-con e-parent\" data-id=\"4413a7b\" data-element_type=\"container\" data-e-type=\"container\">\n\t\t\t\t\t<div class=\"e-con-inner\">\n\t\t\t\t<div class=\"elementor-element elementor-element-5d4a328 elementor-widget elementor-widget-spacer\" data-id=\"5d4a328\" data-element_type=\"widget\" data-e-type=\"widget\" data-widget_type=\"spacer.default\">\n\t\t\t\t<div class=\"elementor-widget-container\">\n\t\t\t\t\t\t\t<div class=\"elementor-spacer\">\n\t\t\t<div class=\"elementor-spacer-inner\"><\/div>\n\t\t<\/div>\n\t\t\t\t\t\t<\/div>\n\t\t\t\t<\/div>\n\t\t\t\t\t<\/div>\n\t\t\t\t<\/div>\n\t\t<div class=\"elementor-element elementor-element-a0028f9 e-flex e-con-boxed e-con e-parent\" data-id=\"a0028f9\" data-element_type=\"container\" data-e-type=\"container\">\n\t\t\t\t\t<div class=\"e-con-inner\">\n\t\t\t\t<div class=\"elementor-element elementor-element-30470fb elementor-widget elementor-widget-heading\" data-id=\"30470fb\" data-element_type=\"widget\" data-e-type=\"widget\" data-widget_type=\"heading.default\">\n\t\t\t\t<div class=\"elementor-widget-container\">\n\t\t\t\t\t<h2 class=\"elementor-heading-title elementor-size-default\">Vilken typ av visum ska du v\u00e4lja<\/h2>\t\t\t\t<\/div>\n\t\t\t\t<\/div>\n\t\t\t\t\t<\/div>\n\t\t\t\t<\/div>\n\t\t<div class=\"elementor-element elementor-element-2a24fdd e-flex e-con-boxed e-con e-parent\" data-id=\"2a24fdd\" data-element_type=\"container\" data-e-type=\"container\">\n\t\t\t\t\t<div class=\"e-con-inner\">\n\t\t\t\t<div class=\"elementor-element elementor-element-9f208c5 color-scheme-inherit text-left elementor-widget elementor-widget-text-editor\" data-id=\"9f208c5\" data-element_type=\"widget\" data-e-type=\"widget\" data-widget_type=\"text-editor.default\">\n\t\t\t\t<div class=\"elementor-widget-container\">\n\t\t\t\t\t\t\t\t\t<ul><li>De flesta nationaliteter beh\u00f6ver inte visum f\u00f6r vistelser p\u00e5 upp till 90 dagar.<\/li><li>Om du vill stanna mellan 90 och 180 dagar p\u00e5 Ibiza (eller i Spanien i allm\u00e4nhet) \u00e4r visumprocessen enklare eftersom det inte kr\u00e4vs n\u00e5got l\u00e4karintyg eller brottsregister.<\/li><li>Om du vill stanna i mer \u00e4n 180 dagar m\u00e5ste du s\u00e4kert g\u00e5 personligen till ambassaden eller konsulatet och du m\u00e5ste tillhandah\u00e5lla l\u00e4karintyg och ett brottsregister. V\u00e4nligen r\u00e5dg\u00f6r alltid med ambassaden. Vi kan inte ge dig en fullst\u00e4ndig lista \u00f6ver krav f\u00f6r varje land.  <\/li><\/ul>\t\t\t\t\t\t\t\t<\/div>\n\t\t\t\t<\/div>\n\t\t\t\t\t<\/div>\n\t\t\t\t<\/div>\n\t\t<div class=\"elementor-element elementor-element-a35aa1f e-flex e-con-boxed e-con e-parent\" data-id=\"a35aa1f\" data-element_type=\"container\" data-e-type=\"container\">\n\t\t\t\t\t<div class=\"e-con-inner\">\n\t\t\t\t<div class=\"elementor-element elementor-element-13e1500 elementor-widget elementor-widget-spacer\" data-id=\"13e1500\" data-element_type=\"widget\" data-e-type=\"widget\" data-widget_type=\"spacer.default\">\n\t\t\t\t<div class=\"elementor-widget-container\">\n\t\t\t\t\t\t\t<div class=\"elementor-spacer\">\n\t\t\t<div class=\"elementor-spacer-inner\"><\/div>\n\t\t<\/div>\n\t\t\t\t\t\t<\/div>\n\t\t\t\t<\/div>\n\t\t\t\t\t<\/div>\n\t\t\t\t<\/div>\n\t\t<div class=\"elementor-element elementor-element-ea7f518 e-flex e-con-boxed e-con e-parent\" data-id=\"ea7f518\" data-element_type=\"container\" data-e-type=\"container\">\n\t\t\t\t\t<div class=\"e-con-inner\">\n\t\t\t\t<div class=\"elementor-element elementor-element-316d1d8 elementor-widget elementor-widget-heading\" data-id=\"316d1d8\" data-element_type=\"widget\" data-e-type=\"widget\" data-widget_type=\"heading.default\">\n\t\t\t\t<div class=\"elementor-widget-container\">\n\t\t\t\t\t<h2 class=\"elementor-heading-title elementor-size-default\">Hur man ans\u00f6ker fr\u00e5n Spanien eller f\u00f6rl\u00e4nger sitt turistvisum<\/h2>\t\t\t\t<\/div>\n\t\t\t\t<\/div>\n\t\t\t\t\t<\/div>\n\t\t\t\t<\/div>\n\t\t<div class=\"elementor-element elementor-element-fe34ae0 e-flex e-con-boxed e-con e-parent\" data-id=\"fe34ae0\" data-element_type=\"container\" data-e-type=\"container\">\n\t\t\t\t\t<div class=\"e-con-inner\">\n\t\t\t\t<div class=\"elementor-element elementor-element-85ebe3f color-scheme-inherit text-left elementor-widget elementor-widget-text-editor\" data-id=\"85ebe3f\" data-element_type=\"widget\" data-e-type=\"widget\" data-widget_type=\"text-editor.default\">\n\t\t\t\t<div class=\"elementor-widget-container\">\n\t\t\t\t\t\t\t\t\t<p>Om du vill ans\u00f6ka fr\u00e5n Spanien med ett turistvisum (vistelser i upp till 90 dagar) m\u00e5ste du ha minst 35 dagar kvar av din lagliga vistelse. Det h\u00e4r \u00e4r ett lite mer riskfyllt alternativ eftersom du \u00e4r beroende av hur snabbt den lokala administrationen arbetar, och det brukar g\u00e5 relativt l\u00e5ngsamt. Du beh\u00f6ver f\u00f6ljande dokument f\u00f6r att ans\u00f6ka om studenttillst\u00e5nd <em>(estancia de estudios)<\/em>.  <\/p><ul><li style=\"list-style-type: none;\"><ul><li>Ans\u00f6kningsformul\u00e4r<\/li><li>Aktuellt giltigt pass (alla sidor)<\/li><li>Instituto de Idiomas Ibizas antagningsbesked f\u00f6r ett heltidsprogram (20 lektioner\/vecka)<\/li><li>Bekr\u00e4ftelse p\u00e5 betalningen f\u00f6r din kurs<\/li><li>Akademiskt program och Cervantes-ackreditering<\/li><li>Fullt\u00e4ckande sjukf\u00f6rs\u00e4kring<\/li><li>Bevis p\u00e5 att du har minst 570 euro per m\u00e5nad till ditt f\u00f6rfogande f\u00f6r levnadskostnader (axcept boende)<\/li><li>Bevis p\u00e5 boende p\u00e5 Ibiza (t.ex. hyreskontrakt, inbjudan fr\u00e5n v\u00e4n eller familjemedlem eller boende som tillhandah\u00e5lls av skolan)<\/li><li>L\u00e4karintyg som bekr\u00e4ftar att du inte har n\u00e5gra sjukdomar som kr\u00e4ver att du s\u00e4tts i karant\u00e4n<\/li><li>Straffregisterutdrag fr\u00e5n ditt hemland, inte \u00e4ldre \u00e4n 5 \u00e5r med ett giltigt apostilleintyg<\/li><\/ul><\/li><\/ul>\t\t\t\t\t\t\t\t<\/div>\n\t\t\t\t<\/div>\n\t\t\t\t\t<\/div>\n\t\t\t\t<\/div>\n\t\t<div class=\"elementor-element elementor-element-7aecc9a e-flex e-con-boxed e-con e-parent\" data-id=\"7aecc9a\" data-element_type=\"container\" data-e-type=\"container\">\n\t\t\t\t\t<div class=\"e-con-inner\">\n\t\t\t\t<div class=\"elementor-element elementor-element-f08d876 elementor-widget elementor-widget-spacer\" data-id=\"f08d876\" data-element_type=\"widget\" data-e-type=\"widget\" data-widget_type=\"spacer.default\">\n\t\t\t\t<div class=\"elementor-widget-container\">\n\t\t\t\t\t\t\t<div class=\"elementor-spacer\">\n\t\t\t<div class=\"elementor-spacer-inner\"><\/div>\n\t\t<\/div>\n\t\t\t\t\t\t<\/div>\n\t\t\t\t<\/div>\n\t\t\t\t\t<\/div>\n\t\t\t\t<\/div>\n\t\t<div class=\"elementor-element elementor-element-0f6cf52 e-flex e-con-boxed e-con e-parent\" data-id=\"0f6cf52\" data-element_type=\"container\" data-e-type=\"container\">\n\t\t\t\t\t<div class=\"e-con-inner\">\n\t\t\t\t<div class=\"elementor-element elementor-element-31c757c elementor-widget elementor-widget-heading\" data-id=\"31c757c\" data-element_type=\"widget\" data-e-type=\"widget\" data-widget_type=\"heading.default\">\n\t\t\t\t<div class=\"elementor-widget-container\">\n\t\t\t\t\t<h2 class=\"elementor-heading-title elementor-size-default\">N\u00e4r d\u00e5?<\/h2>\t\t\t\t<\/div>\n\t\t\t\t<\/div>\n\t\t\t\t\t<\/div>\n\t\t\t\t<\/div>\n\t\t<div class=\"elementor-element elementor-element-80f702a e-flex e-con-boxed e-con e-parent\" data-id=\"80f702a\" data-element_type=\"container\" data-e-type=\"container\">\n\t\t\t\t\t<div class=\"e-con-inner\">\n\t\t\t\t<div class=\"elementor-element elementor-element-c5a05d4 color-scheme-inherit text-left elementor-widget elementor-widget-text-editor\" data-id=\"c5a05d4\" data-element_type=\"widget\" data-e-type=\"widget\" data-widget_type=\"text-editor.default\">\n\t\t\t\t<div class=\"elementor-widget-container\">\n\t\t\t\t\t\t\t\t\t<p>Vi rekommenderar att du ans\u00f6ker om denna typ av studenttillst\u00e5nd minst 5-10 veckor f\u00f6re startdatumet f\u00f6r din spanska kurs vid Instituto de Idiomas Ibiza.<\/p>\t\t\t\t\t\t\t\t<\/div>\n\t\t\t\t<\/div>\n\t\t\t\t\t<\/div>\n\t\t\t\t<\/div>\n\t\t<div class=\"elementor-element elementor-element-c17edac e-flex e-con-boxed e-con e-parent\" data-id=\"c17edac\" data-element_type=\"container\" data-e-type=\"container\">\n\t\t\t\t\t<div class=\"e-con-inner\">\n\t\t\t\t<div class=\"elementor-element elementor-element-352de5a elementor-widget elementor-widget-spacer\" data-id=\"352de5a\" data-element_type=\"widget\" data-e-type=\"widget\" data-widget_type=\"spacer.default\">\n\t\t\t\t<div class=\"elementor-widget-container\">\n\t\t\t\t\t\t\t<div class=\"elementor-spacer\">\n\t\t\t<div class=\"elementor-spacer-inner\"><\/div>\n\t\t<\/div>\n\t\t\t\t\t\t<\/div>\n\t\t\t\t<\/div>\n\t\t\t\t\t<\/div>\n\t\t\t\t<\/div>\n\t\t<div class=\"elementor-element elementor-element-5f944d3 e-flex e-con-boxed e-con e-parent\" data-id=\"5f944d3\" data-element_type=\"container\" data-e-type=\"container\">\n\t\t\t\t\t<div class=\"e-con-inner\">\n\t\t\t\t<div class=\"elementor-element elementor-element-81cbc92 elementor-widget elementor-widget-heading\" data-id=\"81cbc92\" data-element_type=\"widget\" data-e-type=\"widget\" data-widget_type=\"heading.default\">\n\t\t\t\t<div class=\"elementor-widget-container\">\n\t\t\t\t\t<h2 class=\"elementor-heading-title elementor-size-default\">Var d\u00e5?<\/h2>\t\t\t\t<\/div>\n\t\t\t\t<\/div>\n\t\t\t\t\t<\/div>\n\t\t\t\t<\/div>\n\t\t<div class=\"elementor-element elementor-element-4946cea e-flex e-con-boxed e-con e-parent\" data-id=\"4946cea\" data-element_type=\"container\" data-e-type=\"container\">\n\t\t\t\t\t<div class=\"e-con-inner\">\n\t\t\t\t<div class=\"elementor-element elementor-element-cd79b3a color-scheme-inherit text-left elementor-widget elementor-widget-text-editor\" data-id=\"cd79b3a\" data-element_type=\"widget\" data-e-type=\"widget\" data-widget_type=\"text-editor.default\">\n\t\t\t\t<div class=\"elementor-widget-container\">\n\t\t\t\t\t\t\t\t\t<p>Du m\u00e5ste boka tid hos den lokala <em>Extranjer\u00eda<\/em> (utl\u00e4nningsbyr\u00e5n). Vi rekommenderar starkt att du anv\u00e4nder en advokat eller specialiserad gestor\u00eda, som hj\u00e4lper dig med processen p\u00e5 ett snabbt s\u00e4tt och f\u00f6r en r\u00e4ttvis avgift. Vi kan rekommendera dig n\u00e5gra i Ibiza stad.  <\/p>\t\t\t\t\t\t\t\t<\/div>\n\t\t\t\t<\/div>\n\t\t\t\t\t<\/div>\n\t\t\t\t<\/div>\n\t\t<div class=\"elementor-element elementor-element-0f90e48 e-flex e-con-boxed e-con e-parent\" data-id=\"0f90e48\" data-element_type=\"container\" data-e-type=\"container\">\n\t\t\t\t\t<div class=\"e-con-inner\">\n\t\t\t\t<div class=\"elementor-element elementor-element-dc8ca4c elementor-widget elementor-widget-spacer\" data-id=\"dc8ca4c\" data-element_type=\"widget\" data-e-type=\"widget\" data-widget_type=\"spacer.default\">\n\t\t\t\t<div class=\"elementor-widget-container\">\n\t\t\t\t\t\t\t<div class=\"elementor-spacer\">\n\t\t\t<div class=\"elementor-spacer-inner\"><\/div>\n\t\t<\/div>\n\t\t\t\t\t\t<\/div>\n\t\t\t\t<\/div>\n\t\t\t\t\t<\/div>\n\t\t\t\t<\/div>\n\t\t<div class=\"elementor-element elementor-element-0aa7b6f e-flex e-con-boxed e-con e-parent\" data-id=\"0aa7b6f\" data-element_type=\"container\" data-e-type=\"container\">\n\t\t\t\t\t<div class=\"e-con-inner\">\n\t\t\t\t<div class=\"elementor-element elementor-element-347ae18 elementor-widget elementor-widget-heading\" data-id=\"347ae18\" data-element_type=\"widget\" data-e-type=\"widget\" data-widget_type=\"heading.default\">\n\t\t\t\t<div class=\"elementor-widget-container\">\n\t\t\t\t\t<h2 class=\"elementor-heading-title elementor-size-default\">Hur l\u00e5ng tid tar det?\n\n<\/h2>\t\t\t\t<\/div>\n\t\t\t\t<\/div>\n\t\t\t\t\t<\/div>\n\t\t\t\t<\/div>\n\t\t<div class=\"elementor-element elementor-element-df2b491 e-flex e-con-boxed e-con e-parent\" data-id=\"df2b491\" data-element_type=\"container\" data-e-type=\"container\">\n\t\t\t\t\t<div class=\"e-con-inner\">\n\t\t\t\t<div class=\"elementor-element elementor-element-2da8479 color-scheme-inherit text-left elementor-widget elementor-widget-text-editor\" data-id=\"2da8479\" data-element_type=\"widget\" data-e-type=\"widget\" data-widget_type=\"text-editor.default\">\n\t\t\t\t<div class=\"elementor-widget-container\">\n\t\t\t\t\t\t\t\t\t<p>Det tar cirka 2 m\u00e5nader att f\u00e5 ett svar fr\u00e5n <em>Extranjer\u00eda<\/em>.<\/p>\t\t\t\t\t\t\t\t<\/div>\n\t\t\t\t<\/div>\n\t\t\t\t\t<\/div>\n\t\t\t\t<\/div>\n\t\t<div class=\"elementor-element elementor-element-3fc0510 e-flex e-con-boxed e-con e-parent\" data-id=\"3fc0510\" data-element_type=\"container\" data-e-type=\"container\">\n\t\t\t\t\t<div class=\"e-con-inner\">\n\t\t\t\t\t<\/div>\n\t\t\t\t<\/div>\n\t\t\t\t<\/div>\n\t\t","protected":false},"excerpt":{"rendered":"<p>Studentvisum f\u00f6r din vistelse p\u00e5 Ibiza P\u00e5 Instituto de Idiomas Ibiza (Ibiza Language Institute) har vi sedan 2008 hj\u00e4lpt studenter<\/p>\n","protected":false},"author":4,"featured_media":0,"parent":0,"menu_order":0,"comment_status":"closed","ping_status":"closed","template":"","meta":{"two_page_speed":[],"footnotes":""},"class_list":["post-22367","page","type-page","status-publish","hentry"],"_links":{"self":[{"href":"https:\/\/maxxinstitutes.com\/sv\/wp-json\/wp\/v2\/pages\/22367","targetHints":{"allow":["GET"]}}],"collection":[{"href":"https:\/\/maxxinstitutes.com\/sv\/wp-json\/wp\/v2\/pages"}],"about":[{"href":"https:\/\/maxxinstitutes.com\/sv\/wp-json\/wp\/v2\/types\/page"}],"author":[{"embeddable":true,"href":"https:\/\/maxxinstitutes.com\/sv\/wp-json\/wp\/v2\/users\/4"}],"replies":[{"embeddable":true,"href":"https:\/\/maxxinstitutes.com\/sv\/wp-json\/wp\/v2\/comments?post=22367"}],"version-history":[{"count":2,"href":"https:\/\/maxxinstitutes.com\/sv\/wp-json\/wp\/v2\/pages\/22367\/revisions"}],"predecessor-version":[{"id":26077,"href":"https:\/\/maxxinstitutes.com\/sv\/wp-json\/wp\/v2\/pages\/22367\/revisions\/26077"}],"wp:attachment":[{"href":"https:\/\/maxxinstitutes.com\/sv\/wp-json\/wp\/v2\/media?parent=22367"}],"curies":[{"name":"wp","href":"https:\/\/api.w.org\/{rel}","templated":true}]}}