{"id":15797,"date":"2024-09-06T21:04:31","date_gmt":"2024-09-06T21:04:31","guid":{"rendered":"http:\/\/maxxinstitutes.com\/pa-natet\/"},"modified":"2025-05-12T21:26:05","modified_gmt":"2025-05-12T21:26:05","slug":"pa-natet","status":"publish","type":"page","link":"https:\/\/maxxinstitutes.com\/sv\/pa-natet\/","title":{"rendered":"P\u00e5 n\u00e4tet"},"content":{"rendered":"\t\t<div data-elementor-type=\"wp-page\" data-elementor-id=\"15797\" class=\"elementor elementor-15797 elementor-45\" data-elementor-post-type=\"page\">\n\t\t\t\t<div class=\"elementor-element elementor-element-956642c e-flex e-con-boxed e-con e-parent\" data-id=\"956642c\" data-element_type=\"container\" data-e-type=\"container\">\n\t\t\t\t\t<div class=\"e-con-inner\">\n\t\t\t\t<div class=\"elementor-element elementor-element-4b44e51 elementor-widget elementor-widget-wd_text_block\" data-id=\"4b44e51\" data-element_type=\"widget\" data-e-type=\"widget\" data-widget_type=\"wd_text_block.default\">\n\t\t\t\t<div class=\"elementor-widget-container\">\n\t\t\t\t\t\t\t<div class=\"wd-text-block reset-last-child text-center\">\n\t\t\t\n\t\t\t<p><span style=\"color: var(--wd-title-color); font-family: Poppins, sans-serif; font-size: 50px; font-style: normal; font-variant-ligatures: normal; font-variant-caps: normal; font-weight: 600; text-align: var(--text-align); background-color: var(--wd-main-bgcolor);\">Onlinekurser i spanska<\/span><\/p>\n\t\t\t\t\t<\/div>\n\t\t\t\t\t\t<\/div>\n\t\t\t\t<\/div>\n\t\t\t\t<div class=\"elementor-element elementor-element-921e2b0 elementor-widget elementor-widget-wd_text_block\" data-id=\"921e2b0\" data-element_type=\"widget\" data-e-type=\"widget\" data-widget_type=\"wd_text_block.default\">\n\t\t\t\t<div class=\"elementor-widget-container\">\n\t\t\t\t\t\t\t<div class=\"wd-text-block reset-last-child text-center\">\n\t\t\t\n\t\t\t<p class=\"\" data-start=\"261\" data-end=\"471\">L\u00e4r dig <strong data-start=\"261\" data-end=\"317\">spanska online - med riktiga l\u00e4rare fr\u00e5n Spanien<\/strong><br data-start=\"317\" data-end=\"320\">Studera spanska fr\u00e5n var som helst i v\u00e4rlden med live online-klasser som undervisas av kvalificerade modersm\u00e5lsl\u00e4rare baserade i <strong data-start=\"440\" data-end=\"470\">Madrid, Ibiza eller Mallorca.<\/strong><\/p><p class=\"\" data-start=\"473\" data-end=\"731\">V\u00e5ra onlinekurser i spanska \u00e4r interaktiva, flexibla och utformade f\u00f6r att k\u00e4nnas precis som att vara i Spanien. Oavsett om det \u00e4r i sm\u00e5 grupper eller privata lektioner kommer du att njuta av kommunikation i realtid, kulturella insikter och personlig uppm\u00e4rksamhet fr\u00e5n erfarna instrukt\u00f6rer. <\/p><p class=\"\" data-start=\"733\" data-end=\"881\">Oavsett din niv\u00e5 - nyb\u00f6rjare eller avancerad - kan du nu l\u00e4ra dig spanska online med samma kvalitet, energi och gl\u00e4dje som i v\u00e5ra klassrum i Spanien.<\/p>\n\t\t\t\t\t<\/div>\n\t\t\t\t\t\t<\/div>\n\t\t\t\t<\/div>\n\t\t\t\t<div class=\"elementor-element elementor-element-6f7f067 wd-width-100 elementor-widget elementor-widget-wd_products\" data-id=\"6f7f067\" data-element_type=\"widget\" data-e-type=\"widget\" data-widget_type=\"wd_products.default\">\n\t\t\t\t<div class=\"elementor-widget-container\">\n\t\t\t\t\t\t\t\t\t\t<div class=\"wd-products-element\">\n\n\t\t\t\n\t\t\t\n\t\t\t\n\t\t\t\n\t\t\t<div class=\"products wd-products grid-columns-4 elements-grid wd-grid-g wd-stretch-cont-lg wd-stretch-cont-sm\" data-paged=\"1\" data-atts=\"{&quot;carousel_id&quot;:&quot;5000&quot;,&quot;speed&quot;:null,&quot;slides_per_view&quot;:null,&quot;slides_per_view_tablet&quot;:{&quot;size&quot;:&quot;&quot;},&quot;slides_per_view_mobile&quot;:{&quot;size&quot;:&quot;&quot;},&quot;wrap&quot;:null,&quot;loop&quot;:false,&quot;autoplay&quot;:null,&quot;autoheight&quot;:null,&quot;hide_pagination_control&quot;:null,&quot;hide_pagination_control_tablet&quot;:&quot;yes&quot;,&quot;hide_pagination_control_mobile&quot;:&quot;yes&quot;,&quot;dynamic_pagination_control&quot;:null,&quot;hide_prev_next_buttons&quot;:null,&quot;carousel_arrows_position&quot;:null,&quot;hide_scrollbar&quot;:null,&quot;hide_scrollbar_tablet&quot;:&quot;yes&quot;,&quot;hide_scrollbar_mobile&quot;:&quot;yes&quot;,&quot;scroll_per_page&quot;:null,&quot;dragEndSpeed&quot;:200,&quot;center_mode&quot;:null,&quot;custom_sizes&quot;:false,&quot;sliding_speed&quot;:false,&quot;animation&quot;:false,&quot;content_animation&quot;:false,&quot;post_type&quot;:&quot;product&quot;,&quot;slider&quot;:&quot;&quot;,&quot;library&quot;:&quot;&quot;,&quot;css&quot;:&quot;&quot;,&quot;effect&quot;:&quot;&quot;,&quot;spacing&quot;:&quot;&quot;,&quot;spacing_tablet&quot;:&quot;&quot;,&quot;spacing_mobile&quot;:&quot;&quot;,&quot;carousel_sync&quot;:null,&quot;sync_parent_id&quot;:null,&quot;sync_child_id&quot;:null,&quot;scroll_carousel_init&quot;:null,&quot;disable_overflow_carousel&quot;:null,&quot;element_title&quot;:&quot;&quot;,&quot;query_post_type&quot;:&quot;product&quot;,&quot;include&quot;:null,&quot;taxonomies&quot;:[&quot;292&quot;],&quot;offset&quot;:&quot;&quot;,&quot;orderby&quot;:&quot;&quot;,&quot;query_type&quot;:&quot;OR&quot;,&quot;order&quot;:null,&quot;meta_key&quot;:null,&quot;exclude&quot;:&quot;&quot;,&quot;shop_tools&quot;:null,&quot;hide_out_of_stock&quot;:&quot;no&quot;,&quot;ajax_recently_viewed&quot;:null,&quot;layout&quot;:&quot;grid&quot;,&quot;pagination&quot;:&quot;&quot;,&quot;pagination_arrows_position&quot;:null,&quot;items_per_page&quot;:12,&quot;columns&quot;:{&quot;unit&quot;:&quot;px&quot;,&quot;size&quot;:4,&quot;sizes&quot;:[]},&quot;columns_tablet&quot;:{&quot;size&quot;:&quot;&quot;},&quot;columns_mobile&quot;:{&quot;size&quot;:&quot;&quot;},&quot;products_masonry&quot;:&quot;&quot;,&quot;products_different_sizes&quot;:&quot;&quot;,&quot;product_quantity&quot;:&quot;&quot;,&quot;product_hover&quot;:&quot;inherit&quot;,&quot;sale_countdown&quot;:&quot;0&quot;,&quot;stretch_product&quot;:null,&quot;stretch_product_tablet&quot;:0,&quot;stretch_product_mobile&quot;:0,&quot;stock_progress_bar&quot;:&quot;0&quot;,&quot;highlighted_products&quot;:&quot;0&quot;,&quot;products_bordered_grid&quot;:&quot;0&quot;,&quot;products_bordered_grid_style&quot;:null,&quot;products_with_background&quot;:&quot;0&quot;,&quot;products_shadow&quot;:&quot;0&quot;,&quot;products_color_scheme&quot;:&quot;default&quot;,&quot;img_size&quot;:&quot;large&quot;,&quot;img_size_custom&quot;:null,&quot;grid_gallery&quot;:&quot;&quot;,&quot;grid_gallery_control&quot;:null,&quot;grid_gallery_enable_arrows&quot;:null,&quot;ajax_page&quot;:&quot;&quot;,&quot;force_not_ajax&quot;:&quot;no&quot;,&quot;lazy_loading&quot;:&quot;no&quot;,&quot;elementor&quot;:true,&quot;wrapper_classes&quot;:&quot;&quot;}\" data-source=\"shortcode\" data-columns=\"4\" data-grid-gallery=\"\" style=\"--wd-col-lg:4;--wd-col-md:4;--wd-col-sm:2;--wd-gap-lg:20px;--wd-gap-sm:10px;\">\n\t\t\n\t\t\t\t\t\t\t\t<div class=\"wd-product wd-hover-alt wd-col product-grid-item product type-product post-20164 status-publish instock product_cat-pa-natet has-post-thumbnail shipping-taxable purchasable product-type-simple\" data-loop=\"1\" data-id=\"20164\">\n\t\n\t\n<div class=\"product-wrapper\">\n\t<div class=\"product-element-top wd-quick-shop\">\n\t\t<a href=\"https:\/\/maxxinstitutes.com\/sv\/produkt\/onlinekurs-for-forberedelse-av-ccse-examen\/\" class=\"product-image-link\">\n\t\t\t<img fetchpriority=\"high\" decoding=\"async\" width=\"1024\" height=\"1024\" src=\"https:\/\/maxxinstitutes.com\/wp-content\/uploads\/2025\/02\/Maxx-Institutes-3-1024x1024.png\" class=\"attachment-large size-large\" alt=\"\" srcset=\"https:\/\/maxxinstitutes.com\/wp-content\/uploads\/2025\/02\/Maxx-Institutes-3-1024x1024.png 1024w, https:\/\/maxxinstitutes.com\/wp-content\/uploads\/2025\/02\/Maxx-Institutes-3-300x300.png 300w, https:\/\/maxxinstitutes.com\/wp-content\/uploads\/2025\/02\/Maxx-Institutes-3-150x150.png 150w, https:\/\/maxxinstitutes.com\/wp-content\/uploads\/2025\/02\/Maxx-Institutes-3-768x768.png 768w, https:\/\/maxxinstitutes.com\/wp-content\/uploads\/2025\/02\/Maxx-Institutes-3-600x600.png 600w, https:\/\/maxxinstitutes.com\/wp-content\/uploads\/2025\/02\/Maxx-Institutes-3.png 1080w\" sizes=\"(max-width: 1024px) 100vw, 1024px\" title=\"\">\t\t<\/a>\n\n\t\t\n\t\t<div class=\"wd-buttons wd-pos-r-t\">\n\t\t\t\t\t\t\t\t\t\t\t<\/div>\n\t<\/div>\n\n\t\t<div class=\"product-element-bottom\">\n\t\t\t<div class=\"wd-product-header\">\n\t\t\t<h3 class=\"wd-entities-title\"><a href=\"https:\/\/maxxinstitutes.com\/sv\/produkt\/onlinekurs-for-forberedelse-av-ccse-examen\/\">Onlinekurs f\u00f6r f\u00f6rberedelse av CCSE-examen<\/a><\/h3>\t\t\t\t\t<\/div>\n\t\t\t\t<div class=\"wrap-price\">\n\t\t\t<div class=\"swap-wrapp\">\n\t\t\t\t<div class=\"swap-elements\">\n\t\t\t\t\t\n\t<span class=\"price\"><span class=\"woocommerce-Price-amount amount\"><bdi><span class=\"woocommerce-Price-currencySymbol\">&euro;<\/span>0.00<\/bdi><\/span><\/span>\n\t\t\t\t\t<div class=\"wd-add-btn\">\n\t\t\t\t\t\t<a href=\"\/sv\/wp-json\/wp\/v2\/pages\/15797?add-to-cart=20164\" data-quantity=\"1\" class=\"button product_type_simple add_to_cart_button ajax_add_to_cart add-to-cart-loop\" data-product_id=\"20164\" data-product_sku=\"\" aria-label=\"L\u00e4gg till i varukorgen: \u201dOnlinekurs f\u00f6r f\u00f6rberedelse av CCSE-examen\u201d\" rel=\"nofollow\" data-success_message=\"&quot;Onlinekurs f\u00f6r f\u00f6rberedelse av CCSE-examen&quot; har lagts till i din varukorg\" role=\"button\"><span>L\u00e4gg till i varukorg<\/span><\/a>\t\t\t\t\t<\/div>\n\t\t\t\t<\/div>\n\t\t\t<\/div>\n\t\t\t\t\t<\/div>\n\n\t\t\n\t\t\n\t\t\t\t<\/div>\n\t<\/div><\/div>\n\t\t\t\t\t\t\t\t<div class=\"wd-product wd-hover-alt wd-col product-grid-item product type-product post-20681 status-publish instock product_cat-pa-natet has-post-thumbnail shipping-taxable purchasable product-type-simple\" data-loop=\"2\" data-id=\"20681\">\n\t\n\t\n<div class=\"product-wrapper\">\n\t<div class=\"product-element-top wd-quick-shop\">\n\t\t<a href=\"https:\/\/maxxinstitutes.com\/sv\/produkt\/onlinekurs-i-spanska-pa-kvallstid\/\" class=\"product-image-link\">\n\t\t\t<img decoding=\"async\" width=\"1024\" height=\"1024\" src=\"https:\/\/maxxinstitutes.com\/wp-content\/uploads\/2025\/02\/Maxx-Institutes-2-1024x1024.png\" class=\"attachment-large size-large\" alt=\"\" srcset=\"https:\/\/maxxinstitutes.com\/wp-content\/uploads\/2025\/02\/Maxx-Institutes-2-1024x1024.png 1024w, https:\/\/maxxinstitutes.com\/wp-content\/uploads\/2025\/02\/Maxx-Institutes-2-300x300.png 300w, https:\/\/maxxinstitutes.com\/wp-content\/uploads\/2025\/02\/Maxx-Institutes-2-150x150.png 150w, https:\/\/maxxinstitutes.com\/wp-content\/uploads\/2025\/02\/Maxx-Institutes-2-768x768.png 768w, https:\/\/maxxinstitutes.com\/wp-content\/uploads\/2025\/02\/Maxx-Institutes-2-600x600.png 600w, https:\/\/maxxinstitutes.com\/wp-content\/uploads\/2025\/02\/Maxx-Institutes-2.png 1080w\" sizes=\"(max-width: 1024px) 100vw, 1024px\" title=\"\">\t\t<\/a>\n\n\t\t\n\t\t<div class=\"wd-buttons wd-pos-r-t\">\n\t\t\t\t\t\t\t\t\t\t\t<\/div>\n\t<\/div>\n\n\t\t<div class=\"product-element-bottom\">\n\t\t\t<div class=\"wd-product-header\">\n\t\t\t<h3 class=\"wd-entities-title\"><a href=\"https:\/\/maxxinstitutes.com\/sv\/produkt\/onlinekurs-i-spanska-pa-kvallstid\/\">Onlinekurs i spanska p\u00e5 kv\u00e4llstid<\/a><\/h3>\t\t\t\t\t<\/div>\n\t\t\t\t<div class=\"wrap-price\">\n\t\t\t<div class=\"swap-wrapp\">\n\t\t\t\t<div class=\"swap-elements\">\n\t\t\t\t\t\n\t<span class=\"price\"><span class=\"woocommerce-Price-amount amount\"><bdi><span class=\"woocommerce-Price-currencySymbol\">&euro;<\/span>140.00<\/bdi><\/span><\/span>\n\t\t\t\t\t<div class=\"wd-add-btn\">\n\t\t\t\t\t\t<a href=\"\/sv\/wp-json\/wp\/v2\/pages\/15797?add-to-cart=20681\" data-quantity=\"1\" class=\"button product_type_simple add_to_cart_button ajax_add_to_cart add-to-cart-loop\" data-product_id=\"20681\" data-product_sku=\"\" aria-label=\"L\u00e4gg till i varukorgen: \u201dOnlinekurs i spanska p\u00e5 kv\u00e4llstid\u201d\" rel=\"nofollow\" data-success_message=\"&quot;Onlinekurs i spanska p\u00e5 kv\u00e4llstid&quot; har lagts till i din varukorg\" role=\"button\"><span>L\u00e4gg till i varukorg<\/span><\/a>\t\t\t\t\t<\/div>\n\t\t\t\t<\/div>\n\t\t\t<\/div>\n\t\t\t\t\t<\/div>\n\n\t\t\n\t\t\n\t\t\t\t<\/div>\n\t<\/div><\/div>\n\t\t\t\t\t\t\t\t<div class=\"wd-product wd-hover-alt wd-col product-grid-item product type-product post-20684 status-publish last instock product_cat-pa-natet has-post-thumbnail shipping-taxable purchasable product-type-variable\" data-loop=\"3\" data-id=\"20684\">\n\t\n\t\n<div class=\"product-wrapper\">\n\t<div class=\"product-element-top wd-quick-shop\">\n\t\t<a href=\"https:\/\/maxxinstitutes.com\/sv\/produkt\/privatlektioner-online\/\" class=\"product-image-link\">\n\t\t\t<img decoding=\"async\" width=\"1024\" height=\"1024\" src=\"https:\/\/maxxinstitutes.com\/wp-content\/uploads\/2025\/02\/Maxx-Institutes-1-1024x1024.png\" class=\"attachment-large size-large\" alt=\"\" srcset=\"https:\/\/maxxinstitutes.com\/wp-content\/uploads\/2025\/02\/Maxx-Institutes-1-1024x1024.png 1024w, https:\/\/maxxinstitutes.com\/wp-content\/uploads\/2025\/02\/Maxx-Institutes-1-300x300.png 300w, https:\/\/maxxinstitutes.com\/wp-content\/uploads\/2025\/02\/Maxx-Institutes-1-150x150.png 150w, https:\/\/maxxinstitutes.com\/wp-content\/uploads\/2025\/02\/Maxx-Institutes-1-768x768.png 768w, https:\/\/maxxinstitutes.com\/wp-content\/uploads\/2025\/02\/Maxx-Institutes-1-600x600.png 600w, https:\/\/maxxinstitutes.com\/wp-content\/uploads\/2025\/02\/Maxx-Institutes-1.png 1080w\" sizes=\"(max-width: 1024px) 100vw, 1024px\" title=\"\">\t\t<\/a>\n\n\t\t\n\t\t<div class=\"wd-buttons wd-pos-r-t\">\n\t\t\t\t\t\t\t\t\t\t\t<\/div>\n\t<\/div>\n\n\t\t<div class=\"product-element-bottom\">\n\t\t\t<div class=\"wd-product-header\">\n\t\t\t<h3 class=\"wd-entities-title\"><a href=\"https:\/\/maxxinstitutes.com\/sv\/produkt\/privatlektioner-online\/\">Privatlektioner online<\/a><\/h3>\t\t\t\t\t<\/div>\n\t\t\t\t<div class=\"wrap-price\">\n\t\t\t<div class=\"swap-wrapp\">\n\t\t\t\t<div class=\"swap-elements\">\n\t\t\t\t\t\n\t<span class=\"price\"><span class=\"woocommerce-Price-amount amount\"><bdi><span class=\"woocommerce-Price-currencySymbol\">&euro;<\/span>29.00<\/bdi><\/span><\/span>\n\t\t\t\t\t<div class=\"wd-add-btn\">\n\t\t\t\t\t\t<a href=\"https:\/\/maxxinstitutes.com\/sv\/produkt\/privatlektioner-online\/\" data-quantity=\"1\" class=\"button product_type_variable add_to_cart_button add-to-cart-loop\" data-product_id=\"20684\" data-product_sku=\"\" aria-label=\"V\u00e4lj alternativ f\u00f6r \u201dPrivatlektioner online\u201d\" rel=\"nofollow\"><span>V\u00e4lj alternativ<\/span><\/a>\t\t\t\t\t<\/div>\n\t\t\t\t<\/div>\n\t\t\t<\/div>\n\t\t\t\t\t<\/div>\n\n\t\t\n\t\t\n\t\t\t\t<\/div>\n\t<\/div><\/div>\n\t\t\n\t\t\t\t<\/div>\n\t\n\t\t\n\t\t\n\t\t\t\t\t<\/div>\n\t\t\n\t\t\t\t\t\t<\/div>\n\t\t\t\t<\/div>\n\t\t\t\t<div class=\"elementor-element elementor-element-03a5e3a elementor-widget elementor-widget-spacer\" data-id=\"03a5e3a\" data-element_type=\"widget\" data-e-type=\"widget\" data-widget_type=\"spacer.default\">\n\t\t\t\t<div class=\"elementor-widget-container\">\n\t\t\t\t\t\t\t<div class=\"elementor-spacer\">\n\t\t\t<div class=\"elementor-spacer-inner\"><\/div>\n\t\t<\/div>\n\t\t\t\t\t\t<\/div>\n\t\t\t\t<\/div>\n\t\t\t\t\t<\/div>\n\t\t\t\t<\/div>\n\t\t\t\t<section class=\"elementor-section elementor-top-section elementor-element elementor-element-db2de72 elementor-reverse-mobile elementor-section-boxed elementor-section-height-default elementor-section-height-default\" data-id=\"db2de72\" data-element_type=\"section\" data-e-type=\"section\">\n\t\t\t\t\t\t<div class=\"elementor-container elementor-column-gap-default\">\n\t\t\t\t\t<div class=\"elementor-column elementor-col-50 elementor-top-column elementor-element elementor-element-70e832e\" data-id=\"70e832e\" data-element_type=\"column\" data-e-type=\"column\">\n\t\t\t<div class=\"elementor-widget-wrap elementor-element-populated\">\n\t\t\t\t\t\t<div class=\"elementor-element elementor-element-7a06eda elementor-widget elementor-widget-heading\" data-id=\"7a06eda\" data-element_type=\"widget\" data-e-type=\"widget\" data-widget_type=\"heading.default\">\n\t\t\t\t<div class=\"elementor-widget-container\">\n\t\t\t\t\t<h2 class=\"elementor-heading-title elementor-size-default\">Kurser i spanska\nOnline<\/h2>\t\t\t\t<\/div>\n\t\t\t\t<\/div>\n\t\t\t\t<div class=\"elementor-element elementor-element-ac8cf34 color-scheme-inherit text-left elementor-widget elementor-widget-text-editor\" data-id=\"ac8cf34\" data-element_type=\"widget\" data-e-type=\"widget\" data-widget_type=\"text-editor.default\">\n\t\t\t\t<div class=\"elementor-widget-container\">\n\t\t\t\t\t\t\t\t\t<p><strong>L\u00e4r dig spanska<\/strong><br>&#8211; i v\u00e5ra engagerande online-spr\u00e5kklasser i Madrid, som rankas bland de 10 % b\u00e4sta spanskaskolorna i Spanien<br>&#8211; med erfarna l\u00e4rare med universitetsexamen<\/p><p><strong>Ett unikt s\u00e4tt att l\u00e4ra sig eller f\u00f6rb\u00e4ttra spanskan<\/strong><br>&#8211; online hemifr\u00e5n<br>&#8211; Instituto de Idiomas Ibiza (Ibiza Language Institute) och<br>&#8211; Academia Internacional de Lenguas Madrid (International Language Academy Madrid)<br>&#8211; inga mellanh\u00e4nder eller extra avgifter<\/p><p><strong>Ett unikt s\u00e4tt att l\u00e4ra sig eller f\u00f6rb\u00e4ttra sin spanska<\/strong><\/p><p>&#8211; online hemifr\u00e5n,<br>&#8211; Live med riktiga l\u00e4rare som kommer att fira framg\u00e5ng med dig och undvika frustration,<br>&#8211; p\u00e5 fasta tider och med v\u00e5r unika undervisningsmetod,<br>&#8211; i kurser specifikt f\u00f6r vuxna (privatlektioner f\u00f6r barn)<br>&#8211; i kurser fr\u00e5n 18, 30 och 50 \u00e5r<\/p>\t\t\t\t\t\t\t\t<\/div>\n\t\t\t\t<\/div>\n\t\t\t\t\t<\/div>\n\t\t<\/div>\n\t\t\t\t<div class=\"elementor-column elementor-col-50 elementor-top-column elementor-element elementor-element-6ae0bd9\" data-id=\"6ae0bd9\" data-element_type=\"column\" data-e-type=\"column\">\n\t\t\t<div class=\"elementor-widget-wrap elementor-element-populated\">\n\t\t\t\t\t\t<div class=\"elementor-element elementor-element-7ec9b58 elementor-widget elementor-widget-image\" data-id=\"7ec9b58\" data-element_type=\"widget\" data-e-type=\"widget\" data-widget_type=\"image.default\">\n\t\t\t\t<div class=\"elementor-widget-container\">\n\t\t\t\t\t\t\t\t\t\t\t\t\t\t\t<img loading=\"lazy\" decoding=\"async\" width=\"790\" height=\"919\" src=\"https:\/\/maxxinstitutes.com\/wp-content\/uploads\/2024\/09\/Instituto-de-idiomas-Ibiza-main.png\" class=\"attachment-full size-full wp-image-14041\" alt=\"\" srcset=\"https:\/\/maxxinstitutes.com\/wp-content\/uploads\/2024\/09\/Instituto-de-idiomas-Ibiza-main.png 790w, https:\/\/maxxinstitutes.com\/wp-content\/uploads\/2024\/09\/Instituto-de-idiomas-Ibiza-main-258x300.png 258w, https:\/\/maxxinstitutes.com\/wp-content\/uploads\/2024\/09\/Instituto-de-idiomas-Ibiza-main-768x893.png 768w, https:\/\/maxxinstitutes.com\/wp-content\/uploads\/2024\/09\/Instituto-de-idiomas-Ibiza-main-600x698.png 600w, https:\/\/maxxinstitutes.com\/wp-content\/uploads\/2024\/09\/Instituto-de-idiomas-Ibiza-main-150x174.png 150w\" sizes=\"(max-width: 790px) 100vw, 790px\" title=\"\">\t\t\t\t\t\t\t\t\t\t\t\t\t\t\t<\/div>\n\t\t\t\t<\/div>\n\t\t\t\t\t<\/div>\n\t\t<\/div>\n\t\t\t\t\t<\/div>\n\t\t<\/section>\n\t\t\t\t<section class=\"elementor-section elementor-top-section elementor-element elementor-element-e3cacdb elementor-reverse-mobile elementor-section-full_width elementor-section-stretched elementor-section-height-default elementor-section-height-default\" data-id=\"e3cacdb\" data-element_type=\"section\" data-e-type=\"section\" data-settings=\"{&quot;stretch_section&quot;:&quot;section-stretched&quot;,&quot;background_background&quot;:&quot;gradient&quot;}\">\n\t\t\t\t\t\t<div class=\"elementor-container elementor-column-gap-default\">\n\t\t\t\t\t<div class=\"elementor-column elementor-col-50 elementor-top-column elementor-element elementor-element-064c607\" data-id=\"064c607\" data-element_type=\"column\" data-e-type=\"column\">\n\t\t\t<div class=\"elementor-widget-wrap elementor-element-populated\">\n\t\t\t\t\t\t<div class=\"elementor-element elementor-element-2d5a0f9 elementor-widget elementor-widget-heading\" data-id=\"2d5a0f9\" data-element_type=\"widget\" data-e-type=\"widget\" data-widget_type=\"heading.default\">\n\t\t\t\t<div class=\"elementor-widget-container\">\n\t\t\t\t\t<h2 class=\"elementor-heading-title elementor-size-default\">Priss\u00e4ttning<\/h2>\t\t\t\t<\/div>\n\t\t\t\t<\/div>\n\t\t\t\t<div class=\"elementor-element elementor-element-566074f color-scheme-inherit text-left elementor-widget elementor-widget-text-editor\" data-id=\"566074f\" data-element_type=\"widget\" data-e-type=\"widget\" data-widget_type=\"text-editor.default\">\n\t\t\t\t<div class=\"elementor-widget-container\">\n\t\t\t\t\t\t\t\t\t<ul><li><strong>4 veckor:<\/strong> 140 euro + 40 euro i anm\u00e4lningsavgift<\/li><li><strong>8 veckor + 1 gratis (totalt 9 veckor):<\/strong> 280 euro + 40 euro i anm\u00e4lningsavgift<\/li><li><strong>12 veckor + 2 kostnadsfria (totalt 14 veckor):<\/strong> 420 \u20ac + 40 \u20ac i anm\u00e4lningsavgift<\/li><li><strong>16 veckor + 3 kostnadsfria (totalt 19 veckor):<\/strong> 560 euro + 40 euro i anm\u00e4lningsavgift<\/li><\/ul><p>Om dessa paket inte riktigt uppfyller dina behov eller om du vill ha mer information innan du fattar ett beslut, \u00e4r du v\u00e4lkommen att <a style=\"font-size: 15px; background-color: transparent;\" href=\"http:\/\/maxxinstitutes.com\/contact\/\" target=\"_blank\" rel=\"noopener\">kontakta oss<\/a><\/p>\t\t\t\t\t\t\t\t<\/div>\n\t\t\t\t<\/div>\n\t\t\t\t\t<\/div>\n\t\t<\/div>\n\t\t\t\t<div class=\"elementor-column elementor-col-50 elementor-top-column elementor-element elementor-element-3f692e8\" data-id=\"3f692e8\" data-element_type=\"column\" data-e-type=\"column\">\n\t\t\t<div class=\"elementor-widget-wrap elementor-element-populated\">\n\t\t\t\t\t\t<div class=\"elementor-element elementor-element-a028939 elementor-widget elementor-widget-image\" data-id=\"a028939\" data-element_type=\"widget\" data-e-type=\"widget\" data-widget_type=\"image.default\">\n\t\t\t\t<div class=\"elementor-widget-container\">\n\t\t\t\t\t\t\t\t\t\t\t\t\t\t\t<img loading=\"lazy\" decoding=\"async\" width=\"500\" height=\"500\" src=\"https:\/\/maxxinstitutes.com\/wp-content\/uploads\/2024\/12\/Black-White-Modern-Handwritten-Square-Studio-Logo-1.png\" class=\"attachment-full size-full wp-image-17670\" alt=\"\" srcset=\"https:\/\/maxxinstitutes.com\/wp-content\/uploads\/2024\/12\/Black-White-Modern-Handwritten-Square-Studio-Logo-1.png 500w, https:\/\/maxxinstitutes.com\/wp-content\/uploads\/2024\/12\/Black-White-Modern-Handwritten-Square-Studio-Logo-1-300x300.png 300w, https:\/\/maxxinstitutes.com\/wp-content\/uploads\/2024\/12\/Black-White-Modern-Handwritten-Square-Studio-Logo-1-150x150.png 150w\" sizes=\"(max-width: 500px) 100vw, 500px\" title=\"\">\t\t\t\t\t\t\t\t\t\t\t\t\t\t\t<\/div>\n\t\t\t\t<\/div>\n\t\t\t\t<div class=\"elementor-element elementor-element-647c269 elementor-widget elementor-widget-button\" data-id=\"647c269\" data-element_type=\"widget\" data-e-type=\"widget\" data-widget_type=\"button.default\">\n\t\t\t\t<div class=\"elementor-widget-container\">\n\t\t\t\t\t\t\t\t\t<div class=\"elementor-button-wrapper\">\n\t\t\t\t\t<a class=\"elementor-button elementor-button-link elementor-size-sm\" href=\"http:\/\/maxxinstitutes.com\/cost-calculator\/\">\n\t\t\t\t\t\t<span class=\"elementor-button-content-wrapper\">\n\t\t\t\t\t\t\t\t\t<span class=\"elementor-button-text\">Boka nu<\/span>\n\t\t\t\t\t<\/span>\n\t\t\t\t\t<\/a>\n\t\t\t\t<\/div>\n\t\t\t\t\t\t\t\t<\/div>\n\t\t\t\t<\/div>\n\t\t\t\t\t<\/div>\n\t\t<\/div>\n\t\t\t\t\t<\/div>\n\t\t<\/section>\n\t\t\t\t<section class=\"elementor-section elementor-top-section elementor-element elementor-element-9303c0c elementor-reverse-mobile elementor-section-boxed elementor-section-height-default elementor-section-height-default\" data-id=\"9303c0c\" data-element_type=\"section\" data-e-type=\"section\" id=\"o3\">\n\t\t\t\t\t\t<div class=\"elementor-container elementor-column-gap-default\">\n\t\t\t\t\t<div class=\"elementor-column elementor-col-50 elementor-top-column elementor-element elementor-element-0396183\" data-id=\"0396183\" data-element_type=\"column\" data-e-type=\"column\">\n\t\t\t<div class=\"elementor-widget-wrap elementor-element-populated\">\n\t\t\t\t\t\t<div class=\"elementor-element elementor-element-6cf725f elementor-widget elementor-widget-heading\" data-id=\"6cf725f\" data-element_type=\"widget\" data-e-type=\"widget\" data-widget_type=\"heading.default\">\n\t\t\t\t<div class=\"elementor-widget-container\">\n\t\t\t\t\t<h2 class=\"elementor-heading-title elementor-size-default\">Vilken niv\u00e5 av spanska <br>Har jag?\n\n\n\n<\/h2>\t\t\t\t<\/div>\n\t\t\t\t<\/div>\n\t\t\t\t<div class=\"elementor-element elementor-element-940551f color-scheme-inherit text-left elementor-widget elementor-widget-text-editor\" data-id=\"940551f\" data-element_type=\"widget\" data-e-type=\"widget\" data-widget_type=\"text-editor.default\">\n\t\t\t\t<div class=\"elementor-widget-container\">\n\t\t\t\t\t\t\t\t\t<p>V\u00e5ra kurser i spanska f\u00f6ljer den gemensamma europeiska referensramen f\u00f6r spr\u00e5k (CEFR). Tillsammans med placeringstestet och &#8221;Can Do&#8221;-utl\u00e5tandena kan du fastst\u00e4lla din nuvarande niv\u00e5 och f\u00f6lja dina framsteg. Dessutom hj\u00e4lper &#8221;Can Do&#8221;-utl\u00e5tandena, i kombination med placeringstestet, dig att planera dina m\u00e5l f\u00f6r spanska spr\u00e5ket och v\u00e4lja r\u00e4tt spanskakurs f\u00f6r dig.  <\/p><p>Ta reda p\u00e5 vilken niv\u00e5 du vill uppn\u00e5 h\u00e4r. Vi informerar dig om vilka kurser du beh\u00f6ver f\u00f6r att n\u00e5 dina m\u00e5l. <\/p>\t\t\t\t\t\t\t\t<\/div>\n\t\t\t\t<\/div>\n\t\t\t\t<div class=\"elementor-element elementor-element-e0c7983 elementor-align-left elementor-mobile-align-center elementor-widget elementor-widget-button\" data-id=\"e0c7983\" data-element_type=\"widget\" data-e-type=\"widget\" data-widget_type=\"button.default\">\n\t\t\t\t<div class=\"elementor-widget-container\">\n\t\t\t\t\t\t\t\t\t<div class=\"elementor-button-wrapper\">\n\t\t\t\t\t<a class=\"elementor-button elementor-button-link elementor-size-sm\" href=\"http:\/\/maxxinstitutes.com\/level-test\/\" target=\"_blank\">\n\t\t\t\t\t\t<span class=\"elementor-button-content-wrapper\">\n\t\t\t\t\t\t<span class=\"elementor-button-icon\">\n\t\t\t\t<svg aria-hidden=\"true\" class=\"e-font-icon-svg e-fas-long-arrow-alt-right\" viewBox=\"0 0 448 512\" xmlns=\"http:\/\/www.w3.org\/2000\/svg\"><path d=\"M313.941 216H12c-6.627 0-12 5.373-12 12v56c0 6.627 5.373 12 12 12h301.941v46.059c0 21.382 25.851 32.09 40.971 16.971l86.059-86.059c9.373-9.373 9.373-24.569 0-33.941l-86.059-86.059c-15.119-15.119-40.971-4.411-40.971 16.971V216z\"><\/path><\/svg>\t\t\t<\/span>\n\t\t\t\t\t\t\t\t\t<span class=\"elementor-button-text\">SPANSKA NIV\u00c5TEST<\/span>\n\t\t\t\t\t<\/span>\n\t\t\t\t\t<\/a>\n\t\t\t\t<\/div>\n\t\t\t\t\t\t\t\t<\/div>\n\t\t\t\t<\/div>\n\t\t\t\t\t<\/div>\n\t\t<\/div>\n\t\t\t\t<div class=\"elementor-column elementor-col-50 elementor-top-column elementor-element elementor-element-393dac9\" data-id=\"393dac9\" data-element_type=\"column\" data-e-type=\"column\">\n\t\t\t<div class=\"elementor-widget-wrap elementor-element-populated\">\n\t\t\t\t\t\t<div class=\"elementor-element elementor-element-91deb49 elementor-widget elementor-widget-image\" data-id=\"91deb49\" data-element_type=\"widget\" data-e-type=\"widget\" data-widget_type=\"image.default\">\n\t\t\t\t<div class=\"elementor-widget-container\">\n\t\t\t\t\t\t\t\t\t\t\t\t\t\t\t<img loading=\"lazy\" decoding=\"async\" width=\"800\" height=\"800\" src=\"https:\/\/maxxinstitutes.com\/wp-content\/uploads\/2024\/09\/contact-17.jpg\" class=\"attachment-full size-full wp-image-13945\" alt=\"\" srcset=\"https:\/\/maxxinstitutes.com\/wp-content\/uploads\/2024\/09\/contact-17.jpg 800w, https:\/\/maxxinstitutes.com\/wp-content\/uploads\/2024\/09\/contact-17-300x300.jpg 300w, https:\/\/maxxinstitutes.com\/wp-content\/uploads\/2024\/09\/contact-17-150x150.jpg 150w, https:\/\/maxxinstitutes.com\/wp-content\/uploads\/2024\/09\/contact-17-768x768.jpg 768w, https:\/\/maxxinstitutes.com\/wp-content\/uploads\/2024\/09\/contact-17-600x600.jpg 600w\" sizes=\"(max-width: 800px) 100vw, 800px\" title=\"\">\t\t\t\t\t\t\t\t\t\t\t\t\t\t\t<\/div>\n\t\t\t\t<\/div>\n\t\t\t\t\t<\/div>\n\t\t<\/div>\n\t\t\t\t\t<\/div>\n\t\t<\/section>\n\t\t\t\t<section class=\"elementor-section elementor-top-section elementor-element elementor-element-3f11aa0 elementor-section-boxed elementor-section-height-default elementor-section-height-default\" data-id=\"3f11aa0\" data-element_type=\"section\" data-e-type=\"section\">\n\t\t\t\t\t\t<div class=\"elementor-container elementor-column-gap-default\">\n\t\t\t\t\t<div class=\"elementor-column elementor-col-100 elementor-top-column elementor-element elementor-element-b0478b3\" data-id=\"b0478b3\" data-element_type=\"column\" data-e-type=\"column\">\n\t\t\t<div class=\"elementor-widget-wrap elementor-element-populated\">\n\t\t\t\t\t\t<div class=\"elementor-element elementor-element-9afada2 elementor-widget elementor-widget-heading\" data-id=\"9afada2\" data-element_type=\"widget\" data-e-type=\"widget\" data-widget_type=\"heading.default\">\n\t\t\t\t<div class=\"elementor-widget-container\">\n\t\t\t\t\t<h2 class=\"elementor-heading-title elementor-size-default\">Vad kommer jag att l\u00e4ra mig?\n\n\n<\/h2>\t\t\t\t<\/div>\n\t\t\t\t<\/div>\n\t\t\t\t<div class=\"elementor-element elementor-element-ebfc9b8 color-scheme-inherit text-left elementor-widget elementor-widget-text-editor\" data-id=\"ebfc9b8\" data-element_type=\"widget\" data-e-type=\"widget\" data-widget_type=\"text-editor.default\">\n\t\t\t\t<div class=\"elementor-widget-container\">\n\t\t\t\t\t\t\t\t\t<p>V\u00e5ra kurser i spanska ger dig grunden f\u00f6r ett framg\u00e5ngsrikt l\u00e4rande. Nedan hittar du v\u00e5ra kursbeskrivningar f\u00f6r alla v\u00e5ra spanska kurser, som \u00e4r strukturerade enligt niv\u00e5erna i den gemensamma europeiska referensramen f\u00f6r spr\u00e5k (CEFR). <\/p><p>Oavsett om du l\u00e4r dig spanska p\u00e5 en av v\u00e5ra Instituto Cervantes-ackrediterade skolor p\u00e5 Ibiza eller i Madrid &#8211; eller deltar i v\u00e5ra onlinekurser &#8211; kommer du att dra nytta av samma h\u00f6ga standard som baseras p\u00e5 Instituto Cervantes riktlinjer och CEFR. Alla onlineklasser undervisas av v\u00e5ra erfarna l\u00e4rare fr\u00e5n de ackrediterade skolorna p\u00e5 Ibiza och i Madrid. <\/p>\t\t\t\t\t\t\t\t<\/div>\n\t\t\t\t<\/div>\n\t\t\t\t\t<\/div>\n\t\t<\/div>\n\t\t\t\t\t<\/div>\n\t\t<\/section>\n\t\t\t\t<section class=\"elementor-section elementor-top-section elementor-element elementor-element-67ca82e elementor-section-boxed elementor-section-height-default elementor-section-height-default\" data-id=\"67ca82e\" data-element_type=\"section\" data-e-type=\"section\">\n\t\t\t\t\t\t<div class=\"elementor-container elementor-column-gap-default\">\n\t\t\t\t\t<div class=\"elementor-column elementor-col-100 elementor-top-column elementor-element elementor-element-592b4b8\" data-id=\"592b4b8\" data-element_type=\"column\" data-e-type=\"column\">\n\t\t\t<div class=\"elementor-widget-wrap elementor-element-populated\">\n\t\t\t\t\t\t<div class=\"elementor-element elementor-element-fe35298 elementor-widget elementor-widget-heading\" data-id=\"fe35298\" data-element_type=\"widget\" data-e-type=\"widget\" data-widget_type=\"heading.default\">\n\t\t\t\t<div class=\"elementor-widget-container\">\n\t\t\t\t\t<h2 class=\"elementor-heading-title elementor-size-default\">Kursbeskrivningar enligt den gemensamma europeiska referensramen f\u00f6r spr\u00e5k\n\n<\/h2>\t\t\t\t<\/div>\n\t\t\t\t<\/div>\n\t\t\t\t<div class=\"elementor-element elementor-element-cb46fea color-scheme-inherit text-left elementor-widget elementor-widget-text-editor\" data-id=\"cb46fea\" data-element_type=\"widget\" data-e-type=\"widget\" data-widget_type=\"text-editor.default\">\n\t\t\t\t<div class=\"elementor-widget-container\">\n\t\t\t\t\t\t\t\t\t<p>Hur mycket av kursbeskrivningen som behandlas i din kurs beror p\u00e5 hur l\u00e5ng tid och hur intensiv din kurs \u00e4r. Den visar vad du kommer att l\u00e4ra dig p\u00e5 varje niv\u00e5 och ger dig en uppfattning om hur de olika kursniv\u00e5erna \u00e4r uppbyggda fr\u00e5n niv\u00e5 A1 till B2. <\/p>\t\t\t\t\t\t\t\t<\/div>\n\t\t\t\t<\/div>\n\t\t\t\t\t<\/div>\n\t\t<\/div>\n\t\t\t\t\t<\/div>\n\t\t<\/section>\n\t\t<div class=\"elementor-element elementor-element-adbb505 e-flex e-con-boxed e-con e-parent\" data-id=\"adbb505\" data-element_type=\"container\" data-e-type=\"container\">\n\t\t\t\t\t<div class=\"e-con-inner\">\n\t\t\t\t<div class=\"elementor-element elementor-element-eb59587 elementor-widget elementor-widget-wd_accordion\" data-id=\"eb59587\" data-element_type=\"widget\" data-e-type=\"widget\" data-widget_type=\"wd_accordion.default\">\n\t\t\t\t<div class=\"elementor-widget-container\">\n\t\t\t\t\t\n\t\t<div class=\"wd-accordion wd-style-shadow\" data-state=\"all_closed\">\n\t\t\t\t\t\t\t\n\t\t\t\t<div class=\"wd-accordion-item\">\n\t\t\t\t\t<div class=\"wd-accordion-title text-left wd-opener-pos-right\" data-accordion-index=\"0\">\n\t\t\t\t\t\t<div class=\"wd-accordion-title-text\">\n\t\t\t\t\t\t\t\t\t\t\t\t\t\t<span>\n\t\t\t\t\t\t\t\tKursinneh\u00e5ll f\u00f6r nyb\u00f6rjarniv\u00e5 A1\t\t\t\t\t\t\t<\/span>\n\t\t\t\t\t\t<\/div>\n\t\t\t\t\t\t<span class=\"wd-accordion-opener wd-opener-style-arrow\"><\/span>\n\t\t\t\t\t<\/div>\n\n\t\t\t\t\t<div class=\"wd-accordion-content reset-last-child\" data-accordion-index=\"0\">\n\t\t\t\t\t\t\t\t\t\t\t\t\t\n\t\t\t\t\t\t\t<p>Spr\u00e5kf\u00e4rdigheter och ordf\u00f6rr\u00e5d<\/p><p>Hur man presenterar sig sj\u00e4lv och andra, nationaliteter och yrken<\/p><p>Hur man st\u00e4ller fr\u00e5gor i klassrummet<\/p><p>Att s\u00e4ga hej och adj\u00f6<\/p><p>L\u00e4mna ut och beg\u00e4ra personuppgifter<\/p><p>Siffror och alfabetet<\/p><p>Uttrycka avsikter<\/p><p>Spr\u00e5k, geografi och v\u00e4der<\/p><p>Fritidsaktiviteter och resor<\/p><p>G\u00e5r \u00f6sterut i barer och restauranger, best\u00e4ller mat och pratar om den<\/p><p>Spansk och latinamerikansk mat<\/p><p>Tycker om och tycker inte om<\/p><p>Uttrycker behov och identifierar f\u00f6rem\u00e5l<\/p><p>Familj och relationer<\/p><p>Kl\u00e4der och f\u00e4rger<\/p><p>Vanor<\/p><p>Veckodagar och dagliga aktiviteter<\/p><p>Uttrycka tider och tider p\u00e5 dygnet<\/p><p>Ge och ta emot instruktioner<\/p><p>Uttrycka vad man tycker om och inte tycker om<\/p><p>Grammatik<\/p><p>K\u00f6n<\/p><p>Konjugering<\/p><p>Verben ser, estar, gustar, ir, preferir, poner, traer, saber, poder<\/p><p>Presens \"presente indicativo\"<\/p><p>F\u00f6rfluten tid \"pret\u00e9rito perfecto\"<\/p><p>Anv\u00e4ndning av a, con, de, por, para och porque<\/p><p>Best\u00e4md artikel: el, la, los, las<\/p><p>Personliga pronomen<\/p><p>Possessiva pronomen<\/p><p>Demonstrativa pronomen este\/esta\/estos<\/p><p>Attribut: bien, mal<\/p><p>Muy, mucho, poco, alg\u00fan, ning\u00fan<\/p><p>Tambi\u00e9n, tampoco<\/p><p>Superlativ<\/p><p>Reflexiva verb<\/p><p>Yo tambi\u00e9n, Yo tampoco, Yo si, Yo no<\/p><p>Primero, despu\u00e9s, luego<\/p><p>Kulturella aspekter<\/p><p>Hur man h\u00e4lsar i Spanien och Latinamerika<\/p><p>Skillnader i uttal<\/p><p>Spanska \u00f6ppettider och mattider<\/p><p>K\u00e4nda personer i den spansktalande v\u00e4rlden<\/p>\n\t\t\t\t\t\t\t\t\t\t\t\t\t\t\t\t\t\t<\/div>\n\t\t\t\t<\/div>\n\t\t\t\t\t\t\t\n\t\t\t\t<div class=\"wd-accordion-item\">\n\t\t\t\t\t<div class=\"wd-accordion-title text-left wd-opener-pos-right\" data-accordion-index=\"1\">\n\t\t\t\t\t\t<div class=\"wd-accordion-title-text\">\n\t\t\t\t\t\t\t\t\t\t\t\t\t\t<span>\n\t\t\t\t\t\t\t\tKursinneh\u00e5ll grundl\u00e4ggande niv\u00e5 A2\t\t\t\t\t\t\t<\/span>\n\t\t\t\t\t\t<\/div>\n\t\t\t\t\t\t<span class=\"wd-accordion-opener wd-opener-style-arrow\"><\/span>\n\t\t\t\t\t<\/div>\n\n\t\t\t\t\t<div class=\"wd-accordion-content reset-last-child\" data-accordion-index=\"1\">\n\t\t\t\t\t\t\t\t\t\t\t\t\t\n\t\t\t\t\t\t\t<p>Spr\u00e5kf\u00e4rdigheter och ordf\u00f6rr\u00e5d<\/p><p>Att ge rekommendationer<\/p><p>Beskriva k\u00e4nslor och prata om vanor och sv\u00e5righeter<\/p><p>Aktiviteter f\u00f6r spr\u00e5kinl\u00e4rning<\/p><p>Yrken<\/p><p>Beskriva tidigare h\u00e4ndelser<\/p><p>Biografer och biografier<\/p><p>Hustyper och delar av hus, former, stilar och material<\/p><p>Att ge, l\u00e4mna och l\u00e5na<\/p><p>Prata om fritidsaktiviteter, tidtabeller<\/p><p>Prata om tidigare h\u00e4ndelser<\/p><p>F\u00f6rklara avsikter och projekt<\/p><p>F\u00f6rklaring av recept<\/p><p>Prata om erfarenheter och \u00f6nskem\u00e5l<\/p><p>Tycker om och ogillar m\u00e4nniskor<\/p><p>Att ge r\u00e5d<\/p><p>Uttrycka hur du k\u00e4nner dig, prata om kroppsdelar, sjukdomar och symtom<\/p><p>Ber\u00e4ttelser om ditt liv och din resa<\/p><p>Historiska perioder<\/p><p>Argumentera och debattera<\/p><p>Uttrycka k\u00e4nslor<\/p><p>Tala i f\u00f6rfluten tid<\/p><p>Grammatik<\/p><p>F\u00f6rfluten tid \"pret\u00e9rito indefinido\", \"pret\u00e9rito perfecto\" och \"pret\u00e9rito imperfecto\"<\/p><p>Oregelbundna former av \"pret\u00e9rito indefinido\"<\/p><p>Mark\u00f6rer f\u00f6r f\u00f6rfluten tid<\/p><p>Ponoun<\/p><p>Verben costar, sentirse, gustar, encantar, preferir, poder, importar, ayudar, poner<\/p><p>Para\/porque<\/p><p>Desde \/ desde hace \/ hace ... que<\/p><p>Empezar a + infinitiv<\/p><p>Ir\/irse<\/p><p>Prepositioner: sin, con, debajo, encima, detr\u00e1s, delante<\/p><p>Possessiva pronomen: el m\u00edo, tuyo,<\/p><p>Anv\u00e4ndning av ser y estar<\/p><p>gerundium<\/p><p>Estar + gerundium<\/p><p>Villkorlig me\/te\/le\/nos\/os\/les gustar\u00eda + infinitivo<\/p><p>Kulturella aspekter<\/p><p>Resor och fritidsaktiviteter<\/p><p>Prata om mat och kulinariska vanor<\/p><p>Intressanta platser och kulturutbud<\/p>\n\t\t\t\t\t\t\t\t\t\t\t\t\t\t\t\t\t\t<\/div>\n\t\t\t\t<\/div>\n\t\t\t\t\t\t\t\n\t\t\t\t<div class=\"wd-accordion-item\">\n\t\t\t\t\t<div class=\"wd-accordion-title text-left wd-opener-pos-right\" data-accordion-index=\"2\">\n\t\t\t\t\t\t<div class=\"wd-accordion-title-text\">\n\t\t\t\t\t\t\t\t\t\t\t\t\t\t<span>\n\t\t\t\t\t\t\t\tKursinneh\u00e5ll Medelh\u00f6g niv\u00e5 - B1\t\t\t\t\t\t\t<\/span>\n\t\t\t\t\t\t<\/div>\n\t\t\t\t\t\t<span class=\"wd-accordion-opener wd-opener-style-arrow\"><\/span>\n\t\t\t\t\t<\/div>\n\n\t\t\t\t\t<div class=\"wd-accordion-content reset-last-child\" data-accordion-index=\"2\">\n\t\t\t\t\t\t\t\t\t\t\t\t\t\n\t\t\t\t\t\t\t<p>Spr\u00e5kf\u00e4rdigheter och ordf\u00f6rr\u00e5d<\/p><p>Om en m\u00e4nniskas liv<\/p><p>Ordf\u00f6rr\u00e5d f\u00f6r arbete och skola<\/p><p>Framtid och f\u00f6ruts\u00e4gelser<\/p><p>Sociala vanor<\/p><p>Prata om f\u00f6rbud \/ skyldighet<\/p><p>Ber\u00e4tta sk\u00e4mt och historier<\/p><p>Uttrycka intressen, \u00f6nskem\u00e5l och f\u00f6resl\u00e5 l\u00f6sningar, prata om problem och uttrycka sin egen \u00e5sikt<\/p><p>Grammatik<\/p><p>Enkel och konjunkturk\u00e4nslig framtid<\/p><p>Pret\u00e9rito perfecto och pret\u00e9rito indefinido<\/p><p>Presente de indicativo<\/p><p>Presente de subjuntivo<\/p><p>Seguramente\/seguro que\/supongo que + futuro<\/p><p>Framtiden ofullst\u00e4ndig<\/p><p>Indirekt arbetss\u00e4tt<\/p><p>Pret\u00e9rito pluscuamperfecto de indicativo<\/p><p>Kvantifierare: todo el mundo\/la mayor\u00eda de\/muchos\/algunos<\/p><p>Anslutningar: (y) entonces, en aquel momento, al final, de repente, pronto,<\/p><p>N\u00e5gra anv\u00e4ndningsomr\u00e5den f\u00f6r imperativ<\/p><p>Superlativ: \u00edsimo\/-a\/-os\/-as<\/p><p>Kulturella aspekter<\/p><p>Film, TV, romaner<\/p><p>Reklam och politik i den spansktalande v\u00e4rlden<\/p><p>Milj\u00f6 och solidaritet<\/p>\n\t\t\t\t\t\t\t\t\t\t\t\t\t\t\t\t\t\t<\/div>\n\t\t\t\t<\/div>\n\t\t\t\t\t\t\t\n\t\t\t\t<div class=\"wd-accordion-item\">\n\t\t\t\t\t<div class=\"wd-accordion-title text-left wd-opener-pos-right\" data-accordion-index=\"3\">\n\t\t\t\t\t\t<div class=\"wd-accordion-title-text\">\n\t\t\t\t\t\t\t\t\t\t\t\t\t\t<span>\n\t\t\t\t\t\t\t\tKursinneh\u00e5ll \u00f6vre mellanniv\u00e5 - B2\t\t\t\t\t\t\t<\/span>\n\t\t\t\t\t\t<\/div>\n\t\t\t\t\t\t<span class=\"wd-accordion-opener wd-opener-style-arrow\"><\/span>\n\t\t\t\t\t<\/div>\n\n\t\t\t\t\t<div class=\"wd-accordion-content reset-last-child\" data-accordion-index=\"3\">\n\t\t\t\t\t\t\t\t\t\t\t\t\t\n\t\t\t\t\t\t\t<p>Spr\u00e5kf\u00e4rdigheter och ordf\u00f6rr\u00e5d<\/p><p>Prata om de senaste nyheterna och ge en \u00e5sikt om dem<\/p><p>Diskutera olika \u00e5sikter och prata om k\u00e4nslor<\/p><p>Att ge och ta r\u00e5d<\/p><p>Pratar om st\u00e4der, turism i allm\u00e4nhet och fritidsaktiviteter<\/p><p>Uppr\u00e4tta hypoteser<\/p><p>Grammatik<\/p><p>Kombinera alla tempusformer<\/p><p>Anv\u00e4ndning av presente, imperfecto, pret\u00e9rito perfecto de subjuntivo<\/p><p>Enkelt och begripligt handtag<\/p><p>Futuro<\/p><p>Anv\u00e4ndning av passiv r\u00f6st<\/p><p>Relativsatser<\/p><p>Creo que + indicativo<\/p><p>Para + infinitiv\/subjuntiv<\/p><p>Anv\u00e4ndning av verben poner y quedar<\/p><p>Kulturella aspekter<\/p><p>Medierna<\/p><p>Politik och samh\u00e4lle i Spanien<\/p><p>Utbildning och biografier<\/p>\n\t\t\t\t\t\t\t\t\t\t\t\t\t\t\t\t\t\t<\/div>\n\t\t\t\t<\/div>\n\t\t\t\t\t<\/div>\n\t\t\t\t\t\t<\/div>\n\t\t\t\t<\/div>\n\t\t\t\t\t<\/div>\n\t\t\t\t<\/div>\n\t\t\t\t<\/div>\n\t\t","protected":false},"excerpt":{"rendered":"<p>Onlinekurser i spanska L\u00e4r dig spanska online &#8211; med riktiga l\u00e4rare fr\u00e5n SpanienStudera spanska fr\u00e5n var som helst i v\u00e4rlden<\/p>\n","protected":false},"author":5,"featured_media":0,"parent":0,"menu_order":0,"comment_status":"closed","ping_status":"closed","template":"","meta":{"two_page_speed":[],"footnotes":""},"class_list":["post-15797","page","type-page","status-publish","hentry"],"_links":{"self":[{"href":"https:\/\/maxxinstitutes.com\/sv\/wp-json\/wp\/v2\/pages\/15797","targetHints":{"allow":["GET"]}}],"collection":[{"href":"https:\/\/maxxinstitutes.com\/sv\/wp-json\/wp\/v2\/pages"}],"about":[{"href":"https:\/\/maxxinstitutes.com\/sv\/wp-json\/wp\/v2\/types\/page"}],"author":[{"embeddable":true,"href":"https:\/\/maxxinstitutes.com\/sv\/wp-json\/wp\/v2\/users\/5"}],"replies":[{"embeddable":true,"href":"https:\/\/maxxinstitutes.com\/sv\/wp-json\/wp\/v2\/comments?post=15797"}],"version-history":[{"count":5,"href":"https:\/\/maxxinstitutes.com\/sv\/wp-json\/wp\/v2\/pages\/15797\/revisions"}],"predecessor-version":[{"id":23983,"href":"https:\/\/maxxinstitutes.com\/sv\/wp-json\/wp\/v2\/pages\/15797\/revisions\/23983"}],"wp:attachment":[{"href":"https:\/\/maxxinstitutes.com\/sv\/wp-json\/wp\/v2\/media?parent=15797"}],"curies":[{"name":"wp","href":"https:\/\/api.w.org\/{rel}","templated":true}]}}