{"id":14546,"date":"2024-10-06T20:02:18","date_gmt":"2024-10-06T20:02:18","guid":{"rendered":"http:\/\/maxxinstitutes.com\/vanliga-fragor\/"},"modified":"2026-04-02T10:29:56","modified_gmt":"2026-04-02T10:29:56","slug":"vanliga-fragor","status":"publish","type":"page","link":"https:\/\/maxxinstitutes.com\/sv\/vanliga-fragor\/","title":{"rendered":"Vanliga fr\u00e5gor"},"content":{"rendered":"\t\t<div data-elementor-type=\"wp-page\" data-elementor-id=\"14546\" class=\"elementor elementor-14546 elementor-12659\" data-elementor-post-type=\"page\">\n\t\t\t\t\t\t<section class=\"elementor-section elementor-top-section elementor-element elementor-element-50c27d84 elementor-section-full_width elementor-section-stretched elementor-section-height-default elementor-section-height-default\" data-id=\"50c27d84\" data-element_type=\"section\" data-e-type=\"section\" data-settings=\"{&quot;stretch_section&quot;:&quot;section-stretched&quot;}\">\n\t\t\t\t\t\t<div class=\"elementor-container elementor-column-gap-default\">\n\t\t\t\t\t<div class=\"elementor-column elementor-col-100 elementor-top-column elementor-element elementor-element-e057dc9\" data-id=\"e057dc9\" data-element_type=\"column\" data-e-type=\"column\">\n\t\t\t<div class=\"elementor-widget-wrap elementor-element-populated\">\n\t\t\t\t\t\t<div class=\"elementor-element elementor-element-e0db4b3 elementor-widget elementor-widget-heading\" data-id=\"e0db4b3\" data-element_type=\"widget\" data-e-type=\"widget\" data-widget_type=\"heading.default\">\n\t\t\t\t<div class=\"elementor-widget-container\">\n\t\t\t\t\t<h2 class=\"elementor-heading-title elementor-size-default\">Vanliga fr\u00e5gor och svar<\/h2>\t\t\t\t<\/div>\n\t\t\t\t<\/div>\n\t\t\t\t<div class=\"elementor-element elementor-element-e4c970b color-scheme-inherit text-left elementor-widget elementor-widget-text-editor\" data-id=\"e4c970b\" data-element_type=\"widget\" data-e-type=\"widget\" data-widget_type=\"text-editor.default\">\n\t\t\t\t<div class=\"elementor-widget-container\">\n\t\t\t\t\t\t\t\t\t<p>Vi vet att du har en del fr\u00e5gor och f\u00f6rmodligen vill ha mer information om oss och v\u00e5ra erbjudanden, nedan hittar du en lista med vanliga fr\u00e5gor (FAQ) om en m\u00e4ngd olika \u00e4mnen. Om du inte hittar ditt svar h\u00e4r \u00e4r du v\u00e4lkommen att kontakta oss direkt s\u00e5 hj\u00e4lper vi dig g\u00e4rna. <\/p>\t\t\t\t\t\t\t\t<\/div>\n\t\t\t\t<\/div>\n\t\t\t\t\t<\/div>\n\t\t<\/div>\n\t\t\t\t\t<\/div>\n\t\t<\/section>\n\t\t\t\t<section class=\"elementor-section elementor-top-section elementor-element elementor-element-0408e8f elementor-section-boxed elementor-section-height-default elementor-section-height-default\" data-id=\"0408e8f\" data-element_type=\"section\" data-e-type=\"section\">\n\t\t\t\t\t\t<div class=\"elementor-container elementor-column-gap-default\">\n\t\t\t\t\t<div class=\"elementor-column elementor-col-100 elementor-top-column elementor-element elementor-element-7c1de9c\" data-id=\"7c1de9c\" data-element_type=\"column\" data-e-type=\"column\">\n\t\t\t<div class=\"elementor-widget-wrap elementor-element-populated\">\n\t\t\t\t\t\t<div class=\"elementor-element elementor-element-38ba1b8 elementor-widget elementor-widget-heading\" data-id=\"38ba1b8\" data-element_type=\"widget\" data-e-type=\"widget\" data-widget_type=\"heading.default\">\n\t\t\t\t<div class=\"elementor-widget-container\">\n\t\t\t\t\t<h2 class=\"elementor-heading-title elementor-size-default\">Niv\u00e5er och m\u00e5l f\u00f6r spanska<\/h2>\t\t\t\t<\/div>\n\t\t\t\t<\/div>\n\t\t\t\t<div class=\"elementor-element elementor-element-1a94ee0 wd-accordion-theme-style elementor-widget elementor-widget-accordion\" data-id=\"1a94ee0\" data-element_type=\"widget\" data-e-type=\"widget\" data-widget_type=\"accordion.default\">\n\t\t\t\t<div class=\"elementor-widget-container\">\n\t\t\t\t\t\t\t<div class=\"elementor-accordion\">\n\t\t\t\t\t\t\t<div class=\"elementor-accordion-item\">\n\t\t\t\t\t<div id=\"elementor-tab-title-2781\" class=\"elementor-tab-title\" data-tab=\"1\" role=\"button\" aria-controls=\"elementor-tab-content-2781\" aria-expanded=\"false\">\n\t\t\t\t\t\t\t\t\t\t\t\t\t<span class=\"elementor-accordion-icon elementor-accordion-icon-right\" aria-hidden=\"true\">\n\t\t\t\t\t\t\t\t\t\t\t\t\t\t\t<span class=\"elementor-accordion-icon-closed\"><svg class=\"e-font-icon-svg e-fas-long-arrow-alt-right\" viewBox=\"0 0 448 512\" xmlns=\"http:\/\/www.w3.org\/2000\/svg\"><path d=\"M313.941 216H12c-6.627 0-12 5.373-12 12v56c0 6.627 5.373 12 12 12h301.941v46.059c0 21.382 25.851 32.09 40.971 16.971l86.059-86.059c9.373-9.373 9.373-24.569 0-33.941l-86.059-86.059c-15.119-15.119-40.971-4.411-40.971 16.971V216z\"><\/path><\/svg><\/span>\n\t\t\t\t\t\t\t\t<span class=\"elementor-accordion-icon-opened\"><svg class=\"e-font-icon-svg e-fas-long-arrow-alt-up\" viewBox=\"0 0 256 512\" xmlns=\"http:\/\/www.w3.org\/2000\/svg\"><path d=\"M88 166.059V468c0 6.627 5.373 12 12 12h56c6.627 0 12-5.373 12-12V166.059h46.059c21.382 0 32.09-25.851 16.971-40.971l-86.059-86.059c-9.373-9.373-24.569-9.373-33.941 0l-86.059 86.059c-15.119 15.119-4.411 40.971 16.971 40.971H88z\"><\/path><\/svg><\/span>\n\t\t\t\t\t\t\t\t\t\t\t\t\t\t<\/span>\n\t\t\t\t\t\t\t\t\t\t\t\t<a class=\"elementor-accordion-title\" tabindex=\"0\">Hur l\u00e5ng tid tar det att l\u00e4ra sig spanska och vilket \u00e4r inneh\u00e5llet?<\/a>\n\t\t\t\t\t<\/div>\n\t\t\t\t\t<div id=\"elementor-tab-content-2781\" class=\"elementor-tab-content elementor-clearfix\" data-tab=\"1\" role=\"region\" aria-labelledby=\"elementor-tab-title-2781\"><header class=\"bt_bb_headline bt_bb_dash_none bt_bb_subheadline bt_bb_size_inherit bt_bb_align_inherit\" data-bt-override-class=\"{\"bt_bb_align_\":{\"current_class\":\"bt_bb_align_inherit\",\"xxl\":\"inherit\",\"xl\":\"inherit\"}}\">\n<div class=\"bt_bb_headline_subheadline\">\n<p>Detta \u00e4r f\u00f6rmodligen en av de vanligaste fr\u00e5gorna vi f\u00e5r fr\u00e5n v\u00e5ra studenter. Nedan hittar du en beskrivning av inneh\u00e5ll och tids\u00e5tg\u00e5ng f\u00f6r varje niv\u00e5. Observera att detta \u00e4r genomsnittstider och att vissa studenter kan vara \u00e4nnu snabbare och beh\u00f6va f\u00e4rre timmar och andra kanske beh\u00f6ver mer.  <\/p>\n<p>I allm\u00e4nhet, med b\u00f6rjan fr\u00e5n 0, kan vi s\u00e4ga att du beh\u00f6ver minst 40 timmar f\u00f6r att komma till en l\u00e5g niv\u00e5 d\u00e4r du kan prata med m\u00e5nga fel och f\u00f6rst\u00e5 grunderna. Och fr\u00e5n 100 timmar och fram\u00e5t kan du komma till en mellanniv\u00e5 d\u00e4r du b\u00f6rjar prata lite mer men fortfarande med fel. Allt \u00f6ver den niv\u00e5n \u00e4r en prefectioning-fas som \u00e4r viktig och det betyder mycket att \u00f6va och f\u00f6rdjupa de grammatiska begrepp som du redan har sett.  <\/p>\n<p>Se niv\u00e5erna och detaljerna nedan f\u00f6r att f\u00e5 en fullst\u00e4ndig bild av din utbildningsplan och dina framsteg.<\/p>\n<\/div>\n<\/header>\n<\/div>\n\t\t\t\t<\/div>\n\t\t\t\t\t\t\t<div class=\"elementor-accordion-item\">\n\t\t\t\t\t<div id=\"elementor-tab-title-2782\" class=\"elementor-tab-title\" data-tab=\"2\" role=\"button\" aria-controls=\"elementor-tab-content-2782\" aria-expanded=\"false\">\n\t\t\t\t\t\t\t\t\t\t\t\t\t<span class=\"elementor-accordion-icon elementor-accordion-icon-right\" aria-hidden=\"true\">\n\t\t\t\t\t\t\t\t\t\t\t\t\t\t\t<span class=\"elementor-accordion-icon-closed\"><svg class=\"e-font-icon-svg e-fas-long-arrow-alt-right\" viewBox=\"0 0 448 512\" xmlns=\"http:\/\/www.w3.org\/2000\/svg\"><path d=\"M313.941 216H12c-6.627 0-12 5.373-12 12v56c0 6.627 5.373 12 12 12h301.941v46.059c0 21.382 25.851 32.09 40.971 16.971l86.059-86.059c9.373-9.373 9.373-24.569 0-33.941l-86.059-86.059c-15.119-15.119-40.971-4.411-40.971 16.971V216z\"><\/path><\/svg><\/span>\n\t\t\t\t\t\t\t\t<span class=\"elementor-accordion-icon-opened\"><svg class=\"e-font-icon-svg e-fas-long-arrow-alt-up\" viewBox=\"0 0 256 512\" xmlns=\"http:\/\/www.w3.org\/2000\/svg\"><path d=\"M88 166.059V468c0 6.627 5.373 12 12 12h56c6.627 0 12-5.373 12-12V166.059h46.059c21.382 0 32.09-25.851 16.971-40.971l-86.059-86.059c-9.373-9.373-24.569-9.373-33.941 0l-86.059 86.059c-15.119 15.119-4.411 40.971 16.971 40.971H88z\"><\/path><\/svg><\/span>\n\t\t\t\t\t\t\t\t\t\t\t\t\t\t<\/span>\n\t\t\t\t\t\t\t\t\t\t\t\t<a class=\"elementor-accordion-title\" tabindex=\"0\">Hur l\u00e5ng tid tar det att l\u00e4ra sig spanska och vilket \u00e4r inneh\u00e5llet?<\/a>\n\t\t\t\t\t<\/div>\n\t\t\t\t\t<div id=\"elementor-tab-content-2782\" class=\"elementor-tab-content elementor-clearfix\" data-tab=\"2\" role=\"region\" aria-labelledby=\"elementor-tab-title-2782\"><header class=\"bt_bb_headline bt_bb_dash_none bt_bb_subheadline bt_bb_size_inherit bt_bb_align_inherit\" data-bt-override-class=\"{\"bt_bb_align_\":{\"current_class\":\"bt_bb_align_inherit\",\"xxl\":\"inherit\",\"xl\":\"inherit\"}}\">\n<div class=\"bt_bb_headline_subheadline\">\n<p>Detta \u00e4r f\u00f6rmodligen en av de vanligaste fr\u00e5gorna vi f\u00e5r fr\u00e5n v\u00e5ra studenter. Nedan hittar du en beskrivning av inneh\u00e5ll och tids\u00e5tg\u00e5ng f\u00f6r varje niv\u00e5. Observera att detta \u00e4r genomsnittstider och att vissa studenter kan vara \u00e4nnu snabbare och beh\u00f6va f\u00e4rre timmar och andra kanske beh\u00f6ver mer.  <\/p>\n<p>I allm\u00e4nhet, med b\u00f6rjan fr\u00e5n 0, kan vi s\u00e4ga att du beh\u00f6ver minst 40 timmar f\u00f6r att komma till en l\u00e5g niv\u00e5 d\u00e4r du kan prata med m\u00e5nga fel och f\u00f6rst\u00e5 grunderna. Och fr\u00e5n 100 timmar och fram\u00e5t kan du komma till en mellanniv\u00e5 d\u00e4r du b\u00f6rjar prata lite mer men fortfarande med fel. Allt \u00f6ver den niv\u00e5n \u00e4r en prefectioning-fas som \u00e4r viktig och det betyder mycket att \u00f6va och f\u00f6rdjupa de grammatiska begrepp som du redan har sett.  <\/p>\n<p>Se niv\u00e5erna och detaljerna nedan f\u00f6r att f\u00e5 en fullst\u00e4ndig bild av din utbildningsplan och dina framsteg.<\/p>\n<\/div>\n<\/header>\n<\/div>\n\t\t\t\t<\/div>\n\t\t\t\t\t\t\t<div class=\"elementor-accordion-item\">\n\t\t\t\t\t<div id=\"elementor-tab-title-2783\" class=\"elementor-tab-title\" data-tab=\"3\" role=\"button\" aria-controls=\"elementor-tab-content-2783\" aria-expanded=\"false\">\n\t\t\t\t\t\t\t\t\t\t\t\t\t<span class=\"elementor-accordion-icon elementor-accordion-icon-right\" aria-hidden=\"true\">\n\t\t\t\t\t\t\t\t\t\t\t\t\t\t\t<span class=\"elementor-accordion-icon-closed\"><svg class=\"e-font-icon-svg e-fas-long-arrow-alt-right\" viewBox=\"0 0 448 512\" xmlns=\"http:\/\/www.w3.org\/2000\/svg\"><path d=\"M313.941 216H12c-6.627 0-12 5.373-12 12v56c0 6.627 5.373 12 12 12h301.941v46.059c0 21.382 25.851 32.09 40.971 16.971l86.059-86.059c9.373-9.373 9.373-24.569 0-33.941l-86.059-86.059c-15.119-15.119-40.971-4.411-40.971 16.971V216z\"><\/path><\/svg><\/span>\n\t\t\t\t\t\t\t\t<span class=\"elementor-accordion-icon-opened\"><svg class=\"e-font-icon-svg e-fas-long-arrow-alt-up\" viewBox=\"0 0 256 512\" xmlns=\"http:\/\/www.w3.org\/2000\/svg\"><path d=\"M88 166.059V468c0 6.627 5.373 12 12 12h56c6.627 0 12-5.373 12-12V166.059h46.059c21.382 0 32.09-25.851 16.971-40.971l-86.059-86.059c-9.373-9.373-24.569-9.373-33.941 0l-86.059 86.059c-15.119 15.119-4.411 40.971 16.971 40.971H88z\"><\/path><\/svg><\/span>\n\t\t\t\t\t\t\t\t\t\t\t\t\t\t<\/span>\n\t\t\t\t\t\t\t\t\t\t\t\t<a class=\"elementor-accordion-title\" tabindex=\"0\">A1 - Grundl\u00e4ggande anv\u00e4ndare eller nyb\u00f6rjare<\/a>\n\t\t\t\t\t<\/div>\n\t\t\t\t\t<div id=\"elementor-tab-content-2783\" class=\"elementor-tab-content elementor-clearfix\" data-tab=\"3\" role=\"region\" aria-labelledby=\"elementor-tab-title-2783\"><header class=\"bt_bb_headline bt_bb_dash_none bt_bb_subheadline bt_bb_size_inherit bt_bb_align_inherit\" data-bt-override-class=\"{\"bt_bb_align_\":{\"current_class\":\"bt_bb_align_inherit\",\"xxl\":\"inherit\",\"xl\":\"inherit\"}}\">\n<div class=\"bt_bb_headline_subheadline\">Du kan f\u00f6rst\u00e5 n\u00e5gra mycket grundl\u00e4ggande vardagsfraser och f\u00f6rst\u00e5 n\u00e5gon som artikulerar mycket noggrant, talar mycket l\u00e5ngsamt och med l\u00e5nga pauser. Kanske kan du ocks\u00e5 l\u00e4sa mycket korta, enkla texter samt bekanta namn och ord. <\/div>\n<div> <\/div>\n<div class=\"bt_bb_headline_subheadline\"><strong style=\"color: #1b1919;\">Inneh\u00e5ll och varaktighet<\/strong><\/div>\n<\/header>\n<div class=\"bt_bb_text\">\n<p>Den genomsnittliga studietiden f\u00f6r att komma igenom allt inneh\u00e5ll i A1 i v\u00e5ra kurser \u00e4r cirka 40-70 timmar. Det \u00e4r liknande i kurser i skolan p\u00e5 Ibiza och i v\u00e5ra onlinekurser. Det beror ocks\u00e5 lite p\u00e5 varje elev hur v\u00e4l han\/hon kan f\u00f6lja kursen: p\u00e5 \u00e5lder, p\u00e5 motivation, kanske kunskaper i andra spr\u00e5k, bakgrund eller andra faktorer. Det \u00e4r ett ungef\u00e4rligt v\u00e4rde.   <\/p>\n<\/div>\n<p><a href=\"https:\/\/cvc.cervantes.es\/ensenanza\/biblioteca_ele\/plan_curricular\/niveles\/01_objetivos_relacion_a1-a2.htm\" target=\"_blank\" rel=\"noopener\">Plan Curricular del Instituto Cervantes. Allm\u00e4nna m\u00e5l.<\/a><\/p>\n<\/div>\n\t\t\t\t<\/div>\n\t\t\t\t\t\t\t<div class=\"elementor-accordion-item\">\n\t\t\t\t\t<div id=\"elementor-tab-title-2784\" class=\"elementor-tab-title\" data-tab=\"4\" role=\"button\" aria-controls=\"elementor-tab-content-2784\" aria-expanded=\"false\">\n\t\t\t\t\t\t\t\t\t\t\t\t\t<span class=\"elementor-accordion-icon elementor-accordion-icon-right\" aria-hidden=\"true\">\n\t\t\t\t\t\t\t\t\t\t\t\t\t\t\t<span class=\"elementor-accordion-icon-closed\"><svg class=\"e-font-icon-svg e-fas-long-arrow-alt-right\" viewBox=\"0 0 448 512\" xmlns=\"http:\/\/www.w3.org\/2000\/svg\"><path d=\"M313.941 216H12c-6.627 0-12 5.373-12 12v56c0 6.627 5.373 12 12 12h301.941v46.059c0 21.382 25.851 32.09 40.971 16.971l86.059-86.059c9.373-9.373 9.373-24.569 0-33.941l-86.059-86.059c-15.119-15.119-40.971-4.411-40.971 16.971V216z\"><\/path><\/svg><\/span>\n\t\t\t\t\t\t\t\t<span class=\"elementor-accordion-icon-opened\"><svg class=\"e-font-icon-svg e-fas-long-arrow-alt-up\" viewBox=\"0 0 256 512\" xmlns=\"http:\/\/www.w3.org\/2000\/svg\"><path d=\"M88 166.059V468c0 6.627 5.373 12 12 12h56c6.627 0 12-5.373 12-12V166.059h46.059c21.382 0 32.09-25.851 16.971-40.971l-86.059-86.059c-9.373-9.373-24.569-9.373-33.941 0l-86.059 86.059c-15.119 15.119-4.411 40.971 16.971 40.971H88z\"><\/path><\/svg><\/span>\n\t\t\t\t\t\t\t\t\t\t\t\t\t\t<\/span>\n\t\t\t\t\t\t\t\t\t\t\t\t<a class=\"elementor-accordion-title\" tabindex=\"0\">A2 - Grundl\u00e4ggande niv\u00e5<\/a>\n\t\t\t\t\t<\/div>\n\t\t\t\t\t<div id=\"elementor-tab-content-2784\" class=\"elementor-tab-content elementor-clearfix\" data-tab=\"4\" role=\"region\" aria-labelledby=\"elementor-tab-title-2784\"><header class=\"bt_bb_headline bt_bb_dash_none bt_bb_subheadline bt_bb_size_inherit bt_bb_align_inherit\" data-bt-override-class=\"{\"bt_bb_align_\":{\"current_class\":\"bt_bb_align_inherit\",\"xxl\":\"inherit\",\"xl\":\"inherit\"}}\">\n<div class=\"bt_bb_headline_subheadline\">Du kan f\u00f6rst\u00e5 grundl\u00e4ggande personliga, familje- och jobbrelaterade uttryck och fraser och n\u00e5gon som formulerar sig mycket noggrant. Du kan ocks\u00e5 l\u00e4sa mycket korta, enkla texter samt bekanta namn och ord. <\/div>\n<div> <\/div>\n<div class=\"bt_bb_headline_subheadline\"><strong style=\"color: #1b1919;\">Inneh\u00e5ll och varaktighet<\/strong><\/div>\n<\/header>\n<div class=\"bt_bb_text\">\n<p>Den genomsnittliga studietiden f\u00f6r att ta sig igenom allt inneh\u00e5ll p\u00e5 A2 i v\u00e5ra kurser \u00e4r ca 60-120 timmar. Det \u00e4r liknande i kurser i skolan p\u00e5 Ibiza och i v\u00e5ra onlinekurser. Det beror ocks\u00e5 lite p\u00e5 varje student hur v\u00e4l han\/hon kan f\u00f6lja kursen: p\u00e5 \u00e5lder, motivation, kanske kunskaper i andra spr\u00e5k, bakgrund eller andra faktorer. Det \u00e4r ett ungef\u00e4rligt v\u00e4rde.   <\/p>\n<\/div>\n<p><a href=\"https:\/\/cvc.cervantes.es\/ensenanza\/biblioteca_ele\/plan_curricular\/niveles\/01_objetivos_relacion_a1-a2.htm\" target=\"_blank\" rel=\"noopener\">Plan Curricular del Instituto Cervantes. Allm\u00e4nna m\u00e5l.<\/a><\/p>\n<\/div>\n\t\t\t\t<\/div>\n\t\t\t\t\t\t\t<div class=\"elementor-accordion-item\">\n\t\t\t\t\t<div id=\"elementor-tab-title-2785\" class=\"elementor-tab-title\" data-tab=\"5\" role=\"button\" aria-controls=\"elementor-tab-content-2785\" aria-expanded=\"false\">\n\t\t\t\t\t\t\t\t\t\t\t\t\t<span class=\"elementor-accordion-icon elementor-accordion-icon-right\" aria-hidden=\"true\">\n\t\t\t\t\t\t\t\t\t\t\t\t\t\t\t<span class=\"elementor-accordion-icon-closed\"><svg class=\"e-font-icon-svg e-fas-long-arrow-alt-right\" viewBox=\"0 0 448 512\" xmlns=\"http:\/\/www.w3.org\/2000\/svg\"><path d=\"M313.941 216H12c-6.627 0-12 5.373-12 12v56c0 6.627 5.373 12 12 12h301.941v46.059c0 21.382 25.851 32.09 40.971 16.971l86.059-86.059c9.373-9.373 9.373-24.569 0-33.941l-86.059-86.059c-15.119-15.119-40.971-4.411-40.971 16.971V216z\"><\/path><\/svg><\/span>\n\t\t\t\t\t\t\t\t<span class=\"elementor-accordion-icon-opened\"><svg class=\"e-font-icon-svg e-fas-long-arrow-alt-up\" viewBox=\"0 0 256 512\" xmlns=\"http:\/\/www.w3.org\/2000\/svg\"><path d=\"M88 166.059V468c0 6.627 5.373 12 12 12h56c6.627 0 12-5.373 12-12V166.059h46.059c21.382 0 32.09-25.851 16.971-40.971l-86.059-86.059c-9.373-9.373-24.569-9.373-33.941 0l-86.059 86.059c-15.119 15.119-4.411 40.971 16.971 40.971H88z\"><\/path><\/svg><\/span>\n\t\t\t\t\t\t\t\t\t\t\t\t\t\t<\/span>\n\t\t\t\t\t\t\t\t\t\t\t\t<a class=\"elementor-accordion-title\" tabindex=\"0\">B1 - Medelsv\u00e5r niv\u00e5<\/a>\n\t\t\t\t\t<\/div>\n\t\t\t\t\t<div id=\"elementor-tab-content-2785\" class=\"elementor-tab-content elementor-clearfix\" data-tab=\"5\" role=\"region\" aria-labelledby=\"elementor-tab-title-2785\"><header class=\"bt_bb_headline bt_bb_dash_none bt_bb_subheadline bt_bb_size_inherit bt_bb_align_inherit\" data-bt-override-class=\"{\"bt_bb_align_\":{\"current_class\":\"bt_bb_align_inherit\",\"xxl\":\"inherit\",\"xl\":\"inherit\"}}\">\n<div class=\"bt_bb_headline_subheadline\">Du kan f\u00f6rst\u00e5 huvudpunkterna i vanliga \u00e4mnen om arbete och skola och \u00e4ven om resor s\u00e4rskilt bra n\u00e4r den andra personen talar p\u00e5 ett tydligt s\u00e4tt. Du kan ocks\u00e5 tala om \u00e4mnen som \u00e4r bekanta eller av personligt intresse f\u00f6r dig. <\/div>\n<div> <\/div>\n<div class=\"bt_bb_headline_subheadline\"><strong style=\"color: #1b1919;\">Inneh\u00e5ll och varaktighet<\/strong><\/div>\n<\/header>\n<div class=\"bt_bb_text\">\n<p>Den genomsnittliga studietiden f\u00f6r att ta sig igenom allt inneh\u00e5ll p\u00e5 B1 i v\u00e5ra kurser \u00e4r ca 80-160 timmar. Det \u00e4r liknande i kurser i skolan p\u00e5 Ibiza och i v\u00e5ra onlinekurser. Det beror ocks\u00e5 lite p\u00e5 varje elev hur v\u00e4l han\/hon kan f\u00f6lja kursen: p\u00e5 \u00e5lder, p\u00e5 motivation, kanske kunskaper i andra spr\u00e5k, bakgrund eller andra faktorer. Det \u00e4r ett ungef\u00e4rligt v\u00e4rde.   <\/p>\n<p><a href=\"https:\/\/cvc.cervantes.es\/ensenanza\/biblioteca_ele\/plan_curricular\/niveles\/01_objetivos_relacion_b1-b2.htm\" target=\"_blank\" rel=\"noopener\">Plan Curricular del Instituto Cervantes. Allm\u00e4nna m\u00e5l.<\/a><\/p>\n<\/div>\n<\/div>\n\t\t\t\t<\/div>\n\t\t\t\t\t\t\t<div class=\"elementor-accordion-item\">\n\t\t\t\t\t<div id=\"elementor-tab-title-2786\" class=\"elementor-tab-title\" data-tab=\"6\" role=\"button\" aria-controls=\"elementor-tab-content-2786\" aria-expanded=\"false\">\n\t\t\t\t\t\t\t\t\t\t\t\t\t<span class=\"elementor-accordion-icon elementor-accordion-icon-right\" aria-hidden=\"true\">\n\t\t\t\t\t\t\t\t\t\t\t\t\t\t\t<span class=\"elementor-accordion-icon-closed\"><svg class=\"e-font-icon-svg e-fas-long-arrow-alt-right\" viewBox=\"0 0 448 512\" xmlns=\"http:\/\/www.w3.org\/2000\/svg\"><path d=\"M313.941 216H12c-6.627 0-12 5.373-12 12v56c0 6.627 5.373 12 12 12h301.941v46.059c0 21.382 25.851 32.09 40.971 16.971l86.059-86.059c9.373-9.373 9.373-24.569 0-33.941l-86.059-86.059c-15.119-15.119-40.971-4.411-40.971 16.971V216z\"><\/path><\/svg><\/span>\n\t\t\t\t\t\t\t\t<span class=\"elementor-accordion-icon-opened\"><svg class=\"e-font-icon-svg e-fas-long-arrow-alt-up\" viewBox=\"0 0 256 512\" xmlns=\"http:\/\/www.w3.org\/2000\/svg\"><path d=\"M88 166.059V468c0 6.627 5.373 12 12 12h56c6.627 0 12-5.373 12-12V166.059h46.059c21.382 0 32.09-25.851 16.971-40.971l-86.059-86.059c-9.373-9.373-24.569-9.373-33.941 0l-86.059 86.059c-15.119 15.119-4.411 40.971 16.971 40.971H88z\"><\/path><\/svg><\/span>\n\t\t\t\t\t\t\t\t\t\t\t\t\t\t<\/span>\n\t\t\t\t\t\t\t\t\t\t\t\t<a class=\"elementor-accordion-title\" tabindex=\"0\">B2 - H\u00f6gre mellanniv\u00e5<\/a>\n\t\t\t\t\t<\/div>\n\t\t\t\t\t<div id=\"elementor-tab-content-2786\" class=\"elementor-tab-content elementor-clearfix\" data-tab=\"6\" role=\"region\" aria-labelledby=\"elementor-tab-title-2786\"><header class=\"bt_bb_headline bt_bb_dash_none bt_bb_subheadline bt_bb_size_inherit bt_bb_align_inherit\" data-bt-override-class=\"{\"bt_bb_align_\":{\"current_class\":\"bt_bb_align_inherit\",\"xxl\":\"inherit\",\"xl\":\"inherit\"}}\">\n<div class=\"bt_bb_headline_subheadline\">Du kan f\u00f6rst\u00e5 huvudtankarna i komplexa texter och interagera flytande med modersm\u00e5lstalare om ett brett spektrum av \u00e4mnen samtidigt som du ger f\u00f6rdelar och nackdelar med olika alternativ.<\/div>\n<div> <\/div>\n<div class=\"bt_bb_headline_subheadline\"><strong style=\"color: #1b1919;\">Inneh\u00e5ll och varaktighet<\/strong><\/div>\n<\/header>\n<div class=\"bt_bb_text\">\n<p>Den genomsnittliga studietiden f\u00f6r att g\u00e5 igenom allt inneh\u00e5ll p\u00e5 B2 i v\u00e5ra kurser \u00e4r cirka 100-200 timmar. Det \u00e4r liknande i kurser i skolan p\u00e5 Ibiza och i v\u00e5ra onlinekurser. Det beror ocks\u00e5 lite p\u00e5 varje elev hur v\u00e4l han\/hon kan f\u00f6lja kursen: p\u00e5 \u00e5lder, p\u00e5 motivation, kanske kunskaper i andra spr\u00e5k, bakgrund eller andra faktorer. Det \u00e4r ett ungef\u00e4rligt v\u00e4rde.   <\/p>\n<\/div>\n<p><a href=\"https:\/\/cvc.cervantes.es\/ensenanza\/biblioteca_ele\/plan_curricular\/niveles\/01_objetivos_relacion_b1-b2.htm\" target=\"_blank\" rel=\"noopener\">Plan Curricular del Instituto Cervantes. Allm\u00e4nna m\u00e5l.<\/a><\/p>\n<\/div>\n\t\t\t\t<\/div>\n\t\t\t\t\t\t\t<div class=\"elementor-accordion-item\">\n\t\t\t\t\t<div id=\"elementor-tab-title-2787\" class=\"elementor-tab-title\" data-tab=\"7\" role=\"button\" aria-controls=\"elementor-tab-content-2787\" aria-expanded=\"false\">\n\t\t\t\t\t\t\t\t\t\t\t\t\t<span class=\"elementor-accordion-icon elementor-accordion-icon-right\" aria-hidden=\"true\">\n\t\t\t\t\t\t\t\t\t\t\t\t\t\t\t<span class=\"elementor-accordion-icon-closed\"><svg class=\"e-font-icon-svg e-fas-long-arrow-alt-right\" viewBox=\"0 0 448 512\" xmlns=\"http:\/\/www.w3.org\/2000\/svg\"><path d=\"M313.941 216H12c-6.627 0-12 5.373-12 12v56c0 6.627 5.373 12 12 12h301.941v46.059c0 21.382 25.851 32.09 40.971 16.971l86.059-86.059c9.373-9.373 9.373-24.569 0-33.941l-86.059-86.059c-15.119-15.119-40.971-4.411-40.971 16.971V216z\"><\/path><\/svg><\/span>\n\t\t\t\t\t\t\t\t<span class=\"elementor-accordion-icon-opened\"><svg class=\"e-font-icon-svg e-fas-long-arrow-alt-up\" viewBox=\"0 0 256 512\" xmlns=\"http:\/\/www.w3.org\/2000\/svg\"><path d=\"M88 166.059V468c0 6.627 5.373 12 12 12h56c6.627 0 12-5.373 12-12V166.059h46.059c21.382 0 32.09-25.851 16.971-40.971l-86.059-86.059c-9.373-9.373-24.569-9.373-33.941 0l-86.059 86.059c-15.119 15.119-4.411 40.971 16.971 40.971H88z\"><\/path><\/svg><\/span>\n\t\t\t\t\t\t\t\t\t\t\t\t\t\t<\/span>\n\t\t\t\t\t\t\t\t\t\t\t\t<a class=\"elementor-accordion-title\" tabindex=\"0\">C1 - Avancerad<\/a>\n\t\t\t\t\t<\/div>\n\t\t\t\t\t<div id=\"elementor-tab-content-2787\" class=\"elementor-tab-content elementor-clearfix\" data-tab=\"7\" role=\"region\" aria-labelledby=\"elementor-tab-title-2787\"><header class=\"bt_bb_headline bt_bb_dash_none bt_bb_subheadline bt_bb_size_inherit bt_bb_align_inherit\" data-bt-override-class=\"{\"bt_bb_align_\":{\"current_class\":\"bt_bb_align_inherit\",\"xxl\":\"inherit\",\"xl\":\"inherit\"}}\">\n<div class=\"bt_bb_headline_subheadline\">Studerande p\u00e5 C1-niv\u00e5 har avancerade kunskaper i spanska spr\u00e5ket och f\u00f6rst\u00e5r l\u00e5nga texter och deras underf\u00f6rst\u00e5dda inneb\u00f6rd samt l\u00e5nga tal om abstrakta \u00e4mnen. De kan tala tydligt, strukturerat och detaljerat om komplexa \u00e4mnen och kan anv\u00e4nda det spanska spr\u00e5ket i sociala, yrkesm\u00e4ssiga eller studierelaterade sammanhang. <\/div>\n<div> <\/div>\n<div class=\"bt_bb_headline_subheadline\"><strong style=\"color: #1b1919;\">Varaktighet<\/strong><\/div>\n<\/header>\n<div class=\"bt_bb_text\">\n<p>Den genomsnittliga studietiden f\u00f6r att g\u00e5 igenom allt inneh\u00e5ll i C1 i v\u00e5ra kurser \u00e4r mellan 100 och 200 timmar.<\/p>\n<\/div>\n<p><a href=\"https:\/\/cvc.cervantes.es\/ensenanza\/biblioteca_ele\/plan_curricular\/niveles\/01_objetivos_relacion_c1-c2.htm\" target=\"_blank\" rel=\"noopener\">Plan Curricular del Instituto Cervantes. Allm\u00e4nna m\u00e5l.<\/a><\/p>\n<\/div>\n\t\t\t\t<\/div>\n\t\t\t\t\t\t\t<div class=\"elementor-accordion-item\">\n\t\t\t\t\t<div id=\"elementor-tab-title-2788\" class=\"elementor-tab-title\" data-tab=\"8\" role=\"button\" aria-controls=\"elementor-tab-content-2788\" aria-expanded=\"false\">\n\t\t\t\t\t\t\t\t\t\t\t\t\t<span class=\"elementor-accordion-icon elementor-accordion-icon-right\" aria-hidden=\"true\">\n\t\t\t\t\t\t\t\t\t\t\t\t\t\t\t<span class=\"elementor-accordion-icon-closed\"><svg class=\"e-font-icon-svg e-fas-long-arrow-alt-right\" viewBox=\"0 0 448 512\" xmlns=\"http:\/\/www.w3.org\/2000\/svg\"><path d=\"M313.941 216H12c-6.627 0-12 5.373-12 12v56c0 6.627 5.373 12 12 12h301.941v46.059c0 21.382 25.851 32.09 40.971 16.971l86.059-86.059c9.373-9.373 9.373-24.569 0-33.941l-86.059-86.059c-15.119-15.119-40.971-4.411-40.971 16.971V216z\"><\/path><\/svg><\/span>\n\t\t\t\t\t\t\t\t<span class=\"elementor-accordion-icon-opened\"><svg class=\"e-font-icon-svg e-fas-long-arrow-alt-up\" viewBox=\"0 0 256 512\" xmlns=\"http:\/\/www.w3.org\/2000\/svg\"><path d=\"M88 166.059V468c0 6.627 5.373 12 12 12h56c6.627 0 12-5.373 12-12V166.059h46.059c21.382 0 32.09-25.851 16.971-40.971l-86.059-86.059c-9.373-9.373-24.569-9.373-33.941 0l-86.059 86.059c-15.119 15.119-4.411 40.971 16.971 40.971H88z\"><\/path><\/svg><\/span>\n\t\t\t\t\t\t\t\t\t\t\t\t\t\t<\/span>\n\t\t\t\t\t\t\t\t\t\t\t\t<a class=\"elementor-accordion-title\" tabindex=\"0\">C2 - Godk\u00e4nd<\/a>\n\t\t\t\t\t<\/div>\n\t\t\t\t\t<div id=\"elementor-tab-content-2788\" class=\"elementor-tab-content elementor-clearfix\" data-tab=\"8\" role=\"region\" aria-labelledby=\"elementor-tab-title-2788\"><header class=\"bt_bb_headline bt_bb_dash_none bt_bb_subheadline bt_bb_size_inherit bt_bb_align_inherit\" data-bt-override-class=\"{\"bt_bb_align_\":{\"current_class\":\"bt_bb_align_inherit\",\"xxl\":\"inherit\",\"xl\":\"inherit\"}}\">\n<div class=\"bt_bb_headline_subheadline\">Du har utm\u00e4rkta kunskaper i det spanska spr\u00e5ket. Du kan l\u00e4tt f\u00f6rst\u00e5 praktiskt taget allt du h\u00f6r fr\u00e5n en inf\u00f6dd talare eller l\u00e4ser och du kan uttrycka dig flytande och med h\u00f6g noggrannhet \u00e4ven om mycket komplexa \u00e4mnen. <\/div>\n<div> <\/div>\n<div class=\"bt_bb_headline_subheadline\"><strong style=\"color: #1b1919;\">Varaktighet<\/strong><\/div>\n<\/header>\n<div class=\"bt_bb_text\">\n<p>Den genomsnittliga studietiden f\u00f6r att g\u00e5 igenom allt inneh\u00e5ll i C2 i v\u00e5ra kurser \u00e4r mellan 100 och 200 timmar.<\/p>\n<p><a href=\"https:\/\/cvc.cervantes.es\/ensenanza\/biblioteca_ele\/plan_curricular\/niveles\/01_objetivos_relacion_c1-c2.htm\" target=\"_blank\" rel=\"noopener\">Plan Curricular del Instituto Cervantes. Allm\u00e4nna m\u00e5l.<\/a><\/p>\n<\/div>\n<\/div>\n\t\t\t\t<\/div>\n\t\t\t\t\t\t\t\t\t\t<script type=\"application\/ld+json\">{\"@context\":\"https:\\\/\\\/schema.org\",\"@type\":\"FAQPage\",\"mainEntity\":[{\"@type\":\"Question\",\"name\":\"Hur l\\u00e5ng tid tar det att l\\u00e4ra sig spanska och vilket \\u00e4r inneh\\u00e5llet?\",\"acceptedAnswer\":{\"@type\":\"Answer\",\"text\":\"<header class=\\\"bt_bb_headline bt_bb_dash_none bt_bb_subheadline bt_bb_size_inherit bt_bb_align_inherit\\\" data-bt-override-class=\\\"{\\\"bt_bb_align_\\\":{\\\"current_class\\\":\\\"bt_bb_align_inherit\\\",\\\"xxl\\\":\\\"inherit\\\",\\\"xl\\\":\\\"inherit\\\"}}\\\">\\n<div class=\\\"bt_bb_headline_subheadline\\\">\\n<p>Detta \\u00e4r f\\u00f6rmodligen en av de vanligaste fr\\u00e5gorna vi f\\u00e5r fr\\u00e5n v\\u00e5ra studenter. Nedan hittar du en beskrivning av inneh\\u00e5ll och tids\\u00e5tg\\u00e5ng f\\u00f6r varje niv\\u00e5. Observera att detta \\u00e4r genomsnittstider och att vissa studenter kan vara \\u00e4nnu snabbare och beh\\u00f6va f\\u00e4rre timmar och andra kanske beh\\u00f6ver mer.  <\\\/p>\\n<p>I allm\\u00e4nhet, med b\\u00f6rjan fr\\u00e5n 0, kan vi s\\u00e4ga att du beh\\u00f6ver minst 40 timmar f\\u00f6r att komma till en l\\u00e5g niv\\u00e5 d\\u00e4r du kan prata med m\\u00e5nga fel och f\\u00f6rst\\u00e5 grunderna. Och fr\\u00e5n 100 timmar och fram\\u00e5t kan du komma till en mellanniv\\u00e5 d\\u00e4r du b\\u00f6rjar prata lite mer men fortfarande med fel. Allt \\u00f6ver den niv\\u00e5n \\u00e4r en prefectioning-fas som \\u00e4r viktig och det betyder mycket att \\u00f6va och f\\u00f6rdjupa de grammatiska begrepp som du redan har sett.  <\\\/p>\\n<p>Se niv\\u00e5erna och detaljerna nedan f\\u00f6r att f\\u00e5 en fullst\\u00e4ndig bild av din utbildningsplan och dina framsteg.<\\\/p>\\n<\\\/div>\\n<\\\/header>\\n\"}},{\"@type\":\"Question\",\"name\":\"Hur l\\u00e5ng tid tar det att l\\u00e4ra sig spanska och vilket \\u00e4r inneh\\u00e5llet?\",\"acceptedAnswer\":{\"@type\":\"Answer\",\"text\":\"<header class=\\\"bt_bb_headline bt_bb_dash_none bt_bb_subheadline bt_bb_size_inherit bt_bb_align_inherit\\\" data-bt-override-class=\\\"{\\\"bt_bb_align_\\\":{\\\"current_class\\\":\\\"bt_bb_align_inherit\\\",\\\"xxl\\\":\\\"inherit\\\",\\\"xl\\\":\\\"inherit\\\"}}\\\">\\n<div class=\\\"bt_bb_headline_subheadline\\\">\\n<p>Detta \\u00e4r f\\u00f6rmodligen en av de vanligaste fr\\u00e5gorna vi f\\u00e5r fr\\u00e5n v\\u00e5ra studenter. Nedan hittar du en beskrivning av inneh\\u00e5ll och tids\\u00e5tg\\u00e5ng f\\u00f6r varje niv\\u00e5. Observera att detta \\u00e4r genomsnittstider och att vissa studenter kan vara \\u00e4nnu snabbare och beh\\u00f6va f\\u00e4rre timmar och andra kanske beh\\u00f6ver mer.  <\\\/p>\\n<p>I allm\\u00e4nhet, med b\\u00f6rjan fr\\u00e5n 0, kan vi s\\u00e4ga att du beh\\u00f6ver minst 40 timmar f\\u00f6r att komma till en l\\u00e5g niv\\u00e5 d\\u00e4r du kan prata med m\\u00e5nga fel och f\\u00f6rst\\u00e5 grunderna. Och fr\\u00e5n 100 timmar och fram\\u00e5t kan du komma till en mellanniv\\u00e5 d\\u00e4r du b\\u00f6rjar prata lite mer men fortfarande med fel. Allt \\u00f6ver den niv\\u00e5n \\u00e4r en prefectioning-fas som \\u00e4r viktig och det betyder mycket att \\u00f6va och f\\u00f6rdjupa de grammatiska begrepp som du redan har sett.  <\\\/p>\\n<p>Se niv\\u00e5erna och detaljerna nedan f\\u00f6r att f\\u00e5 en fullst\\u00e4ndig bild av din utbildningsplan och dina framsteg.<\\\/p>\\n<\\\/div>\\n<\\\/header>\\n\"}},{\"@type\":\"Question\",\"name\":\"A1 - Grundl\\u00e4ggande anv\\u00e4ndare eller nyb\\u00f6rjare\",\"acceptedAnswer\":{\"@type\":\"Answer\",\"text\":\"<header class=\\\"bt_bb_headline bt_bb_dash_none bt_bb_subheadline bt_bb_size_inherit bt_bb_align_inherit\\\" data-bt-override-class=\\\"{\\\"bt_bb_align_\\\":{\\\"current_class\\\":\\\"bt_bb_align_inherit\\\",\\\"xxl\\\":\\\"inherit\\\",\\\"xl\\\":\\\"inherit\\\"}}\\\">\\n<div class=\\\"bt_bb_headline_subheadline\\\">Du kan f\\u00f6rst\\u00e5 n\\u00e5gra mycket grundl\\u00e4ggande vardagsfraser och f\\u00f6rst\\u00e5 n\\u00e5gon som artikulerar mycket noggrant, talar mycket l\\u00e5ngsamt och med l\\u00e5nga pauser. Kanske kan du ocks\\u00e5 l\\u00e4sa mycket korta, enkla texter samt bekanta namn och ord. <\\\/div>\\n<div> <\\\/div>\\n<div class=\\\"bt_bb_headline_subheadline\\\"><strong style=\\\"color: #1b1919;\\\">Inneh\\u00e5ll och varaktighet<\\\/strong><\\\/div>\\n<\\\/header>\\n<div class=\\\"bt_bb_text\\\">\\n<p>Den genomsnittliga studietiden f\\u00f6r att komma igenom allt inneh\\u00e5ll i A1 i v\\u00e5ra kurser \\u00e4r cirka 40-70 timmar. Det \\u00e4r liknande i kurser i skolan p\\u00e5 Ibiza och i v\\u00e5ra onlinekurser. Det beror ocks\\u00e5 lite p\\u00e5 varje elev hur v\\u00e4l han\\\/hon kan f\\u00f6lja kursen: p\\u00e5 \\u00e5lder, p\\u00e5 motivation, kanske kunskaper i andra spr\\u00e5k, bakgrund eller andra faktorer. Det \\u00e4r ett ungef\\u00e4rligt v\\u00e4rde.   <\\\/p>\\n<\\\/div>\\n<p><a href=\\\"https:\\\/\\\/cvc.cervantes.es\\\/ensenanza\\\/biblioteca_ele\\\/plan_curricular\\\/niveles\\\/01_objetivos_relacion_a1-a2.htm\\\" target=\\\"_blank\\\" rel=\\\"noopener\\\">Plan Curricular del Instituto Cervantes. Allm\\u00e4nna m\\u00e5l.<\\\/a><\\\/p>\\n\"}},{\"@type\":\"Question\",\"name\":\"A2 - Grundl\\u00e4ggande niv\\u00e5\",\"acceptedAnswer\":{\"@type\":\"Answer\",\"text\":\"<header class=\\\"bt_bb_headline bt_bb_dash_none bt_bb_subheadline bt_bb_size_inherit bt_bb_align_inherit\\\" data-bt-override-class=\\\"{\\\"bt_bb_align_\\\":{\\\"current_class\\\":\\\"bt_bb_align_inherit\\\",\\\"xxl\\\":\\\"inherit\\\",\\\"xl\\\":\\\"inherit\\\"}}\\\">\\n<div class=\\\"bt_bb_headline_subheadline\\\">Du kan f\\u00f6rst\\u00e5 grundl\\u00e4ggande personliga, familje- och jobbrelaterade uttryck och fraser och n\\u00e5gon som formulerar sig mycket noggrant. Du kan ocks\\u00e5 l\\u00e4sa mycket korta, enkla texter samt bekanta namn och ord. <\\\/div>\\n<div> <\\\/div>\\n<div class=\\\"bt_bb_headline_subheadline\\\"><strong style=\\\"color: #1b1919;\\\">Inneh\\u00e5ll och varaktighet<\\\/strong><\\\/div>\\n<\\\/header>\\n<div class=\\\"bt_bb_text\\\">\\n<p>Den genomsnittliga studietiden f\\u00f6r att ta sig igenom allt inneh\\u00e5ll p\\u00e5 A2 i v\\u00e5ra kurser \\u00e4r ca 60-120 timmar. Det \\u00e4r liknande i kurser i skolan p\\u00e5 Ibiza och i v\\u00e5ra onlinekurser. Det beror ocks\\u00e5 lite p\\u00e5 varje student hur v\\u00e4l han\\\/hon kan f\\u00f6lja kursen: p\\u00e5 \\u00e5lder, motivation, kanske kunskaper i andra spr\\u00e5k, bakgrund eller andra faktorer. Det \\u00e4r ett ungef\\u00e4rligt v\\u00e4rde.   <\\\/p>\\n<\\\/div>\\n<p><a href=\\\"https:\\\/\\\/cvc.cervantes.es\\\/ensenanza\\\/biblioteca_ele\\\/plan_curricular\\\/niveles\\\/01_objetivos_relacion_a1-a2.htm\\\" target=\\\"_blank\\\" rel=\\\"noopener\\\">Plan Curricular del Instituto Cervantes. Allm\\u00e4nna m\\u00e5l.<\\\/a><\\\/p>\\n\"}},{\"@type\":\"Question\",\"name\":\"B1 - Medelsv\\u00e5r niv\\u00e5\",\"acceptedAnswer\":{\"@type\":\"Answer\",\"text\":\"<header class=\\\"bt_bb_headline bt_bb_dash_none bt_bb_subheadline bt_bb_size_inherit bt_bb_align_inherit\\\" data-bt-override-class=\\\"{\\\"bt_bb_align_\\\":{\\\"current_class\\\":\\\"bt_bb_align_inherit\\\",\\\"xxl\\\":\\\"inherit\\\",\\\"xl\\\":\\\"inherit\\\"}}\\\">\\n<div class=\\\"bt_bb_headline_subheadline\\\">Du kan f\\u00f6rst\\u00e5 huvudpunkterna i vanliga \\u00e4mnen om arbete och skola och \\u00e4ven om resor s\\u00e4rskilt bra n\\u00e4r den andra personen talar p\\u00e5 ett tydligt s\\u00e4tt. Du kan ocks\\u00e5 tala om \\u00e4mnen som \\u00e4r bekanta eller av personligt intresse f\\u00f6r dig. <\\\/div>\\n<div> <\\\/div>\\n<div class=\\\"bt_bb_headline_subheadline\\\"><strong style=\\\"color: #1b1919;\\\">Inneh\\u00e5ll och varaktighet<\\\/strong><\\\/div>\\n<\\\/header>\\n<div class=\\\"bt_bb_text\\\">\\n<p>Den genomsnittliga studietiden f\\u00f6r att ta sig igenom allt inneh\\u00e5ll p\\u00e5 B1 i v\\u00e5ra kurser \\u00e4r ca 80-160 timmar. Det \\u00e4r liknande i kurser i skolan p\\u00e5 Ibiza och i v\\u00e5ra onlinekurser. Det beror ocks\\u00e5 lite p\\u00e5 varje elev hur v\\u00e4l han\\\/hon kan f\\u00f6lja kursen: p\\u00e5 \\u00e5lder, p\\u00e5 motivation, kanske kunskaper i andra spr\\u00e5k, bakgrund eller andra faktorer. Det \\u00e4r ett ungef\\u00e4rligt v\\u00e4rde.   <\\\/p>\\n<p><a href=\\\"https:\\\/\\\/cvc.cervantes.es\\\/ensenanza\\\/biblioteca_ele\\\/plan_curricular\\\/niveles\\\/01_objetivos_relacion_b1-b2.htm\\\" target=\\\"_blank\\\" rel=\\\"noopener\\\">Plan Curricular del Instituto Cervantes. Allm\\u00e4nna m\\u00e5l.<\\\/a><\\\/p>\\n<\\\/div>\\n\"}},{\"@type\":\"Question\",\"name\":\"B2 - H\\u00f6gre mellanniv\\u00e5\",\"acceptedAnswer\":{\"@type\":\"Answer\",\"text\":\"<header class=\\\"bt_bb_headline bt_bb_dash_none bt_bb_subheadline bt_bb_size_inherit bt_bb_align_inherit\\\" data-bt-override-class=\\\"{\\\"bt_bb_align_\\\":{\\\"current_class\\\":\\\"bt_bb_align_inherit\\\",\\\"xxl\\\":\\\"inherit\\\",\\\"xl\\\":\\\"inherit\\\"}}\\\">\\n<div class=\\\"bt_bb_headline_subheadline\\\">Du kan f\\u00f6rst\\u00e5 huvudtankarna i komplexa texter och interagera flytande med modersm\\u00e5lstalare om ett brett spektrum av \\u00e4mnen samtidigt som du ger f\\u00f6rdelar och nackdelar med olika alternativ.<\\\/div>\\n<div> <\\\/div>\\n<div class=\\\"bt_bb_headline_subheadline\\\"><strong style=\\\"color: #1b1919;\\\">Inneh\\u00e5ll och varaktighet<\\\/strong><\\\/div>\\n<\\\/header>\\n<div class=\\\"bt_bb_text\\\">\\n<p>Den genomsnittliga studietiden f\\u00f6r att g\\u00e5 igenom allt inneh\\u00e5ll p\\u00e5 B2 i v\\u00e5ra kurser \\u00e4r cirka 100-200 timmar. Det \\u00e4r liknande i kurser i skolan p\\u00e5 Ibiza och i v\\u00e5ra onlinekurser. Det beror ocks\\u00e5 lite p\\u00e5 varje elev hur v\\u00e4l han\\\/hon kan f\\u00f6lja kursen: p\\u00e5 \\u00e5lder, p\\u00e5 motivation, kanske kunskaper i andra spr\\u00e5k, bakgrund eller andra faktorer. Det \\u00e4r ett ungef\\u00e4rligt v\\u00e4rde.   <\\\/p>\\n<\\\/div>\\n<p><a href=\\\"https:\\\/\\\/cvc.cervantes.es\\\/ensenanza\\\/biblioteca_ele\\\/plan_curricular\\\/niveles\\\/01_objetivos_relacion_b1-b2.htm\\\" target=\\\"_blank\\\" rel=\\\"noopener\\\">Plan Curricular del Instituto Cervantes. Allm\\u00e4nna m\\u00e5l.<\\\/a><\\\/p>\\n\"}},{\"@type\":\"Question\",\"name\":\"C1 - Avancerad\",\"acceptedAnswer\":{\"@type\":\"Answer\",\"text\":\"<header class=\\\"bt_bb_headline bt_bb_dash_none bt_bb_subheadline bt_bb_size_inherit bt_bb_align_inherit\\\" data-bt-override-class=\\\"{\\\"bt_bb_align_\\\":{\\\"current_class\\\":\\\"bt_bb_align_inherit\\\",\\\"xxl\\\":\\\"inherit\\\",\\\"xl\\\":\\\"inherit\\\"}}\\\">\\n<div class=\\\"bt_bb_headline_subheadline\\\">Studerande p\\u00e5 C1-niv\\u00e5 har avancerade kunskaper i spanska spr\\u00e5ket och f\\u00f6rst\\u00e5r l\\u00e5nga texter och deras underf\\u00f6rst\\u00e5dda inneb\\u00f6rd samt l\\u00e5nga tal om abstrakta \\u00e4mnen. De kan tala tydligt, strukturerat och detaljerat om komplexa \\u00e4mnen och kan anv\\u00e4nda det spanska spr\\u00e5ket i sociala, yrkesm\\u00e4ssiga eller studierelaterade sammanhang. <\\\/div>\\n<div> <\\\/div>\\n<div class=\\\"bt_bb_headline_subheadline\\\"><strong style=\\\"color: #1b1919;\\\">Varaktighet<\\\/strong><\\\/div>\\n<\\\/header>\\n<div class=\\\"bt_bb_text\\\">\\n<p>Den genomsnittliga studietiden f\\u00f6r att g\\u00e5 igenom allt inneh\\u00e5ll i C1 i v\\u00e5ra kurser \\u00e4r mellan 100 och 200 timmar.<\\\/p>\\n<\\\/div>\\n<p><a href=\\\"https:\\\/\\\/cvc.cervantes.es\\\/ensenanza\\\/biblioteca_ele\\\/plan_curricular\\\/niveles\\\/01_objetivos_relacion_c1-c2.htm\\\" target=\\\"_blank\\\" rel=\\\"noopener\\\">Plan Curricular del Instituto Cervantes. Allm\\u00e4nna m\\u00e5l.<\\\/a><\\\/p>\\n\"}},{\"@type\":\"Question\",\"name\":\"C2 - Godk\\u00e4nd\",\"acceptedAnswer\":{\"@type\":\"Answer\",\"text\":\"<header class=\\\"bt_bb_headline bt_bb_dash_none bt_bb_subheadline bt_bb_size_inherit bt_bb_align_inherit\\\" data-bt-override-class=\\\"{\\\"bt_bb_align_\\\":{\\\"current_class\\\":\\\"bt_bb_align_inherit\\\",\\\"xxl\\\":\\\"inherit\\\",\\\"xl\\\":\\\"inherit\\\"}}\\\">\\n<div class=\\\"bt_bb_headline_subheadline\\\">Du har utm\\u00e4rkta kunskaper i det spanska spr\\u00e5ket. Du kan l\\u00e4tt f\\u00f6rst\\u00e5 praktiskt taget allt du h\\u00f6r fr\\u00e5n en inf\\u00f6dd talare eller l\\u00e4ser och du kan uttrycka dig flytande och med h\\u00f6g noggrannhet \\u00e4ven om mycket komplexa \\u00e4mnen. <\\\/div>\\n<div> <\\\/div>\\n<div class=\\\"bt_bb_headline_subheadline\\\"><strong style=\\\"color: #1b1919;\\\">Varaktighet<\\\/strong><\\\/div>\\n<\\\/header>\\n<div class=\\\"bt_bb_text\\\">\\n<p>Den genomsnittliga studietiden f\\u00f6r att g\\u00e5 igenom allt inneh\\u00e5ll i C2 i v\\u00e5ra kurser \\u00e4r mellan 100 och 200 timmar.<\\\/p>\\n<p><a href=\\\"https:\\\/\\\/cvc.cervantes.es\\\/ensenanza\\\/biblioteca_ele\\\/plan_curricular\\\/niveles\\\/01_objetivos_relacion_c1-c2.htm\\\" target=\\\"_blank\\\" rel=\\\"noopener\\\">Plan Curricular del Instituto Cervantes. Allm\\u00e4nna m\\u00e5l.<\\\/a><\\\/p>\\n<\\\/div>\\n\"}}]}<\/script>\n\t\t\t\t\t<\/div>\n\t\t\t\t\t\t<\/div>\n\t\t\t\t<\/div>\n\t\t\t\t<div class=\"elementor-element elementor-element-c5c3808 elementor-align-center elementor-widget elementor-widget-button\" data-id=\"c5c3808\" data-element_type=\"widget\" data-e-type=\"widget\" data-widget_type=\"button.default\">\n\t\t\t\t<div class=\"elementor-widget-container\">\n\t\t\t\t\t\t\t\t\t<div class=\"elementor-button-wrapper\">\n\t\t\t\t\t<a class=\"elementor-button elementor-button-link elementor-size-sm\" href=\"https:\/\/maxxinstitutes.com\/sv\/nivatest\/\">\n\t\t\t\t\t\t<span class=\"elementor-button-content-wrapper\">\n\t\t\t\t\t\t<span class=\"elementor-button-icon\">\n\t\t\t\t<svg aria-hidden=\"true\" class=\"e-font-icon-svg e-fas-long-arrow-alt-right\" viewBox=\"0 0 448 512\" xmlns=\"http:\/\/www.w3.org\/2000\/svg\"><path d=\"M313.941 216H12c-6.627 0-12 5.373-12 12v56c0 6.627 5.373 12 12 12h301.941v46.059c0 21.382 25.851 32.09 40.971 16.971l86.059-86.059c9.373-9.373 9.373-24.569 0-33.941l-86.059-86.059c-15.119-15.119-40.971-4.411-40.971 16.971V216z\"><\/path><\/svg>\t\t\t<\/span>\n\t\t\t\t\t\t\t\t\t<span class=\"elementor-button-text\">KONTROLLERA DIN SPANSKA NIV\u00c5<\/span>\n\t\t\t\t\t<\/span>\n\t\t\t\t\t<\/a>\n\t\t\t\t<\/div>\n\t\t\t\t\t\t\t\t<\/div>\n\t\t\t\t<\/div>\n\t\t\t\t\t<\/div>\n\t\t<\/div>\n\t\t\t\t\t<\/div>\n\t\t<\/section>\n\t\t\t\t<section class=\"elementor-section elementor-top-section elementor-element elementor-element-dadf2a4 elementor-section-boxed elementor-section-height-default elementor-section-height-default\" data-id=\"dadf2a4\" data-element_type=\"section\" data-e-type=\"section\">\n\t\t\t\t\t\t<div class=\"elementor-container elementor-column-gap-default\">\n\t\t\t\t\t<div class=\"elementor-column elementor-col-100 elementor-top-column elementor-element elementor-element-6d94baa\" data-id=\"6d94baa\" data-element_type=\"column\" data-e-type=\"column\">\n\t\t\t<div class=\"elementor-widget-wrap elementor-element-populated\">\n\t\t\t\t\t\t<div class=\"elementor-element elementor-element-3d1c6c9 elementor-widget elementor-widget-heading\" data-id=\"3d1c6c9\" data-element_type=\"widget\" data-e-type=\"widget\" data-widget_type=\"heading.default\">\n\t\t\t\t<div class=\"elementor-widget-container\">\n\t\t\t\t\t<h2 class=\"elementor-heading-title elementor-size-default\">Kurser &amp; skolan<\/h2>\t\t\t\t<\/div>\n\t\t\t\t<\/div>\n\t\t\t\t<div class=\"elementor-element elementor-element-c007dce wd-accordion-theme-style elementor-widget elementor-widget-accordion\" data-id=\"c007dce\" data-element_type=\"widget\" data-e-type=\"widget\" data-widget_type=\"accordion.default\">\n\t\t\t\t<div class=\"elementor-widget-container\">\n\t\t\t\t\t\t\t<div class=\"elementor-accordion\">\n\t\t\t\t\t\t\t<div class=\"elementor-accordion-item\">\n\t\t\t\t\t<div id=\"elementor-tab-title-2011\" class=\"elementor-tab-title\" data-tab=\"1\" role=\"button\" aria-controls=\"elementor-tab-content-2011\" aria-expanded=\"false\">\n\t\t\t\t\t\t\t\t\t\t\t\t\t<span class=\"elementor-accordion-icon elementor-accordion-icon-right\" aria-hidden=\"true\">\n\t\t\t\t\t\t\t\t\t\t\t\t\t\t\t<span class=\"elementor-accordion-icon-closed\"><svg class=\"e-font-icon-svg e-fas-long-arrow-alt-right\" viewBox=\"0 0 448 512\" xmlns=\"http:\/\/www.w3.org\/2000\/svg\"><path d=\"M313.941 216H12c-6.627 0-12 5.373-12 12v56c0 6.627 5.373 12 12 12h301.941v46.059c0 21.382 25.851 32.09 40.971 16.971l86.059-86.059c9.373-9.373 9.373-24.569 0-33.941l-86.059-86.059c-15.119-15.119-40.971-4.411-40.971 16.971V216z\"><\/path><\/svg><\/span>\n\t\t\t\t\t\t\t\t<span class=\"elementor-accordion-icon-opened\"><svg class=\"e-font-icon-svg e-fas-long-arrow-alt-up\" viewBox=\"0 0 256 512\" xmlns=\"http:\/\/www.w3.org\/2000\/svg\"><path d=\"M88 166.059V468c0 6.627 5.373 12 12 12h56c6.627 0 12-5.373 12-12V166.059h46.059c21.382 0 32.09-25.851 16.971-40.971l-86.059-86.059c-9.373-9.373-24.569-9.373-33.941 0l-86.059 86.059c-15.119 15.119-4.411 40.971 16.971 40.971H88z\"><\/path><\/svg><\/span>\n\t\t\t\t\t\t\t\t\t\t\t\t\t\t<\/span>\n\t\t\t\t\t\t\t\t\t\t\t\t<a class=\"elementor-accordion-title\" tabindex=\"0\">Hur kan jag anm\u00e4la mig?<\/a>\n\t\t\t\t\t<\/div>\n\t\t\t\t\t<div id=\"elementor-tab-content-2011\" class=\"elementor-tab-content elementor-clearfix\" data-tab=\"1\" role=\"region\" aria-labelledby=\"elementor-tab-title-2011\"><ul>\n<li>P\u00e5 den h\u00e4r webbsidan:<br \/>V\u00e4lj varaktighet och l\u00e4gg till veckorna i varukorgen<br \/>Ange dina personuppgifter. I kassan betalar du med ditt kreditkort via Paypal (du beh\u00f6ver inte ha ett Paypal-konto) <\/li>\n<li>Via e-post:<br \/>Kontakta oss p\u00e5 <a href=\"mailto:info@maxxinstitutes.com\"><strong>info@maxxinstitutes.com<\/strong><\/a><br \/>Vi skickar anm\u00e4lningsformul\u00e4ret till dig<br \/>G\u00f6r betalningen s\u00e5 bekr\u00e4ftar vi kursen<\/li>\n<li>Boende:<br \/>N\u00e4r du bokar din kurs kommer vi att diskutera boendet med dig och hj\u00e4lpa dig med bokningen. Det \u00e4r mycket enkelt. <\/li>\n<\/ul>\n<\/div>\n\t\t\t\t<\/div>\n\t\t\t\t\t\t\t<div class=\"elementor-accordion-item\">\n\t\t\t\t\t<div id=\"elementor-tab-title-2012\" class=\"elementor-tab-title\" data-tab=\"2\" role=\"button\" aria-controls=\"elementor-tab-content-2012\" aria-expanded=\"false\">\n\t\t\t\t\t\t\t\t\t\t\t\t\t<span class=\"elementor-accordion-icon elementor-accordion-icon-right\" aria-hidden=\"true\">\n\t\t\t\t\t\t\t\t\t\t\t\t\t\t\t<span class=\"elementor-accordion-icon-closed\"><svg class=\"e-font-icon-svg e-fas-long-arrow-alt-right\" viewBox=\"0 0 448 512\" xmlns=\"http:\/\/www.w3.org\/2000\/svg\"><path d=\"M313.941 216H12c-6.627 0-12 5.373-12 12v56c0 6.627 5.373 12 12 12h301.941v46.059c0 21.382 25.851 32.09 40.971 16.971l86.059-86.059c9.373-9.373 9.373-24.569 0-33.941l-86.059-86.059c-15.119-15.119-40.971-4.411-40.971 16.971V216z\"><\/path><\/svg><\/span>\n\t\t\t\t\t\t\t\t<span class=\"elementor-accordion-icon-opened\"><svg class=\"e-font-icon-svg e-fas-long-arrow-alt-up\" viewBox=\"0 0 256 512\" xmlns=\"http:\/\/www.w3.org\/2000\/svg\"><path d=\"M88 166.059V468c0 6.627 5.373 12 12 12h56c6.627 0 12-5.373 12-12V166.059h46.059c21.382 0 32.09-25.851 16.971-40.971l-86.059-86.059c-9.373-9.373-24.569-9.373-33.941 0l-86.059 86.059c-15.119 15.119-4.411 40.971 16.971 40.971H88z\"><\/path><\/svg><\/span>\n\t\t\t\t\t\t\t\t\t\t\t\t\t\t<\/span>\n\t\t\t\t\t\t\t\t\t\t\t\t<a class=\"elementor-accordion-title\" tabindex=\"0\">Hur kan jag anm\u00e4la mig?<\/a>\n\t\t\t\t\t<\/div>\n\t\t\t\t\t<div id=\"elementor-tab-content-2012\" class=\"elementor-tab-content elementor-clearfix\" data-tab=\"2\" role=\"region\" aria-labelledby=\"elementor-tab-title-2012\"><ul>\n<li>P\u00e5 den h\u00e4r webbsidan:<br \/>V\u00e4lj varaktighet och l\u00e4gg till veckorna i varukorgen<br \/>Ange dina personuppgifter. I kassan betalar du med ditt kreditkort via Paypal (du beh\u00f6ver inte ha ett Paypal-konto) <\/li>\n<li>Via e-post:<br \/>Kontakta oss p\u00e5 <a href=\"mailto:info@maxxinstitutes.com\"><strong>info@maxxinstitutes.com<\/strong><\/a><br \/>Vi skickar anm\u00e4lningsformul\u00e4ret till dig<br \/>G\u00f6r betalningen s\u00e5 bekr\u00e4ftar vi kursen<\/li>\n<li>Boende:<br \/>N\u00e4r du bokar din kurs kommer vi att diskutera boendet med dig och hj\u00e4lpa dig med bokningen. Det \u00e4r mycket enkelt. <\/li>\n<\/ul>\n<\/div>\n\t\t\t\t<\/div>\n\t\t\t\t\t\t\t<div class=\"elementor-accordion-item\">\n\t\t\t\t\t<div id=\"elementor-tab-title-2013\" class=\"elementor-tab-title\" data-tab=\"3\" role=\"button\" aria-controls=\"elementor-tab-content-2013\" aria-expanded=\"false\">\n\t\t\t\t\t\t\t\t\t\t\t\t\t<span class=\"elementor-accordion-icon elementor-accordion-icon-right\" aria-hidden=\"true\">\n\t\t\t\t\t\t\t\t\t\t\t\t\t\t\t<span class=\"elementor-accordion-icon-closed\"><svg class=\"e-font-icon-svg e-fas-long-arrow-alt-right\" viewBox=\"0 0 448 512\" xmlns=\"http:\/\/www.w3.org\/2000\/svg\"><path d=\"M313.941 216H12c-6.627 0-12 5.373-12 12v56c0 6.627 5.373 12 12 12h301.941v46.059c0 21.382 25.851 32.09 40.971 16.971l86.059-86.059c9.373-9.373 9.373-24.569 0-33.941l-86.059-86.059c-15.119-15.119-40.971-4.411-40.971 16.971V216z\"><\/path><\/svg><\/span>\n\t\t\t\t\t\t\t\t<span class=\"elementor-accordion-icon-opened\"><svg class=\"e-font-icon-svg e-fas-long-arrow-alt-up\" viewBox=\"0 0 256 512\" xmlns=\"http:\/\/www.w3.org\/2000\/svg\"><path d=\"M88 166.059V468c0 6.627 5.373 12 12 12h56c6.627 0 12-5.373 12-12V166.059h46.059c21.382 0 32.09-25.851 16.971-40.971l-86.059-86.059c-9.373-9.373-24.569-9.373-33.941 0l-86.059 86.059c-15.119 15.119-4.411 40.971 16.971 40.971H88z\"><\/path><\/svg><\/span>\n\t\t\t\t\t\t\t\t\t\t\t\t\t\t<\/span>\n\t\t\t\t\t\t\t\t\t\t\t\t<a class=\"elementor-accordion-title\" tabindex=\"0\">Vad \u00e4r medel\u00e5ldern?<\/a>\n\t\t\t\t\t<\/div>\n\t\t\t\t\t<div id=\"elementor-tab-content-2013\" class=\"elementor-tab-content elementor-clearfix\" data-tab=\"3\" role=\"region\" aria-labelledby=\"elementor-tab-title-2013\"><p>Medel\u00e5ldern p\u00e5 v\u00e5ra studenter \u00e4r cirka 32 \u00e5r. Under st\u00f6rre delen av \u00e5ret \u00e4r v\u00e5ra studenter n\u00e5gonstans mellan 25 och 50 \u00e5r gamla. Under sommarm\u00e5naderna juli och augusti tillkommer dessutom elever mellan 18 och 22 \u00e5r eftersom det \u00e4r den tid p\u00e5 \u00e5ret d\u00e5 de kan resa. Av denna anledning finns det lite fler elever p\u00e5 skolan mellan maj och oktober j\u00e4mf\u00f6rt med resten av \u00e5ret d\u00e5 det finns lite f\u00e4rre elever.   <\/p>\n<\/div>\n\t\t\t\t<\/div>\n\t\t\t\t\t\t\t<div class=\"elementor-accordion-item\">\n\t\t\t\t\t<div id=\"elementor-tab-title-2014\" class=\"elementor-tab-title\" data-tab=\"4\" role=\"button\" aria-controls=\"elementor-tab-content-2014\" aria-expanded=\"false\">\n\t\t\t\t\t\t\t\t\t\t\t\t\t<span class=\"elementor-accordion-icon elementor-accordion-icon-right\" aria-hidden=\"true\">\n\t\t\t\t\t\t\t\t\t\t\t\t\t\t\t<span class=\"elementor-accordion-icon-closed\"><svg class=\"e-font-icon-svg e-fas-long-arrow-alt-right\" viewBox=\"0 0 448 512\" xmlns=\"http:\/\/www.w3.org\/2000\/svg\"><path d=\"M313.941 216H12c-6.627 0-12 5.373-12 12v56c0 6.627 5.373 12 12 12h301.941v46.059c0 21.382 25.851 32.09 40.971 16.971l86.059-86.059c9.373-9.373 9.373-24.569 0-33.941l-86.059-86.059c-15.119-15.119-40.971-4.411-40.971 16.971V216z\"><\/path><\/svg><\/span>\n\t\t\t\t\t\t\t\t<span class=\"elementor-accordion-icon-opened\"><svg class=\"e-font-icon-svg e-fas-long-arrow-alt-up\" viewBox=\"0 0 256 512\" xmlns=\"http:\/\/www.w3.org\/2000\/svg\"><path d=\"M88 166.059V468c0 6.627 5.373 12 12 12h56c6.627 0 12-5.373 12-12V166.059h46.059c21.382 0 32.09-25.851 16.971-40.971l-86.059-86.059c-9.373-9.373-24.569-9.373-33.941 0l-86.059 86.059c-15.119 15.119-4.411 40.971 16.971 40.971H88z\"><\/path><\/svg><\/span>\n\t\t\t\t\t\t\t\t\t\t\t\t\t\t<\/span>\n\t\t\t\t\t\t\t\t\t\t\t\t<a class=\"elementor-accordion-title\" tabindex=\"0\">Kan jag g\u00e5 med som en total nyb\u00f6rjare?<\/a>\n\t\t\t\t\t<\/div>\n\t\t\t\t\t<div id=\"elementor-tab-content-2014\" class=\"elementor-tab-content elementor-clearfix\" data-tab=\"4\" role=\"region\" aria-labelledby=\"elementor-tab-title-2014\"><p>Ja, absolut. Vi har s\u00e4rskilda grupper f\u00f6r helt nyb\u00f6rjare. V\u00e4nligen se de specifika startdatumen ovan.  <\/p>\n<\/div>\n\t\t\t\t<\/div>\n\t\t\t\t\t\t\t<div class=\"elementor-accordion-item\">\n\t\t\t\t\t<div id=\"elementor-tab-title-2015\" class=\"elementor-tab-title\" data-tab=\"5\" role=\"button\" aria-controls=\"elementor-tab-content-2015\" aria-expanded=\"false\">\n\t\t\t\t\t\t\t\t\t\t\t\t\t<span class=\"elementor-accordion-icon elementor-accordion-icon-right\" aria-hidden=\"true\">\n\t\t\t\t\t\t\t\t\t\t\t\t\t\t\t<span class=\"elementor-accordion-icon-closed\"><svg class=\"e-font-icon-svg e-fas-long-arrow-alt-right\" viewBox=\"0 0 448 512\" xmlns=\"http:\/\/www.w3.org\/2000\/svg\"><path d=\"M313.941 216H12c-6.627 0-12 5.373-12 12v56c0 6.627 5.373 12 12 12h301.941v46.059c0 21.382 25.851 32.09 40.971 16.971l86.059-86.059c9.373-9.373 9.373-24.569 0-33.941l-86.059-86.059c-15.119-15.119-40.971-4.411-40.971 16.971V216z\"><\/path><\/svg><\/span>\n\t\t\t\t\t\t\t\t<span class=\"elementor-accordion-icon-opened\"><svg class=\"e-font-icon-svg e-fas-long-arrow-alt-up\" viewBox=\"0 0 256 512\" xmlns=\"http:\/\/www.w3.org\/2000\/svg\"><path d=\"M88 166.059V468c0 6.627 5.373 12 12 12h56c6.627 0 12-5.373 12-12V166.059h46.059c21.382 0 32.09-25.851 16.971-40.971l-86.059-86.059c-9.373-9.373-24.569-9.373-33.941 0l-86.059 86.059c-15.119 15.119-4.411 40.971 16.971 40.971H88z\"><\/path><\/svg><\/span>\n\t\t\t\t\t\t\t\t\t\t\t\t\t\t<\/span>\n\t\t\t\t\t\t\t\t\t\t\t\t<a class=\"elementor-accordion-title\" tabindex=\"0\">Hur \u00e4r kursen upplagd?<\/a>\n\t\t\t\t\t<\/div>\n\t\t\t\t\t<div id=\"elementor-tab-content-2015\" class=\"elementor-tab-content elementor-clearfix\" data-tab=\"5\" role=\"region\" aria-labelledby=\"elementor-tab-title-2015\"><p>Gruppklasserna b\u00f6rjar varje m\u00e5ndag och du kommer att f\u00f6rb\u00e4ttra din spanska kontinuerligt. Varje torsdag genomf\u00f6rs ett litet progressionstest f\u00f6r att se till att du l\u00e4r dig som planerat. Varje m\u00e5ndag kommer du att placeras i en grupp enligt dina inl\u00e4rningsframsteg.  <\/p>\n<\/div>\n\t\t\t\t<\/div>\n\t\t\t\t\t\t\t<div class=\"elementor-accordion-item\">\n\t\t\t\t\t<div id=\"elementor-tab-title-2016\" class=\"elementor-tab-title\" data-tab=\"6\" role=\"button\" aria-controls=\"elementor-tab-content-2016\" aria-expanded=\"false\">\n\t\t\t\t\t\t\t\t\t\t\t\t\t<span class=\"elementor-accordion-icon elementor-accordion-icon-right\" aria-hidden=\"true\">\n\t\t\t\t\t\t\t\t\t\t\t\t\t\t\t<span class=\"elementor-accordion-icon-closed\"><svg class=\"e-font-icon-svg e-fas-long-arrow-alt-right\" viewBox=\"0 0 448 512\" xmlns=\"http:\/\/www.w3.org\/2000\/svg\"><path d=\"M313.941 216H12c-6.627 0-12 5.373-12 12v56c0 6.627 5.373 12 12 12h301.941v46.059c0 21.382 25.851 32.09 40.971 16.971l86.059-86.059c9.373-9.373 9.373-24.569 0-33.941l-86.059-86.059c-15.119-15.119-40.971-4.411-40.971 16.971V216z\"><\/path><\/svg><\/span>\n\t\t\t\t\t\t\t\t<span class=\"elementor-accordion-icon-opened\"><svg class=\"e-font-icon-svg e-fas-long-arrow-alt-up\" viewBox=\"0 0 256 512\" xmlns=\"http:\/\/www.w3.org\/2000\/svg\"><path d=\"M88 166.059V468c0 6.627 5.373 12 12 12h56c6.627 0 12-5.373 12-12V166.059h46.059c21.382 0 32.09-25.851 16.971-40.971l-86.059-86.059c-9.373-9.373-24.569-9.373-33.941 0l-86.059 86.059c-15.119 15.119-4.411 40.971 16.971 40.971H88z\"><\/path><\/svg><\/span>\n\t\t\t\t\t\t\t\t\t\t\t\t\t\t<\/span>\n\t\t\t\t\t\t\t\t\t\t\t\t<a class=\"elementor-accordion-title\" tabindex=\"0\">Kommer jag att f\u00e5 ett kursintyg?<\/a>\n\t\t\t\t\t<\/div>\n\t\t\t\t\t<div id=\"elementor-tab-content-2016\" class=\"elementor-tab-content elementor-clearfix\" data-tab=\"6\" role=\"region\" aria-labelledby=\"elementor-tab-title-2016\"><p>Ja, det g\u00f6r vi. Varje elev f\u00e5r ett kursintyg efter avslutad kurs och efter att ha f\u00e5tt minst 80 % hj\u00e4lp p\u00e5 lektionerna. <\/p>\n<\/div>\n\t\t\t\t<\/div>\n\t\t\t\t\t\t\t<div class=\"elementor-accordion-item\">\n\t\t\t\t\t<div id=\"elementor-tab-title-2017\" class=\"elementor-tab-title\" data-tab=\"7\" role=\"button\" aria-controls=\"elementor-tab-content-2017\" aria-expanded=\"false\">\n\t\t\t\t\t\t\t\t\t\t\t\t\t<span class=\"elementor-accordion-icon elementor-accordion-icon-right\" aria-hidden=\"true\">\n\t\t\t\t\t\t\t\t\t\t\t\t\t\t\t<span class=\"elementor-accordion-icon-closed\"><svg class=\"e-font-icon-svg e-fas-long-arrow-alt-right\" viewBox=\"0 0 448 512\" xmlns=\"http:\/\/www.w3.org\/2000\/svg\"><path d=\"M313.941 216H12c-6.627 0-12 5.373-12 12v56c0 6.627 5.373 12 12 12h301.941v46.059c0 21.382 25.851 32.09 40.971 16.971l86.059-86.059c9.373-9.373 9.373-24.569 0-33.941l-86.059-86.059c-15.119-15.119-40.971-4.411-40.971 16.971V216z\"><\/path><\/svg><\/span>\n\t\t\t\t\t\t\t\t<span class=\"elementor-accordion-icon-opened\"><svg class=\"e-font-icon-svg e-fas-long-arrow-alt-up\" viewBox=\"0 0 256 512\" xmlns=\"http:\/\/www.w3.org\/2000\/svg\"><path d=\"M88 166.059V468c0 6.627 5.373 12 12 12h56c6.627 0 12-5.373 12-12V166.059h46.059c21.382 0 32.09-25.851 16.971-40.971l-86.059-86.059c-9.373-9.373-24.569-9.373-33.941 0l-86.059 86.059c-15.119 15.119-4.411 40.971 16.971 40.971H88z\"><\/path><\/svg><\/span>\n\t\t\t\t\t\t\t\t\t\t\t\t\t\t<\/span>\n\t\t\t\t\t\t\t\t\t\t\t\t<a class=\"elementor-accordion-title\" tabindex=\"0\">Finns det en l\u00e4gsta eller h\u00f6gsta \u00e5lder?<\/a>\n\t\t\t\t\t<\/div>\n\t\t\t\t\t<div id=\"elementor-tab-content-2017\" class=\"elementor-tab-content elementor-clearfix\" data-tab=\"7\" role=\"region\" aria-labelledby=\"elementor-tab-title-2017\"><p>Nej, studenter i alla \u00e5ldrar kan ha lektioner. <\/p>\n<\/div>\n\t\t\t\t<\/div>\n\t\t\t\t\t\t\t<div class=\"elementor-accordion-item\">\n\t\t\t\t\t<div id=\"elementor-tab-title-2018\" class=\"elementor-tab-title\" data-tab=\"8\" role=\"button\" aria-controls=\"elementor-tab-content-2018\" aria-expanded=\"false\">\n\t\t\t\t\t\t\t\t\t\t\t\t\t<span class=\"elementor-accordion-icon elementor-accordion-icon-right\" aria-hidden=\"true\">\n\t\t\t\t\t\t\t\t\t\t\t\t\t\t\t<span class=\"elementor-accordion-icon-closed\"><svg class=\"e-font-icon-svg e-fas-long-arrow-alt-right\" viewBox=\"0 0 448 512\" xmlns=\"http:\/\/www.w3.org\/2000\/svg\"><path d=\"M313.941 216H12c-6.627 0-12 5.373-12 12v56c0 6.627 5.373 12 12 12h301.941v46.059c0 21.382 25.851 32.09 40.971 16.971l86.059-86.059c9.373-9.373 9.373-24.569 0-33.941l-86.059-86.059c-15.119-15.119-40.971-4.411-40.971 16.971V216z\"><\/path><\/svg><\/span>\n\t\t\t\t\t\t\t\t<span class=\"elementor-accordion-icon-opened\"><svg class=\"e-font-icon-svg e-fas-long-arrow-alt-up\" viewBox=\"0 0 256 512\" xmlns=\"http:\/\/www.w3.org\/2000\/svg\"><path d=\"M88 166.059V468c0 6.627 5.373 12 12 12h56c6.627 0 12-5.373 12-12V166.059h46.059c21.382 0 32.09-25.851 16.971-40.971l-86.059-86.059c-9.373-9.373-24.569-9.373-33.941 0l-86.059 86.059c-15.119 15.119-4.411 40.971 16.971 40.971H88z\"><\/path><\/svg><\/span>\n\t\t\t\t\t\t\t\t\t\t\t\t\t\t<\/span>\n\t\t\t\t\t\t\t\t\t\t\t\t<a class=\"elementor-accordion-title\" tabindex=\"0\">Hur l\u00e5ng tid beh\u00f6ver jag per niv\u00e5?<\/a>\n\t\t\t\t\t<\/div>\n\t\t\t\t\t<div id=\"elementor-tab-content-2018\" class=\"elementor-tab-content elementor-clearfix\" data-tab=\"8\" role=\"region\" aria-labelledby=\"elementor-tab-title-2018\"><p>Enligt den gemensamma europeiska referensramen f\u00f6r spr\u00e5k (CEFR) och Instituto Cervantes kursplan finns det en relativt exakt beskrivning av inneh\u00e5llet i varje spr\u00e5kniv\u00e5. Som en ackrediterad spr\u00e5kskola l\u00e4r vi ut allt inneh\u00e5ll p\u00e5 ett strukturerat s\u00e4tt och med ett praktiskt tillv\u00e4gag\u00e5ngss\u00e4tt. Klicka p\u00e5 Niv\u00e5er och m\u00e5l f\u00f6r att se hur m\u00e5nga timmar du beh\u00f6ver per niv\u00e5.  <\/p>\n<p>I v\u00e5r kurs med 10 grupplektioner per vecka kommer du att bli klar med en bok per 3 veckor ungef\u00e4r.<\/p>\n<\/div>\n\t\t\t\t<\/div>\n\t\t\t\t\t\t\t<div class=\"elementor-accordion-item\">\n\t\t\t\t\t<div id=\"elementor-tab-title-2019\" class=\"elementor-tab-title\" data-tab=\"9\" role=\"button\" aria-controls=\"elementor-tab-content-2019\" aria-expanded=\"false\">\n\t\t\t\t\t\t\t\t\t\t\t\t\t<span class=\"elementor-accordion-icon elementor-accordion-icon-right\" aria-hidden=\"true\">\n\t\t\t\t\t\t\t\t\t\t\t\t\t\t\t<span class=\"elementor-accordion-icon-closed\"><svg class=\"e-font-icon-svg e-fas-long-arrow-alt-right\" viewBox=\"0 0 448 512\" xmlns=\"http:\/\/www.w3.org\/2000\/svg\"><path d=\"M313.941 216H12c-6.627 0-12 5.373-12 12v56c0 6.627 5.373 12 12 12h301.941v46.059c0 21.382 25.851 32.09 40.971 16.971l86.059-86.059c9.373-9.373 9.373-24.569 0-33.941l-86.059-86.059c-15.119-15.119-40.971-4.411-40.971 16.971V216z\"><\/path><\/svg><\/span>\n\t\t\t\t\t\t\t\t<span class=\"elementor-accordion-icon-opened\"><svg class=\"e-font-icon-svg e-fas-long-arrow-alt-up\" viewBox=\"0 0 256 512\" xmlns=\"http:\/\/www.w3.org\/2000\/svg\"><path d=\"M88 166.059V468c0 6.627 5.373 12 12 12h56c6.627 0 12-5.373 12-12V166.059h46.059c21.382 0 32.09-25.851 16.971-40.971l-86.059-86.059c-9.373-9.373-24.569-9.373-33.941 0l-86.059 86.059c-15.119 15.119-4.411 40.971 16.971 40.971H88z\"><\/path><\/svg><\/span>\n\t\t\t\t\t\t\t\t\t\t\t\t\t\t<\/span>\n\t\t\t\t\t\t\t\t\t\t\t\t<a class=\"elementor-accordion-title\" tabindex=\"0\">Vad ing\u00e5r i priset?<\/a>\n\t\t\t\t\t<\/div>\n\t\t\t\t\t<div id=\"elementor-tab-content-2019\" class=\"elementor-tab-content elementor-clearfix\" data-tab=\"9\" role=\"region\" aria-labelledby=\"elementor-tab-title-2019\"><ul>\n<li>Klasserna enligt beskrivningen<\/li>\n<li>fritidsaktiviteterna \u00a1Vive en Espa\u00f1ol!, 3 veckovisa aktiviteter<\/li>\n<li>1 progressionstest per vecka<\/li>\n<li>Niv\u00e5testet<\/li>\n<li>anv\u00e4ndning av sj\u00e4lvstudierummet och biblioteket<\/li>\n<li>gratis wi-fi p\u00e5 skolan<\/li>\n<li>ett kursintyg<\/li>\n<\/ul>\n<\/div>\n\t\t\t\t<\/div>\n\t\t\t\t\t\t\t<div class=\"elementor-accordion-item\">\n\t\t\t\t\t<div id=\"elementor-tab-title-20110\" class=\"elementor-tab-title\" data-tab=\"10\" role=\"button\" aria-controls=\"elementor-tab-content-20110\" aria-expanded=\"false\">\n\t\t\t\t\t\t\t\t\t\t\t\t\t<span class=\"elementor-accordion-icon elementor-accordion-icon-right\" aria-hidden=\"true\">\n\t\t\t\t\t\t\t\t\t\t\t\t\t\t\t<span class=\"elementor-accordion-icon-closed\"><svg class=\"e-font-icon-svg e-fas-long-arrow-alt-right\" viewBox=\"0 0 448 512\" xmlns=\"http:\/\/www.w3.org\/2000\/svg\"><path d=\"M313.941 216H12c-6.627 0-12 5.373-12 12v56c0 6.627 5.373 12 12 12h301.941v46.059c0 21.382 25.851 32.09 40.971 16.971l86.059-86.059c9.373-9.373 9.373-24.569 0-33.941l-86.059-86.059c-15.119-15.119-40.971-4.411-40.971 16.971V216z\"><\/path><\/svg><\/span>\n\t\t\t\t\t\t\t\t<span class=\"elementor-accordion-icon-opened\"><svg class=\"e-font-icon-svg e-fas-long-arrow-alt-up\" viewBox=\"0 0 256 512\" xmlns=\"http:\/\/www.w3.org\/2000\/svg\"><path d=\"M88 166.059V468c0 6.627 5.373 12 12 12h56c6.627 0 12-5.373 12-12V166.059h46.059c21.382 0 32.09-25.851 16.971-40.971l-86.059-86.059c-9.373-9.373-24.569-9.373-33.941 0l-86.059 86.059c-15.119 15.119-4.411 40.971 16.971 40.971H88z\"><\/path><\/svg><\/span>\n\t\t\t\t\t\t\t\t\t\t\t\t\t\t<\/span>\n\t\t\t\t\t\t\t\t\t\t\t\t<a class=\"elementor-accordion-title\" tabindex=\"0\">Vilka tider kan jag ha lektion?<\/a>\n\t\t\t\t\t<\/div>\n\t\t\t\t\t<div id=\"elementor-tab-content-20110\" class=\"elementor-tab-content elementor-clearfix\" data-tab=\"10\" role=\"region\" aria-labelledby=\"elementor-tab-title-20110\"><p>I stort sett n\u00e4r som helst fr\u00e5n m\u00e5ndag till fredag mellan kl. 08.00 och 22.00 beroende p\u00e5 l\u00e4rarens tillg\u00e4nglighet. P\u00e5 helgerna mot en till\u00e4ggsavgift. Vi har m\u00e5nga l\u00e4rare och kan i allm\u00e4nhet anpassa oss ganska bra till ditt hektiska schema.  <\/p>\n<\/div>\n\t\t\t\t<\/div>\n\t\t\t\t\t\t\t<div class=\"elementor-accordion-item\">\n\t\t\t\t\t<div id=\"elementor-tab-title-20111\" class=\"elementor-tab-title\" data-tab=\"11\" role=\"button\" aria-controls=\"elementor-tab-content-20111\" aria-expanded=\"false\">\n\t\t\t\t\t\t\t\t\t\t\t\t\t<span class=\"elementor-accordion-icon elementor-accordion-icon-right\" aria-hidden=\"true\">\n\t\t\t\t\t\t\t\t\t\t\t\t\t\t\t<span class=\"elementor-accordion-icon-closed\"><svg class=\"e-font-icon-svg e-fas-long-arrow-alt-right\" viewBox=\"0 0 448 512\" xmlns=\"http:\/\/www.w3.org\/2000\/svg\"><path d=\"M313.941 216H12c-6.627 0-12 5.373-12 12v56c0 6.627 5.373 12 12 12h301.941v46.059c0 21.382 25.851 32.09 40.971 16.971l86.059-86.059c9.373-9.373 9.373-24.569 0-33.941l-86.059-86.059c-15.119-15.119-40.971-4.411-40.971 16.971V216z\"><\/path><\/svg><\/span>\n\t\t\t\t\t\t\t\t<span class=\"elementor-accordion-icon-opened\"><svg class=\"e-font-icon-svg e-fas-long-arrow-alt-up\" viewBox=\"0 0 256 512\" xmlns=\"http:\/\/www.w3.org\/2000\/svg\"><path d=\"M88 166.059V468c0 6.627 5.373 12 12 12h56c6.627 0 12-5.373 12-12V166.059h46.059c21.382 0 32.09-25.851 16.971-40.971l-86.059-86.059c-9.373-9.373-24.569-9.373-33.941 0l-86.059 86.059c-15.119 15.119-4.411 40.971 16.971 40.971H88z\"><\/path><\/svg><\/span>\n\t\t\t\t\t\t\t\t\t\t\t\t\t\t<\/span>\n\t\t\t\t\t\t\t\t\t\t\t\t<a class=\"elementor-accordion-title\" tabindex=\"0\">Hur ser en typisk vecka ut?<\/a>\n\t\t\t\t\t<\/div>\n\t\t\t\t\t<div id=\"elementor-tab-content-20111\" class=\"elementor-tab-content elementor-clearfix\" data-tab=\"11\" role=\"region\" aria-labelledby=\"elementor-tab-title-20111\"><article data-collapse-role=\"target\">\n<article class=\"collapse__body post seres-collapse-target active\" data-collapse-role=\"target\"><strong>En typisk vecka ser ut s\u00e5 h\u00e4r:<\/strong><\/article>\n<article data-collapse-role=\"target\"><\/article>\n<article data-collapse-role=\"target\"><\/article>\n<\/article>\n<article data-collapse-role=\"target\"><\/article>\n<article data-collapse-role=\"target\"><strong>S\u00f6ndag:<\/strong><\/article>\n<ul>\n<li data-collapse-role=\"target\">Ankomst till boendet<\/li>\n<li data-collapse-role=\"target\">I delad l\u00e4genhet, tr\u00e4ffa dina rumskamrater<\/li>\n<\/ul>\n<article class=\"collapse__body post seres-collapse-target active\" data-collapse-role=\"target\"><strong>M\u00e5ndag:<\/strong><\/article>\n<ul>\n<li class=\"collapse__body post seres-collapse-target active\" data-collapse-role=\"target\">  8.00-9.00: Incheckning i skolans reception. P\u00e5 din bokningsbekr\u00e4ftelse anger vi vilken tid du ska vara i skolans reception den f\u00f6rsta dagen.<\/li>\n<li data-collapse-role=\"target\">9.00: V\u00e4lkomstpresentation<\/li>\n<li data-collapse-role=\"target\">9.20: G\u00e5 till din grupp enligt din niv\u00e5<\/li>\n<li data-collapse-role=\"target\">9.30: Klasserna b\u00f6rjar<\/li>\n<li data-collapse-role=\"target\">11.00: Kaffepaus<\/li>\n<li data-collapse-role=\"target\">11.15: Klasserna b\u00f6rjar igen<\/li>\n<li data-collapse-role=\"target\">12:45: Avslutning av lektioner<\/li>\n<li data-collapse-role=\"target\">13:00: Samling framf\u00f6r skolan f\u00f6r den interaktiva promenaden genom Ibiza stad<\/li>\n<\/ul>\n<article data-collapse-role=\"target\"><strong>Tisdag:  <\/strong><\/article>\n<ul>\n<li data-collapse-role=\"target\">9:30-12:45: Klasser<\/li>\n<li data-collapse-role=\"target\">13:00: Samling framf\u00f6r skolan f\u00f6r upplevelsen av matmarknaden<\/li>\n<\/ul>\n<article data-collapse-role=\"target\"><strong>Onsdag:<\/strong><\/article>\n<ul>\n<li>9:30-11:00: Klasser<\/li>\n<li data-collapse-role=\"target\">11.00: Kaffepaus<\/li>\n<li data-collapse-role=\"target\">11.15: Lektionerna b\u00f6rjar igen. Repetition av nyligen inl\u00e4rt inneh\u00e5ll. <\/li>\n<li data-collapse-role=\"target\">Fritid efter lektionen. Eleverna brukar anv\u00e4nda den h\u00e4r tiden till att \u00e5ka till en strand lite l\u00e4ngre bort. Kanske &#8221;Las Salinas&#8221;  <\/li>\n<\/ul>\n<p><strong>Torsdag:<\/strong><\/p>\n<ul>\n<li>9:30-9:50: Progressionstest och d\u00e4refter ordinarie undervisning<\/li>\n<li data-collapse-role=\"target\">11.00: Kaffepaus<\/li>\n<li data-collapse-role=\"target\">11.15-12.45: Klasser<\/li>\n<li>13:00: Samling i skolans reception f\u00f6r uttalsupplevelse.<\/li>\n<\/ul>\n<p><strong>Fredag:<\/strong><\/p>\n<ul>\n<li>9:30: Diskussion om progressionstestet och efterf\u00f6ljande ordinarie klasser<\/li>\n<li data-collapse-role=\"target\">11.00: Kaffepaus<\/li>\n<li data-collapse-role=\"target\">11.15-12.45: Klasser<\/li>\n<\/ul>\n<p><strong>P\u00e5 l\u00f6rdag \u00e4r det dags:<\/strong> Studenter njuter av fritiden eller checkar ut fr\u00e5n sitt boende<\/p>\n<p><strong>P\u00e5 s\u00f6ndag \u00e4r det dags:<\/strong> Eleverna utforskar \u00f6n eller tar en 30 minuter l\u00e5ng b\u00e5ttur till grann\u00f6n Formentera<\/p>\n<\/div>\n\t\t\t\t<\/div>\n\t\t\t\t\t\t\t<div class=\"elementor-accordion-item\">\n\t\t\t\t\t<div id=\"elementor-tab-title-20112\" class=\"elementor-tab-title\" data-tab=\"12\" role=\"button\" aria-controls=\"elementor-tab-content-20112\" aria-expanded=\"false\">\n\t\t\t\t\t\t\t\t\t\t\t\t\t<span class=\"elementor-accordion-icon elementor-accordion-icon-right\" aria-hidden=\"true\">\n\t\t\t\t\t\t\t\t\t\t\t\t\t\t\t<span class=\"elementor-accordion-icon-closed\"><svg class=\"e-font-icon-svg e-fas-long-arrow-alt-right\" viewBox=\"0 0 448 512\" xmlns=\"http:\/\/www.w3.org\/2000\/svg\"><path d=\"M313.941 216H12c-6.627 0-12 5.373-12 12v56c0 6.627 5.373 12 12 12h301.941v46.059c0 21.382 25.851 32.09 40.971 16.971l86.059-86.059c9.373-9.373 9.373-24.569 0-33.941l-86.059-86.059c-15.119-15.119-40.971-4.411-40.971 16.971V216z\"><\/path><\/svg><\/span>\n\t\t\t\t\t\t\t\t<span class=\"elementor-accordion-icon-opened\"><svg class=\"e-font-icon-svg e-fas-long-arrow-alt-up\" viewBox=\"0 0 256 512\" xmlns=\"http:\/\/www.w3.org\/2000\/svg\"><path d=\"M88 166.059V468c0 6.627 5.373 12 12 12h56c6.627 0 12-5.373 12-12V166.059h46.059c21.382 0 32.09-25.851 16.971-40.971l-86.059-86.059c-9.373-9.373-24.569-9.373-33.941 0l-86.059 86.059c-15.119 15.119-4.411 40.971 16.971 40.971H88z\"><\/path><\/svg><\/span>\n\t\t\t\t\t\t\t\t\t\t\t\t\t\t<\/span>\n\t\t\t\t\t\t\t\t\t\t\t\t<a class=\"elementor-accordion-title\" tabindex=\"0\">P\u00e5 vilken niv\u00e5 kommer du att placera mig?<\/a>\n\t\t\t\t\t<\/div>\n\t\t\t\t\t<div id=\"elementor-tab-content-20112\" class=\"elementor-tab-content elementor-clearfix\" data-tab=\"12\" role=\"region\" aria-labelledby=\"elementor-tab-title-20112\"><p>V\u00e5ra akademiska samordnare \u00e4r h\u00f6gt kvalificerade och kommer att analysera dina resultat fr\u00e5n niv\u00e5testerna och din veckovisa sj\u00e4lvutv\u00e4rdering i detalj. Enligt resultaten kommer du att placeras i den b\u00e4sta gruppen f\u00f6r din niv\u00e5. Om du den f\u00f6rsta dagen har en k\u00e4nsla av att niv\u00e5n \u00e4r f\u00f6r sv\u00e5r eller f\u00f6r l\u00e4tt, v\u00e4nligen meddela oss. Vi testar dig igen och placerar dig i en grupp som k\u00e4nns r\u00e4tt f\u00f6r dig.   <\/p>\n<\/div>\n\t\t\t\t<\/div>\n\t\t\t\t\t\t\t<div class=\"elementor-accordion-item\">\n\t\t\t\t\t<div id=\"elementor-tab-title-20113\" class=\"elementor-tab-title\" data-tab=\"13\" role=\"button\" aria-controls=\"elementor-tab-content-20113\" aria-expanded=\"false\">\n\t\t\t\t\t\t\t\t\t\t\t\t\t<span class=\"elementor-accordion-icon elementor-accordion-icon-right\" aria-hidden=\"true\">\n\t\t\t\t\t\t\t\t\t\t\t\t\t\t\t<span class=\"elementor-accordion-icon-closed\"><svg class=\"e-font-icon-svg e-fas-long-arrow-alt-right\" viewBox=\"0 0 448 512\" xmlns=\"http:\/\/www.w3.org\/2000\/svg\"><path d=\"M313.941 216H12c-6.627 0-12 5.373-12 12v56c0 6.627 5.373 12 12 12h301.941v46.059c0 21.382 25.851 32.09 40.971 16.971l86.059-86.059c9.373-9.373 9.373-24.569 0-33.941l-86.059-86.059c-15.119-15.119-40.971-4.411-40.971 16.971V216z\"><\/path><\/svg><\/span>\n\t\t\t\t\t\t\t\t<span class=\"elementor-accordion-icon-opened\"><svg class=\"e-font-icon-svg e-fas-long-arrow-alt-up\" viewBox=\"0 0 256 512\" xmlns=\"http:\/\/www.w3.org\/2000\/svg\"><path d=\"M88 166.059V468c0 6.627 5.373 12 12 12h56c6.627 0 12-5.373 12-12V166.059h46.059c21.382 0 32.09-25.851 16.971-40.971l-86.059-86.059c-9.373-9.373-24.569-9.373-33.941 0l-86.059 86.059c-15.119 15.119-4.411 40.971 16.971 40.971H88z\"><\/path><\/svg><\/span>\n\t\t\t\t\t\t\t\t\t\t\t\t\t\t<\/span>\n\t\t\t\t\t\t\t\t\t\t\t\t<a class=\"elementor-accordion-title\" tabindex=\"0\">Hur \u00e4r lektionerna upplagda?<\/a>\n\t\t\t\t\t<\/div>\n\t\t\t\t\t<div id=\"elementor-tab-content-20113\" class=\"elementor-tab-content elementor-clearfix\" data-tab=\"13\" role=\"region\" aria-labelledby=\"elementor-tab-title-20113\"><p>Innan vi b\u00f6rjar kommer vi att be dig om en detaljerad beskrivning av ditt inl\u00e4rningsm\u00e5l och din nuvarande niv\u00e5 av spanska. Om det beh\u00f6vs g\u00f6r vi ett niv\u00e5test med dig. Baserat p\u00e5 detta uppr\u00e4ttar v\u00e5ra l\u00e4rare en inl\u00e4rningsplan och v\u00e4ljer de b\u00e4sta l\u00e4romedlen f\u00f6r dig.  <\/p>\n<\/div>\n\t\t\t\t<\/div>\n\t\t\t\t\t\t\t<div class=\"elementor-accordion-item\">\n\t\t\t\t\t<div id=\"elementor-tab-title-20114\" class=\"elementor-tab-title\" data-tab=\"14\" role=\"button\" aria-controls=\"elementor-tab-content-20114\" aria-expanded=\"false\">\n\t\t\t\t\t\t\t\t\t\t\t\t\t<span class=\"elementor-accordion-icon elementor-accordion-icon-right\" aria-hidden=\"true\">\n\t\t\t\t\t\t\t\t\t\t\t\t\t\t\t<span class=\"elementor-accordion-icon-closed\"><svg class=\"e-font-icon-svg e-fas-long-arrow-alt-right\" viewBox=\"0 0 448 512\" xmlns=\"http:\/\/www.w3.org\/2000\/svg\"><path d=\"M313.941 216H12c-6.627 0-12 5.373-12 12v56c0 6.627 5.373 12 12 12h301.941v46.059c0 21.382 25.851 32.09 40.971 16.971l86.059-86.059c9.373-9.373 9.373-24.569 0-33.941l-86.059-86.059c-15.119-15.119-40.971-4.411-40.971 16.971V216z\"><\/path><\/svg><\/span>\n\t\t\t\t\t\t\t\t<span class=\"elementor-accordion-icon-opened\"><svg class=\"e-font-icon-svg e-fas-long-arrow-alt-up\" viewBox=\"0 0 256 512\" xmlns=\"http:\/\/www.w3.org\/2000\/svg\"><path d=\"M88 166.059V468c0 6.627 5.373 12 12 12h56c6.627 0 12-5.373 12-12V166.059h46.059c21.382 0 32.09-25.851 16.971-40.971l-86.059-86.059c-9.373-9.373-24.569-9.373-33.941 0l-86.059 86.059c-15.119 15.119-4.411 40.971 16.971 40.971H88z\"><\/path><\/svg><\/span>\n\t\t\t\t\t\t\t\t\t\t\t\t\t\t<\/span>\n\t\t\t\t\t\t\t\t\t\t\t\t<a class=\"elementor-accordion-title\" tabindex=\"0\">Hur ofta kommer jag att beh\u00f6va k\u00f6pa en ny bok?<\/a>\n\t\t\t\t\t<\/div>\n\t\t\t\t\t<div id=\"elementor-tab-content-20114\" class=\"elementor-tab-content elementor-clearfix\" data-tab=\"14\" role=\"region\" aria-labelledby=\"elementor-tab-title-20114\"><p>Beroende p\u00e5 kursens niv\u00e5 och intensitet kommer du att beh\u00f6va k\u00f6pa en ny bok ungef\u00e4r var 3-4:e vecka.  <\/p>\n<\/div>\n\t\t\t\t<\/div>\n\t\t\t\t\t\t\t<div class=\"elementor-accordion-item\">\n\t\t\t\t\t<div id=\"elementor-tab-title-20115\" class=\"elementor-tab-title\" data-tab=\"15\" role=\"button\" aria-controls=\"elementor-tab-content-20115\" aria-expanded=\"false\">\n\t\t\t\t\t\t\t\t\t\t\t\t\t<span class=\"elementor-accordion-icon elementor-accordion-icon-right\" aria-hidden=\"true\">\n\t\t\t\t\t\t\t\t\t\t\t\t\t\t\t<span class=\"elementor-accordion-icon-closed\"><svg class=\"e-font-icon-svg e-fas-long-arrow-alt-right\" viewBox=\"0 0 448 512\" xmlns=\"http:\/\/www.w3.org\/2000\/svg\"><path d=\"M313.941 216H12c-6.627 0-12 5.373-12 12v56c0 6.627 5.373 12 12 12h301.941v46.059c0 21.382 25.851 32.09 40.971 16.971l86.059-86.059c9.373-9.373 9.373-24.569 0-33.941l-86.059-86.059c-15.119-15.119-40.971-4.411-40.971 16.971V216z\"><\/path><\/svg><\/span>\n\t\t\t\t\t\t\t\t<span class=\"elementor-accordion-icon-opened\"><svg class=\"e-font-icon-svg e-fas-long-arrow-alt-up\" viewBox=\"0 0 256 512\" xmlns=\"http:\/\/www.w3.org\/2000\/svg\"><path d=\"M88 166.059V468c0 6.627 5.373 12 12 12h56c6.627 0 12-5.373 12-12V166.059h46.059c21.382 0 32.09-25.851 16.971-40.971l-86.059-86.059c-9.373-9.373-24.569-9.373-33.941 0l-86.059 86.059c-15.119 15.119-4.411 40.971 16.971 40.971H88z\"><\/path><\/svg><\/span>\n\t\t\t\t\t\t\t\t\t\t\t\t\t\t<\/span>\n\t\t\t\t\t\t\t\t\t\t\t\t<a class=\"elementor-accordion-title\" tabindex=\"0\">Kommer jag att tala under lektionen?<\/a>\n\t\t\t\t\t<\/div>\n\t\t\t\t\t<div id=\"elementor-tab-content-20115\" class=\"elementor-tab-content elementor-clearfix\" data-tab=\"15\" role=\"region\" aria-labelledby=\"elementor-tab-title-20115\"><p>Ja, absolut. Klasserna fungerar precis som i ett klassrum. Alla elever deltar aktivt och kommer att tala under varje lektion. Det \u00e4r samma sak som en lektion i skolan, bara online.   <\/p>\n<\/div>\n\t\t\t\t<\/div>\n\t\t\t\t\t\t\t<div class=\"elementor-accordion-item\">\n\t\t\t\t\t<div id=\"elementor-tab-title-20116\" class=\"elementor-tab-title\" data-tab=\"16\" role=\"button\" aria-controls=\"elementor-tab-content-20116\" aria-expanded=\"false\">\n\t\t\t\t\t\t\t\t\t\t\t\t\t<span class=\"elementor-accordion-icon elementor-accordion-icon-right\" aria-hidden=\"true\">\n\t\t\t\t\t\t\t\t\t\t\t\t\t\t\t<span class=\"elementor-accordion-icon-closed\"><svg class=\"e-font-icon-svg e-fas-long-arrow-alt-right\" viewBox=\"0 0 448 512\" xmlns=\"http:\/\/www.w3.org\/2000\/svg\"><path d=\"M313.941 216H12c-6.627 0-12 5.373-12 12v56c0 6.627 5.373 12 12 12h301.941v46.059c0 21.382 25.851 32.09 40.971 16.971l86.059-86.059c9.373-9.373 9.373-24.569 0-33.941l-86.059-86.059c-15.119-15.119-40.971-4.411-40.971 16.971V216z\"><\/path><\/svg><\/span>\n\t\t\t\t\t\t\t\t<span class=\"elementor-accordion-icon-opened\"><svg class=\"e-font-icon-svg e-fas-long-arrow-alt-up\" viewBox=\"0 0 256 512\" xmlns=\"http:\/\/www.w3.org\/2000\/svg\"><path d=\"M88 166.059V468c0 6.627 5.373 12 12 12h56c6.627 0 12-5.373 12-12V166.059h46.059c21.382 0 32.09-25.851 16.971-40.971l-86.059-86.059c-9.373-9.373-24.569-9.373-33.941 0l-86.059 86.059c-15.119 15.119-4.411 40.971 16.971 40.971H88z\"><\/path><\/svg><\/span>\n\t\t\t\t\t\t\t\t\t\t\t\t\t\t<\/span>\n\t\t\t\t\t\t\t\t\t\t\t\t<a class=\"elementor-accordion-title\" tabindex=\"0\">Beh\u00f6ver jag ett visst program eller en viss apparat?<\/a>\n\t\t\t\t\t<\/div>\n\t\t\t\t\t<div id=\"elementor-tab-content-20116\" class=\"elementor-tab-content elementor-clearfix\" data-tab=\"16\" role=\"region\" aria-labelledby=\"elementor-tab-title-20116\"><p>Nej, v\u00e5rt virtuella klassrum i plattformen Zoom fungerar p\u00e5 alla enheter. Du ser en whiteboard, l\u00e4raren och dina klasskamrater. Precis som i ett riktigt klassrum.   <\/p>\n<\/div>\n\t\t\t\t<\/div>\n\t\t\t\t\t\t\t<div class=\"elementor-accordion-item\">\n\t\t\t\t\t<div id=\"elementor-tab-title-20117\" class=\"elementor-tab-title\" data-tab=\"17\" role=\"button\" aria-controls=\"elementor-tab-content-20117\" aria-expanded=\"false\">\n\t\t\t\t\t\t\t\t\t\t\t\t\t<span class=\"elementor-accordion-icon elementor-accordion-icon-right\" aria-hidden=\"true\">\n\t\t\t\t\t\t\t\t\t\t\t\t\t\t\t<span class=\"elementor-accordion-icon-closed\"><svg class=\"e-font-icon-svg e-fas-long-arrow-alt-right\" viewBox=\"0 0 448 512\" xmlns=\"http:\/\/www.w3.org\/2000\/svg\"><path d=\"M313.941 216H12c-6.627 0-12 5.373-12 12v56c0 6.627 5.373 12 12 12h301.941v46.059c0 21.382 25.851 32.09 40.971 16.971l86.059-86.059c9.373-9.373 9.373-24.569 0-33.941l-86.059-86.059c-15.119-15.119-40.971-4.411-40.971 16.971V216z\"><\/path><\/svg><\/span>\n\t\t\t\t\t\t\t\t<span class=\"elementor-accordion-icon-opened\"><svg class=\"e-font-icon-svg e-fas-long-arrow-alt-up\" viewBox=\"0 0 256 512\" xmlns=\"http:\/\/www.w3.org\/2000\/svg\"><path d=\"M88 166.059V468c0 6.627 5.373 12 12 12h56c6.627 0 12-5.373 12-12V166.059h46.059c21.382 0 32.09-25.851 16.971-40.971l-86.059-86.059c-9.373-9.373-24.569-9.373-33.941 0l-86.059 86.059c-15.119 15.119-4.411 40.971 16.971 40.971H88z\"><\/path><\/svg><\/span>\n\t\t\t\t\t\t\t\t\t\t\t\t\t\t<\/span>\n\t\t\t\t\t\t\t\t\t\t\t\t<a class=\"elementor-accordion-title\" tabindex=\"0\">Kommer jag att f\u00e5 l\u00e4xor?<\/a>\n\t\t\t\t\t<\/div>\n\t\t\t\t\t<div id=\"elementor-tab-content-20117\" class=\"elementor-tab-content elementor-clearfix\" data-tab=\"17\" role=\"region\" aria-labelledby=\"elementor-tab-title-20117\"><p>Om du vill det, ja. Vi kommer att anpassa dina privata lektioner till ditt schema. \u00c4ven om l\u00e4xor \u00e4r ett underbart s\u00e4tt att utvecklas \u00e4ven n\u00e4r du inte \u00e4r i klass med din l\u00e4rare, finns det ingen skyldighet. Vi kommer att fr\u00e5ga dig om du vill ha l\u00e4xor eller inte.   <\/p>\n<\/div>\n\t\t\t\t<\/div>\n\t\t\t\t\t\t\t<div class=\"elementor-accordion-item\">\n\t\t\t\t\t<div id=\"elementor-tab-title-20118\" class=\"elementor-tab-title\" data-tab=\"18\" role=\"button\" aria-controls=\"elementor-tab-content-20118\" aria-expanded=\"false\">\n\t\t\t\t\t\t\t\t\t\t\t\t\t<span class=\"elementor-accordion-icon elementor-accordion-icon-right\" aria-hidden=\"true\">\n\t\t\t\t\t\t\t\t\t\t\t\t\t\t\t<span class=\"elementor-accordion-icon-closed\"><svg class=\"e-font-icon-svg e-fas-long-arrow-alt-right\" viewBox=\"0 0 448 512\" xmlns=\"http:\/\/www.w3.org\/2000\/svg\"><path d=\"M313.941 216H12c-6.627 0-12 5.373-12 12v56c0 6.627 5.373 12 12 12h301.941v46.059c0 21.382 25.851 32.09 40.971 16.971l86.059-86.059c9.373-9.373 9.373-24.569 0-33.941l-86.059-86.059c-15.119-15.119-40.971-4.411-40.971 16.971V216z\"><\/path><\/svg><\/span>\n\t\t\t\t\t\t\t\t<span class=\"elementor-accordion-icon-opened\"><svg class=\"e-font-icon-svg e-fas-long-arrow-alt-up\" viewBox=\"0 0 256 512\" xmlns=\"http:\/\/www.w3.org\/2000\/svg\"><path d=\"M88 166.059V468c0 6.627 5.373 12 12 12h56c6.627 0 12-5.373 12-12V166.059h46.059c21.382 0 32.09-25.851 16.971-40.971l-86.059-86.059c-9.373-9.373-24.569-9.373-33.941 0l-86.059 86.059c-15.119 15.119-4.411 40.971 16.971 40.971H88z\"><\/path><\/svg><\/span>\n\t\t\t\t\t\t\t\t\t\t\t\t\t\t<\/span>\n\t\t\t\t\t\t\t\t\t\t\t\t<a class=\"elementor-accordion-title\" tabindex=\"0\">Kan jag avboka kursen?<\/a>\n\t\t\t\t\t<\/div>\n\t\t\t\t\t<div id=\"elementor-tab-content-20118\" class=\"elementor-tab-content elementor-clearfix\" data-tab=\"18\" role=\"region\" aria-labelledby=\"elementor-tab-title-20118\"><p>Eftersom det \u00e4r gruppundervisning kan du inte avboka enstaka dagar eller timmar.<\/p>\n<\/div>\n\t\t\t\t<\/div>\n\t\t\t\t\t\t\t\t\t\t<script type=\"application\/ld+json\">{\"@context\":\"https:\\\/\\\/schema.org\",\"@type\":\"FAQPage\",\"mainEntity\":[{\"@type\":\"Question\",\"name\":\"Hur kan jag anm\\u00e4la mig?\",\"acceptedAnswer\":{\"@type\":\"Answer\",\"text\":\"<ul>\\n<li>P\\u00e5 den h\\u00e4r webbsidan:<br \\\/>V\\u00e4lj varaktighet och l\\u00e4gg till veckorna i varukorgen<br \\\/>Ange dina personuppgifter. I kassan betalar du med ditt kreditkort via Paypal (du beh\\u00f6ver inte ha ett Paypal-konto) <\\\/li>\\n<li>Via e-post:<br \\\/>Kontakta oss p\\u00e5 <a href=\\\"mailto:info@maxxinstitutes.com\\\"><strong>info@maxxinstitutes.com<\\\/strong><\\\/a><br \\\/>Vi skickar anm\\u00e4lningsformul\\u00e4ret till dig<br \\\/>G\\u00f6r betalningen s\\u00e5 bekr\\u00e4ftar vi kursen<\\\/li>\\n<li>Boende:<br \\\/>N\\u00e4r du bokar din kurs kommer vi att diskutera boendet med dig och hj\\u00e4lpa dig med bokningen. Det \\u00e4r mycket enkelt. <\\\/li>\\n<\\\/ul>\\n\"}},{\"@type\":\"Question\",\"name\":\"Hur kan jag anm\\u00e4la mig?\",\"acceptedAnswer\":{\"@type\":\"Answer\",\"text\":\"<ul>\\n<li>P\\u00e5 den h\\u00e4r webbsidan:<br \\\/>V\\u00e4lj varaktighet och l\\u00e4gg till veckorna i varukorgen<br \\\/>Ange dina personuppgifter. I kassan betalar du med ditt kreditkort via Paypal (du beh\\u00f6ver inte ha ett Paypal-konto) <\\\/li>\\n<li>Via e-post:<br \\\/>Kontakta oss p\\u00e5 <a href=\\\"mailto:info@maxxinstitutes.com\\\"><strong>info@maxxinstitutes.com<\\\/strong><\\\/a><br \\\/>Vi skickar anm\\u00e4lningsformul\\u00e4ret till dig<br \\\/>G\\u00f6r betalningen s\\u00e5 bekr\\u00e4ftar vi kursen<\\\/li>\\n<li>Boende:<br \\\/>N\\u00e4r du bokar din kurs kommer vi att diskutera boendet med dig och hj\\u00e4lpa dig med bokningen. Det \\u00e4r mycket enkelt. <\\\/li>\\n<\\\/ul>\\n\"}},{\"@type\":\"Question\",\"name\":\"Vad \\u00e4r medel\\u00e5ldern?\",\"acceptedAnswer\":{\"@type\":\"Answer\",\"text\":\"<p>Medel\\u00e5ldern p\\u00e5 v\\u00e5ra studenter \\u00e4r cirka 32 \\u00e5r. Under st\\u00f6rre delen av \\u00e5ret \\u00e4r v\\u00e5ra studenter n\\u00e5gonstans mellan 25 och 50 \\u00e5r gamla. Under sommarm\\u00e5naderna juli och augusti tillkommer dessutom elever mellan 18 och 22 \\u00e5r eftersom det \\u00e4r den tid p\\u00e5 \\u00e5ret d\\u00e5 de kan resa. Av denna anledning finns det lite fler elever p\\u00e5 skolan mellan maj och oktober j\\u00e4mf\\u00f6rt med resten av \\u00e5ret d\\u00e5 det finns lite f\\u00e4rre elever.   <\\\/p>\\n\"}},{\"@type\":\"Question\",\"name\":\"Kan jag g\\u00e5 med som en total nyb\\u00f6rjare?\",\"acceptedAnswer\":{\"@type\":\"Answer\",\"text\":\"<p>Ja, absolut. Vi har s\\u00e4rskilda grupper f\\u00f6r helt nyb\\u00f6rjare. V\\u00e4nligen se de specifika startdatumen ovan.  <\\\/p>\\n\"}},{\"@type\":\"Question\",\"name\":\"Hur \\u00e4r kursen upplagd?\",\"acceptedAnswer\":{\"@type\":\"Answer\",\"text\":\"<p>Gruppklasserna b\\u00f6rjar varje m\\u00e5ndag och du kommer att f\\u00f6rb\\u00e4ttra din spanska kontinuerligt. Varje torsdag genomf\\u00f6rs ett litet progressionstest f\\u00f6r att se till att du l\\u00e4r dig som planerat. Varje m\\u00e5ndag kommer du att placeras i en grupp enligt dina inl\\u00e4rningsframsteg.  <\\\/p>\\n\"}},{\"@type\":\"Question\",\"name\":\"Kommer jag att f\\u00e5 ett kursintyg?\",\"acceptedAnswer\":{\"@type\":\"Answer\",\"text\":\"<p>Ja, det g\\u00f6r vi. Varje elev f\\u00e5r ett kursintyg efter avslutad kurs och efter att ha f\\u00e5tt minst 80 % hj\\u00e4lp p\\u00e5 lektionerna. <\\\/p>\\n\"}},{\"@type\":\"Question\",\"name\":\"Finns det en l\\u00e4gsta eller h\\u00f6gsta \\u00e5lder?\",\"acceptedAnswer\":{\"@type\":\"Answer\",\"text\":\"<p>Nej, studenter i alla \\u00e5ldrar kan ha lektioner. <\\\/p>\\n\"}},{\"@type\":\"Question\",\"name\":\"Hur l\\u00e5ng tid beh\\u00f6ver jag per niv\\u00e5?\",\"acceptedAnswer\":{\"@type\":\"Answer\",\"text\":\"<p>Enligt den gemensamma europeiska referensramen f\\u00f6r spr\\u00e5k (CEFR) och Instituto Cervantes kursplan finns det en relativt exakt beskrivning av inneh\\u00e5llet i varje spr\\u00e5kniv\\u00e5. Som en ackrediterad spr\\u00e5kskola l\\u00e4r vi ut allt inneh\\u00e5ll p\\u00e5 ett strukturerat s\\u00e4tt och med ett praktiskt tillv\\u00e4gag\\u00e5ngss\\u00e4tt. Klicka p\\u00e5 Niv\\u00e5er och m\\u00e5l f\\u00f6r att se hur m\\u00e5nga timmar du beh\\u00f6ver per niv\\u00e5.  <\\\/p>\\n<p>I v\\u00e5r kurs med 10 grupplektioner per vecka kommer du att bli klar med en bok per 3 veckor ungef\\u00e4r.<\\\/p>\\n\"}},{\"@type\":\"Question\",\"name\":\"Vad ing\\u00e5r i priset?\",\"acceptedAnswer\":{\"@type\":\"Answer\",\"text\":\"<ul>\\n<li>Klasserna enligt beskrivningen<\\\/li>\\n<li>fritidsaktiviteterna \\u00a1Vive en Espa\\u00f1ol!, 3 veckovisa aktiviteter<\\\/li>\\n<li>1 progressionstest per vecka<\\\/li>\\n<li>Niv\\u00e5testet<\\\/li>\\n<li>anv\\u00e4ndning av sj\\u00e4lvstudierummet och biblioteket<\\\/li>\\n<li>gratis wi-fi p\\u00e5 skolan<\\\/li>\\n<li>ett kursintyg<\\\/li>\\n<\\\/ul>\\n\"}},{\"@type\":\"Question\",\"name\":\"Vilka tider kan jag ha lektion?\",\"acceptedAnswer\":{\"@type\":\"Answer\",\"text\":\"<p>I stort sett n\\u00e4r som helst fr\\u00e5n m\\u00e5ndag till fredag mellan kl. 08.00 och 22.00 beroende p\\u00e5 l\\u00e4rarens tillg\\u00e4nglighet. P\\u00e5 helgerna mot en till\\u00e4ggsavgift. Vi har m\\u00e5nga l\\u00e4rare och kan i allm\\u00e4nhet anpassa oss ganska bra till ditt hektiska schema.  <\\\/p>\\n\"}},{\"@type\":\"Question\",\"name\":\"Hur ser en typisk vecka ut?\",\"acceptedAnswer\":{\"@type\":\"Answer\",\"text\":\"<article data-collapse-role=\\\"target\\\">\\n<article class=\\\"collapse__body post seres-collapse-target active\\\" data-collapse-role=\\\"target\\\"><strong>En typisk vecka ser ut s\\u00e5 h\\u00e4r:<\\\/strong><\\\/article>\\n<article data-collapse-role=\\\"target\\\"><\\\/article>\\n<article data-collapse-role=\\\"target\\\"><\\\/article>\\n<\\\/article>\\n<article data-collapse-role=\\\"target\\\"><\\\/article>\\n<article data-collapse-role=\\\"target\\\"><strong>S\\u00f6ndag:<\\\/strong><\\\/article>\\n<ul>\\n<li data-collapse-role=\\\"target\\\">Ankomst till boendet<\\\/li>\\n<li data-collapse-role=\\\"target\\\">I delad l\\u00e4genhet, tr\\u00e4ffa dina rumskamrater<\\\/li>\\n<\\\/ul>\\n<article class=\\\"collapse__body post seres-collapse-target active\\\" data-collapse-role=\\\"target\\\"><strong>M\\u00e5ndag:<\\\/strong><\\\/article>\\n<ul>\\n<li class=\\\"collapse__body post seres-collapse-target active\\\" data-collapse-role=\\\"target\\\">  8.00-9.00: Incheckning i skolans reception. P\\u00e5 din bokningsbekr\\u00e4ftelse anger vi vilken tid du ska vara i skolans reception den f\\u00f6rsta dagen.<\\\/li>\\n<li data-collapse-role=\\\"target\\\">9.00: V\\u00e4lkomstpresentation<\\\/li>\\n<li data-collapse-role=\\\"target\\\">9.20: G\\u00e5 till din grupp enligt din niv\\u00e5<\\\/li>\\n<li data-collapse-role=\\\"target\\\">9.30: Klasserna b\\u00f6rjar<\\\/li>\\n<li data-collapse-role=\\\"target\\\">11.00: Kaffepaus<\\\/li>\\n<li data-collapse-role=\\\"target\\\">11.15: Klasserna b\\u00f6rjar igen<\\\/li>\\n<li data-collapse-role=\\\"target\\\">12:45: Avslutning av lektioner<\\\/li>\\n<li data-collapse-role=\\\"target\\\">13:00: Samling framf\\u00f6r skolan f\\u00f6r den interaktiva promenaden genom Ibiza stad<\\\/li>\\n<\\\/ul>\\n<article data-collapse-role=\\\"target\\\"><strong>Tisdag:  <\\\/strong><\\\/article>\\n<ul>\\n<li data-collapse-role=\\\"target\\\">9:30-12:45: Klasser<\\\/li>\\n<li data-collapse-role=\\\"target\\\">13:00: Samling framf\\u00f6r skolan f\\u00f6r upplevelsen av matmarknaden<\\\/li>\\n<\\\/ul>\\n<article data-collapse-role=\\\"target\\\"><strong>Onsdag:<\\\/strong><\\\/article>\\n<ul>\\n<li>9:30-11:00: Klasser<\\\/li>\\n<li data-collapse-role=\\\"target\\\">11.00: Kaffepaus<\\\/li>\\n<li data-collapse-role=\\\"target\\\">11.15: Lektionerna b\\u00f6rjar igen. Repetition av nyligen inl\\u00e4rt inneh\\u00e5ll. <\\\/li>\\n<li data-collapse-role=\\\"target\\\">Fritid efter lektionen. Eleverna brukar anv\\u00e4nda den h\\u00e4r tiden till att \\u00e5ka till en strand lite l\\u00e4ngre bort. Kanske &#8221;Las Salinas&#8221;  <\\\/li>\\n<\\\/ul>\\n<p><strong>Torsdag:<\\\/strong><\\\/p>\\n<ul>\\n<li>9:30-9:50: Progressionstest och d\\u00e4refter ordinarie undervisning<\\\/li>\\n<li data-collapse-role=\\\"target\\\">11.00: Kaffepaus<\\\/li>\\n<li data-collapse-role=\\\"target\\\">11.15-12.45: Klasser<\\\/li>\\n<li>13:00: Samling i skolans reception f\\u00f6r uttalsupplevelse.<\\\/li>\\n<\\\/ul>\\n<p><strong>Fredag:<\\\/strong><\\\/p>\\n<ul>\\n<li>9:30: Diskussion om progressionstestet och efterf\\u00f6ljande ordinarie klasser<\\\/li>\\n<li data-collapse-role=\\\"target\\\">11.00: Kaffepaus<\\\/li>\\n<li data-collapse-role=\\\"target\\\">11.15-12.45: Klasser<\\\/li>\\n<\\\/ul>\\n<p><strong>P\\u00e5 l\\u00f6rdag \\u00e4r det dags:<\\\/strong> Studenter njuter av fritiden eller checkar ut fr\\u00e5n sitt boende<\\\/p>\\n<p><strong>P\\u00e5 s\\u00f6ndag \\u00e4r det dags:<\\\/strong> Eleverna utforskar \\u00f6n eller tar en 30 minuter l\\u00e5ng b\\u00e5ttur till grann\\u00f6n Formentera<\\\/p>\\n\"}},{\"@type\":\"Question\",\"name\":\"P\\u00e5 vilken niv\\u00e5 kommer du att placera mig?\",\"acceptedAnswer\":{\"@type\":\"Answer\",\"text\":\"<p>V\\u00e5ra akademiska samordnare \\u00e4r h\\u00f6gt kvalificerade och kommer att analysera dina resultat fr\\u00e5n niv\\u00e5testerna och din veckovisa sj\\u00e4lvutv\\u00e4rdering i detalj. Enligt resultaten kommer du att placeras i den b\\u00e4sta gruppen f\\u00f6r din niv\\u00e5. Om du den f\\u00f6rsta dagen har en k\\u00e4nsla av att niv\\u00e5n \\u00e4r f\\u00f6r sv\\u00e5r eller f\\u00f6r l\\u00e4tt, v\\u00e4nligen meddela oss. Vi testar dig igen och placerar dig i en grupp som k\\u00e4nns r\\u00e4tt f\\u00f6r dig.   <\\\/p>\\n\"}},{\"@type\":\"Question\",\"name\":\"Hur \\u00e4r lektionerna upplagda?\",\"acceptedAnswer\":{\"@type\":\"Answer\",\"text\":\"<p>Innan vi b\\u00f6rjar kommer vi att be dig om en detaljerad beskrivning av ditt inl\\u00e4rningsm\\u00e5l och din nuvarande niv\\u00e5 av spanska. Om det beh\\u00f6vs g\\u00f6r vi ett niv\\u00e5test med dig. Baserat p\\u00e5 detta uppr\\u00e4ttar v\\u00e5ra l\\u00e4rare en inl\\u00e4rningsplan och v\\u00e4ljer de b\\u00e4sta l\\u00e4romedlen f\\u00f6r dig.  <\\\/p>\\n\"}},{\"@type\":\"Question\",\"name\":\"Hur ofta kommer jag att beh\\u00f6va k\\u00f6pa en ny bok?\",\"acceptedAnswer\":{\"@type\":\"Answer\",\"text\":\"<p>Beroende p\\u00e5 kursens niv\\u00e5 och intensitet kommer du att beh\\u00f6va k\\u00f6pa en ny bok ungef\\u00e4r var 3-4:e vecka.  <\\\/p>\\n\"}},{\"@type\":\"Question\",\"name\":\"Kommer jag att tala under lektionen?\",\"acceptedAnswer\":{\"@type\":\"Answer\",\"text\":\"<p>Ja, absolut. Klasserna fungerar precis som i ett klassrum. Alla elever deltar aktivt och kommer att tala under varje lektion. Det \\u00e4r samma sak som en lektion i skolan, bara online.   <\\\/p>\\n\"}},{\"@type\":\"Question\",\"name\":\"Beh\\u00f6ver jag ett visst program eller en viss apparat?\",\"acceptedAnswer\":{\"@type\":\"Answer\",\"text\":\"<p>Nej, v\\u00e5rt virtuella klassrum i plattformen Zoom fungerar p\\u00e5 alla enheter. Du ser en whiteboard, l\\u00e4raren och dina klasskamrater. Precis som i ett riktigt klassrum.   <\\\/p>\\n\"}},{\"@type\":\"Question\",\"name\":\"Kommer jag att f\\u00e5 l\\u00e4xor?\",\"acceptedAnswer\":{\"@type\":\"Answer\",\"text\":\"<p>Om du vill det, ja. Vi kommer att anpassa dina privata lektioner till ditt schema. \\u00c4ven om l\\u00e4xor \\u00e4r ett underbart s\\u00e4tt att utvecklas \\u00e4ven n\\u00e4r du inte \\u00e4r i klass med din l\\u00e4rare, finns det ingen skyldighet. Vi kommer att fr\\u00e5ga dig om du vill ha l\\u00e4xor eller inte.   <\\\/p>\\n\"}},{\"@type\":\"Question\",\"name\":\"Kan jag avboka kursen?\",\"acceptedAnswer\":{\"@type\":\"Answer\",\"text\":\"<p>Eftersom det \\u00e4r gruppundervisning kan du inte avboka enstaka dagar eller timmar.<\\\/p>\\n\"}}]}<\/script>\n\t\t\t\t\t<\/div>\n\t\t\t\t\t\t<\/div>\n\t\t\t\t<\/div>\n\t\t\t\t\t<\/div>\n\t\t<\/div>\n\t\t\t\t\t<\/div>\n\t\t<\/section>\n\t\t\t\t<section class=\"elementor-section elementor-top-section elementor-element elementor-element-0844e87 elementor-section-boxed elementor-section-height-default elementor-section-height-default\" data-id=\"0844e87\" data-element_type=\"section\" data-e-type=\"section\">\n\t\t\t\t\t\t<div class=\"elementor-container elementor-column-gap-default\">\n\t\t\t\t\t<div class=\"elementor-column elementor-col-100 elementor-top-column elementor-element elementor-element-2d62aa5\" data-id=\"2d62aa5\" data-element_type=\"column\" data-e-type=\"column\">\n\t\t\t<div class=\"elementor-widget-wrap elementor-element-populated\">\n\t\t\t\t\t\t<div class=\"elementor-element elementor-element-bebacd3 elementor-widget elementor-widget-heading\" data-id=\"bebacd3\" data-element_type=\"widget\" data-e-type=\"widget\" data-widget_type=\"heading.default\">\n\t\t\t\t<div class=\"elementor-widget-container\">\n\t\t\t\t\t<h2 class=\"elementor-heading-title elementor-size-default\">B\u00f6cker och material<\/h2>\t\t\t\t<\/div>\n\t\t\t\t<\/div>\n\t\t\t\t<div class=\"elementor-element elementor-element-6f69ebf wd-accordion-theme-style elementor-widget elementor-widget-accordion\" data-id=\"6f69ebf\" data-element_type=\"widget\" data-e-type=\"widget\" data-widget_type=\"accordion.default\">\n\t\t\t\t<div class=\"elementor-widget-container\">\n\t\t\t\t\t\t\t<div class=\"elementor-accordion\">\n\t\t\t\t\t\t\t<div class=\"elementor-accordion-item\">\n\t\t\t\t\t<div id=\"elementor-tab-title-1161\" class=\"elementor-tab-title\" data-tab=\"1\" role=\"button\" aria-controls=\"elementor-tab-content-1161\" aria-expanded=\"false\">\n\t\t\t\t\t\t\t\t\t\t\t\t\t<span class=\"elementor-accordion-icon elementor-accordion-icon-right\" aria-hidden=\"true\">\n\t\t\t\t\t\t\t\t\t\t\t\t\t\t\t<span class=\"elementor-accordion-icon-closed\"><svg class=\"e-font-icon-svg e-fas-long-arrow-alt-right\" viewBox=\"0 0 448 512\" xmlns=\"http:\/\/www.w3.org\/2000\/svg\"><path d=\"M313.941 216H12c-6.627 0-12 5.373-12 12v56c0 6.627 5.373 12 12 12h301.941v46.059c0 21.382 25.851 32.09 40.971 16.971l86.059-86.059c9.373-9.373 9.373-24.569 0-33.941l-86.059-86.059c-15.119-15.119-40.971-4.411-40.971 16.971V216z\"><\/path><\/svg><\/span>\n\t\t\t\t\t\t\t\t<span class=\"elementor-accordion-icon-opened\"><svg class=\"e-font-icon-svg e-fas-long-arrow-alt-up\" viewBox=\"0 0 256 512\" xmlns=\"http:\/\/www.w3.org\/2000\/svg\"><path d=\"M88 166.059V468c0 6.627 5.373 12 12 12h56c6.627 0 12-5.373 12-12V166.059h46.059c21.382 0 32.09-25.851 16.971-40.971l-86.059-86.059c-9.373-9.373-24.569-9.373-33.941 0l-86.059 86.059c-15.119 15.119-4.411 40.971 16.971 40.971H88z\"><\/path><\/svg><\/span>\n\t\t\t\t\t\t\t\t\t\t\t\t\t\t<\/span>\n\t\t\t\t\t\t\t\t\t\t\t\t<a class=\"elementor-accordion-title\" tabindex=\"0\">Hur kan jag anm\u00e4la mig?<\/a>\n\t\t\t\t\t<\/div>\n\t\t\t\t\t<div id=\"elementor-tab-content-1161\" class=\"elementor-tab-content elementor-clearfix\" data-tab=\"1\" role=\"region\" aria-labelledby=\"elementor-tab-title-1161\"><ul>\n<li>P\u00e5 den h\u00e4r webbsidan:<br \/>V\u00e4lj varaktighet och l\u00e4gg till veckorna i varukorgen<br \/>Ange dina personuppgifter. I kassan betalar du med ditt kreditkort via Paypal (du beh\u00f6ver inte ha ett Paypal-konto) <\/li>\n<li>Via e-post:<br \/>Kontakta oss p\u00e5 <a href=\"mailto:info@maxxinstitutes.com\"><strong>info@maxxinstitutes.com<\/strong><\/a><br \/>Vi skickar anm\u00e4lningsformul\u00e4ret till dig<br \/>G\u00f6r betalningen s\u00e5 bekr\u00e4ftar vi kursen<\/li>\n<li>Boende:<br \/>N\u00e4r du bokar din kurs kommer vi att diskutera boendet med dig och hj\u00e4lpa dig med bokningen. Det \u00e4r mycket enkelt. <\/li>\n<\/ul>\n<\/div>\n\t\t\t\t<\/div>\n\t\t\t\t\t\t\t<div class=\"elementor-accordion-item\">\n\t\t\t\t\t<div id=\"elementor-tab-title-1162\" class=\"elementor-tab-title\" data-tab=\"2\" role=\"button\" aria-controls=\"elementor-tab-content-1162\" aria-expanded=\"false\">\n\t\t\t\t\t\t\t\t\t\t\t\t\t<span class=\"elementor-accordion-icon elementor-accordion-icon-right\" aria-hidden=\"true\">\n\t\t\t\t\t\t\t\t\t\t\t\t\t\t\t<span class=\"elementor-accordion-icon-closed\"><svg class=\"e-font-icon-svg e-fas-long-arrow-alt-right\" viewBox=\"0 0 448 512\" xmlns=\"http:\/\/www.w3.org\/2000\/svg\"><path d=\"M313.941 216H12c-6.627 0-12 5.373-12 12v56c0 6.627 5.373 12 12 12h301.941v46.059c0 21.382 25.851 32.09 40.971 16.971l86.059-86.059c9.373-9.373 9.373-24.569 0-33.941l-86.059-86.059c-15.119-15.119-40.971-4.411-40.971 16.971V216z\"><\/path><\/svg><\/span>\n\t\t\t\t\t\t\t\t<span class=\"elementor-accordion-icon-opened\"><svg class=\"e-font-icon-svg e-fas-long-arrow-alt-up\" viewBox=\"0 0 256 512\" xmlns=\"http:\/\/www.w3.org\/2000\/svg\"><path d=\"M88 166.059V468c0 6.627 5.373 12 12 12h56c6.627 0 12-5.373 12-12V166.059h46.059c21.382 0 32.09-25.851 16.971-40.971l-86.059-86.059c-9.373-9.373-24.569-9.373-33.941 0l-86.059 86.059c-15.119 15.119-4.411 40.971 16.971 40.971H88z\"><\/path><\/svg><\/span>\n\t\t\t\t\t\t\t\t\t\t\t\t\t\t<\/span>\n\t\t\t\t\t\t\t\t\t\t\t\t<a class=\"elementor-accordion-title\" tabindex=\"0\">Vilket klassmaterial kommer vi att anv\u00e4nda?<\/a>\n\t\t\t\t\t<\/div>\n\t\t\t\t\t<div id=\"elementor-tab-content-1162\" class=\"elementor-tab-content elementor-clearfix\" data-tab=\"2\" role=\"region\" aria-labelledby=\"elementor-tab-title-1162\"><p>MAXX Institutes anv\u00e4nder kursb\u00f6cker enligt Instituto Cervantes som utvecklats speciellt f\u00f6r intensivkurser i Spanien. Kursbokens m\u00e5l \u00e4r att l\u00e4ra ut det spanska spr\u00e5ket med b\u00e4sta m\u00f6jliga metodik och vi berikar dem med extramaterial, klassljud och internetresurser. <\/p>\n<\/div>\n\t\t\t\t<\/div>\n\t\t\t\t\t\t\t<div class=\"elementor-accordion-item\">\n\t\t\t\t\t<div id=\"elementor-tab-title-1163\" class=\"elementor-tab-title\" data-tab=\"3\" role=\"button\" aria-controls=\"elementor-tab-content-1163\" aria-expanded=\"false\">\n\t\t\t\t\t\t\t\t\t\t\t\t\t<span class=\"elementor-accordion-icon elementor-accordion-icon-right\" aria-hidden=\"true\">\n\t\t\t\t\t\t\t\t\t\t\t\t\t\t\t<span class=\"elementor-accordion-icon-closed\"><svg class=\"e-font-icon-svg e-fas-long-arrow-alt-right\" viewBox=\"0 0 448 512\" xmlns=\"http:\/\/www.w3.org\/2000\/svg\"><path d=\"M313.941 216H12c-6.627 0-12 5.373-12 12v56c0 6.627 5.373 12 12 12h301.941v46.059c0 21.382 25.851 32.09 40.971 16.971l86.059-86.059c9.373-9.373 9.373-24.569 0-33.941l-86.059-86.059c-15.119-15.119-40.971-4.411-40.971 16.971V216z\"><\/path><\/svg><\/span>\n\t\t\t\t\t\t\t\t<span class=\"elementor-accordion-icon-opened\"><svg class=\"e-font-icon-svg e-fas-long-arrow-alt-up\" viewBox=\"0 0 256 512\" xmlns=\"http:\/\/www.w3.org\/2000\/svg\"><path d=\"M88 166.059V468c0 6.627 5.373 12 12 12h56c6.627 0 12-5.373 12-12V166.059h46.059c21.382 0 32.09-25.851 16.971-40.971l-86.059-86.059c-9.373-9.373-24.569-9.373-33.941 0l-86.059 86.059c-15.119 15.119-4.411 40.971 16.971 40.971H88z\"><\/path><\/svg><\/span>\n\t\t\t\t\t\t\t\t\t\t\t\t\t\t<\/span>\n\t\t\t\t\t\t\t\t\t\t\t\t<a class=\"elementor-accordion-title\" tabindex=\"0\">Kommer jag att l\u00e4ra mig med en bok?<\/a>\n\t\t\t\t\t<\/div>\n\t\t\t\t\t<div id=\"elementor-tab-content-1163\" class=\"elementor-tab-content elementor-clearfix\" data-tab=\"3\" role=\"region\" aria-labelledby=\"elementor-tab-title-1163\"><p>Din l\u00e4rare kommer att anpassa klassen till dina personliga inl\u00e4rningsm\u00e5l. Om du vill anv\u00e4nda en bok eller om l\u00e4raren tycker att det \u00e4r ett bra s\u00e4tt att n\u00e5 dina m\u00e5l, kommer vi att anv\u00e4nda en bok f\u00f6r din klass. L\u00e4raren kommer att ber\u00e4tta vilken och var du kan k\u00f6pa den.  <\/p><\/p>\n<\/div>\n\t\t\t\t<\/div>\n\t\t\t\t\t\t\t<div class=\"elementor-accordion-item\">\n\t\t\t\t\t<div id=\"elementor-tab-title-1164\" class=\"elementor-tab-title\" data-tab=\"4\" role=\"button\" aria-controls=\"elementor-tab-content-1164\" aria-expanded=\"false\">\n\t\t\t\t\t\t\t\t\t\t\t\t\t<span class=\"elementor-accordion-icon elementor-accordion-icon-right\" aria-hidden=\"true\">\n\t\t\t\t\t\t\t\t\t\t\t\t\t\t\t<span class=\"elementor-accordion-icon-closed\"><svg class=\"e-font-icon-svg e-fas-long-arrow-alt-right\" viewBox=\"0 0 448 512\" xmlns=\"http:\/\/www.w3.org\/2000\/svg\"><path d=\"M313.941 216H12c-6.627 0-12 5.373-12 12v56c0 6.627 5.373 12 12 12h301.941v46.059c0 21.382 25.851 32.09 40.971 16.971l86.059-86.059c9.373-9.373 9.373-24.569 0-33.941l-86.059-86.059c-15.119-15.119-40.971-4.411-40.971 16.971V216z\"><\/path><\/svg><\/span>\n\t\t\t\t\t\t\t\t<span class=\"elementor-accordion-icon-opened\"><svg class=\"e-font-icon-svg e-fas-long-arrow-alt-up\" viewBox=\"0 0 256 512\" xmlns=\"http:\/\/www.w3.org\/2000\/svg\"><path d=\"M88 166.059V468c0 6.627 5.373 12 12 12h56c6.627 0 12-5.373 12-12V166.059h46.059c21.382 0 32.09-25.851 16.971-40.971l-86.059-86.059c-9.373-9.373-24.569-9.373-33.941 0l-86.059 86.059c-15.119 15.119-4.411 40.971 16.971 40.971H88z\"><\/path><\/svg><\/span>\n\t\t\t\t\t\t\t\t\t\t\t\t\t\t<\/span>\n\t\t\t\t\t\t\t\t\t\t\t\t<a class=\"elementor-accordion-title\" tabindex=\"0\">Hur fungerar boksystemet?<\/a>\n\t\t\t\t\t<\/div>\n\t\t\t\t\t<div id=\"elementor-tab-content-1164\" class=\"elementor-tab-content elementor-clearfix\" data-tab=\"4\" role=\"region\" aria-labelledby=\"elementor-tab-title-1164\"><p data-prosemirror-content-type=\"node\" data-prosemirror-node-name=\"paragraph\" data-prosemirror-node-block=\"true\" data-pm-slice=\"1 1 []\">I v\u00e5ra kurser i spanska anv\u00e4nder vi moderna kursb\u00f6cker som f\u00f6ljer din inl\u00e4rning steg f\u00f6r steg.<\/p>\n<\/div>\n\t\t\t\t<\/div>\n\t\t\t\t\t\t\t<div class=\"elementor-accordion-item\">\n\t\t\t\t\t<div id=\"elementor-tab-title-1165\" class=\"elementor-tab-title\" data-tab=\"5\" role=\"button\" aria-controls=\"elementor-tab-content-1165\" aria-expanded=\"false\">\n\t\t\t\t\t\t\t\t\t\t\t\t\t<span class=\"elementor-accordion-icon elementor-accordion-icon-right\" aria-hidden=\"true\">\n\t\t\t\t\t\t\t\t\t\t\t\t\t\t\t<span class=\"elementor-accordion-icon-closed\"><svg class=\"e-font-icon-svg e-fas-long-arrow-alt-right\" viewBox=\"0 0 448 512\" xmlns=\"http:\/\/www.w3.org\/2000\/svg\"><path d=\"M313.941 216H12c-6.627 0-12 5.373-12 12v56c0 6.627 5.373 12 12 12h301.941v46.059c0 21.382 25.851 32.09 40.971 16.971l86.059-86.059c9.373-9.373 9.373-24.569 0-33.941l-86.059-86.059c-15.119-15.119-40.971-4.411-40.971 16.971V216z\"><\/path><\/svg><\/span>\n\t\t\t\t\t\t\t\t<span class=\"elementor-accordion-icon-opened\"><svg class=\"e-font-icon-svg e-fas-long-arrow-alt-up\" viewBox=\"0 0 256 512\" xmlns=\"http:\/\/www.w3.org\/2000\/svg\"><path d=\"M88 166.059V468c0 6.627 5.373 12 12 12h56c6.627 0 12-5.373 12-12V166.059h46.059c21.382 0 32.09-25.851 16.971-40.971l-86.059-86.059c-9.373-9.373-24.569-9.373-33.941 0l-86.059 86.059c-15.119 15.119-4.411 40.971 16.971 40.971H88z\"><\/path><\/svg><\/span>\n\t\t\t\t\t\t\t\t\t\t\t\t\t\t<\/span>\n\t\t\t\t\t\t\t\t\t\t\t\t<a class=\"elementor-accordion-title\" tabindex=\"0\">Hur ofta beh\u00f6ver jag en ny bok?<\/a>\n\t\t\t\t\t<\/div>\n\t\t\t\t\t<div id=\"elementor-tab-content-1165\" class=\"elementor-tab-content elementor-clearfix\" data-tab=\"5\" role=\"region\" aria-labelledby=\"elementor-tab-title-1165\"><p data-prosemirror-content-type=\"node\" data-prosemirror-node-name=\"paragraph\" data-prosemirror-node-block=\"true\" data-pm-slice=\"1 1 []\">Vanligtvis beh\u00f6ver du en ny bok var fj\u00e4rde vecka, eftersom v\u00e5ra kurser g\u00e5r snabbt fram\u00e5t.<\/p>\n<\/div>\n\t\t\t\t<\/div>\n\t\t\t\t\t\t\t<div class=\"elementor-accordion-item\">\n\t\t\t\t\t<div id=\"elementor-tab-title-1166\" class=\"elementor-tab-title\" data-tab=\"6\" role=\"button\" aria-controls=\"elementor-tab-content-1166\" aria-expanded=\"false\">\n\t\t\t\t\t\t\t\t\t\t\t\t\t<span class=\"elementor-accordion-icon elementor-accordion-icon-right\" aria-hidden=\"true\">\n\t\t\t\t\t\t\t\t\t\t\t\t\t\t\t<span class=\"elementor-accordion-icon-closed\"><svg class=\"e-font-icon-svg e-fas-long-arrow-alt-right\" viewBox=\"0 0 448 512\" xmlns=\"http:\/\/www.w3.org\/2000\/svg\"><path d=\"M313.941 216H12c-6.627 0-12 5.373-12 12v56c0 6.627 5.373 12 12 12h301.941v46.059c0 21.382 25.851 32.09 40.971 16.971l86.059-86.059c9.373-9.373 9.373-24.569 0-33.941l-86.059-86.059c-15.119-15.119-40.971-4.411-40.971 16.971V216z\"><\/path><\/svg><\/span>\n\t\t\t\t\t\t\t\t<span class=\"elementor-accordion-icon-opened\"><svg class=\"e-font-icon-svg e-fas-long-arrow-alt-up\" viewBox=\"0 0 256 512\" xmlns=\"http:\/\/www.w3.org\/2000\/svg\"><path d=\"M88 166.059V468c0 6.627 5.373 12 12 12h56c6.627 0 12-5.373 12-12V166.059h46.059c21.382 0 32.09-25.851 16.971-40.971l-86.059-86.059c-9.373-9.373-24.569-9.373-33.941 0l-86.059 86.059c-15.119 15.119-4.411 40.971 16.971 40.971H88z\"><\/path><\/svg><\/span>\n\t\t\t\t\t\t\t\t\t\t\t\t\t\t<\/span>\n\t\t\t\t\t\t\t\t\t\t\t\t<a class=\"elementor-accordion-title\" tabindex=\"0\">Jag har redan betalat f\u00f6r en bok - varf\u00f6r beh\u00f6ver jag en till?<\/a>\n\t\t\t\t\t<\/div>\n\t\t\t\t\t<div id=\"elementor-tab-content-1166\" class=\"elementor-tab-content elementor-clearfix\" data-tab=\"6\" role=\"region\" aria-labelledby=\"elementor-tab-title-1166\"><p data-prosemirror-content-type=\"node\" data-prosemirror-node-name=\"paragraph\" data-prosemirror-node-block=\"true\" data-pm-slice=\"1 1 []\">Den f\u00f6rsta boken ing\u00e5r redan i din f\u00f6rsta betalning (antingen n\u00e4r du bokade din kurs eller p\u00e5 din f\u00f6rsta dag). Efter det m\u00e5ste du k\u00f6pa en ny bok varje g\u00e5ng din grupp g\u00e5r vidare till n\u00e4sta modul. <\/p>\n<\/div>\n\t\t\t\t<\/div>\n\t\t\t\t\t\t\t<div class=\"elementor-accordion-item\">\n\t\t\t\t\t<div id=\"elementor-tab-title-1167\" class=\"elementor-tab-title\" data-tab=\"7\" role=\"button\" aria-controls=\"elementor-tab-content-1167\" aria-expanded=\"false\">\n\t\t\t\t\t\t\t\t\t\t\t\t\t<span class=\"elementor-accordion-icon elementor-accordion-icon-right\" aria-hidden=\"true\">\n\t\t\t\t\t\t\t\t\t\t\t\t\t\t\t<span class=\"elementor-accordion-icon-closed\"><svg class=\"e-font-icon-svg e-fas-long-arrow-alt-right\" viewBox=\"0 0 448 512\" xmlns=\"http:\/\/www.w3.org\/2000\/svg\"><path d=\"M313.941 216H12c-6.627 0-12 5.373-12 12v56c0 6.627 5.373 12 12 12h301.941v46.059c0 21.382 25.851 32.09 40.971 16.971l86.059-86.059c9.373-9.373 9.373-24.569 0-33.941l-86.059-86.059c-15.119-15.119-40.971-4.411-40.971 16.971V216z\"><\/path><\/svg><\/span>\n\t\t\t\t\t\t\t\t<span class=\"elementor-accordion-icon-opened\"><svg class=\"e-font-icon-svg e-fas-long-arrow-alt-up\" viewBox=\"0 0 256 512\" xmlns=\"http:\/\/www.w3.org\/2000\/svg\"><path d=\"M88 166.059V468c0 6.627 5.373 12 12 12h56c6.627 0 12-5.373 12-12V166.059h46.059c21.382 0 32.09-25.851 16.971-40.971l-86.059-86.059c-9.373-9.373-24.569-9.373-33.941 0l-86.059 86.059c-15.119 15.119-4.411 40.971 16.971 40.971H88z\"><\/path><\/svg><\/span>\n\t\t\t\t\t\t\t\t\t\t\t\t\t\t<\/span>\n\t\t\t\t\t\t\t\t\t\t\t\t<a class=\"elementor-accordion-title\" tabindex=\"0\">Vad h\u00e4nder om jag g\u00e5r med mitt i en bok?<\/a>\n\t\t\t\t\t<\/div>\n\t\t\t\t\t<div id=\"elementor-tab-content-1167\" class=\"elementor-tab-content elementor-clearfix\" data-tab=\"7\" role=\"region\" aria-labelledby=\"elementor-tab-title-1167\"><p data-prosemirror-content-type=\"node\" data-prosemirror-node-name=\"paragraph\" data-prosemirror-node-block=\"true\" data-pm-slice=\"1 3 []\">Det beror p\u00e5 var man b\u00f6rjar:<\/p>\n<ul class=\"ak-ul\" data-prosemirror-content-type=\"node\" data-prosemirror-node-name=\"bulletList\" data-prosemirror-node-block=\"true\">\n<li data-prosemirror-content-type=\"node\" data-prosemirror-node-name=\"listItem\" data-prosemirror-node-block=\"true\">\n<p data-prosemirror-content-type=\"node\" data-prosemirror-node-name=\"paragraph\" data-prosemirror-node-block=\"true\">Om du ansluter dig mitt i en bok kan du beh\u00f6va en ny efter cirka tv\u00e5 veckor.<\/p>\n<\/li>\n<li data-prosemirror-content-type=\"node\" data-prosemirror-node-name=\"listItem\" data-prosemirror-node-block=\"true\">\n<p data-prosemirror-content-type=\"node\" data-prosemirror-node-name=\"paragraph\" data-prosemirror-node-block=\"true\">Om du ansluter dig i slutet kan du beh\u00f6va en ny efter bara en vecka.<\/p>\n<\/li>\n<\/ul>\n<\/div>\n\t\t\t\t<\/div>\n\t\t\t\t\t\t\t<div class=\"elementor-accordion-item\">\n\t\t\t\t\t<div id=\"elementor-tab-title-1168\" class=\"elementor-tab-title\" data-tab=\"8\" role=\"button\" aria-controls=\"elementor-tab-content-1168\" aria-expanded=\"false\">\n\t\t\t\t\t\t\t\t\t\t\t\t\t<span class=\"elementor-accordion-icon elementor-accordion-icon-right\" aria-hidden=\"true\">\n\t\t\t\t\t\t\t\t\t\t\t\t\t\t\t<span class=\"elementor-accordion-icon-closed\"><svg class=\"e-font-icon-svg e-fas-long-arrow-alt-right\" viewBox=\"0 0 448 512\" xmlns=\"http:\/\/www.w3.org\/2000\/svg\"><path d=\"M313.941 216H12c-6.627 0-12 5.373-12 12v56c0 6.627 5.373 12 12 12h301.941v46.059c0 21.382 25.851 32.09 40.971 16.971l86.059-86.059c9.373-9.373 9.373-24.569 0-33.941l-86.059-86.059c-15.119-15.119-40.971-4.411-40.971 16.971V216z\"><\/path><\/svg><\/span>\n\t\t\t\t\t\t\t\t<span class=\"elementor-accordion-icon-opened\"><svg class=\"e-font-icon-svg e-fas-long-arrow-alt-up\" viewBox=\"0 0 256 512\" xmlns=\"http:\/\/www.w3.org\/2000\/svg\"><path d=\"M88 166.059V468c0 6.627 5.373 12 12 12h56c6.627 0 12-5.373 12-12V166.059h46.059c21.382 0 32.09-25.851 16.971-40.971l-86.059-86.059c-9.373-9.373-24.569-9.373-33.941 0l-86.059 86.059c-15.119 15.119-4.411 40.971 16.971 40.971H88z\"><\/path><\/svg><\/span>\n\t\t\t\t\t\t\t\t\t\t\t\t\t\t<\/span>\n\t\t\t\t\t\t\t\t\t\t\t\t<a class=\"elementor-accordion-title\" tabindex=\"0\">Hur mycket kostar en bok?<\/a>\n\t\t\t\t\t<\/div>\n\t\t\t\t\t<div id=\"elementor-tab-content-1168\" class=\"elementor-tab-content elementor-clearfix\" data-tab=\"8\" role=\"region\" aria-labelledby=\"elementor-tab-title-1168\"><p data-prosemirror-content-type=\"node\" data-prosemirror-node-name=\"paragraph\" data-prosemirror-node-block=\"true\" data-pm-slice=\"1 1 []\">Du hittar bokpriset i v\u00e5r prislista eller s\u00e5 kan du fr\u00e5ga v\u00e5rt team i receptionen om detaljer.<\/p>\n<\/div>\n\t\t\t\t<\/div>\n\t\t\t\t\t\t\t\t\t\t<script type=\"application\/ld+json\">{\"@context\":\"https:\\\/\\\/schema.org\",\"@type\":\"FAQPage\",\"mainEntity\":[{\"@type\":\"Question\",\"name\":\"Hur kan jag anm\\u00e4la mig?\",\"acceptedAnswer\":{\"@type\":\"Answer\",\"text\":\"<ul>\\n<li>P\\u00e5 den h\\u00e4r webbsidan:<br \\\/>V\\u00e4lj varaktighet och l\\u00e4gg till veckorna i varukorgen<br \\\/>Ange dina personuppgifter. I kassan betalar du med ditt kreditkort via Paypal (du beh\\u00f6ver inte ha ett Paypal-konto) <\\\/li>\\n<li>Via e-post:<br \\\/>Kontakta oss p\\u00e5 <a href=\\\"mailto:info@maxxinstitutes.com\\\"><strong>info@maxxinstitutes.com<\\\/strong><\\\/a><br \\\/>Vi skickar anm\\u00e4lningsformul\\u00e4ret till dig<br \\\/>G\\u00f6r betalningen s\\u00e5 bekr\\u00e4ftar vi kursen<\\\/li>\\n<li>Boende:<br \\\/>N\\u00e4r du bokar din kurs kommer vi att diskutera boendet med dig och hj\\u00e4lpa dig med bokningen. Det \\u00e4r mycket enkelt. <\\\/li>\\n<\\\/ul>\\n\"}},{\"@type\":\"Question\",\"name\":\"Vilket klassmaterial kommer vi att anv\\u00e4nda?\",\"acceptedAnswer\":{\"@type\":\"Answer\",\"text\":\"<p>MAXX Institutes anv\\u00e4nder kursb\\u00f6cker enligt Instituto Cervantes som utvecklats speciellt f\\u00f6r intensivkurser i Spanien. Kursbokens m\\u00e5l \\u00e4r att l\\u00e4ra ut det spanska spr\\u00e5ket med b\\u00e4sta m\\u00f6jliga metodik och vi berikar dem med extramaterial, klassljud och internetresurser. <\\\/p>\\n\"}},{\"@type\":\"Question\",\"name\":\"Kommer jag att l\\u00e4ra mig med en bok?\",\"acceptedAnswer\":{\"@type\":\"Answer\",\"text\":\"<p>Din l\\u00e4rare kommer att anpassa klassen till dina personliga inl\\u00e4rningsm\\u00e5l. Om du vill anv\\u00e4nda en bok eller om l\\u00e4raren tycker att det \\u00e4r ett bra s\\u00e4tt att n\\u00e5 dina m\\u00e5l, kommer vi att anv\\u00e4nda en bok f\\u00f6r din klass. L\\u00e4raren kommer att ber\\u00e4tta vilken och var du kan k\\u00f6pa den.  <\\\/p><\\\/p>\\n\"}},{\"@type\":\"Question\",\"name\":\"Hur fungerar boksystemet?\",\"acceptedAnswer\":{\"@type\":\"Answer\",\"text\":\"<p data-prosemirror-content-type=\\\"node\\\" data-prosemirror-node-name=\\\"paragraph\\\" data-prosemirror-node-block=\\\"true\\\" data-pm-slice=\\\"1 1 []\\\">I v\\u00e5ra kurser i spanska anv\\u00e4nder vi moderna kursb\\u00f6cker som f\\u00f6ljer din inl\\u00e4rning steg f\\u00f6r steg.<\\\/p>\\n\"}},{\"@type\":\"Question\",\"name\":\"Hur ofta beh\\u00f6ver jag en ny bok?\",\"acceptedAnswer\":{\"@type\":\"Answer\",\"text\":\"<p data-prosemirror-content-type=\\\"node\\\" data-prosemirror-node-name=\\\"paragraph\\\" data-prosemirror-node-block=\\\"true\\\" data-pm-slice=\\\"1 1 []\\\">Vanligtvis beh\\u00f6ver du en ny bok var fj\\u00e4rde vecka, eftersom v\\u00e5ra kurser g\\u00e5r snabbt fram\\u00e5t.<\\\/p>\\n\"}},{\"@type\":\"Question\",\"name\":\"Jag har redan betalat f\\u00f6r en bok - varf\\u00f6r beh\\u00f6ver jag en till?\",\"acceptedAnswer\":{\"@type\":\"Answer\",\"text\":\"<p data-prosemirror-content-type=\\\"node\\\" data-prosemirror-node-name=\\\"paragraph\\\" data-prosemirror-node-block=\\\"true\\\" data-pm-slice=\\\"1 1 []\\\">Den f\\u00f6rsta boken ing\\u00e5r redan i din f\\u00f6rsta betalning (antingen n\\u00e4r du bokade din kurs eller p\\u00e5 din f\\u00f6rsta dag). Efter det m\\u00e5ste du k\\u00f6pa en ny bok varje g\\u00e5ng din grupp g\\u00e5r vidare till n\\u00e4sta modul. <\\\/p>\\n\"}},{\"@type\":\"Question\",\"name\":\"Vad h\\u00e4nder om jag g\\u00e5r med mitt i en bok?\",\"acceptedAnswer\":{\"@type\":\"Answer\",\"text\":\"<p data-prosemirror-content-type=\\\"node\\\" data-prosemirror-node-name=\\\"paragraph\\\" data-prosemirror-node-block=\\\"true\\\" data-pm-slice=\\\"1 3 []\\\">Det beror p\\u00e5 var man b\\u00f6rjar:<\\\/p>\\n<ul class=\\\"ak-ul\\\" data-prosemirror-content-type=\\\"node\\\" data-prosemirror-node-name=\\\"bulletList\\\" data-prosemirror-node-block=\\\"true\\\">\\n<li data-prosemirror-content-type=\\\"node\\\" data-prosemirror-node-name=\\\"listItem\\\" data-prosemirror-node-block=\\\"true\\\">\\n<p data-prosemirror-content-type=\\\"node\\\" data-prosemirror-node-name=\\\"paragraph\\\" data-prosemirror-node-block=\\\"true\\\">Om du ansluter dig mitt i en bok kan du beh\\u00f6va en ny efter cirka tv\\u00e5 veckor.<\\\/p>\\n<\\\/li>\\n<li data-prosemirror-content-type=\\\"node\\\" data-prosemirror-node-name=\\\"listItem\\\" data-prosemirror-node-block=\\\"true\\\">\\n<p data-prosemirror-content-type=\\\"node\\\" data-prosemirror-node-name=\\\"paragraph\\\" data-prosemirror-node-block=\\\"true\\\">Om du ansluter dig i slutet kan du beh\\u00f6va en ny efter bara en vecka.<\\\/p>\\n<\\\/li>\\n<\\\/ul>\\n\"}},{\"@type\":\"Question\",\"name\":\"Hur mycket kostar en bok?\",\"acceptedAnswer\":{\"@type\":\"Answer\",\"text\":\"<p data-prosemirror-content-type=\\\"node\\\" data-prosemirror-node-name=\\\"paragraph\\\" data-prosemirror-node-block=\\\"true\\\" data-pm-slice=\\\"1 1 []\\\">Du hittar bokpriset i v\\u00e5r prislista eller s\\u00e5 kan du fr\\u00e5ga v\\u00e5rt team i receptionen om detaljer.<\\\/p>\\n\"}}]}<\/script>\n\t\t\t\t\t<\/div>\n\t\t\t\t\t\t<\/div>\n\t\t\t\t<\/div>\n\t\t\t\t\t<\/div>\n\t\t<\/div>\n\t\t\t\t\t<\/div>\n\t\t<\/section>\n\t\t\t\t<section class=\"elementor-section elementor-top-section elementor-element elementor-element-2774ff9 elementor-section-boxed elementor-section-height-default elementor-section-height-default\" data-id=\"2774ff9\" data-element_type=\"section\" data-e-type=\"section\">\n\t\t\t\t\t\t<div class=\"elementor-container elementor-column-gap-default\">\n\t\t\t\t\t<div class=\"elementor-column elementor-col-100 elementor-top-column elementor-element elementor-element-4d49583\" data-id=\"4d49583\" data-element_type=\"column\" data-e-type=\"column\">\n\t\t\t<div class=\"elementor-widget-wrap elementor-element-populated\">\n\t\t\t\t\t\t<div class=\"elementor-element elementor-element-d4b8237 elementor-widget elementor-widget-heading\" data-id=\"d4b8237\" data-element_type=\"widget\" data-e-type=\"widget\" data-widget_type=\"heading.default\">\n\t\t\t\t<div class=\"elementor-widget-container\">\n\t\t\t\t\t<h2 class=\"elementor-heading-title elementor-size-default\">Boende p\u00e5 Ibiza<\/h2>\t\t\t\t<\/div>\n\t\t\t\t<\/div>\n\t\t\t\t<div class=\"elementor-element elementor-element-0e26712 wd-accordion-theme-style elementor-widget elementor-widget-accordion\" data-id=\"0e26712\" data-element_type=\"widget\" data-e-type=\"widget\" data-widget_type=\"accordion.default\">\n\t\t\t\t<div class=\"elementor-widget-container\">\n\t\t\t\t\t\t\t<div class=\"elementor-accordion\">\n\t\t\t\t\t\t\t<div class=\"elementor-accordion-item\">\n\t\t\t\t\t<div id=\"elementor-tab-title-1481\" class=\"elementor-tab-title\" data-tab=\"1\" role=\"button\" aria-controls=\"elementor-tab-content-1481\" aria-expanded=\"false\">\n\t\t\t\t\t\t\t\t\t\t\t\t\t<span class=\"elementor-accordion-icon elementor-accordion-icon-right\" aria-hidden=\"true\">\n\t\t\t\t\t\t\t\t\t\t\t\t\t\t\t<span class=\"elementor-accordion-icon-closed\"><svg class=\"e-font-icon-svg e-fas-long-arrow-alt-right\" viewBox=\"0 0 448 512\" xmlns=\"http:\/\/www.w3.org\/2000\/svg\"><path d=\"M313.941 216H12c-6.627 0-12 5.373-12 12v56c0 6.627 5.373 12 12 12h301.941v46.059c0 21.382 25.851 32.09 40.971 16.971l86.059-86.059c9.373-9.373 9.373-24.569 0-33.941l-86.059-86.059c-15.119-15.119-40.971-4.411-40.971 16.971V216z\"><\/path><\/svg><\/span>\n\t\t\t\t\t\t\t\t<span class=\"elementor-accordion-icon-opened\"><svg class=\"e-font-icon-svg e-fas-long-arrow-alt-up\" viewBox=\"0 0 256 512\" xmlns=\"http:\/\/www.w3.org\/2000\/svg\"><path d=\"M88 166.059V468c0 6.627 5.373 12 12 12h56c6.627 0 12-5.373 12-12V166.059h46.059c21.382 0 32.09-25.851 16.971-40.971l-86.059-86.059c-9.373-9.373-24.569-9.373-33.941 0l-86.059 86.059c-15.119 15.119-4.411 40.971 16.971 40.971H88z\"><\/path><\/svg><\/span>\n\t\t\t\t\t\t\t\t\t\t\t\t\t\t<\/span>\n\t\t\t\t\t\t\t\t\t\t\t\t<a class=\"elementor-accordion-title\" tabindex=\"0\">Var \u00e4r l\u00e4genheterna bel\u00e4gna?<\/a>\n\t\t\t\t\t<\/div>\n\t\t\t\t\t<div id=\"elementor-tab-content-1481\" class=\"elementor-tab-content elementor-clearfix\" data-tab=\"1\" role=\"region\" aria-labelledby=\"elementor-tab-title-1481\"><p>Alla delade l\u00e4genheter \u00e4r vanligtvis inom centrum av Ibiza Town. Det \u00e4r litet och du kan enkelt g\u00e5 fr\u00e5n ena \u00e4nden till den andra p\u00e5 15-25 minuter. Cirka 3-4 dagar f\u00f6re ankomst kommer vi att bekr\u00e4fta den exakta adressen till din l\u00e4genhet.  <\/p>\n<\/div>\n\t\t\t\t<\/div>\n\t\t\t\t\t\t\t<div class=\"elementor-accordion-item\">\n\t\t\t\t\t<div id=\"elementor-tab-title-1482\" class=\"elementor-tab-title\" data-tab=\"2\" role=\"button\" aria-controls=\"elementor-tab-content-1482\" aria-expanded=\"false\">\n\t\t\t\t\t\t\t\t\t\t\t\t\t<span class=\"elementor-accordion-icon elementor-accordion-icon-right\" aria-hidden=\"true\">\n\t\t\t\t\t\t\t\t\t\t\t\t\t\t\t<span class=\"elementor-accordion-icon-closed\"><svg class=\"e-font-icon-svg e-fas-long-arrow-alt-right\" viewBox=\"0 0 448 512\" xmlns=\"http:\/\/www.w3.org\/2000\/svg\"><path d=\"M313.941 216H12c-6.627 0-12 5.373-12 12v56c0 6.627 5.373 12 12 12h301.941v46.059c0 21.382 25.851 32.09 40.971 16.971l86.059-86.059c9.373-9.373 9.373-24.569 0-33.941l-86.059-86.059c-15.119-15.119-40.971-4.411-40.971 16.971V216z\"><\/path><\/svg><\/span>\n\t\t\t\t\t\t\t\t<span class=\"elementor-accordion-icon-opened\"><svg class=\"e-font-icon-svg e-fas-long-arrow-alt-up\" viewBox=\"0 0 256 512\" xmlns=\"http:\/\/www.w3.org\/2000\/svg\"><path d=\"M88 166.059V468c0 6.627 5.373 12 12 12h56c6.627 0 12-5.373 12-12V166.059h46.059c21.382 0 32.09-25.851 16.971-40.971l-86.059-86.059c-9.373-9.373-24.569-9.373-33.941 0l-86.059 86.059c-15.119 15.119-4.411 40.971 16.971 40.971H88z\"><\/path><\/svg><\/span>\n\t\t\t\t\t\t\t\t\t\t\t\t\t\t<\/span>\n\t\t\t\t\t\t\t\t\t\t\t\t<a class=\"elementor-accordion-title\" tabindex=\"0\">Var \u00e4r l\u00e4genheterna bel\u00e4gna?<\/a>\n\t\t\t\t\t<\/div>\n\t\t\t\t\t<div id=\"elementor-tab-content-1482\" class=\"elementor-tab-content elementor-clearfix\" data-tab=\"2\" role=\"region\" aria-labelledby=\"elementor-tab-title-1482\"><p>Alla delade l\u00e4genheter \u00e4r vanligtvis inom centrum av Ibiza Town. Det \u00e4r litet och du kan enkelt g\u00e5 fr\u00e5n ena \u00e4nden till den andra p\u00e5 15-25 minuter. Cirka 3-4 dagar f\u00f6re ankomst kommer vi att bekr\u00e4fta den exakta adressen till din l\u00e4genhet.  <\/p>\n<\/div>\n\t\t\t\t<\/div>\n\t\t\t\t\t\t\t<div class=\"elementor-accordion-item\">\n\t\t\t\t\t<div id=\"elementor-tab-title-1483\" class=\"elementor-tab-title\" data-tab=\"3\" role=\"button\" aria-controls=\"elementor-tab-content-1483\" aria-expanded=\"false\">\n\t\t\t\t\t\t\t\t\t\t\t\t\t<span class=\"elementor-accordion-icon elementor-accordion-icon-right\" aria-hidden=\"true\">\n\t\t\t\t\t\t\t\t\t\t\t\t\t\t\t<span class=\"elementor-accordion-icon-closed\"><svg class=\"e-font-icon-svg e-fas-long-arrow-alt-right\" viewBox=\"0 0 448 512\" xmlns=\"http:\/\/www.w3.org\/2000\/svg\"><path d=\"M313.941 216H12c-6.627 0-12 5.373-12 12v56c0 6.627 5.373 12 12 12h301.941v46.059c0 21.382 25.851 32.09 40.971 16.971l86.059-86.059c9.373-9.373 9.373-24.569 0-33.941l-86.059-86.059c-15.119-15.119-40.971-4.411-40.971 16.971V216z\"><\/path><\/svg><\/span>\n\t\t\t\t\t\t\t\t<span class=\"elementor-accordion-icon-opened\"><svg class=\"e-font-icon-svg e-fas-long-arrow-alt-up\" viewBox=\"0 0 256 512\" xmlns=\"http:\/\/www.w3.org\/2000\/svg\"><path d=\"M88 166.059V468c0 6.627 5.373 12 12 12h56c6.627 0 12-5.373 12-12V166.059h46.059c21.382 0 32.09-25.851 16.971-40.971l-86.059-86.059c-9.373-9.373-24.569-9.373-33.941 0l-86.059 86.059c-15.119 15.119-4.411 40.971 16.971 40.971H88z\"><\/path><\/svg><\/span>\n\t\t\t\t\t\t\t\t\t\t\t\t\t\t<\/span>\n\t\t\t\t\t\t\t\t\t\t\t\t<a class=\"elementor-accordion-title\" tabindex=\"0\">N\u00e4r \u00e4r incheckning och utcheckning?<\/a>\n\t\t\t\t\t<\/div>\n\t\t\t\t\t<div id=\"elementor-tab-content-1483\" class=\"elementor-tab-content elementor-clearfix\" data-tab=\"3\" role=\"region\" aria-labelledby=\"elementor-tab-title-1483\"><p>Vistelsen i en delad l\u00e4genhet \u00e4r organiserad i veckoblock och incheckningen \u00e4r efter 18:00 p\u00e5 s\u00f6ndagar och utcheckningen \u00e4r kl. 11:00 p\u00e5 l\u00f6rdagar.<\/p>\n<\/div>\n\t\t\t\t<\/div>\n\t\t\t\t\t\t\t<div class=\"elementor-accordion-item\">\n\t\t\t\t\t<div id=\"elementor-tab-title-1484\" class=\"elementor-tab-title\" data-tab=\"4\" role=\"button\" aria-controls=\"elementor-tab-content-1484\" aria-expanded=\"false\">\n\t\t\t\t\t\t\t\t\t\t\t\t\t<span class=\"elementor-accordion-icon elementor-accordion-icon-right\" aria-hidden=\"true\">\n\t\t\t\t\t\t\t\t\t\t\t\t\t\t\t<span class=\"elementor-accordion-icon-closed\"><svg class=\"e-font-icon-svg e-fas-long-arrow-alt-right\" viewBox=\"0 0 448 512\" xmlns=\"http:\/\/www.w3.org\/2000\/svg\"><path d=\"M313.941 216H12c-6.627 0-12 5.373-12 12v56c0 6.627 5.373 12 12 12h301.941v46.059c0 21.382 25.851 32.09 40.971 16.971l86.059-86.059c9.373-9.373 9.373-24.569 0-33.941l-86.059-86.059c-15.119-15.119-40.971-4.411-40.971 16.971V216z\"><\/path><\/svg><\/span>\n\t\t\t\t\t\t\t\t<span class=\"elementor-accordion-icon-opened\"><svg class=\"e-font-icon-svg e-fas-long-arrow-alt-up\" viewBox=\"0 0 256 512\" xmlns=\"http:\/\/www.w3.org\/2000\/svg\"><path d=\"M88 166.059V468c0 6.627 5.373 12 12 12h56c6.627 0 12-5.373 12-12V166.059h46.059c21.382 0 32.09-25.851 16.971-40.971l-86.059-86.059c-9.373-9.373-24.569-9.373-33.941 0l-86.059 86.059c-15.119 15.119-4.411 40.971 16.971 40.971H88z\"><\/path><\/svg><\/span>\n\t\t\t\t\t\t\t\t\t\t\t\t\t\t<\/span>\n\t\t\t\t\t\t\t\t\t\t\t\t<a class=\"elementor-accordion-title\" tabindex=\"0\">Kan jag boka en extra natt?<\/a>\n\t\t\t\t\t<\/div>\n\t\t\t\t\t<div id=\"elementor-tab-content-1484\" class=\"elementor-tab-content elementor-clearfix\" data-tab=\"4\" role=\"region\" aria-labelledby=\"elementor-tab-title-1484\"><p>Ja, mot en extra kostnad \u00e4r det m\u00f6jligt att l\u00e4gga till en natt i b\u00f6rjan av din vistelse (fr\u00e5n l\u00f6rdag till s\u00f6ndag) eller i b\u00f6rjan av vistelsen (\u00e4ven fr\u00e5n l\u00f6rdag till s\u00f6ndag). Flygf\u00f6rbindelsen kan vara b\u00e4ttre eller helt enkelt billigare och vara anledningen till en extra natt. V\u00e4nligen fr\u00e5ga oss om tillg\u00e4nglighet eftersom det inte alltid \u00e4r m\u00f6jligt.  <\/p>\n<\/div>\n\t\t\t\t<\/div>\n\t\t\t\t\t\t\t<div class=\"elementor-accordion-item\">\n\t\t\t\t\t<div id=\"elementor-tab-title-1485\" class=\"elementor-tab-title\" data-tab=\"5\" role=\"button\" aria-controls=\"elementor-tab-content-1485\" aria-expanded=\"false\">\n\t\t\t\t\t\t\t\t\t\t\t\t\t<span class=\"elementor-accordion-icon elementor-accordion-icon-right\" aria-hidden=\"true\">\n\t\t\t\t\t\t\t\t\t\t\t\t\t\t\t<span class=\"elementor-accordion-icon-closed\"><svg class=\"e-font-icon-svg e-fas-long-arrow-alt-right\" viewBox=\"0 0 448 512\" xmlns=\"http:\/\/www.w3.org\/2000\/svg\"><path d=\"M313.941 216H12c-6.627 0-12 5.373-12 12v56c0 6.627 5.373 12 12 12h301.941v46.059c0 21.382 25.851 32.09 40.971 16.971l86.059-86.059c9.373-9.373 9.373-24.569 0-33.941l-86.059-86.059c-15.119-15.119-40.971-4.411-40.971 16.971V216z\"><\/path><\/svg><\/span>\n\t\t\t\t\t\t\t\t<span class=\"elementor-accordion-icon-opened\"><svg class=\"e-font-icon-svg e-fas-long-arrow-alt-up\" viewBox=\"0 0 256 512\" xmlns=\"http:\/\/www.w3.org\/2000\/svg\"><path d=\"M88 166.059V468c0 6.627 5.373 12 12 12h56c6.627 0 12-5.373 12-12V166.059h46.059c21.382 0 32.09-25.851 16.971-40.971l-86.059-86.059c-9.373-9.373-24.569-9.373-33.941 0l-86.059 86.059c-15.119 15.119-4.411 40.971 16.971 40.971H88z\"><\/path><\/svg><\/span>\n\t\t\t\t\t\t\t\t\t\t\t\t\t\t<\/span>\n\t\t\t\t\t\t\t\t\t\t\t\t<a class=\"elementor-accordion-title\" tabindex=\"0\">Hur gamla \u00e4r de andra i l\u00e4genheten?<\/a>\n\t\t\t\t\t<\/div>\n\t\t\t\t\t<div id=\"elementor-tab-content-1485\" class=\"elementor-tab-content elementor-clearfix\" data-tab=\"5\" role=\"region\" aria-labelledby=\"elementor-tab-title-1485\"><p>Vi f\u00f6rs\u00f6ker alltid att h\u00e5lla \u00e5ldern i varje l\u00e4genhet liknande. Det \u00e4r dock inte alltid m\u00f6jligt. Studenter mellan 18 och 17 \u00e5r kan hyra ett rum i en delad l\u00e4genhet, men i allm\u00e4nhet \u00e4r tanken att ha de yngre tillsammans och de \u00e4ldre tillsammans ocks\u00e5. \u00c4nd\u00e5 bevisar undantag regeln och det \u00e4r fortfarande en stor blandning av \u00e5ldrar och nationaliteter som g\u00f6r att du kan vara med likasinnade m\u00e4nniskor h\u00e4r p\u00e5 Ibiza.   <\/p>\n<\/div>\n\t\t\t\t<\/div>\n\t\t\t\t\t\t\t<div class=\"elementor-accordion-item\">\n\t\t\t\t\t<div id=\"elementor-tab-title-1486\" class=\"elementor-tab-title\" data-tab=\"6\" role=\"button\" aria-controls=\"elementor-tab-content-1486\" aria-expanded=\"false\">\n\t\t\t\t\t\t\t\t\t\t\t\t\t<span class=\"elementor-accordion-icon elementor-accordion-icon-right\" aria-hidden=\"true\">\n\t\t\t\t\t\t\t\t\t\t\t\t\t\t\t<span class=\"elementor-accordion-icon-closed\"><svg class=\"e-font-icon-svg e-fas-long-arrow-alt-right\" viewBox=\"0 0 448 512\" xmlns=\"http:\/\/www.w3.org\/2000\/svg\"><path d=\"M313.941 216H12c-6.627 0-12 5.373-12 12v56c0 6.627 5.373 12 12 12h301.941v46.059c0 21.382 25.851 32.09 40.971 16.971l86.059-86.059c9.373-9.373 9.373-24.569 0-33.941l-86.059-86.059c-15.119-15.119-40.971-4.411-40.971 16.971V216z\"><\/path><\/svg><\/span>\n\t\t\t\t\t\t\t\t<span class=\"elementor-accordion-icon-opened\"><svg class=\"e-font-icon-svg e-fas-long-arrow-alt-up\" viewBox=\"0 0 256 512\" xmlns=\"http:\/\/www.w3.org\/2000\/svg\"><path d=\"M88 166.059V468c0 6.627 5.373 12 12 12h56c6.627 0 12-5.373 12-12V166.059h46.059c21.382 0 32.09-25.851 16.971-40.971l-86.059-86.059c-9.373-9.373-24.569-9.373-33.941 0l-86.059 86.059c-15.119 15.119-4.411 40.971 16.971 40.971H88z\"><\/path><\/svg><\/span>\n\t\t\t\t\t\t\t\t\t\t\t\t\t\t<\/span>\n\t\t\t\t\t\t\t\t\t\t\t\t<a class=\"elementor-accordion-title\" tabindex=\"0\">Hur l\u00e5ngt i f\u00f6rv\u00e4g b\u00f6r jag g\u00f6ra bokningen?<\/a>\n\t\t\t\t\t<\/div>\n\t\t\t\t\t<div id=\"elementor-tab-content-1486\" class=\"elementor-tab-content elementor-clearfix\" data-tab=\"6\" role=\"region\" aria-labelledby=\"elementor-tab-title-1486\"><p>Under sommarm\u00e5naderna tenderar rummen att bokas mycket snabbt. Vi rekommenderar att du bokar minst 2 m\u00e5nader i f\u00f6rv\u00e4g. Om det \u00e4r mindre tid kvar kan det h\u00e4nda att det inte finns n\u00e5gon tillg\u00e4nglighet eller att vi bara kan erbjuda dig ett rum med l\u00e4gre specifikationer.  <\/p>\n<\/div>\n\t\t\t\t<\/div>\n\t\t\t\t\t\t\t<div class=\"elementor-accordion-item\">\n\t\t\t\t\t<div id=\"elementor-tab-title-1487\" class=\"elementor-tab-title\" data-tab=\"7\" role=\"button\" aria-controls=\"elementor-tab-content-1487\" aria-expanded=\"false\">\n\t\t\t\t\t\t\t\t\t\t\t\t\t<span class=\"elementor-accordion-icon elementor-accordion-icon-right\" aria-hidden=\"true\">\n\t\t\t\t\t\t\t\t\t\t\t\t\t\t\t<span class=\"elementor-accordion-icon-closed\"><svg class=\"e-font-icon-svg e-fas-long-arrow-alt-right\" viewBox=\"0 0 448 512\" xmlns=\"http:\/\/www.w3.org\/2000\/svg\"><path d=\"M313.941 216H12c-6.627 0-12 5.373-12 12v56c0 6.627 5.373 12 12 12h301.941v46.059c0 21.382 25.851 32.09 40.971 16.971l86.059-86.059c9.373-9.373 9.373-24.569 0-33.941l-86.059-86.059c-15.119-15.119-40.971-4.411-40.971 16.971V216z\"><\/path><\/svg><\/span>\n\t\t\t\t\t\t\t\t<span class=\"elementor-accordion-icon-opened\"><svg class=\"e-font-icon-svg e-fas-long-arrow-alt-up\" viewBox=\"0 0 256 512\" xmlns=\"http:\/\/www.w3.org\/2000\/svg\"><path d=\"M88 166.059V468c0 6.627 5.373 12 12 12h56c6.627 0 12-5.373 12-12V166.059h46.059c21.382 0 32.09-25.851 16.971-40.971l-86.059-86.059c-9.373-9.373-24.569-9.373-33.941 0l-86.059 86.059c-15.119 15.119-4.411 40.971 16.971 40.971H88z\"><\/path><\/svg><\/span>\n\t\t\t\t\t\t\t\t\t\t\t\t\t\t<\/span>\n\t\t\t\t\t\t\t\t\t\t\t\t<a class=\"elementor-accordion-title\" tabindex=\"0\">Finns det en internetanslutning?<\/a>\n\t\t\t\t\t<\/div>\n\t\t\t\t\t<div id=\"elementor-tab-content-1487\" class=\"elementor-tab-content elementor-clearfix\" data-tab=\"7\" role=\"region\" aria-labelledby=\"elementor-tab-title-1487\"><p>Ja, wifi ing\u00e5r i alla delade l\u00e4genheter.<\/p>\n<\/div>\n\t\t\t\t<\/div>\n\t\t\t\t\t\t\t<div class=\"elementor-accordion-item\">\n\t\t\t\t\t<div id=\"elementor-tab-title-1488\" class=\"elementor-tab-title\" data-tab=\"8\" role=\"button\" aria-controls=\"elementor-tab-content-1488\" aria-expanded=\"false\">\n\t\t\t\t\t\t\t\t\t\t\t\t\t<span class=\"elementor-accordion-icon elementor-accordion-icon-right\" aria-hidden=\"true\">\n\t\t\t\t\t\t\t\t\t\t\t\t\t\t\t<span class=\"elementor-accordion-icon-closed\"><svg class=\"e-font-icon-svg e-fas-long-arrow-alt-right\" viewBox=\"0 0 448 512\" xmlns=\"http:\/\/www.w3.org\/2000\/svg\"><path d=\"M313.941 216H12c-6.627 0-12 5.373-12 12v56c0 6.627 5.373 12 12 12h301.941v46.059c0 21.382 25.851 32.09 40.971 16.971l86.059-86.059c9.373-9.373 9.373-24.569 0-33.941l-86.059-86.059c-15.119-15.119-40.971-4.411-40.971 16.971V216z\"><\/path><\/svg><\/span>\n\t\t\t\t\t\t\t\t<span class=\"elementor-accordion-icon-opened\"><svg class=\"e-font-icon-svg e-fas-long-arrow-alt-up\" viewBox=\"0 0 256 512\" xmlns=\"http:\/\/www.w3.org\/2000\/svg\"><path d=\"M88 166.059V468c0 6.627 5.373 12 12 12h56c6.627 0 12-5.373 12-12V166.059h46.059c21.382 0 32.09-25.851 16.971-40.971l-86.059-86.059c-9.373-9.373-24.569-9.373-33.941 0l-86.059 86.059c-15.119 15.119-4.411 40.971 16.971 40.971H88z\"><\/path><\/svg><\/span>\n\t\t\t\t\t\t\t\t\t\t\t\t\t\t<\/span>\n\t\t\t\t\t\t\t\t\t\t\t\t<a class=\"elementor-accordion-title\" tabindex=\"0\">Hur m\u00e5nga personer bor i en l\u00e4genhet?<\/a>\n\t\t\t\t\t<\/div>\n\t\t\t\t\t<div id=\"elementor-tab-content-1488\" class=\"elementor-tab-content elementor-clearfix\" data-tab=\"8\" role=\"region\" aria-labelledby=\"elementor-tab-title-1488\"><p>Vanligtvis bor mellan 4 och 7 studenter i en l\u00e4genhet.<\/p>\n<\/div>\n\t\t\t\t<\/div>\n\t\t\t\t\t\t\t<div class=\"elementor-accordion-item\">\n\t\t\t\t\t<div id=\"elementor-tab-title-1489\" class=\"elementor-tab-title\" data-tab=\"9\" role=\"button\" aria-controls=\"elementor-tab-content-1489\" aria-expanded=\"false\">\n\t\t\t\t\t\t\t\t\t\t\t\t\t<span class=\"elementor-accordion-icon elementor-accordion-icon-right\" aria-hidden=\"true\">\n\t\t\t\t\t\t\t\t\t\t\t\t\t\t\t<span class=\"elementor-accordion-icon-closed\"><svg class=\"e-font-icon-svg e-fas-long-arrow-alt-right\" viewBox=\"0 0 448 512\" xmlns=\"http:\/\/www.w3.org\/2000\/svg\"><path d=\"M313.941 216H12c-6.627 0-12 5.373-12 12v56c0 6.627 5.373 12 12 12h301.941v46.059c0 21.382 25.851 32.09 40.971 16.971l86.059-86.059c9.373-9.373 9.373-24.569 0-33.941l-86.059-86.059c-15.119-15.119-40.971-4.411-40.971 16.971V216z\"><\/path><\/svg><\/span>\n\t\t\t\t\t\t\t\t<span class=\"elementor-accordion-icon-opened\"><svg class=\"e-font-icon-svg e-fas-long-arrow-alt-up\" viewBox=\"0 0 256 512\" xmlns=\"http:\/\/www.w3.org\/2000\/svg\"><path d=\"M88 166.059V468c0 6.627 5.373 12 12 12h56c6.627 0 12-5.373 12-12V166.059h46.059c21.382 0 32.09-25.851 16.971-40.971l-86.059-86.059c-9.373-9.373-24.569-9.373-33.941 0l-86.059 86.059c-15.119 15.119-4.411 40.971 16.971 40.971H88z\"><\/path><\/svg><\/span>\n\t\t\t\t\t\t\t\t\t\t\t\t\t\t<\/span>\n\t\t\t\t\t\t\t\t\t\t\t\t<a class=\"elementor-accordion-title\" tabindex=\"0\">Kan jag f\u00e5 ett eget badrum?<\/a>\n\t\t\t\t\t<\/div>\n\t\t\t\t\t<div id=\"elementor-tab-content-1489\" class=\"elementor-tab-content elementor-clearfix\" data-tab=\"9\" role=\"region\" aria-labelledby=\"elementor-tab-title-1489\"><p>Ja, mot en till\u00e4ggsavgift. Be oss om en offert och observera att tillg\u00e4ngligheten \u00e4r mycket begr\u00e4nsad. <\/p>\n<\/div>\n\t\t\t\t<\/div>\n\t\t\t\t\t\t\t<div class=\"elementor-accordion-item\">\n\t\t\t\t\t<div id=\"elementor-tab-title-14810\" class=\"elementor-tab-title\" data-tab=\"10\" role=\"button\" aria-controls=\"elementor-tab-content-14810\" aria-expanded=\"false\">\n\t\t\t\t\t\t\t\t\t\t\t\t\t<span class=\"elementor-accordion-icon elementor-accordion-icon-right\" aria-hidden=\"true\">\n\t\t\t\t\t\t\t\t\t\t\t\t\t\t\t<span class=\"elementor-accordion-icon-closed\"><svg class=\"e-font-icon-svg e-fas-long-arrow-alt-right\" viewBox=\"0 0 448 512\" xmlns=\"http:\/\/www.w3.org\/2000\/svg\"><path d=\"M313.941 216H12c-6.627 0-12 5.373-12 12v56c0 6.627 5.373 12 12 12h301.941v46.059c0 21.382 25.851 32.09 40.971 16.971l86.059-86.059c9.373-9.373 9.373-24.569 0-33.941l-86.059-86.059c-15.119-15.119-40.971-4.411-40.971 16.971V216z\"><\/path><\/svg><\/span>\n\t\t\t\t\t\t\t\t<span class=\"elementor-accordion-icon-opened\"><svg class=\"e-font-icon-svg e-fas-long-arrow-alt-up\" viewBox=\"0 0 256 512\" xmlns=\"http:\/\/www.w3.org\/2000\/svg\"><path d=\"M88 166.059V468c0 6.627 5.373 12 12 12h56c6.627 0 12-5.373 12-12V166.059h46.059c21.382 0 32.09-25.851 16.971-40.971l-86.059-86.059c-9.373-9.373-24.569-9.373-33.941 0l-86.059 86.059c-15.119 15.119-4.411 40.971 16.971 40.971H88z\"><\/path><\/svg><\/span>\n\t\t\t\t\t\t\t\t\t\t\t\t\t\t<\/span>\n\t\t\t\t\t\t\t\t\t\t\t\t<a class=\"elementor-accordion-title\" tabindex=\"0\">Vad \u00e4r depositionen f\u00f6r skador f\u00f6r?<\/a>\n\t\t\t\t\t<\/div>\n\t\t\t\t\t<div id=\"elementor-tab-content-14810\" class=\"elementor-tab-content elementor-clearfix\" data-tab=\"10\" role=\"region\" aria-labelledby=\"elementor-tab-title-14810\"><p>Den har olika funktioner:<\/p>\n<ol>\n<li>F\u00f6r att reservera ditt rum. Du kommer att g\u00f6ra balansbetalningen f\u00f6re din ankomst. <\/li>\n<li>F\u00f6r att t\u00e4cka sm\u00e5 skador, t.ex. saknade handdukar eller n\u00e5got trasigt.<\/li>\n<li>F\u00f6r att se till att alla passagerare f\u00f6ljer hjulen. Dessa \u00e4r: Att l\u00e4mna rummet i samma skick som du fann det vid ankomsten. Att l\u00e4mna nyckeln i den avsedda postl\u00e5dan n\u00e4r du checkar ut  <\/li>\n<\/ol>\n<p>Att f\u00f6lja reglerna f\u00f6r att leva tillsammans v\u00e4l om buller, st\u00e4dning etc. Skadedepositionen kommer att \u00e5terbetalas inom 7 dagar efter utcheckning via bank\u00f6verf\u00f6ring. <\/p>\n<\/div>\n\t\t\t\t<\/div>\n\t\t\t\t\t\t\t<div class=\"elementor-accordion-item\">\n\t\t\t\t\t<div id=\"elementor-tab-title-14811\" class=\"elementor-tab-title\" data-tab=\"11\" role=\"button\" aria-controls=\"elementor-tab-content-14811\" aria-expanded=\"false\">\n\t\t\t\t\t\t\t\t\t\t\t\t\t<span class=\"elementor-accordion-icon elementor-accordion-icon-right\" aria-hidden=\"true\">\n\t\t\t\t\t\t\t\t\t\t\t\t\t\t\t<span class=\"elementor-accordion-icon-closed\"><svg class=\"e-font-icon-svg e-fas-long-arrow-alt-right\" viewBox=\"0 0 448 512\" xmlns=\"http:\/\/www.w3.org\/2000\/svg\"><path d=\"M313.941 216H12c-6.627 0-12 5.373-12 12v56c0 6.627 5.373 12 12 12h301.941v46.059c0 21.382 25.851 32.09 40.971 16.971l86.059-86.059c9.373-9.373 9.373-24.569 0-33.941l-86.059-86.059c-15.119-15.119-40.971-4.411-40.971 16.971V216z\"><\/path><\/svg><\/span>\n\t\t\t\t\t\t\t\t<span class=\"elementor-accordion-icon-opened\"><svg class=\"e-font-icon-svg e-fas-long-arrow-alt-up\" viewBox=\"0 0 256 512\" xmlns=\"http:\/\/www.w3.org\/2000\/svg\"><path d=\"M88 166.059V468c0 6.627 5.373 12 12 12h56c6.627 0 12-5.373 12-12V166.059h46.059c21.382 0 32.09-25.851 16.971-40.971l-86.059-86.059c-9.373-9.373-24.569-9.373-33.941 0l-86.059 86.059c-15.119 15.119-4.411 40.971 16.971 40.971H88z\"><\/path><\/svg><\/span>\n\t\t\t\t\t\t\t\t\t\t\t\t\t\t<\/span>\n\t\t\t\t\t\t\t\t\t\t\t\t<a class=\"elementor-accordion-title\" tabindex=\"0\">T\u00e4nk om jag inte gillar det?<\/a>\n\t\t\t\t\t<\/div>\n\t\t\t\t\t<div id=\"elementor-tab-content-14811\" class=\"elementor-tab-content elementor-clearfix\" data-tab=\"11\" role=\"region\" aria-labelledby=\"elementor-tab-title-14811\"><p>Om det finns ett annat rum ledigt kan du ta en titt p\u00e5 det och om du gillar det kan du byta. Bytet kan endast ske p\u00e5 helger och aldrig under veckan och det har en extra \u00e4ndringsavgift p\u00e5 \u20ac 45. F\u00f6r alla andra fall till\u00e4mpar vi v\u00e5ra avbokningsavgifter. Det \u00e4r inte m\u00f6jligt att f\u00e5 n\u00e5gon \u00e5terbetalning n\u00e4r din vistelse har b\u00f6rjat.   <\/p>\n<\/div>\n\t\t\t\t<\/div>\n\t\t\t\t\t\t\t\t\t\t<script type=\"application\/ld+json\">{\"@context\":\"https:\\\/\\\/schema.org\",\"@type\":\"FAQPage\",\"mainEntity\":[{\"@type\":\"Question\",\"name\":\"Var \\u00e4r l\\u00e4genheterna bel\\u00e4gna?\",\"acceptedAnswer\":{\"@type\":\"Answer\",\"text\":\"<p>Alla delade l\\u00e4genheter \\u00e4r vanligtvis inom centrum av Ibiza Town. Det \\u00e4r litet och du kan enkelt g\\u00e5 fr\\u00e5n ena \\u00e4nden till den andra p\\u00e5 15-25 minuter. Cirka 3-4 dagar f\\u00f6re ankomst kommer vi att bekr\\u00e4fta den exakta adressen till din l\\u00e4genhet.  <\\\/p>\\n\"}},{\"@type\":\"Question\",\"name\":\"Var \\u00e4r l\\u00e4genheterna bel\\u00e4gna?\",\"acceptedAnswer\":{\"@type\":\"Answer\",\"text\":\"<p>Alla delade l\\u00e4genheter \\u00e4r vanligtvis inom centrum av Ibiza Town. Det \\u00e4r litet och du kan enkelt g\\u00e5 fr\\u00e5n ena \\u00e4nden till den andra p\\u00e5 15-25 minuter. Cirka 3-4 dagar f\\u00f6re ankomst kommer vi att bekr\\u00e4fta den exakta adressen till din l\\u00e4genhet.  <\\\/p>\\n\"}},{\"@type\":\"Question\",\"name\":\"N\\u00e4r \\u00e4r incheckning och utcheckning?\",\"acceptedAnswer\":{\"@type\":\"Answer\",\"text\":\"<p>Vistelsen i en delad l\\u00e4genhet \\u00e4r organiserad i veckoblock och incheckningen \\u00e4r efter 18:00 p\\u00e5 s\\u00f6ndagar och utcheckningen \\u00e4r kl. 11:00 p\\u00e5 l\\u00f6rdagar.<\\\/p>\\n\"}},{\"@type\":\"Question\",\"name\":\"Kan jag boka en extra natt?\",\"acceptedAnswer\":{\"@type\":\"Answer\",\"text\":\"<p>Ja, mot en extra kostnad \\u00e4r det m\\u00f6jligt att l\\u00e4gga till en natt i b\\u00f6rjan av din vistelse (fr\\u00e5n l\\u00f6rdag till s\\u00f6ndag) eller i b\\u00f6rjan av vistelsen (\\u00e4ven fr\\u00e5n l\\u00f6rdag till s\\u00f6ndag). Flygf\\u00f6rbindelsen kan vara b\\u00e4ttre eller helt enkelt billigare och vara anledningen till en extra natt. V\\u00e4nligen fr\\u00e5ga oss om tillg\\u00e4nglighet eftersom det inte alltid \\u00e4r m\\u00f6jligt.  <\\\/p>\\n\"}},{\"@type\":\"Question\",\"name\":\"Hur gamla \\u00e4r de andra i l\\u00e4genheten?\",\"acceptedAnswer\":{\"@type\":\"Answer\",\"text\":\"<p>Vi f\\u00f6rs\\u00f6ker alltid att h\\u00e5lla \\u00e5ldern i varje l\\u00e4genhet liknande. Det \\u00e4r dock inte alltid m\\u00f6jligt. Studenter mellan 18 och 17 \\u00e5r kan hyra ett rum i en delad l\\u00e4genhet, men i allm\\u00e4nhet \\u00e4r tanken att ha de yngre tillsammans och de \\u00e4ldre tillsammans ocks\\u00e5. \\u00c4nd\\u00e5 bevisar undantag regeln och det \\u00e4r fortfarande en stor blandning av \\u00e5ldrar och nationaliteter som g\\u00f6r att du kan vara med likasinnade m\\u00e4nniskor h\\u00e4r p\\u00e5 Ibiza.   <\\\/p>\\n\"}},{\"@type\":\"Question\",\"name\":\"Hur l\\u00e5ngt i f\\u00f6rv\\u00e4g b\\u00f6r jag g\\u00f6ra bokningen?\",\"acceptedAnswer\":{\"@type\":\"Answer\",\"text\":\"<p>Under sommarm\\u00e5naderna tenderar rummen att bokas mycket snabbt. Vi rekommenderar att du bokar minst 2 m\\u00e5nader i f\\u00f6rv\\u00e4g. Om det \\u00e4r mindre tid kvar kan det h\\u00e4nda att det inte finns n\\u00e5gon tillg\\u00e4nglighet eller att vi bara kan erbjuda dig ett rum med l\\u00e4gre specifikationer.  <\\\/p>\\n\"}},{\"@type\":\"Question\",\"name\":\"Finns det en internetanslutning?\",\"acceptedAnswer\":{\"@type\":\"Answer\",\"text\":\"<p>Ja, wifi ing\\u00e5r i alla delade l\\u00e4genheter.<\\\/p>\\n\"}},{\"@type\":\"Question\",\"name\":\"Hur m\\u00e5nga personer bor i en l\\u00e4genhet?\",\"acceptedAnswer\":{\"@type\":\"Answer\",\"text\":\"<p>Vanligtvis bor mellan 4 och 7 studenter i en l\\u00e4genhet.<\\\/p>\\n\"}},{\"@type\":\"Question\",\"name\":\"Kan jag f\\u00e5 ett eget badrum?\",\"acceptedAnswer\":{\"@type\":\"Answer\",\"text\":\"<p>Ja, mot en till\\u00e4ggsavgift. Be oss om en offert och observera att tillg\\u00e4ngligheten \\u00e4r mycket begr\\u00e4nsad. <\\\/p>\\n\"}},{\"@type\":\"Question\",\"name\":\"Vad \\u00e4r depositionen f\\u00f6r skador f\\u00f6r?\",\"acceptedAnswer\":{\"@type\":\"Answer\",\"text\":\"<p>Den har olika funktioner:<\\\/p>\\n<ol>\\n<li>F\\u00f6r att reservera ditt rum. Du kommer att g\\u00f6ra balansbetalningen f\\u00f6re din ankomst. <\\\/li>\\n<li>F\\u00f6r att t\\u00e4cka sm\\u00e5 skador, t.ex. saknade handdukar eller n\\u00e5got trasigt.<\\\/li>\\n<li>F\\u00f6r att se till att alla passagerare f\\u00f6ljer hjulen. Dessa \\u00e4r: Att l\\u00e4mna rummet i samma skick som du fann det vid ankomsten. Att l\\u00e4mna nyckeln i den avsedda postl\\u00e5dan n\\u00e4r du checkar ut  <\\\/li>\\n<\\\/ol>\\n<p>Att f\\u00f6lja reglerna f\\u00f6r att leva tillsammans v\\u00e4l om buller, st\\u00e4dning etc. Skadedepositionen kommer att \\u00e5terbetalas inom 7 dagar efter utcheckning via bank\\u00f6verf\\u00f6ring. <\\\/p>\\n\"}},{\"@type\":\"Question\",\"name\":\"T\\u00e4nk om jag inte gillar det?\",\"acceptedAnswer\":{\"@type\":\"Answer\",\"text\":\"<p>Om det finns ett annat rum ledigt kan du ta en titt p\\u00e5 det och om du gillar det kan du byta. Bytet kan endast ske p\\u00e5 helger och aldrig under veckan och det har en extra \\u00e4ndringsavgift p\\u00e5 \\u20ac 45. F\\u00f6r alla andra fall till\\u00e4mpar vi v\\u00e5ra avbokningsavgifter. Det \\u00e4r inte m\\u00f6jligt att f\\u00e5 n\\u00e5gon \\u00e5terbetalning n\\u00e4r din vistelse har b\\u00f6rjat.   <\\\/p>\\n\"}}]}<\/script>\n\t\t\t\t\t<\/div>\n\t\t\t\t\t\t<\/div>\n\t\t\t\t<\/div>\n\t\t\t\t\t<\/div>\n\t\t<\/div>\n\t\t\t\t\t<\/div>\n\t\t<\/section>\n\t\t\t\t<section class=\"elementor-section elementor-top-section elementor-element elementor-element-140bac7 elementor-section-boxed elementor-section-height-default elementor-section-height-default\" data-id=\"140bac7\" data-element_type=\"section\" data-e-type=\"section\">\n\t\t\t\t\t\t<div class=\"elementor-container elementor-column-gap-default\">\n\t\t\t\t\t<div class=\"elementor-column elementor-col-100 elementor-top-column elementor-element elementor-element-c2dcc23\" data-id=\"c2dcc23\" data-element_type=\"column\" data-e-type=\"column\">\n\t\t\t<div class=\"elementor-widget-wrap elementor-element-populated\">\n\t\t\t\t\t\t<div class=\"elementor-element elementor-element-33c9fdc elementor-widget elementor-widget-heading\" data-id=\"33c9fdc\" data-element_type=\"widget\" data-e-type=\"widget\" data-widget_type=\"heading.default\">\n\t\t\t\t<div class=\"elementor-widget-container\">\n\t\t\t\t\t<h2 class=\"elementor-heading-title elementor-size-default\">Boende p\u00e5 Mallorca<\/h2>\t\t\t\t<\/div>\n\t\t\t\t<\/div>\n\t\t\t\t<div class=\"elementor-element elementor-element-6546852 wd-accordion-theme-style elementor-widget elementor-widget-accordion\" data-id=\"6546852\" data-element_type=\"widget\" data-e-type=\"widget\" data-widget_type=\"accordion.default\">\n\t\t\t\t<div class=\"elementor-widget-container\">\n\t\t\t\t\t\t\t<div class=\"elementor-accordion\">\n\t\t\t\t\t\t\t<div class=\"elementor-accordion-item\">\n\t\t\t\t\t<div id=\"elementor-tab-title-1061\" class=\"elementor-tab-title\" data-tab=\"1\" role=\"button\" aria-controls=\"elementor-tab-content-1061\" aria-expanded=\"false\">\n\t\t\t\t\t\t\t\t\t\t\t\t\t<span class=\"elementor-accordion-icon elementor-accordion-icon-right\" aria-hidden=\"true\">\n\t\t\t\t\t\t\t\t\t\t\t\t\t\t\t<span class=\"elementor-accordion-icon-closed\"><svg class=\"e-font-icon-svg e-fas-long-arrow-alt-right\" viewBox=\"0 0 448 512\" xmlns=\"http:\/\/www.w3.org\/2000\/svg\"><path d=\"M313.941 216H12c-6.627 0-12 5.373-12 12v56c0 6.627 5.373 12 12 12h301.941v46.059c0 21.382 25.851 32.09 40.971 16.971l86.059-86.059c9.373-9.373 9.373-24.569 0-33.941l-86.059-86.059c-15.119-15.119-40.971-4.411-40.971 16.971V216z\"><\/path><\/svg><\/span>\n\t\t\t\t\t\t\t\t<span class=\"elementor-accordion-icon-opened\"><svg class=\"e-font-icon-svg e-fas-long-arrow-alt-up\" viewBox=\"0 0 256 512\" xmlns=\"http:\/\/www.w3.org\/2000\/svg\"><path d=\"M88 166.059V468c0 6.627 5.373 12 12 12h56c6.627 0 12-5.373 12-12V166.059h46.059c21.382 0 32.09-25.851 16.971-40.971l-86.059-86.059c-9.373-9.373-24.569-9.373-33.941 0l-86.059 86.059c-15.119 15.119-4.411 40.971 16.971 40.971H88z\"><\/path><\/svg><\/span>\n\t\t\t\t\t\t\t\t\t\t\t\t\t\t<\/span>\n\t\t\t\t\t\t\t\t\t\t\t\t<a class=\"elementor-accordion-title\" tabindex=\"0\">Var \u00e4r v\u00e4rdfamiljerna bel\u00e4gna?<\/a>\n\t\t\t\t\t<\/div>\n\t\t\t\t\t<div id=\"elementor-tab-content-1061\" class=\"elementor-tab-content elementor-clearfix\" data-tab=\"1\" role=\"region\" aria-labelledby=\"elementor-tab-title-1061\"><p><span class=\"OYPEnA font-feature-liga-off font-feature-clig-off font-feature-calt-off text-decoration-none text-strikethrough-none\">I Palma de Mallorca eller i n\u00e4rheten, i lugna bostadsomr\u00e5den, ibland n\u00e4ra stadsk\u00e4rnan och ibland i helt lugna omr\u00e5den med bara bostadshus<\/span><\/p>\n<\/div>\n\t\t\t\t<\/div>\n\t\t\t\t\t\t\t<div class=\"elementor-accordion-item\">\n\t\t\t\t\t<div id=\"elementor-tab-title-1062\" class=\"elementor-tab-title\" data-tab=\"2\" role=\"button\" aria-controls=\"elementor-tab-content-1062\" aria-expanded=\"false\">\n\t\t\t\t\t\t\t\t\t\t\t\t\t<span class=\"elementor-accordion-icon elementor-accordion-icon-right\" aria-hidden=\"true\">\n\t\t\t\t\t\t\t\t\t\t\t\t\t\t\t<span class=\"elementor-accordion-icon-closed\"><svg class=\"e-font-icon-svg e-fas-long-arrow-alt-right\" viewBox=\"0 0 448 512\" xmlns=\"http:\/\/www.w3.org\/2000\/svg\"><path d=\"M313.941 216H12c-6.627 0-12 5.373-12 12v56c0 6.627 5.373 12 12 12h301.941v46.059c0 21.382 25.851 32.09 40.971 16.971l86.059-86.059c9.373-9.373 9.373-24.569 0-33.941l-86.059-86.059c-15.119-15.119-40.971-4.411-40.971 16.971V216z\"><\/path><\/svg><\/span>\n\t\t\t\t\t\t\t\t<span class=\"elementor-accordion-icon-opened\"><svg class=\"e-font-icon-svg e-fas-long-arrow-alt-up\" viewBox=\"0 0 256 512\" xmlns=\"http:\/\/www.w3.org\/2000\/svg\"><path d=\"M88 166.059V468c0 6.627 5.373 12 12 12h56c6.627 0 12-5.373 12-12V166.059h46.059c21.382 0 32.09-25.851 16.971-40.971l-86.059-86.059c-9.373-9.373-24.569-9.373-33.941 0l-86.059 86.059c-15.119 15.119-4.411 40.971 16.971 40.971H88z\"><\/path><\/svg><\/span>\n\t\t\t\t\t\t\t\t\t\t\t\t\t\t<\/span>\n\t\t\t\t\t\t\t\t\t\t\t\t<a class=\"elementor-accordion-title\" tabindex=\"0\">Var \u00e4r v\u00e4rdfamiljerna bel\u00e4gna?<\/a>\n\t\t\t\t\t<\/div>\n\t\t\t\t\t<div id=\"elementor-tab-content-1062\" class=\"elementor-tab-content elementor-clearfix\" data-tab=\"2\" role=\"region\" aria-labelledby=\"elementor-tab-title-1062\"><p><span class=\"OYPEnA font-feature-liga-off font-feature-clig-off font-feature-calt-off text-decoration-none text-strikethrough-none\">I Palma de Mallorca eller i n\u00e4rheten, i lugna bostadsomr\u00e5den, ibland n\u00e4ra stadsk\u00e4rnan och ibland i helt lugna omr\u00e5den med bara bostadshus.<\/span><\/p>\n<\/div>\n\t\t\t\t<\/div>\n\t\t\t\t\t\t\t<div class=\"elementor-accordion-item\">\n\t\t\t\t\t<div id=\"elementor-tab-title-1063\" class=\"elementor-tab-title\" data-tab=\"3\" role=\"button\" aria-controls=\"elementor-tab-content-1063\" aria-expanded=\"false\">\n\t\t\t\t\t\t\t\t\t\t\t\t\t<span class=\"elementor-accordion-icon elementor-accordion-icon-right\" aria-hidden=\"true\">\n\t\t\t\t\t\t\t\t\t\t\t\t\t\t\t<span class=\"elementor-accordion-icon-closed\"><svg class=\"e-font-icon-svg e-fas-long-arrow-alt-right\" viewBox=\"0 0 448 512\" xmlns=\"http:\/\/www.w3.org\/2000\/svg\"><path d=\"M313.941 216H12c-6.627 0-12 5.373-12 12v56c0 6.627 5.373 12 12 12h301.941v46.059c0 21.382 25.851 32.09 40.971 16.971l86.059-86.059c9.373-9.373 9.373-24.569 0-33.941l-86.059-86.059c-15.119-15.119-40.971-4.411-40.971 16.971V216z\"><\/path><\/svg><\/span>\n\t\t\t\t\t\t\t\t<span class=\"elementor-accordion-icon-opened\"><svg class=\"e-font-icon-svg e-fas-long-arrow-alt-up\" viewBox=\"0 0 256 512\" xmlns=\"http:\/\/www.w3.org\/2000\/svg\"><path d=\"M88 166.059V468c0 6.627 5.373 12 12 12h56c6.627 0 12-5.373 12-12V166.059h46.059c21.382 0 32.09-25.851 16.971-40.971l-86.059-86.059c-9.373-9.373-24.569-9.373-33.941 0l-86.059 86.059c-15.119 15.119-4.411 40.971 16.971 40.971H88z\"><\/path><\/svg><\/span>\n\t\t\t\t\t\t\t\t\t\t\t\t\t\t<\/span>\n\t\t\t\t\t\t\t\t\t\t\t\t<a class=\"elementor-accordion-title\" tabindex=\"0\">N\u00e4r \u00e4r incheckning och utcheckning?<\/a>\n\t\t\t\t\t<\/div>\n\t\t\t\t\t<div id=\"elementor-tab-content-1063\" class=\"elementor-tab-content elementor-clearfix\" data-tab=\"3\" role=\"region\" aria-labelledby=\"elementor-tab-title-1063\"><ul>\n<li><span class=\"OYPEnA font-feature-liga-off font-feature-clig-off font-feature-calt-off text-decoration-none text-strikethrough-none\">Veckovisa vistelser: <\/span><span class=\"OYPEnA font-feature-liga-off font-feature-clig-off font-feature-calt-off text-decoration-none text-strikethrough-none\">Incheckning efter kl. 16.00 p\u00e5 s\u00f6ndagar, utcheckning senast kl. 11.00 p\u00e5 l\u00f6rdagar.<\/span><\/li>\n<li><span class=\"OYPEnA font-feature-liga-off font-feature-clig-off font-feature-calt-off text-decoration-none text-strikethrough-none\">Extra n\u00e4tter: <\/span><span class=\"OYPEnA font-feature-liga-off font-feature-clig-off font-feature-calt-off text-decoration-none text-strikethrough-none\">Tillhandah\u00e5lls mot en extra kostnad, i m\u00e5n av tillg\u00e5ng.<\/span><\/li>\n<li><span class=\"OYPEnA font-feature-liga-off font-feature-clig-off font-feature-calt-off text-decoration-none text-strikethrough-none\">\u00c4ndring av rum: Endast m\u00f6jligt p\u00e5 helger, mot en avgift f\u00f6r byte av rum<\/span><\/li>\n<\/ul>\n<\/div>\n\t\t\t\t<\/div>\n\t\t\t\t\t\t\t<div class=\"elementor-accordion-item\">\n\t\t\t\t\t<div id=\"elementor-tab-title-1064\" class=\"elementor-tab-title\" data-tab=\"4\" role=\"button\" aria-controls=\"elementor-tab-content-1064\" aria-expanded=\"false\">\n\t\t\t\t\t\t\t\t\t\t\t\t\t<span class=\"elementor-accordion-icon elementor-accordion-icon-right\" aria-hidden=\"true\">\n\t\t\t\t\t\t\t\t\t\t\t\t\t\t\t<span class=\"elementor-accordion-icon-closed\"><svg class=\"e-font-icon-svg e-fas-long-arrow-alt-right\" viewBox=\"0 0 448 512\" xmlns=\"http:\/\/www.w3.org\/2000\/svg\"><path d=\"M313.941 216H12c-6.627 0-12 5.373-12 12v56c0 6.627 5.373 12 12 12h301.941v46.059c0 21.382 25.851 32.09 40.971 16.971l86.059-86.059c9.373-9.373 9.373-24.569 0-33.941l-86.059-86.059c-15.119-15.119-40.971-4.411-40.971 16.971V216z\"><\/path><\/svg><\/span>\n\t\t\t\t\t\t\t\t<span class=\"elementor-accordion-icon-opened\"><svg class=\"e-font-icon-svg e-fas-long-arrow-alt-up\" viewBox=\"0 0 256 512\" xmlns=\"http:\/\/www.w3.org\/2000\/svg\"><path d=\"M88 166.059V468c0 6.627 5.373 12 12 12h56c6.627 0 12-5.373 12-12V166.059h46.059c21.382 0 32.09-25.851 16.971-40.971l-86.059-86.059c-9.373-9.373-24.569-9.373-33.941 0l-86.059 86.059c-15.119 15.119-4.411 40.971 16.971 40.971H88z\"><\/path><\/svg><\/span>\n\t\t\t\t\t\t\t\t\t\t\t\t\t\t<\/span>\n\t\t\t\t\t\t\t\t\t\t\t\t<a class=\"elementor-accordion-title\" tabindex=\"0\">Hur l\u00e5ngt i f\u00f6rv\u00e4g b\u00f6r jag g\u00f6ra bokningen?<\/a>\n\t\t\t\t\t<\/div>\n\t\t\t\t\t<div id=\"elementor-tab-content-1064\" class=\"elementor-tab-content elementor-clearfix\" data-tab=\"4\" role=\"region\" aria-labelledby=\"elementor-tab-title-1064\"><p>Under sommarm\u00e5naderna tenderar rummen att bokas mycket snabbt. Vi rekommenderar att du bokar minst 2 m\u00e5nader i f\u00f6rv\u00e4g. Om det \u00e4r mindre tid kvar kan det h\u00e4nda att det inte finns n\u00e5gon tillg\u00e4nglighet eller att vi bara kan erbjuda dig ett rum med l\u00e4gre specifikationer.  <\/p>\n<\/div>\n\t\t\t\t<\/div>\n\t\t\t\t\t\t\t<div class=\"elementor-accordion-item\">\n\t\t\t\t\t<div id=\"elementor-tab-title-1065\" class=\"elementor-tab-title\" data-tab=\"5\" role=\"button\" aria-controls=\"elementor-tab-content-1065\" aria-expanded=\"false\">\n\t\t\t\t\t\t\t\t\t\t\t\t\t<span class=\"elementor-accordion-icon elementor-accordion-icon-right\" aria-hidden=\"true\">\n\t\t\t\t\t\t\t\t\t\t\t\t\t\t\t<span class=\"elementor-accordion-icon-closed\"><svg class=\"e-font-icon-svg e-fas-long-arrow-alt-right\" viewBox=\"0 0 448 512\" xmlns=\"http:\/\/www.w3.org\/2000\/svg\"><path d=\"M313.941 216H12c-6.627 0-12 5.373-12 12v56c0 6.627 5.373 12 12 12h301.941v46.059c0 21.382 25.851 32.09 40.971 16.971l86.059-86.059c9.373-9.373 9.373-24.569 0-33.941l-86.059-86.059c-15.119-15.119-40.971-4.411-40.971 16.971V216z\"><\/path><\/svg><\/span>\n\t\t\t\t\t\t\t\t<span class=\"elementor-accordion-icon-opened\"><svg class=\"e-font-icon-svg e-fas-long-arrow-alt-up\" viewBox=\"0 0 256 512\" xmlns=\"http:\/\/www.w3.org\/2000\/svg\"><path d=\"M88 166.059V468c0 6.627 5.373 12 12 12h56c6.627 0 12-5.373 12-12V166.059h46.059c21.382 0 32.09-25.851 16.971-40.971l-86.059-86.059c-9.373-9.373-24.569-9.373-33.941 0l-86.059 86.059c-15.119 15.119-4.411 40.971 16.971 40.971H88z\"><\/path><\/svg><\/span>\n\t\t\t\t\t\t\t\t\t\t\t\t\t\t<\/span>\n\t\t\t\t\t\t\t\t\t\t\t\t<a class=\"elementor-accordion-title\" tabindex=\"0\">Finns det en internetanslutning?<\/a>\n\t\t\t\t\t<\/div>\n\t\t\t\t\t<div id=\"elementor-tab-content-1065\" class=\"elementor-tab-content elementor-clearfix\" data-tab=\"5\" role=\"region\" aria-labelledby=\"elementor-tab-title-1065\"><p>Ja, wifi ing\u00e5r.<\/p>\n<\/div>\n\t\t\t\t<\/div>\n\t\t\t\t\t\t\t<div class=\"elementor-accordion-item\">\n\t\t\t\t\t<div id=\"elementor-tab-title-1066\" class=\"elementor-tab-title\" data-tab=\"6\" role=\"button\" aria-controls=\"elementor-tab-content-1066\" aria-expanded=\"false\">\n\t\t\t\t\t\t\t\t\t\t\t\t\t<span class=\"elementor-accordion-icon elementor-accordion-icon-right\" aria-hidden=\"true\">\n\t\t\t\t\t\t\t\t\t\t\t\t\t\t\t<span class=\"elementor-accordion-icon-closed\"><svg class=\"e-font-icon-svg e-fas-long-arrow-alt-right\" viewBox=\"0 0 448 512\" xmlns=\"http:\/\/www.w3.org\/2000\/svg\"><path d=\"M313.941 216H12c-6.627 0-12 5.373-12 12v56c0 6.627 5.373 12 12 12h301.941v46.059c0 21.382 25.851 32.09 40.971 16.971l86.059-86.059c9.373-9.373 9.373-24.569 0-33.941l-86.059-86.059c-15.119-15.119-40.971-4.411-40.971 16.971V216z\"><\/path><\/svg><\/span>\n\t\t\t\t\t\t\t\t<span class=\"elementor-accordion-icon-opened\"><svg class=\"e-font-icon-svg e-fas-long-arrow-alt-up\" viewBox=\"0 0 256 512\" xmlns=\"http:\/\/www.w3.org\/2000\/svg\"><path d=\"M88 166.059V468c0 6.627 5.373 12 12 12h56c6.627 0 12-5.373 12-12V166.059h46.059c21.382 0 32.09-25.851 16.971-40.971l-86.059-86.059c-9.373-9.373-24.569-9.373-33.941 0l-86.059 86.059c-15.119 15.119-4.411 40.971 16.971 40.971H88z\"><\/path><\/svg><\/span>\n\t\t\t\t\t\t\t\t\t\t\t\t\t\t<\/span>\n\t\t\t\t\t\t\t\t\t\t\t\t<a class=\"elementor-accordion-title\" tabindex=\"0\">Kan jag f\u00e5 ett eget badrum?<\/a>\n\t\t\t\t\t<\/div>\n\t\t\t\t\t<div id=\"elementor-tab-content-1066\" class=\"elementor-tab-content elementor-clearfix\" data-tab=\"6\" role=\"region\" aria-labelledby=\"elementor-tab-title-1066\"><p>Ja, mot en till\u00e4ggsavgift. Be oss om en offert och observera att tillg\u00e4ngligheten \u00e4r mycket begr\u00e4nsad. <\/p>\n<\/div>\n\t\t\t\t<\/div>\n\t\t\t\t\t\t\t<div class=\"elementor-accordion-item\">\n\t\t\t\t\t<div id=\"elementor-tab-title-1067\" class=\"elementor-tab-title\" data-tab=\"7\" role=\"button\" aria-controls=\"elementor-tab-content-1067\" aria-expanded=\"false\">\n\t\t\t\t\t\t\t\t\t\t\t\t\t<span class=\"elementor-accordion-icon elementor-accordion-icon-right\" aria-hidden=\"true\">\n\t\t\t\t\t\t\t\t\t\t\t\t\t\t\t<span class=\"elementor-accordion-icon-closed\"><svg class=\"e-font-icon-svg e-fas-long-arrow-alt-right\" viewBox=\"0 0 448 512\" xmlns=\"http:\/\/www.w3.org\/2000\/svg\"><path d=\"M313.941 216H12c-6.627 0-12 5.373-12 12v56c0 6.627 5.373 12 12 12h301.941v46.059c0 21.382 25.851 32.09 40.971 16.971l86.059-86.059c9.373-9.373 9.373-24.569 0-33.941l-86.059-86.059c-15.119-15.119-40.971-4.411-40.971 16.971V216z\"><\/path><\/svg><\/span>\n\t\t\t\t\t\t\t\t<span class=\"elementor-accordion-icon-opened\"><svg class=\"e-font-icon-svg e-fas-long-arrow-alt-up\" viewBox=\"0 0 256 512\" xmlns=\"http:\/\/www.w3.org\/2000\/svg\"><path d=\"M88 166.059V468c0 6.627 5.373 12 12 12h56c6.627 0 12-5.373 12-12V166.059h46.059c21.382 0 32.09-25.851 16.971-40.971l-86.059-86.059c-9.373-9.373-24.569-9.373-33.941 0l-86.059 86.059c-15.119 15.119-4.411 40.971 16.971 40.971H88z\"><\/path><\/svg><\/span>\n\t\t\t\t\t\t\t\t\t\t\t\t\t\t<\/span>\n\t\t\t\t\t\t\t\t\t\t\t\t<a class=\"elementor-accordion-title\" tabindex=\"0\">Vad \u00e4r depositionen f\u00f6r skador f\u00f6r?<\/a>\n\t\t\t\t\t<\/div>\n\t\t\t\t\t<div id=\"elementor-tab-content-1067\" class=\"elementor-tab-content elementor-clearfix\" data-tab=\"7\" role=\"region\" aria-labelledby=\"elementor-tab-title-1067\"><p>Den har olika funktioner:<\/p>\n<ol>\n<li>F\u00f6r att reservera ditt rum. Du kommer att g\u00f6ra balansbetalningen f\u00f6re din ankomst. <\/li>\n<li>F\u00f6r att t\u00e4cka sm\u00e5 skador, t.ex. saknade handdukar eller n\u00e5got trasigt.<\/li>\n<li>F\u00f6r att se till att alla passagerare f\u00f6ljer hjulen. Dessa \u00e4r: Att l\u00e4mna rummet i samma skick som du fann det vid ankomsten. Att l\u00e4mna nyckeln i den avsedda postl\u00e5dan n\u00e4r du checkar ut  <\/li>\n<\/ol>\n<p>Att f\u00f6lja reglerna f\u00f6r att leva tillsammans v\u00e4l om buller, st\u00e4dning etc. Skadedepositionen kommer att \u00e5terbetalas inom 7 dagar efter utcheckning via bank\u00f6verf\u00f6ring. <\/p>\n<\/div>\n\t\t\t\t<\/div>\n\t\t\t\t\t\t\t<div class=\"elementor-accordion-item\">\n\t\t\t\t\t<div id=\"elementor-tab-title-1068\" class=\"elementor-tab-title\" data-tab=\"8\" role=\"button\" aria-controls=\"elementor-tab-content-1068\" aria-expanded=\"false\">\n\t\t\t\t\t\t\t\t\t\t\t\t\t<span class=\"elementor-accordion-icon elementor-accordion-icon-right\" aria-hidden=\"true\">\n\t\t\t\t\t\t\t\t\t\t\t\t\t\t\t<span class=\"elementor-accordion-icon-closed\"><svg class=\"e-font-icon-svg e-fas-long-arrow-alt-right\" viewBox=\"0 0 448 512\" xmlns=\"http:\/\/www.w3.org\/2000\/svg\"><path d=\"M313.941 216H12c-6.627 0-12 5.373-12 12v56c0 6.627 5.373 12 12 12h301.941v46.059c0 21.382 25.851 32.09 40.971 16.971l86.059-86.059c9.373-9.373 9.373-24.569 0-33.941l-86.059-86.059c-15.119-15.119-40.971-4.411-40.971 16.971V216z\"><\/path><\/svg><\/span>\n\t\t\t\t\t\t\t\t<span class=\"elementor-accordion-icon-opened\"><svg class=\"e-font-icon-svg e-fas-long-arrow-alt-up\" viewBox=\"0 0 256 512\" xmlns=\"http:\/\/www.w3.org\/2000\/svg\"><path d=\"M88 166.059V468c0 6.627 5.373 12 12 12h56c6.627 0 12-5.373 12-12V166.059h46.059c21.382 0 32.09-25.851 16.971-40.971l-86.059-86.059c-9.373-9.373-24.569-9.373-33.941 0l-86.059 86.059c-15.119 15.119-4.411 40.971 16.971 40.971H88z\"><\/path><\/svg><\/span>\n\t\t\t\t\t\t\t\t\t\t\t\t\t\t<\/span>\n\t\t\t\t\t\t\t\t\t\t\t\t<a class=\"elementor-accordion-title\" tabindex=\"0\">T\u00e4nk om jag inte gillar det?<\/a>\n\t\t\t\t\t<\/div>\n\t\t\t\t\t<div id=\"elementor-tab-content-1068\" class=\"elementor-tab-content elementor-clearfix\" data-tab=\"8\" role=\"region\" aria-labelledby=\"elementor-tab-title-1068\"><p>Om det finns ett annat rum ledigt kan du ta en titt p\u00e5 det och om du gillar det kan du byta. Bytet kan endast ske p\u00e5 helger och aldrig under veckan och det har en extra \u00e4ndringsavgift p\u00e5 \u20ac 45. F\u00f6r alla andra fall till\u00e4mpar vi v\u00e5ra avbokningsavgifter. Det \u00e4r inte m\u00f6jligt att f\u00e5 n\u00e5gon \u00e5terbetalning n\u00e4r din vistelse har b\u00f6rjat.   <\/p>\n<\/div>\n\t\t\t\t<\/div>\n\t\t\t\t\t\t\t\t\t\t<script type=\"application\/ld+json\">{\"@context\":\"https:\\\/\\\/schema.org\",\"@type\":\"FAQPage\",\"mainEntity\":[{\"@type\":\"Question\",\"name\":\"Var \\u00e4r v\\u00e4rdfamiljerna bel\\u00e4gna?\",\"acceptedAnswer\":{\"@type\":\"Answer\",\"text\":\"<p><span class=\\\"OYPEnA font-feature-liga-off font-feature-clig-off font-feature-calt-off text-decoration-none text-strikethrough-none\\\">I Palma de Mallorca eller i n\\u00e4rheten, i lugna bostadsomr\\u00e5den, ibland n\\u00e4ra stadsk\\u00e4rnan och ibland i helt lugna omr\\u00e5den med bara bostadshus<\\\/span><\\\/p>\\n\"}},{\"@type\":\"Question\",\"name\":\"Var \\u00e4r v\\u00e4rdfamiljerna bel\\u00e4gna?\",\"acceptedAnswer\":{\"@type\":\"Answer\",\"text\":\"<p><span class=\\\"OYPEnA font-feature-liga-off font-feature-clig-off font-feature-calt-off text-decoration-none text-strikethrough-none\\\">I Palma de Mallorca eller i n\\u00e4rheten, i lugna bostadsomr\\u00e5den, ibland n\\u00e4ra stadsk\\u00e4rnan och ibland i helt lugna omr\\u00e5den med bara bostadshus.<\\\/span><\\\/p>\\n\"}},{\"@type\":\"Question\",\"name\":\"N\\u00e4r \\u00e4r incheckning och utcheckning?\",\"acceptedAnswer\":{\"@type\":\"Answer\",\"text\":\"<ul>\\n<li><span class=\\\"OYPEnA font-feature-liga-off font-feature-clig-off font-feature-calt-off text-decoration-none text-strikethrough-none\\\">Veckovisa vistelser: <\\\/span><span class=\\\"OYPEnA font-feature-liga-off font-feature-clig-off font-feature-calt-off text-decoration-none text-strikethrough-none\\\">Incheckning efter kl. 16.00 p\\u00e5 s\\u00f6ndagar, utcheckning senast kl. 11.00 p\\u00e5 l\\u00f6rdagar.<\\\/span><\\\/li>\\n<li><span class=\\\"OYPEnA font-feature-liga-off font-feature-clig-off font-feature-calt-off text-decoration-none text-strikethrough-none\\\">Extra n\\u00e4tter: <\\\/span><span class=\\\"OYPEnA font-feature-liga-off font-feature-clig-off font-feature-calt-off text-decoration-none text-strikethrough-none\\\">Tillhandah\\u00e5lls mot en extra kostnad, i m\\u00e5n av tillg\\u00e5ng.<\\\/span><\\\/li>\\n<li><span class=\\\"OYPEnA font-feature-liga-off font-feature-clig-off font-feature-calt-off text-decoration-none text-strikethrough-none\\\">\\u00c4ndring av rum: Endast m\\u00f6jligt p\\u00e5 helger, mot en avgift f\\u00f6r byte av rum<\\\/span><\\\/li>\\n<\\\/ul>\\n\"}},{\"@type\":\"Question\",\"name\":\"Hur l\\u00e5ngt i f\\u00f6rv\\u00e4g b\\u00f6r jag g\\u00f6ra bokningen?\",\"acceptedAnswer\":{\"@type\":\"Answer\",\"text\":\"<p>Under sommarm\\u00e5naderna tenderar rummen att bokas mycket snabbt. Vi rekommenderar att du bokar minst 2 m\\u00e5nader i f\\u00f6rv\\u00e4g. Om det \\u00e4r mindre tid kvar kan det h\\u00e4nda att det inte finns n\\u00e5gon tillg\\u00e4nglighet eller att vi bara kan erbjuda dig ett rum med l\\u00e4gre specifikationer.  <\\\/p>\\n\"}},{\"@type\":\"Question\",\"name\":\"Finns det en internetanslutning?\",\"acceptedAnswer\":{\"@type\":\"Answer\",\"text\":\"<p>Ja, wifi ing\\u00e5r.<\\\/p>\\n\"}},{\"@type\":\"Question\",\"name\":\"Kan jag f\\u00e5 ett eget badrum?\",\"acceptedAnswer\":{\"@type\":\"Answer\",\"text\":\"<p>Ja, mot en till\\u00e4ggsavgift. Be oss om en offert och observera att tillg\\u00e4ngligheten \\u00e4r mycket begr\\u00e4nsad. <\\\/p>\\n\"}},{\"@type\":\"Question\",\"name\":\"Vad \\u00e4r depositionen f\\u00f6r skador f\\u00f6r?\",\"acceptedAnswer\":{\"@type\":\"Answer\",\"text\":\"<p>Den har olika funktioner:<\\\/p>\\n<ol>\\n<li>F\\u00f6r att reservera ditt rum. Du kommer att g\\u00f6ra balansbetalningen f\\u00f6re din ankomst. <\\\/li>\\n<li>F\\u00f6r att t\\u00e4cka sm\\u00e5 skador, t.ex. saknade handdukar eller n\\u00e5got trasigt.<\\\/li>\\n<li>F\\u00f6r att se till att alla passagerare f\\u00f6ljer hjulen. Dessa \\u00e4r: Att l\\u00e4mna rummet i samma skick som du fann det vid ankomsten. Att l\\u00e4mna nyckeln i den avsedda postl\\u00e5dan n\\u00e4r du checkar ut  <\\\/li>\\n<\\\/ol>\\n<p>Att f\\u00f6lja reglerna f\\u00f6r att leva tillsammans v\\u00e4l om buller, st\\u00e4dning etc. Skadedepositionen kommer att \\u00e5terbetalas inom 7 dagar efter utcheckning via bank\\u00f6verf\\u00f6ring. <\\\/p>\\n\"}},{\"@type\":\"Question\",\"name\":\"T\\u00e4nk om jag inte gillar det?\",\"acceptedAnswer\":{\"@type\":\"Answer\",\"text\":\"<p>Om det finns ett annat rum ledigt kan du ta en titt p\\u00e5 det och om du gillar det kan du byta. Bytet kan endast ske p\\u00e5 helger och aldrig under veckan och det har en extra \\u00e4ndringsavgift p\\u00e5 \\u20ac 45. F\\u00f6r alla andra fall till\\u00e4mpar vi v\\u00e5ra avbokningsavgifter. Det \\u00e4r inte m\\u00f6jligt att f\\u00e5 n\\u00e5gon \\u00e5terbetalning n\\u00e4r din vistelse har b\\u00f6rjat.   <\\\/p>\\n\"}}]}<\/script>\n\t\t\t\t\t<\/div>\n\t\t\t\t\t\t<\/div>\n\t\t\t\t<\/div>\n\t\t\t\t\t<\/div>\n\t\t<\/div>\n\t\t\t\t\t<\/div>\n\t\t<\/section>\n\t\t\t\t<section class=\"elementor-section elementor-top-section elementor-element elementor-element-2ccbb58 elementor-section-boxed elementor-section-height-default elementor-section-height-default\" data-id=\"2ccbb58\" data-element_type=\"section\" data-e-type=\"section\">\n\t\t\t\t\t\t<div class=\"elementor-container elementor-column-gap-default\">\n\t\t\t\t\t<div class=\"elementor-column elementor-col-100 elementor-top-column elementor-element elementor-element-10d4a46\" data-id=\"10d4a46\" data-element_type=\"column\" data-e-type=\"column\">\n\t\t\t<div class=\"elementor-widget-wrap elementor-element-populated\">\n\t\t\t\t\t\t<div class=\"elementor-element elementor-element-48a6d0e elementor-widget elementor-widget-heading\" data-id=\"48a6d0e\" data-element_type=\"widget\" data-e-type=\"widget\" data-widget_type=\"heading.default\">\n\t\t\t\t<div class=\"elementor-widget-container\">\n\t\t\t\t\t<h2 class=\"elementor-heading-title elementor-size-default\">Mallorca 50+ spansk kurs<\/h2>\t\t\t\t<\/div>\n\t\t\t\t<\/div>\n\t\t\t\t<div class=\"elementor-element elementor-element-be1307c wd-accordion-theme-style elementor-widget elementor-widget-accordion\" data-id=\"be1307c\" data-element_type=\"widget\" data-e-type=\"widget\" data-widget_type=\"accordion.default\">\n\t\t\t\t<div class=\"elementor-widget-container\">\n\t\t\t\t\t\t\t<div class=\"elementor-accordion\">\n\t\t\t\t\t\t\t<div class=\"elementor-accordion-item\">\n\t\t\t\t\t<div id=\"elementor-tab-title-1991\" class=\"elementor-tab-title\" data-tab=\"1\" role=\"button\" aria-controls=\"elementor-tab-content-1991\" aria-expanded=\"false\">\n\t\t\t\t\t\t\t\t\t\t\t\t\t<span class=\"elementor-accordion-icon elementor-accordion-icon-right\" aria-hidden=\"true\">\n\t\t\t\t\t\t\t\t\t\t\t\t\t\t\t<span class=\"elementor-accordion-icon-closed\"><svg class=\"e-font-icon-svg e-fas-long-arrow-alt-right\" viewBox=\"0 0 448 512\" xmlns=\"http:\/\/www.w3.org\/2000\/svg\"><path d=\"M313.941 216H12c-6.627 0-12 5.373-12 12v56c0 6.627 5.373 12 12 12h301.941v46.059c0 21.382 25.851 32.09 40.971 16.971l86.059-86.059c9.373-9.373 9.373-24.569 0-33.941l-86.059-86.059c-15.119-15.119-40.971-4.411-40.971 16.971V216z\"><\/path><\/svg><\/span>\n\t\t\t\t\t\t\t\t<span class=\"elementor-accordion-icon-opened\"><svg class=\"e-font-icon-svg e-fas-long-arrow-alt-up\" viewBox=\"0 0 256 512\" xmlns=\"http:\/\/www.w3.org\/2000\/svg\"><path d=\"M88 166.059V468c0 6.627 5.373 12 12 12h56c6.627 0 12-5.373 12-12V166.059h46.059c21.382 0 32.09-25.851 16.971-40.971l-86.059-86.059c-9.373-9.373-24.569-9.373-33.941 0l-86.059 86.059c-15.119 15.119-4.411 40.971 16.971 40.971H88z\"><\/path><\/svg><\/span>\n\t\t\t\t\t\t\t\t\t\t\t\t\t\t<\/span>\n\t\t\t\t\t\t\t\t\t\t\t\t<a class=\"elementor-accordion-title\" tabindex=\"0\">Vad \u00e4r Mallorca 50+ spanska kursen?<\/a>\n\t\t\t\t\t<\/div>\n\t\t\t\t\t<div id=\"elementor-tab-content-1991\" class=\"elementor-tab-content elementor-clearfix\" data-tab=\"1\" role=\"region\" aria-labelledby=\"elementor-tab-title-1991\"><p>Spanska kursen Mallorca 50+ \u00e4r ett unikt program f\u00f6r dig som \u00e4r 50 \u00e5r eller \u00e4ldre och vill kombinera spanska med kultur- och fritidsaktiviteter i den vackra medelhavsmilj\u00f6n i Palma de Mallorca.<\/p>\n<\/div>\n\t\t\t\t<\/div>\n\t\t\t\t\t\t\t<div class=\"elementor-accordion-item\">\n\t\t\t\t\t<div id=\"elementor-tab-title-1992\" class=\"elementor-tab-title\" data-tab=\"2\" role=\"button\" aria-controls=\"elementor-tab-content-1992\" aria-expanded=\"false\">\n\t\t\t\t\t\t\t\t\t\t\t\t\t<span class=\"elementor-accordion-icon elementor-accordion-icon-right\" aria-hidden=\"true\">\n\t\t\t\t\t\t\t\t\t\t\t\t\t\t\t<span class=\"elementor-accordion-icon-closed\"><svg class=\"e-font-icon-svg e-fas-long-arrow-alt-right\" viewBox=\"0 0 448 512\" xmlns=\"http:\/\/www.w3.org\/2000\/svg\"><path d=\"M313.941 216H12c-6.627 0-12 5.373-12 12v56c0 6.627 5.373 12 12 12h301.941v46.059c0 21.382 25.851 32.09 40.971 16.971l86.059-86.059c9.373-9.373 9.373-24.569 0-33.941l-86.059-86.059c-15.119-15.119-40.971-4.411-40.971 16.971V216z\"><\/path><\/svg><\/span>\n\t\t\t\t\t\t\t\t<span class=\"elementor-accordion-icon-opened\"><svg class=\"e-font-icon-svg e-fas-long-arrow-alt-up\" viewBox=\"0 0 256 512\" xmlns=\"http:\/\/www.w3.org\/2000\/svg\"><path d=\"M88 166.059V468c0 6.627 5.373 12 12 12h56c6.627 0 12-5.373 12-12V166.059h46.059c21.382 0 32.09-25.851 16.971-40.971l-86.059-86.059c-9.373-9.373-24.569-9.373-33.941 0l-86.059 86.059c-15.119 15.119-4.411 40.971 16.971 40.971H88z\"><\/path><\/svg><\/span>\n\t\t\t\t\t\t\t\t\t\t\t\t\t\t<\/span>\n\t\t\t\t\t\t\t\t\t\t\t\t<a class=\"elementor-accordion-title\" tabindex=\"0\">Vad \u00e4r Mallorca 50+ spanska kursen?<\/a>\n\t\t\t\t\t<\/div>\n\t\t\t\t\t<div id=\"elementor-tab-content-1992\" class=\"elementor-tab-content elementor-clearfix\" data-tab=\"2\" role=\"region\" aria-labelledby=\"elementor-tab-title-1992\"><p>Spanska kursen Mallorca 50+ \u00e4r ett unikt program f\u00f6r dig som \u00e4r 50 \u00e5r eller \u00e4ldre och vill kombinera spanska med kultur- och fritidsaktiviteter i den vackra medelhavsmilj\u00f6n i Palma de Mallorca.<\/p>\n<\/div>\n\t\t\t\t<\/div>\n\t\t\t\t\t\t\t<div class=\"elementor-accordion-item\">\n\t\t\t\t\t<div id=\"elementor-tab-title-1993\" class=\"elementor-tab-title\" data-tab=\"3\" role=\"button\" aria-controls=\"elementor-tab-content-1993\" aria-expanded=\"false\">\n\t\t\t\t\t\t\t\t\t\t\t\t\t<span class=\"elementor-accordion-icon elementor-accordion-icon-right\" aria-hidden=\"true\">\n\t\t\t\t\t\t\t\t\t\t\t\t\t\t\t<span class=\"elementor-accordion-icon-closed\"><svg class=\"e-font-icon-svg e-fas-long-arrow-alt-right\" viewBox=\"0 0 448 512\" xmlns=\"http:\/\/www.w3.org\/2000\/svg\"><path d=\"M313.941 216H12c-6.627 0-12 5.373-12 12v56c0 6.627 5.373 12 12 12h301.941v46.059c0 21.382 25.851 32.09 40.971 16.971l86.059-86.059c9.373-9.373 9.373-24.569 0-33.941l-86.059-86.059c-15.119-15.119-40.971-4.411-40.971 16.971V216z\"><\/path><\/svg><\/span>\n\t\t\t\t\t\t\t\t<span class=\"elementor-accordion-icon-opened\"><svg class=\"e-font-icon-svg e-fas-long-arrow-alt-up\" viewBox=\"0 0 256 512\" xmlns=\"http:\/\/www.w3.org\/2000\/svg\"><path d=\"M88 166.059V468c0 6.627 5.373 12 12 12h56c6.627 0 12-5.373 12-12V166.059h46.059c21.382 0 32.09-25.851 16.971-40.971l-86.059-86.059c-9.373-9.373-24.569-9.373-33.941 0l-86.059 86.059c-15.119 15.119-4.411 40.971 16.971 40.971H88z\"><\/path><\/svg><\/span>\n\t\t\t\t\t\t\t\t\t\t\t\t\t\t<\/span>\n\t\t\t\t\t\t\t\t\t\t\t\t<a class=\"elementor-accordion-title\" tabindex=\"0\">Var \u00e4r spr\u00e5kskolan bel\u00e4gen?<\/a>\n\t\t\t\t\t<\/div>\n\t\t\t\t\t<div id=\"elementor-tab-content-1993\" class=\"elementor-tab-content elementor-clearfix\" data-tab=\"3\" role=\"region\" aria-labelledby=\"elementor-tab-title-1993\"><p>V\u00e5r skola \u00e4r centralt bel\u00e4gen p\u00e5 Avenida de Portugal i Palma de Mallorca, alldeles intill Gamla stan. Det \u00e4r l\u00e4tt att ta sig hit med kollektivtrafik eller bil, och det finns parkeringsm\u00f6jligheter i n\u00e4rheten. <\/p>\n<\/div>\n\t\t\t\t<\/div>\n\t\t\t\t\t\t\t<div class=\"elementor-accordion-item\">\n\t\t\t\t\t<div id=\"elementor-tab-title-1994\" class=\"elementor-tab-title\" data-tab=\"4\" role=\"button\" aria-controls=\"elementor-tab-content-1994\" aria-expanded=\"false\">\n\t\t\t\t\t\t\t\t\t\t\t\t\t<span class=\"elementor-accordion-icon elementor-accordion-icon-right\" aria-hidden=\"true\">\n\t\t\t\t\t\t\t\t\t\t\t\t\t\t\t<span class=\"elementor-accordion-icon-closed\"><svg class=\"e-font-icon-svg e-fas-long-arrow-alt-right\" viewBox=\"0 0 448 512\" xmlns=\"http:\/\/www.w3.org\/2000\/svg\"><path d=\"M313.941 216H12c-6.627 0-12 5.373-12 12v56c0 6.627 5.373 12 12 12h301.941v46.059c0 21.382 25.851 32.09 40.971 16.971l86.059-86.059c9.373-9.373 9.373-24.569 0-33.941l-86.059-86.059c-15.119-15.119-40.971-4.411-40.971 16.971V216z\"><\/path><\/svg><\/span>\n\t\t\t\t\t\t\t\t<span class=\"elementor-accordion-icon-opened\"><svg class=\"e-font-icon-svg e-fas-long-arrow-alt-up\" viewBox=\"0 0 256 512\" xmlns=\"http:\/\/www.w3.org\/2000\/svg\"><path d=\"M88 166.059V468c0 6.627 5.373 12 12 12h56c6.627 0 12-5.373 12-12V166.059h46.059c21.382 0 32.09-25.851 16.971-40.971l-86.059-86.059c-9.373-9.373-24.569-9.373-33.941 0l-86.059 86.059c-15.119 15.119-4.411 40.971 16.971 40.971H88z\"><\/path><\/svg><\/span>\n\t\t\t\t\t\t\t\t\t\t\t\t\t\t<\/span>\n\t\t\t\t\t\t\t\t\t\t\t\t<a class=\"elementor-accordion-title\" tabindex=\"0\">Vilka spr\u00e5kniv\u00e5er erbjuds?<\/a>\n\t\t\t\t\t<\/div>\n\t\t\t\t\t<div id=\"elementor-tab-content-1994\" class=\"elementor-tab-content elementor-clearfix\" data-tab=\"4\" role=\"region\" aria-labelledby=\"elementor-tab-title-1994\"><p>Vi erbjuder kurser f\u00f6r niv\u00e5erna A1 (nyb\u00f6rjare) till B2 (\u00f6vre mellanniv\u00e5).<\/p>\n<\/div>\n\t\t\t\t<\/div>\n\t\t\t\t\t\t\t<div class=\"elementor-accordion-item\">\n\t\t\t\t\t<div id=\"elementor-tab-title-1995\" class=\"elementor-tab-title\" data-tab=\"5\" role=\"button\" aria-controls=\"elementor-tab-content-1995\" aria-expanded=\"false\">\n\t\t\t\t\t\t\t\t\t\t\t\t\t<span class=\"elementor-accordion-icon elementor-accordion-icon-right\" aria-hidden=\"true\">\n\t\t\t\t\t\t\t\t\t\t\t\t\t\t\t<span class=\"elementor-accordion-icon-closed\"><svg class=\"e-font-icon-svg e-fas-long-arrow-alt-right\" viewBox=\"0 0 448 512\" xmlns=\"http:\/\/www.w3.org\/2000\/svg\"><path d=\"M313.941 216H12c-6.627 0-12 5.373-12 12v56c0 6.627 5.373 12 12 12h301.941v46.059c0 21.382 25.851 32.09 40.971 16.971l86.059-86.059c9.373-9.373 9.373-24.569 0-33.941l-86.059-86.059c-15.119-15.119-40.971-4.411-40.971 16.971V216z\"><\/path><\/svg><\/span>\n\t\t\t\t\t\t\t\t<span class=\"elementor-accordion-icon-opened\"><svg class=\"e-font-icon-svg e-fas-long-arrow-alt-up\" viewBox=\"0 0 256 512\" xmlns=\"http:\/\/www.w3.org\/2000\/svg\"><path d=\"M88 166.059V468c0 6.627 5.373 12 12 12h56c6.627 0 12-5.373 12-12V166.059h46.059c21.382 0 32.09-25.851 16.971-40.971l-86.059-86.059c-9.373-9.373-24.569-9.373-33.941 0l-86.059 86.059c-15.119 15.119-4.411 40.971 16.971 40.971H88z\"><\/path><\/svg><\/span>\n\t\t\t\t\t\t\t\t\t\t\t\t\t\t<\/span>\n\t\t\t\t\t\t\t\t\t\t\t\t<a class=\"elementor-accordion-title\" tabindex=\"0\">Vad finns det f\u00f6r kursalternativ?<\/a>\n\t\t\t\t\t<\/div>\n\t\t\t\t\t<div id=\"elementor-tab-content-1995\" class=\"elementor-tab-content elementor-clearfix\" data-tab=\"5\" role=\"region\" aria-labelledby=\"elementor-tab-title-1995\"><p>Vi erbjuder tv\u00e5 alternativ:<\/p>\n<ul>\n<li><strong>10 lektioner per vecka:<\/strong> 11:25 &#8211; 13:05<\/li>\n<li><strong>20 lektioner per vecka:<\/strong> 9:30 &#8211; 13:05<\/li>\n<\/ul>\n<p>B\u00e5da alternativen omfattar upp till 7 timmars \u00f6vervakade sj\u00e4lvstudier per vecka med en l\u00e4rare som \u00e4r tillg\u00e4nglig f\u00f6r att svara p\u00e5 fr\u00e5gor.<\/p>\n<\/div>\n\t\t\t\t<\/div>\n\t\t\t\t\t\t\t<div class=\"elementor-accordion-item\">\n\t\t\t\t\t<div id=\"elementor-tab-title-1996\" class=\"elementor-tab-title\" data-tab=\"6\" role=\"button\" aria-controls=\"elementor-tab-content-1996\" aria-expanded=\"false\">\n\t\t\t\t\t\t\t\t\t\t\t\t\t<span class=\"elementor-accordion-icon elementor-accordion-icon-right\" aria-hidden=\"true\">\n\t\t\t\t\t\t\t\t\t\t\t\t\t\t\t<span class=\"elementor-accordion-icon-closed\"><svg class=\"e-font-icon-svg e-fas-long-arrow-alt-right\" viewBox=\"0 0 448 512\" xmlns=\"http:\/\/www.w3.org\/2000\/svg\"><path d=\"M313.941 216H12c-6.627 0-12 5.373-12 12v56c0 6.627 5.373 12 12 12h301.941v46.059c0 21.382 25.851 32.09 40.971 16.971l86.059-86.059c9.373-9.373 9.373-24.569 0-33.941l-86.059-86.059c-15.119-15.119-40.971-4.411-40.971 16.971V216z\"><\/path><\/svg><\/span>\n\t\t\t\t\t\t\t\t<span class=\"elementor-accordion-icon-opened\"><svg class=\"e-font-icon-svg e-fas-long-arrow-alt-up\" viewBox=\"0 0 256 512\" xmlns=\"http:\/\/www.w3.org\/2000\/svg\"><path d=\"M88 166.059V468c0 6.627 5.373 12 12 12h56c6.627 0 12-5.373 12-12V166.059h46.059c21.382 0 32.09-25.851 16.971-40.971l-86.059-86.059c-9.373-9.373-24.569-9.373-33.941 0l-86.059 86.059c-15.119 15.119-4.411 40.971 16.971 40.971H88z\"><\/path><\/svg><\/span>\n\t\t\t\t\t\t\t\t\t\t\t\t\t\t<\/span>\n\t\t\t\t\t\t\t\t\t\t\t\t<a class=\"elementor-accordion-title\" tabindex=\"0\">Hur l\u00e5ng \u00e4r kursen?<\/a>\n\t\t\t\t\t<\/div>\n\t\t\t\t\t<div id=\"elementor-tab-content-1996\" class=\"elementor-tab-content elementor-clearfix\" data-tab=\"6\" role=\"region\" aria-labelledby=\"elementor-tab-title-1996\"><p>Kurserna \u00e4r tillg\u00e4ngliga f\u00f6r 1 eller 2 veckor.<\/p>\n<\/div>\n\t\t\t\t<\/div>\n\t\t\t\t\t\t\t<div class=\"elementor-accordion-item\">\n\t\t\t\t\t<div id=\"elementor-tab-title-1997\" class=\"elementor-tab-title\" data-tab=\"7\" role=\"button\" aria-controls=\"elementor-tab-content-1997\" aria-expanded=\"false\">\n\t\t\t\t\t\t\t\t\t\t\t\t\t<span class=\"elementor-accordion-icon elementor-accordion-icon-right\" aria-hidden=\"true\">\n\t\t\t\t\t\t\t\t\t\t\t\t\t\t\t<span class=\"elementor-accordion-icon-closed\"><svg class=\"e-font-icon-svg e-fas-long-arrow-alt-right\" viewBox=\"0 0 448 512\" xmlns=\"http:\/\/www.w3.org\/2000\/svg\"><path d=\"M313.941 216H12c-6.627 0-12 5.373-12 12v56c0 6.627 5.373 12 12 12h301.941v46.059c0 21.382 25.851 32.09 40.971 16.971l86.059-86.059c9.373-9.373 9.373-24.569 0-33.941l-86.059-86.059c-15.119-15.119-40.971-4.411-40.971 16.971V216z\"><\/path><\/svg><\/span>\n\t\t\t\t\t\t\t\t<span class=\"elementor-accordion-icon-opened\"><svg class=\"e-font-icon-svg e-fas-long-arrow-alt-up\" viewBox=\"0 0 256 512\" xmlns=\"http:\/\/www.w3.org\/2000\/svg\"><path d=\"M88 166.059V468c0 6.627 5.373 12 12 12h56c6.627 0 12-5.373 12-12V166.059h46.059c21.382 0 32.09-25.851 16.971-40.971l-86.059-86.059c-9.373-9.373-24.569-9.373-33.941 0l-86.059 86.059c-15.119 15.119-4.411 40.971 16.971 40.971H88z\"><\/path><\/svg><\/span>\n\t\t\t\t\t\t\t\t\t\t\t\t\t\t<\/span>\n\t\t\t\t\t\t\t\t\t\t\t\t<a class=\"elementor-accordion-title\" tabindex=\"0\">Vilka \u00e4r startdatumen f\u00f6r 2025?<\/a>\n\t\t\t\t\t<\/div>\n\t\t\t\t\t<div id=\"elementor-tab-content-1997\" class=\"elementor-tab-content elementor-clearfix\" data-tab=\"7\" role=\"region\" aria-labelledby=\"elementor-tab-title-1997\"><ul>\n<li><strong>juni:<\/strong> 2 och 9 juni<\/li>\n<li><strong>oktober:<\/strong> 6, 13, 20 och 27 oktober<\/li>\n<\/ul>\n<\/div>\n\t\t\t\t<\/div>\n\t\t\t\t\t\t\t<div class=\"elementor-accordion-item\">\n\t\t\t\t\t<div id=\"elementor-tab-title-1998\" class=\"elementor-tab-title\" data-tab=\"8\" role=\"button\" aria-controls=\"elementor-tab-content-1998\" aria-expanded=\"false\">\n\t\t\t\t\t\t\t\t\t\t\t\t\t<span class=\"elementor-accordion-icon elementor-accordion-icon-right\" aria-hidden=\"true\">\n\t\t\t\t\t\t\t\t\t\t\t\t\t\t\t<span class=\"elementor-accordion-icon-closed\"><svg class=\"e-font-icon-svg e-fas-long-arrow-alt-right\" viewBox=\"0 0 448 512\" xmlns=\"http:\/\/www.w3.org\/2000\/svg\"><path d=\"M313.941 216H12c-6.627 0-12 5.373-12 12v56c0 6.627 5.373 12 12 12h301.941v46.059c0 21.382 25.851 32.09 40.971 16.971l86.059-86.059c9.373-9.373 9.373-24.569 0-33.941l-86.059-86.059c-15.119-15.119-40.971-4.411-40.971 16.971V216z\"><\/path><\/svg><\/span>\n\t\t\t\t\t\t\t\t<span class=\"elementor-accordion-icon-opened\"><svg class=\"e-font-icon-svg e-fas-long-arrow-alt-up\" viewBox=\"0 0 256 512\" xmlns=\"http:\/\/www.w3.org\/2000\/svg\"><path d=\"M88 166.059V468c0 6.627 5.373 12 12 12h56c6.627 0 12-5.373 12-12V166.059h46.059c21.382 0 32.09-25.851 16.971-40.971l-86.059-86.059c-9.373-9.373-24.569-9.373-33.941 0l-86.059 86.059c-15.119 15.119-4.411 40.971 16.971 40.971H88z\"><\/path><\/svg><\/span>\n\t\t\t\t\t\t\t\t\t\t\t\t\t\t<\/span>\n\t\t\t\t\t\t\t\t\t\t\t\t<a class=\"elementor-accordion-title\" tabindex=\"0\">\u00c4r kursen godk\u00e4nd f\u00f6r utbildningsledighet (Bildungsurlaub)?<\/a>\n\t\t\t\t\t<\/div>\n\t\t\t\t\t<div id=\"elementor-tab-content-1998\" class=\"elementor-tab-content elementor-clearfix\" data-tab=\"8\" role=\"region\" aria-labelledby=\"elementor-tab-title-1998\"><p>Ja, kursen med 20 lektioner per vecka \u00e4r erk\u00e4nd f\u00f6r Bildungsurlaub i f\u00f6ljande tyska federala stater: Baden-W\u00fcrttemberg, Berlin, Brandenburg, Bremen, Hamburg, Hessen, Niedersachsen, Rheinland-Pfalz, Saarland, Sachsen-Anhalt, Schleswig-Holstein och Th\u00fcringen.<\/p>\n<h4> <\/h4>\n<\/div>\n\t\t\t\t<\/div>\n\t\t\t\t\t\t\t<div class=\"elementor-accordion-item\">\n\t\t\t\t\t<div id=\"elementor-tab-title-1999\" class=\"elementor-tab-title\" data-tab=\"9\" role=\"button\" aria-controls=\"elementor-tab-content-1999\" aria-expanded=\"false\">\n\t\t\t\t\t\t\t\t\t\t\t\t\t<span class=\"elementor-accordion-icon elementor-accordion-icon-right\" aria-hidden=\"true\">\n\t\t\t\t\t\t\t\t\t\t\t\t\t\t\t<span class=\"elementor-accordion-icon-closed\"><svg class=\"e-font-icon-svg e-fas-long-arrow-alt-right\" viewBox=\"0 0 448 512\" xmlns=\"http:\/\/www.w3.org\/2000\/svg\"><path d=\"M313.941 216H12c-6.627 0-12 5.373-12 12v56c0 6.627 5.373 12 12 12h301.941v46.059c0 21.382 25.851 32.09 40.971 16.971l86.059-86.059c9.373-9.373 9.373-24.569 0-33.941l-86.059-86.059c-15.119-15.119-40.971-4.411-40.971 16.971V216z\"><\/path><\/svg><\/span>\n\t\t\t\t\t\t\t\t<span class=\"elementor-accordion-icon-opened\"><svg class=\"e-font-icon-svg e-fas-long-arrow-alt-up\" viewBox=\"0 0 256 512\" xmlns=\"http:\/\/www.w3.org\/2000\/svg\"><path d=\"M88 166.059V468c0 6.627 5.373 12 12 12h56c6.627 0 12-5.373 12-12V166.059h46.059c21.382 0 32.09-25.851 16.971-40.971l-86.059-86.059c-9.373-9.373-24.569-9.373-33.941 0l-86.059 86.059c-15.119 15.119-4.411 40.971 16.971 40.971H88z\"><\/path><\/svg><\/span>\n\t\t\t\t\t\t\t\t\t\t\t\t\t\t<\/span>\n\t\t\t\t\t\t\t\t\t\t\t\t<a class=\"elementor-accordion-title\" tabindex=\"0\">Vilka fritidsaktiviteter ing\u00e5r?<\/a>\n\t\t\t\t\t<\/div>\n\t\t\t\t\t<div id=\"elementor-tab-content-1999\" class=\"elementor-tab-content elementor-clearfix\" data-tab=\"9\" role=\"region\" aria-labelledby=\"elementor-tab-title-1999\"><p>I kursen ing\u00e5r 10 gruppaktiviteter per vecka, t.ex:<\/p>\n<ul>\n<li>Stadsrundturer<\/li>\n<li>Bes\u00f6k i katedralen<\/li>\n<li>Utflykter till Valldemossa och S\u00f3ller<\/li>\n<li>Workshops i flamenco-handklappning<\/li>\n<li>Musei- och marknadsbes\u00f6k<\/li>\n<\/ul>\n<\/div>\n\t\t\t\t<\/div>\n\t\t\t\t\t\t\t<div class=\"elementor-accordion-item\">\n\t\t\t\t\t<div id=\"elementor-tab-title-19910\" class=\"elementor-tab-title\" data-tab=\"10\" role=\"button\" aria-controls=\"elementor-tab-content-19910\" aria-expanded=\"false\">\n\t\t\t\t\t\t\t\t\t\t\t\t\t<span class=\"elementor-accordion-icon elementor-accordion-icon-right\" aria-hidden=\"true\">\n\t\t\t\t\t\t\t\t\t\t\t\t\t\t\t<span class=\"elementor-accordion-icon-closed\"><svg class=\"e-font-icon-svg e-fas-long-arrow-alt-right\" viewBox=\"0 0 448 512\" xmlns=\"http:\/\/www.w3.org\/2000\/svg\"><path d=\"M313.941 216H12c-6.627 0-12 5.373-12 12v56c0 6.627 5.373 12 12 12h301.941v46.059c0 21.382 25.851 32.09 40.971 16.971l86.059-86.059c9.373-9.373 9.373-24.569 0-33.941l-86.059-86.059c-15.119-15.119-40.971-4.411-40.971 16.971V216z\"><\/path><\/svg><\/span>\n\t\t\t\t\t\t\t\t<span class=\"elementor-accordion-icon-opened\"><svg class=\"e-font-icon-svg e-fas-long-arrow-alt-up\" viewBox=\"0 0 256 512\" xmlns=\"http:\/\/www.w3.org\/2000\/svg\"><path d=\"M88 166.059V468c0 6.627 5.373 12 12 12h56c6.627 0 12-5.373 12-12V166.059h46.059c21.382 0 32.09-25.851 16.971-40.971l-86.059-86.059c-9.373-9.373-24.569-9.373-33.941 0l-86.059 86.059c-15.119 15.119-4.411 40.971 16.971 40.971H88z\"><\/path><\/svg><\/span>\n\t\t\t\t\t\t\t\t\t\t\t\t\t\t<\/span>\n\t\t\t\t\t\t\t\t\t\t\t\t<a class=\"elementor-accordion-title\" tabindex=\"0\">\u00c4r programmet l\u00e4mpligt f\u00f6r ensamresen\u00e4rer?<\/a>\n\t\t\t\t\t<\/div>\n\t\t\t\t\t<div id=\"elementor-tab-content-19910\" class=\"elementor-tab-content elementor-clearfix\" data-tab=\"10\" role=\"region\" aria-labelledby=\"elementor-tab-title-19910\"><p>Ja, det g\u00f6r vi! Kursen fr\u00e4mjar en gemenskapsmilj\u00f6 d\u00e4r du kan tr\u00e4ffa likasinnade kamrater och f\u00e5 nya v\u00e4nner medan du l\u00e4r dig spanska. <\/p>\n<\/div>\n\t\t\t\t<\/div>\n\t\t\t\t\t\t\t<div class=\"elementor-accordion-item\">\n\t\t\t\t\t<div id=\"elementor-tab-title-19911\" class=\"elementor-tab-title\" data-tab=\"11\" role=\"button\" aria-controls=\"elementor-tab-content-19911\" aria-expanded=\"false\">\n\t\t\t\t\t\t\t\t\t\t\t\t\t<span class=\"elementor-accordion-icon elementor-accordion-icon-right\" aria-hidden=\"true\">\n\t\t\t\t\t\t\t\t\t\t\t\t\t\t\t<span class=\"elementor-accordion-icon-closed\"><svg class=\"e-font-icon-svg e-fas-long-arrow-alt-right\" viewBox=\"0 0 448 512\" xmlns=\"http:\/\/www.w3.org\/2000\/svg\"><path d=\"M313.941 216H12c-6.627 0-12 5.373-12 12v56c0 6.627 5.373 12 12 12h301.941v46.059c0 21.382 25.851 32.09 40.971 16.971l86.059-86.059c9.373-9.373 9.373-24.569 0-33.941l-86.059-86.059c-15.119-15.119-40.971-4.411-40.971 16.971V216z\"><\/path><\/svg><\/span>\n\t\t\t\t\t\t\t\t<span class=\"elementor-accordion-icon-opened\"><svg class=\"e-font-icon-svg e-fas-long-arrow-alt-up\" viewBox=\"0 0 256 512\" xmlns=\"http:\/\/www.w3.org\/2000\/svg\"><path d=\"M88 166.059V468c0 6.627 5.373 12 12 12h56c6.627 0 12-5.373 12-12V166.059h46.059c21.382 0 32.09-25.851 16.971-40.971l-86.059-86.059c-9.373-9.373-24.569-9.373-33.941 0l-86.059 86.059c-15.119 15.119-4.411 40.971 16.971 40.971H88z\"><\/path><\/svg><\/span>\n\t\t\t\t\t\t\t\t\t\t\t\t\t\t<\/span>\n\t\t\t\t\t\t\t\t\t\t\t\t<a class=\"elementor-accordion-title\" tabindex=\"0\">Vilka boendealternativ finns tillg\u00e4ngliga?<\/a>\n\t\t\t\t\t<\/div>\n\t\t\t\t\t<div id=\"elementor-tab-content-19911\" class=\"elementor-tab-content elementor-clearfix\" data-tab=\"11\" role=\"region\" aria-labelledby=\"elementor-tab-title-19911\"><ul>\n<li><strong>Standardhem<\/strong>: Enklare boende med v\u00e4rdar i \u00e5ldern 50-70 \u00e5r, som ligger inom 30 minuter fr\u00e5n skolan. Inkluderar frukost och middag. <\/li>\n<li><strong>Bekv\u00e4ma hem<\/strong>: Modernt boende i lugnare bostadsomr\u00e5den. Inkluderar frukost och middag. <\/li>\n<li><strong>Hotell<\/strong> i Palma de Mallorca: Ett stort utbud av hotell i Palma de Mallorca som passar alla budgetar och \u00f6nskem\u00e5l.<\/li>\n<\/ul>\n<p>Privata badrum finns tillg\u00e4ngliga p\u00e5 beg\u00e4ran f\u00f6r b\u00e5de standard- och komforthem.<\/p>\n<\/div>\n\t\t\t\t<\/div>\n\t\t\t\t\t\t\t<div class=\"elementor-accordion-item\">\n\t\t\t\t\t<div id=\"elementor-tab-title-19912\" class=\"elementor-tab-title\" data-tab=\"12\" role=\"button\" aria-controls=\"elementor-tab-content-19912\" aria-expanded=\"false\">\n\t\t\t\t\t\t\t\t\t\t\t\t\t<span class=\"elementor-accordion-icon elementor-accordion-icon-right\" aria-hidden=\"true\">\n\t\t\t\t\t\t\t\t\t\t\t\t\t\t\t<span class=\"elementor-accordion-icon-closed\"><svg class=\"e-font-icon-svg e-fas-long-arrow-alt-right\" viewBox=\"0 0 448 512\" xmlns=\"http:\/\/www.w3.org\/2000\/svg\"><path d=\"M313.941 216H12c-6.627 0-12 5.373-12 12v56c0 6.627 5.373 12 12 12h301.941v46.059c0 21.382 25.851 32.09 40.971 16.971l86.059-86.059c9.373-9.373 9.373-24.569 0-33.941l-86.059-86.059c-15.119-15.119-40.971-4.411-40.971 16.971V216z\"><\/path><\/svg><\/span>\n\t\t\t\t\t\t\t\t<span class=\"elementor-accordion-icon-opened\"><svg class=\"e-font-icon-svg e-fas-long-arrow-alt-up\" viewBox=\"0 0 256 512\" xmlns=\"http:\/\/www.w3.org\/2000\/svg\"><path d=\"M88 166.059V468c0 6.627 5.373 12 12 12h56c6.627 0 12-5.373 12-12V166.059h46.059c21.382 0 32.09-25.851 16.971-40.971l-86.059-86.059c-9.373-9.373-24.569-9.373-33.941 0l-86.059 86.059c-15.119 15.119-4.411 40.971 16.971 40.971H88z\"><\/path><\/svg><\/span>\n\t\t\t\t\t\t\t\t\t\t\t\t\t\t<\/span>\n\t\t\t\t\t\t\t\t\t\t\t\t<a class=\"elementor-accordion-title\" tabindex=\"0\">Hur m\u00e5nga elever finns det i varje grupp?<\/a>\n\t\t\t\t\t<\/div>\n\t\t\t\t\t<div id=\"elementor-tab-content-19912\" class=\"elementor-tab-content elementor-clearfix\" data-tab=\"12\" role=\"region\" aria-labelledby=\"elementor-tab-title-19912\"><p>Klasserna \u00e4r sm\u00e5, med ett genomsnitt p\u00e5 3-7 elever och h\u00f6gst 12 elever per grupp.<\/p>\n<\/div>\n\t\t\t\t<\/div>\n\t\t\t\t\t\t\t<div class=\"elementor-accordion-item\">\n\t\t\t\t\t<div id=\"elementor-tab-title-19913\" class=\"elementor-tab-title\" data-tab=\"13\" role=\"button\" aria-controls=\"elementor-tab-content-19913\" aria-expanded=\"false\">\n\t\t\t\t\t\t\t\t\t\t\t\t\t<span class=\"elementor-accordion-icon elementor-accordion-icon-right\" aria-hidden=\"true\">\n\t\t\t\t\t\t\t\t\t\t\t\t\t\t\t<span class=\"elementor-accordion-icon-closed\"><svg class=\"e-font-icon-svg e-fas-long-arrow-alt-right\" viewBox=\"0 0 448 512\" xmlns=\"http:\/\/www.w3.org\/2000\/svg\"><path d=\"M313.941 216H12c-6.627 0-12 5.373-12 12v56c0 6.627 5.373 12 12 12h301.941v46.059c0 21.382 25.851 32.09 40.971 16.971l86.059-86.059c9.373-9.373 9.373-24.569 0-33.941l-86.059-86.059c-15.119-15.119-40.971-4.411-40.971 16.971V216z\"><\/path><\/svg><\/span>\n\t\t\t\t\t\t\t\t<span class=\"elementor-accordion-icon-opened\"><svg class=\"e-font-icon-svg e-fas-long-arrow-alt-up\" viewBox=\"0 0 256 512\" xmlns=\"http:\/\/www.w3.org\/2000\/svg\"><path d=\"M88 166.059V468c0 6.627 5.373 12 12 12h56c6.627 0 12-5.373 12-12V166.059h46.059c21.382 0 32.09-25.851 16.971-40.971l-86.059-86.059c-9.373-9.373-24.569-9.373-33.941 0l-86.059 86.059c-15.119 15.119-4.411 40.971 16.971 40.971H88z\"><\/path><\/svg><\/span>\n\t\t\t\t\t\t\t\t\t\t\t\t\t\t<\/span>\n\t\t\t\t\t\t\t\t\t\t\t\t<a class=\"elementor-accordion-title\" tabindex=\"0\">Vad ing\u00e5r i kursavgiften?<\/a>\n\t\t\t\t\t<\/div>\n\t\t\t\t\t<div id=\"elementor-tab-content-19913\" class=\"elementor-tab-content elementor-clearfix\" data-tab=\"13\" role=\"region\" aria-labelledby=\"elementor-tab-title-19913\"><ul>\n<li>Spanska lektioner<\/li>\n<li>Fritidsaktiviteter<\/li>\n<li>Placeringstest<\/li>\n<li>Intyg om deltagande<\/li>\n<\/ul>\n<\/div>\n\t\t\t\t<\/div>\n\t\t\t\t\t\t\t<div class=\"elementor-accordion-item\">\n\t\t\t\t\t<div id=\"elementor-tab-title-19914\" class=\"elementor-tab-title\" data-tab=\"14\" role=\"button\" aria-controls=\"elementor-tab-content-19914\" aria-expanded=\"false\">\n\t\t\t\t\t\t\t\t\t\t\t\t\t<span class=\"elementor-accordion-icon elementor-accordion-icon-right\" aria-hidden=\"true\">\n\t\t\t\t\t\t\t\t\t\t\t\t\t\t\t<span class=\"elementor-accordion-icon-closed\"><svg class=\"e-font-icon-svg e-fas-long-arrow-alt-right\" viewBox=\"0 0 448 512\" xmlns=\"http:\/\/www.w3.org\/2000\/svg\"><path d=\"M313.941 216H12c-6.627 0-12 5.373-12 12v56c0 6.627 5.373 12 12 12h301.941v46.059c0 21.382 25.851 32.09 40.971 16.971l86.059-86.059c9.373-9.373 9.373-24.569 0-33.941l-86.059-86.059c-15.119-15.119-40.971-4.411-40.971 16.971V216z\"><\/path><\/svg><\/span>\n\t\t\t\t\t\t\t\t<span class=\"elementor-accordion-icon-opened\"><svg class=\"e-font-icon-svg e-fas-long-arrow-alt-up\" viewBox=\"0 0 256 512\" xmlns=\"http:\/\/www.w3.org\/2000\/svg\"><path d=\"M88 166.059V468c0 6.627 5.373 12 12 12h56c6.627 0 12-5.373 12-12V166.059h46.059c21.382 0 32.09-25.851 16.971-40.971l-86.059-86.059c-9.373-9.373-24.569-9.373-33.941 0l-86.059 86.059c-15.119 15.119-4.411 40.971 16.971 40.971H88z\"><\/path><\/svg><\/span>\n\t\t\t\t\t\t\t\t\t\t\t\t\t\t<\/span>\n\t\t\t\t\t\t\t\t\t\t\t\t<a class=\"elementor-accordion-title\" tabindex=\"0\">\u00c4r spanskakurserna endast f\u00f6r 50+ deltagare?<\/a>\n\t\t\t\t\t<\/div>\n\t\t\t\t\t<div id=\"elementor-tab-content-19914\" class=\"elementor-tab-content elementor-clearfix\" data-tab=\"14\" role=\"region\" aria-labelledby=\"elementor-tab-title-19914\"><p><span class=\"a_GcMg font-feature-liga-off font-feature-clig-off font-feature-calt-off text-decoration-none text-strikethrough-none\">Nej, du kommer att delta i vanliga klasser p\u00e5 din niv\u00e5 med elever i alla \u00e5ldrar. <\/span><\/p>\n<\/div>\n\t\t\t\t<\/div>\n\t\t\t\t\t\t\t<div class=\"elementor-accordion-item\">\n\t\t\t\t\t<div id=\"elementor-tab-title-19915\" class=\"elementor-tab-title\" data-tab=\"15\" role=\"button\" aria-controls=\"elementor-tab-content-19915\" aria-expanded=\"false\">\n\t\t\t\t\t\t\t\t\t\t\t\t\t<span class=\"elementor-accordion-icon elementor-accordion-icon-right\" aria-hidden=\"true\">\n\t\t\t\t\t\t\t\t\t\t\t\t\t\t\t<span class=\"elementor-accordion-icon-closed\"><svg class=\"e-font-icon-svg e-fas-long-arrow-alt-right\" viewBox=\"0 0 448 512\" xmlns=\"http:\/\/www.w3.org\/2000\/svg\"><path d=\"M313.941 216H12c-6.627 0-12 5.373-12 12v56c0 6.627 5.373 12 12 12h301.941v46.059c0 21.382 25.851 32.09 40.971 16.971l86.059-86.059c9.373-9.373 9.373-24.569 0-33.941l-86.059-86.059c-15.119-15.119-40.971-4.411-40.971 16.971V216z\"><\/path><\/svg><\/span>\n\t\t\t\t\t\t\t\t<span class=\"elementor-accordion-icon-opened\"><svg class=\"e-font-icon-svg e-fas-long-arrow-alt-up\" viewBox=\"0 0 256 512\" xmlns=\"http:\/\/www.w3.org\/2000\/svg\"><path d=\"M88 166.059V468c0 6.627 5.373 12 12 12h56c6.627 0 12-5.373 12-12V166.059h46.059c21.382 0 32.09-25.851 16.971-40.971l-86.059-86.059c-9.373-9.373-24.569-9.373-33.941 0l-86.059 86.059c-15.119 15.119-4.411 40.971 16.971 40.971H88z\"><\/path><\/svg><\/span>\n\t\t\t\t\t\t\t\t\t\t\t\t\t\t<\/span>\n\t\t\t\t\t\t\t\t\t\t\t\t<a class=\"elementor-accordion-title\" tabindex=\"0\">\u00c4r aktivitetsprogrammet exklusivt f\u00f6r 50+ deltagare?<\/a>\n\t\t\t\t\t<\/div>\n\t\t\t\t\t<div id=\"elementor-tab-content-19915\" class=\"elementor-tab-content elementor-clearfix\" data-tab=\"15\" role=\"region\" aria-labelledby=\"elementor-tab-title-19915\"><p><span class=\"a_GcMg font-feature-liga-off font-feature-clig-off font-feature-calt-off text-decoration-none text-strikethrough-none\">Ja, 50+-programmet \u00e4r huvudsakligen exklusivt f\u00f6r deltagarna i detta program. Endast v\u00e4lkomstdrinken kan \u00e4ven bes\u00f6kas av andra elever p\u00e5 skolan, vanligtvis i \u00e5ldern 30+ \u00e5r.  <\/span><\/p>\n<\/div>\n\t\t\t\t<\/div>\n\t\t\t\t\t\t\t\t\t\t<script type=\"application\/ld+json\">{\"@context\":\"https:\\\/\\\/schema.org\",\"@type\":\"FAQPage\",\"mainEntity\":[{\"@type\":\"Question\",\"name\":\"Vad \\u00e4r Mallorca 50+ spanska kursen?\",\"acceptedAnswer\":{\"@type\":\"Answer\",\"text\":\"<p>Spanska kursen Mallorca 50+ \\u00e4r ett unikt program f\\u00f6r dig som \\u00e4r 50 \\u00e5r eller \\u00e4ldre och vill kombinera spanska med kultur- och fritidsaktiviteter i den vackra medelhavsmilj\\u00f6n i Palma de Mallorca.<\\\/p>\\n\"}},{\"@type\":\"Question\",\"name\":\"Vad \\u00e4r Mallorca 50+ spanska kursen?\",\"acceptedAnswer\":{\"@type\":\"Answer\",\"text\":\"<p>Spanska kursen Mallorca 50+ \\u00e4r ett unikt program f\\u00f6r dig som \\u00e4r 50 \\u00e5r eller \\u00e4ldre och vill kombinera spanska med kultur- och fritidsaktiviteter i den vackra medelhavsmilj\\u00f6n i Palma de Mallorca.<\\\/p>\\n\"}},{\"@type\":\"Question\",\"name\":\"Var \\u00e4r spr\\u00e5kskolan bel\\u00e4gen?\",\"acceptedAnswer\":{\"@type\":\"Answer\",\"text\":\"<p>V\\u00e5r skola \\u00e4r centralt bel\\u00e4gen p\\u00e5 Avenida de Portugal i Palma de Mallorca, alldeles intill Gamla stan. Det \\u00e4r l\\u00e4tt att ta sig hit med kollektivtrafik eller bil, och det finns parkeringsm\\u00f6jligheter i n\\u00e4rheten. <\\\/p>\\n\"}},{\"@type\":\"Question\",\"name\":\"Vilka spr\\u00e5kniv\\u00e5er erbjuds?\",\"acceptedAnswer\":{\"@type\":\"Answer\",\"text\":\"<p>Vi erbjuder kurser f\\u00f6r niv\\u00e5erna A1 (nyb\\u00f6rjare) till B2 (\\u00f6vre mellanniv\\u00e5).<\\\/p>\\n\"}},{\"@type\":\"Question\",\"name\":\"Vad finns det f\\u00f6r kursalternativ?\",\"acceptedAnswer\":{\"@type\":\"Answer\",\"text\":\"<p>Vi erbjuder tv\\u00e5 alternativ:<\\\/p>\\n<ul>\\n<li><strong>10 lektioner per vecka:<\\\/strong> 11:25 &#8211; 13:05<\\\/li>\\n<li><strong>20 lektioner per vecka:<\\\/strong> 9:30 &#8211; 13:05<\\\/li>\\n<\\\/ul>\\n<p>B\\u00e5da alternativen omfattar upp till 7 timmars \\u00f6vervakade sj\\u00e4lvstudier per vecka med en l\\u00e4rare som \\u00e4r tillg\\u00e4nglig f\\u00f6r att svara p\\u00e5 fr\\u00e5gor.<\\\/p>\\n\"}},{\"@type\":\"Question\",\"name\":\"Hur l\\u00e5ng \\u00e4r kursen?\",\"acceptedAnswer\":{\"@type\":\"Answer\",\"text\":\"<p>Kurserna \\u00e4r tillg\\u00e4ngliga f\\u00f6r 1 eller 2 veckor.<\\\/p>\\n\"}},{\"@type\":\"Question\",\"name\":\"Vilka \\u00e4r startdatumen f\\u00f6r 2025?\",\"acceptedAnswer\":{\"@type\":\"Answer\",\"text\":\"<ul>\\n<li><strong>juni:<\\\/strong> 2 och 9 juni<\\\/li>\\n<li><strong>oktober:<\\\/strong> 6, 13, 20 och 27 oktober<\\\/li>\\n<\\\/ul>\\n\"}},{\"@type\":\"Question\",\"name\":\"\\u00c4r kursen godk\\u00e4nd f\\u00f6r utbildningsledighet (Bildungsurlaub)?\",\"acceptedAnswer\":{\"@type\":\"Answer\",\"text\":\"<p>Ja, kursen med 20 lektioner per vecka \\u00e4r erk\\u00e4nd f\\u00f6r Bildungsurlaub i f\\u00f6ljande tyska federala stater: Baden-W\\u00fcrttemberg, Berlin, Brandenburg, Bremen, Hamburg, Hessen, Niedersachsen, Rheinland-Pfalz, Saarland, Sachsen-Anhalt, Schleswig-Holstein och Th\\u00fcringen.<\\\/p>\\n<h4> <\\\/h4>\\n\"}},{\"@type\":\"Question\",\"name\":\"Vilka fritidsaktiviteter ing\\u00e5r?\",\"acceptedAnswer\":{\"@type\":\"Answer\",\"text\":\"<p>I kursen ing\\u00e5r 10 gruppaktiviteter per vecka, t.ex:<\\\/p>\\n<ul>\\n<li>Stadsrundturer<\\\/li>\\n<li>Bes\\u00f6k i katedralen<\\\/li>\\n<li>Utflykter till Valldemossa och S\\u00f3ller<\\\/li>\\n<li>Workshops i flamenco-handklappning<\\\/li>\\n<li>Musei- och marknadsbes\\u00f6k<\\\/li>\\n<\\\/ul>\\n\"}},{\"@type\":\"Question\",\"name\":\"\\u00c4r programmet l\\u00e4mpligt f\\u00f6r ensamresen\\u00e4rer?\",\"acceptedAnswer\":{\"@type\":\"Answer\",\"text\":\"<p>Ja, det g\\u00f6r vi! Kursen fr\\u00e4mjar en gemenskapsmilj\\u00f6 d\\u00e4r du kan tr\\u00e4ffa likasinnade kamrater och f\\u00e5 nya v\\u00e4nner medan du l\\u00e4r dig spanska. <\\\/p>\\n\"}},{\"@type\":\"Question\",\"name\":\"Vilka boendealternativ finns tillg\\u00e4ngliga?\",\"acceptedAnswer\":{\"@type\":\"Answer\",\"text\":\"<ul>\\n<li><strong>Standardhem<\\\/strong>: Enklare boende med v\\u00e4rdar i \\u00e5ldern 50-70 \\u00e5r, som ligger inom 30 minuter fr\\u00e5n skolan. Inkluderar frukost och middag. <\\\/li>\\n<li><strong>Bekv\\u00e4ma hem<\\\/strong>: Modernt boende i lugnare bostadsomr\\u00e5den. Inkluderar frukost och middag. <\\\/li>\\n<li><strong>Hotell<\\\/strong> i Palma de Mallorca: Ett stort utbud av hotell i Palma de Mallorca som passar alla budgetar och \\u00f6nskem\\u00e5l.<\\\/li>\\n<\\\/ul>\\n<p>Privata badrum finns tillg\\u00e4ngliga p\\u00e5 beg\\u00e4ran f\\u00f6r b\\u00e5de standard- och komforthem.<\\\/p>\\n\"}},{\"@type\":\"Question\",\"name\":\"Hur m\\u00e5nga elever finns det i varje grupp?\",\"acceptedAnswer\":{\"@type\":\"Answer\",\"text\":\"<p>Klasserna \\u00e4r sm\\u00e5, med ett genomsnitt p\\u00e5 3-7 elever och h\\u00f6gst 12 elever per grupp.<\\\/p>\\n\"}},{\"@type\":\"Question\",\"name\":\"Vad ing\\u00e5r i kursavgiften?\",\"acceptedAnswer\":{\"@type\":\"Answer\",\"text\":\"<ul>\\n<li>Spanska lektioner<\\\/li>\\n<li>Fritidsaktiviteter<\\\/li>\\n<li>Placeringstest<\\\/li>\\n<li>Intyg om deltagande<\\\/li>\\n<\\\/ul>\\n\"}},{\"@type\":\"Question\",\"name\":\"\\u00c4r spanskakurserna endast f\\u00f6r 50+ deltagare?\",\"acceptedAnswer\":{\"@type\":\"Answer\",\"text\":\"<p><span class=\\\"a_GcMg font-feature-liga-off font-feature-clig-off font-feature-calt-off text-decoration-none text-strikethrough-none\\\">Nej, du kommer att delta i vanliga klasser p\\u00e5 din niv\\u00e5 med elever i alla \\u00e5ldrar. <\\\/span><\\\/p>\\n\"}},{\"@type\":\"Question\",\"name\":\"\\u00c4r aktivitetsprogrammet exklusivt f\\u00f6r 50+ deltagare?\",\"acceptedAnswer\":{\"@type\":\"Answer\",\"text\":\"<p><span class=\\\"a_GcMg font-feature-liga-off font-feature-clig-off font-feature-calt-off text-decoration-none text-strikethrough-none\\\">Ja, 50+-programmet \\u00e4r huvudsakligen exklusivt f\\u00f6r deltagarna i detta program. Endast v\\u00e4lkomstdrinken kan \\u00e4ven bes\\u00f6kas av andra elever p\\u00e5 skolan, vanligtvis i \\u00e5ldern 30+ \\u00e5r.  <\\\/span><\\\/p>\\n\"}}]}<\/script>\n\t\t\t\t\t<\/div>\n\t\t\t\t\t\t<\/div>\n\t\t\t\t<\/div>\n\t\t\t\t\t<\/div>\n\t\t<\/div>\n\t\t\t\t\t<\/div>\n\t\t<\/section>\n\t\t\t\t<section class=\"elementor-section elementor-top-section elementor-element elementor-element-f0a6c77 elementor-section-boxed elementor-section-height-default elementor-section-height-default\" data-id=\"f0a6c77\" data-element_type=\"section\" data-e-type=\"section\">\n\t\t\t\t\t\t<div class=\"elementor-container elementor-column-gap-default\">\n\t\t\t\t\t<div class=\"elementor-column elementor-col-100 elementor-top-column elementor-element elementor-element-9252b0d\" data-id=\"9252b0d\" data-element_type=\"column\" data-e-type=\"column\">\n\t\t\t<div class=\"elementor-widget-wrap elementor-element-populated\">\n\t\t\t\t\t\t<div class=\"elementor-element elementor-element-418a7e4 elementor-widget elementor-widget-heading\" data-id=\"418a7e4\" data-element_type=\"widget\" data-e-type=\"widget\" data-widget_type=\"heading.default\">\n\t\t\t\t<div class=\"elementor-widget-container\">\n\t\t\t\t\t<h2 class=\"elementor-heading-title elementor-size-default\">Bildningsurlaub<\/h2>\t\t\t\t<\/div>\n\t\t\t\t<\/div>\n\t\t\t\t<div class=\"elementor-element elementor-element-edc9fe7 wd-accordion-theme-style elementor-widget elementor-widget-accordion\" data-id=\"edc9fe7\" data-element_type=\"widget\" data-e-type=\"widget\" data-widget_type=\"accordion.default\">\n\t\t\t\t<div class=\"elementor-widget-container\">\n\t\t\t\t\t\t\t<div class=\"elementor-accordion\">\n\t\t\t\t\t\t\t<div class=\"elementor-accordion-item\">\n\t\t\t\t\t<div id=\"elementor-tab-title-2491\" class=\"elementor-tab-title\" data-tab=\"1\" role=\"button\" aria-controls=\"elementor-tab-content-2491\" aria-expanded=\"false\">\n\t\t\t\t\t\t\t\t\t\t\t\t\t<span class=\"elementor-accordion-icon elementor-accordion-icon-right\" aria-hidden=\"true\">\n\t\t\t\t\t\t\t\t\t\t\t\t\t\t\t<span class=\"elementor-accordion-icon-closed\"><svg class=\"e-font-icon-svg e-fas-long-arrow-alt-right\" viewBox=\"0 0 448 512\" xmlns=\"http:\/\/www.w3.org\/2000\/svg\"><path d=\"M313.941 216H12c-6.627 0-12 5.373-12 12v56c0 6.627 5.373 12 12 12h301.941v46.059c0 21.382 25.851 32.09 40.971 16.971l86.059-86.059c9.373-9.373 9.373-24.569 0-33.941l-86.059-86.059c-15.119-15.119-40.971-4.411-40.971 16.971V216z\"><\/path><\/svg><\/span>\n\t\t\t\t\t\t\t\t<span class=\"elementor-accordion-icon-opened\"><svg class=\"e-font-icon-svg e-fas-long-arrow-alt-up\" viewBox=\"0 0 256 512\" xmlns=\"http:\/\/www.w3.org\/2000\/svg\"><path d=\"M88 166.059V468c0 6.627 5.373 12 12 12h56c6.627 0 12-5.373 12-12V166.059h46.059c21.382 0 32.09-25.851 16.971-40.971l-86.059-86.059c-9.373-9.373-24.569-9.373-33.941 0l-86.059 86.059c-15.119 15.119-4.411 40.971 16.971 40.971H88z\"><\/path><\/svg><\/span>\n\t\t\t\t\t\t\t\t\t\t\t\t\t\t<\/span>\n\t\t\t\t\t\t\t\t\t\t\t\t<a class=\"elementor-accordion-title\" tabindex=\"0\">Uppfyller den spanska kursen 30 timmar per vecka kraven f\u00f6r Bildungsurlaub f\u00f6r mitt Bundesland?<\/a>\n\t\t\t\t\t<\/div>\n\t\t\t\t\t<div id=\"elementor-tab-content-2491\" class=\"elementor-tab-content elementor-clearfix\" data-tab=\"1\" role=\"region\" aria-labelledby=\"elementor-tab-title-2491\"><p data-prosemirror-content-type=\"node\" data-prosemirror-node-name=\"paragraph\" data-prosemirror-node-block=\"true\" data-pm-slice=\"1 1 []\">Ja. V\u00e5r utbildningsurlaubskurs omfattar 30 gruppundervisningstimmar per vecka. Kursen s\u00e4tter sig tillsammans fr\u00e5n Gruppenunterricht och 7 eller fler Unterrichtsstunden betreutem Lernen.  <\/p>\n<p data-prosemirror-content-type=\"node\" data-prosemirror-node-name=\"paragraph\" data-prosemirror-node-block=\"true\">Je nach Bundesland kann der Anteil des betreuten Lernens variieren, um den jeweiligen gesetzlichen Vorgaben zu entsprechen. Der Gesamtpreis bleibt dabei immer gleich. <\/p>\n<p data-prosemirror-content-type=\"node\" data-prosemirror-node-name=\"paragraph\" data-prosemirror-node-block=\"true\">G\u00e4rna skicka vi Ihnen Stundenplan zu &#8211; fr\u00e5ga Sie oss enkelt!<\/p>\n<\/div>\n\t\t\t\t<\/div>\n\t\t\t\t\t\t\t<div class=\"elementor-accordion-item\">\n\t\t\t\t\t<div id=\"elementor-tab-title-2492\" class=\"elementor-tab-title\" data-tab=\"2\" role=\"button\" aria-controls=\"elementor-tab-content-2492\" aria-expanded=\"false\">\n\t\t\t\t\t\t\t\t\t\t\t\t\t<span class=\"elementor-accordion-icon elementor-accordion-icon-right\" aria-hidden=\"true\">\n\t\t\t\t\t\t\t\t\t\t\t\t\t\t\t<span class=\"elementor-accordion-icon-closed\"><svg class=\"e-font-icon-svg e-fas-long-arrow-alt-right\" viewBox=\"0 0 448 512\" xmlns=\"http:\/\/www.w3.org\/2000\/svg\"><path d=\"M313.941 216H12c-6.627 0-12 5.373-12 12v56c0 6.627 5.373 12 12 12h301.941v46.059c0 21.382 25.851 32.09 40.971 16.971l86.059-86.059c9.373-9.373 9.373-24.569 0-33.941l-86.059-86.059c-15.119-15.119-40.971-4.411-40.971 16.971V216z\"><\/path><\/svg><\/span>\n\t\t\t\t\t\t\t\t<span class=\"elementor-accordion-icon-opened\"><svg class=\"e-font-icon-svg e-fas-long-arrow-alt-up\" viewBox=\"0 0 256 512\" xmlns=\"http:\/\/www.w3.org\/2000\/svg\"><path d=\"M88 166.059V468c0 6.627 5.373 12 12 12h56c6.627 0 12-5.373 12-12V166.059h46.059c21.382 0 32.09-25.851 16.971-40.971l-86.059-86.059c-9.373-9.373-24.569-9.373-33.941 0l-86.059 86.059c-15.119 15.119-4.411 40.971 16.971 40.971H88z\"><\/path><\/svg><\/span>\n\t\t\t\t\t\t\t\t\t\t\t\t\t\t<\/span>\n\t\t\t\t\t\t\t\t\t\t\t\t<a class=\"elementor-accordion-title\" tabindex=\"0\">Uppfyller den spanska kursen 30 timmar per vecka kraven f\u00f6r Bildungsurlaub f\u00f6r mitt Bundesland?<\/a>\n\t\t\t\t\t<\/div>\n\t\t\t\t\t<div id=\"elementor-tab-content-2492\" class=\"elementor-tab-content elementor-clearfix\" data-tab=\"2\" role=\"region\" aria-labelledby=\"elementor-tab-title-2492\"><p data-prosemirror-content-type=\"node\" data-prosemirror-node-name=\"paragraph\" data-prosemirror-node-block=\"true\" data-pm-slice=\"1 1 []\">Ja. V\u00e5r utbildningsurlaubskurs omfattar 30 gruppundervisningstimmar per vecka. Kursen s\u00e4tter sig tillsammans fr\u00e5n Gruppenunterricht och 7 eller fler Unterrichtsstunden betreutem Lernen.  <\/p>\n<p data-prosemirror-content-type=\"node\" data-prosemirror-node-name=\"paragraph\" data-prosemirror-node-block=\"true\">Je nach Bundesland kann der Anteil des betreuten Lernens variieren, um den jeweiligen gesetzlichen Vorgaben zu entsprechen. Der Gesamtpreis bleibt dabei immer gleich. <\/p>\n<p data-prosemirror-content-type=\"node\" data-prosemirror-node-name=\"paragraph\" data-prosemirror-node-block=\"true\">G\u00e4rna skicka vi Ihnen Stundenplan zu &#8211; fr\u00e5ga Sie oss enkelt!<\/p>\n<\/div>\n\t\t\t\t<\/div>\n\t\t\t\t\t\t\t<div class=\"elementor-accordion-item\">\n\t\t\t\t\t<div id=\"elementor-tab-title-2493\" class=\"elementor-tab-title\" data-tab=\"3\" role=\"button\" aria-controls=\"elementor-tab-content-2493\" aria-expanded=\"false\">\n\t\t\t\t\t\t\t\t\t\t\t\t\t<span class=\"elementor-accordion-icon elementor-accordion-icon-right\" aria-hidden=\"true\">\n\t\t\t\t\t\t\t\t\t\t\t\t\t\t\t<span class=\"elementor-accordion-icon-closed\"><svg class=\"e-font-icon-svg e-fas-long-arrow-alt-right\" viewBox=\"0 0 448 512\" xmlns=\"http:\/\/www.w3.org\/2000\/svg\"><path d=\"M313.941 216H12c-6.627 0-12 5.373-12 12v56c0 6.627 5.373 12 12 12h301.941v46.059c0 21.382 25.851 32.09 40.971 16.971l86.059-86.059c9.373-9.373 9.373-24.569 0-33.941l-86.059-86.059c-15.119-15.119-40.971-4.411-40.971 16.971V216z\"><\/path><\/svg><\/span>\n\t\t\t\t\t\t\t\t<span class=\"elementor-accordion-icon-opened\"><svg class=\"e-font-icon-svg e-fas-long-arrow-alt-up\" viewBox=\"0 0 256 512\" xmlns=\"http:\/\/www.w3.org\/2000\/svg\"><path d=\"M88 166.059V468c0 6.627 5.373 12 12 12h56c6.627 0 12-5.373 12-12V166.059h46.059c21.382 0 32.09-25.851 16.971-40.971l-86.059-86.059c-9.373-9.373-24.569-9.373-33.941 0l-86.059 86.059c-15.119 15.119-4.411 40.971 16.971 40.971H88z\"><\/path><\/svg><\/span>\n\t\t\t\t\t\t\t\t\t\t\t\t\t\t<\/span>\n\t\t\t\t\t\t\t\t\t\t\t\t<a class=\"elementor-accordion-title\" tabindex=\"0\">M\u00e5ste jag alltid delta i hela undervisningen f\u00f6r att f\u00e5 mitt certifikat?<\/a>\n\t\t\t\t\t<\/div>\n\t\t\t\t\t<div id=\"elementor-tab-content-2493\" class=\"elementor-tab-content elementor-clearfix\" data-tab=\"3\" role=\"region\" aria-labelledby=\"elementor-tab-title-2493\"><p data-prosemirror-content-type=\"node\" data-prosemirror-node-name=\"paragraph\" data-prosemirror-node-block=\"true\" data-pm-slice=\"1 1 []\">F\u00f6r att deltagarbeviset f\u00f6r utbildningsresan ska kunna erh\u00e5llas kr\u00e4vs ett deltagande p\u00e5 80 % av det totala beloppet.<\/p>\n<p data-prosemirror-content-type=\"node\" data-prosemirror-node-name=\"paragraph\" data-prosemirror-node-block=\"true\">\n<\/div>\n\t\t\t\t<\/div>\n\t\t\t\t\t\t\t<div class=\"elementor-accordion-item\">\n\t\t\t\t\t<div id=\"elementor-tab-title-2494\" class=\"elementor-tab-title\" data-tab=\"4\" role=\"button\" aria-controls=\"elementor-tab-content-2494\" aria-expanded=\"false\">\n\t\t\t\t\t\t\t\t\t\t\t\t\t<span class=\"elementor-accordion-icon elementor-accordion-icon-right\" aria-hidden=\"true\">\n\t\t\t\t\t\t\t\t\t\t\t\t\t\t\t<span class=\"elementor-accordion-icon-closed\"><svg class=\"e-font-icon-svg e-fas-long-arrow-alt-right\" viewBox=\"0 0 448 512\" xmlns=\"http:\/\/www.w3.org\/2000\/svg\"><path d=\"M313.941 216H12c-6.627 0-12 5.373-12 12v56c0 6.627 5.373 12 12 12h301.941v46.059c0 21.382 25.851 32.09 40.971 16.971l86.059-86.059c9.373-9.373 9.373-24.569 0-33.941l-86.059-86.059c-15.119-15.119-40.971-4.411-40.971 16.971V216z\"><\/path><\/svg><\/span>\n\t\t\t\t\t\t\t\t<span class=\"elementor-accordion-icon-opened\"><svg class=\"e-font-icon-svg e-fas-long-arrow-alt-up\" viewBox=\"0 0 256 512\" xmlns=\"http:\/\/www.w3.org\/2000\/svg\"><path d=\"M88 166.059V468c0 6.627 5.373 12 12 12h56c6.627 0 12-5.373 12-12V166.059h46.059c21.382 0 32.09-25.851 16.971-40.971l-86.059-86.059c-9.373-9.373-24.569-9.373-33.941 0l-86.059 86.059c-15.119 15.119-4.411 40.971 16.971 40.971H88z\"><\/path><\/svg><\/span>\n\t\t\t\t\t\t\t\t\t\t\t\t\t\t<\/span>\n\t\t\t\t\t\t\t\t\t\t\t\t<a class=\"elementor-accordion-title\" tabindex=\"0\">Boende: Kan jag f\u00e5 extra mat till min bostad?<\/a>\n\t\t\t\t\t<\/div>\n\t\t\t\t\t<div id=\"elementor-tab-content-2494\" class=\"elementor-tab-content elementor-clearfix\" data-tab=\"4\" role=\"region\" aria-labelledby=\"elementor-tab-title-2494\"><p data-prosemirror-content-type=\"node\" data-prosemirror-node-name=\"paragraph\" data-prosemirror-node-block=\"true\" data-pm-slice=\"1 1 []\">V\u00e5ra Unterk\u00fcnfte \u00e4r organiserade i vackra f\u00e4rger och \u00e4r inte avsedda f\u00f6r turister. D\u00e4rf\u00f6r kan maximalt 2 Extran\u00e4chte gebucht werden. Den regulj\u00e4ra resan \u00e4r s\u00f6ndagar och avresan samstdagar. Je nach Bedarf kannst du entweder die Nacht vor Kursbeginn (Samstag auf Sonntag) oder die Nacht nach Kursende (Samstag auf Sonntag) als Extranacht hinzubuchen.   <\/p>\n<\/div>\n\t\t\t\t<\/div>\n\t\t\t\t\t\t\t<div class=\"elementor-accordion-item\">\n\t\t\t\t\t<div id=\"elementor-tab-title-2495\" class=\"elementor-tab-title\" data-tab=\"5\" role=\"button\" aria-controls=\"elementor-tab-content-2495\" aria-expanded=\"false\">\n\t\t\t\t\t\t\t\t\t\t\t\t\t<span class=\"elementor-accordion-icon elementor-accordion-icon-right\" aria-hidden=\"true\">\n\t\t\t\t\t\t\t\t\t\t\t\t\t\t\t<span class=\"elementor-accordion-icon-closed\"><svg class=\"e-font-icon-svg e-fas-long-arrow-alt-right\" viewBox=\"0 0 448 512\" xmlns=\"http:\/\/www.w3.org\/2000\/svg\"><path d=\"M313.941 216H12c-6.627 0-12 5.373-12 12v56c0 6.627 5.373 12 12 12h301.941v46.059c0 21.382 25.851 32.09 40.971 16.971l86.059-86.059c9.373-9.373 9.373-24.569 0-33.941l-86.059-86.059c-15.119-15.119-40.971-4.411-40.971 16.971V216z\"><\/path><\/svg><\/span>\n\t\t\t\t\t\t\t\t<span class=\"elementor-accordion-icon-opened\"><svg class=\"e-font-icon-svg e-fas-long-arrow-alt-up\" viewBox=\"0 0 256 512\" xmlns=\"http:\/\/www.w3.org\/2000\/svg\"><path d=\"M88 166.059V468c0 6.627 5.373 12 12 12h56c6.627 0 12-5.373 12-12V166.059h46.059c21.382 0 32.09-25.851 16.971-40.971l-86.059-86.059c-9.373-9.373-24.569-9.373-33.941 0l-86.059 86.059c-15.119 15.119-4.411 40.971 16.971 40.971H88z\"><\/path><\/svg><\/span>\n\t\t\t\t\t\t\t\t\t\t\t\t\t\t<\/span>\n\t\t\t\t\t\t\t\t\t\t\t\t<a class=\"elementor-accordion-title\" tabindex=\"0\">  Boendegemenskaper: Vem \u00e4r ansvarig f\u00f6r kylsk\u00e5pet i bostadsgemenskapen?<\/a>\n\t\t\t\t\t<\/div>\n\t\t\t\t\t<div id=\"elementor-tab-content-2495\" class=\"elementor-tab-content elementor-clearfix\" data-tab=\"5\" role=\"region\" aria-labelledby=\"elementor-tab-title-2495\"><p data-prosemirror-content-type=\"node\" data-prosemirror-node-name=\"paragraph\" data-prosemirror-node-block=\"true\" data-pm-slice=\"1 1 []\">K\u00fchlschrank wird nicht von unserem Reinigungspersonal aufger\u00e4umt, sondern von den Bewohnern:innen der WG selbst. Det betyder att ni tillsammans ska se till att det \u00e4r ordning och reda. <\/p>\n<p data-prosemirror-content-type=\"node\" data-prosemirror-node-name=\"paragraph\" data-prosemirror-node-block=\"true\">En f\u00f6rdel: Du kan ocks\u00e5 dra nytta av livsmedlen, som av Sch\u00fcler:innen, die abreisen, dagelassen werden. Der Nachteil: Manchmal f\u00f6rblir n\u00e5got l\u00e4ngre i K\u00fchlschrank stehen, n\u00e4r ingen es wegr\u00e4umt. Vi rekommenderar d\u00e4rf\u00f6r, regelbundet gemensamt att kontrollera och kylsk\u00e5pet rent att h\u00e5lla.  <\/p>\n<\/div>\n\t\t\t\t<\/div>\n\t\t\t\t\t\t\t<div class=\"elementor-accordion-item\">\n\t\t\t\t\t<div id=\"elementor-tab-title-2496\" class=\"elementor-tab-title\" data-tab=\"6\" role=\"button\" aria-controls=\"elementor-tab-content-2496\" aria-expanded=\"false\">\n\t\t\t\t\t\t\t\t\t\t\t\t\t<span class=\"elementor-accordion-icon elementor-accordion-icon-right\" aria-hidden=\"true\">\n\t\t\t\t\t\t\t\t\t\t\t\t\t\t\t<span class=\"elementor-accordion-icon-closed\"><svg class=\"e-font-icon-svg e-fas-long-arrow-alt-right\" viewBox=\"0 0 448 512\" xmlns=\"http:\/\/www.w3.org\/2000\/svg\"><path d=\"M313.941 216H12c-6.627 0-12 5.373-12 12v56c0 6.627 5.373 12 12 12h301.941v46.059c0 21.382 25.851 32.09 40.971 16.971l86.059-86.059c9.373-9.373 9.373-24.569 0-33.941l-86.059-86.059c-15.119-15.119-40.971-4.411-40.971 16.971V216z\"><\/path><\/svg><\/span>\n\t\t\t\t\t\t\t\t<span class=\"elementor-accordion-icon-opened\"><svg class=\"e-font-icon-svg e-fas-long-arrow-alt-up\" viewBox=\"0 0 256 512\" xmlns=\"http:\/\/www.w3.org\/2000\/svg\"><path d=\"M88 166.059V468c0 6.627 5.373 12 12 12h56c6.627 0 12-5.373 12-12V166.059h46.059c21.382 0 32.09-25.851 16.971-40.971l-86.059-86.059c-9.373-9.373-24.569-9.373-33.941 0l-86.059 86.059c-15.119 15.119-4.411 40.971 16.971 40.971H88z\"><\/path><\/svg><\/span>\n\t\t\t\t\t\t\t\t\t\t\t\t\t\t<\/span>\n\t\t\t\t\t\t\t\t\t\t\t\t<a class=\"elementor-accordion-title\" tabindex=\"0\">Varf\u00f6r \u00e4r K\u00fchlschr\u00e4nke inte i fasta omr\u00e5den inlagda?<\/a>\n\t\t\t\t\t<\/div>\n\t\t\t\t\t<div id=\"elementor-tab-content-2496\" class=\"elementor-tab-content elementor-clearfix\" data-tab=\"6\" role=\"region\" aria-labelledby=\"elementor-tab-title-2496\"><p data-prosemirror-content-type=\"node\" data-prosemirror-node-name=\"paragraph\" data-prosemirror-node-block=\"true\" data-pm-slice=\"1 1 []\">N\u00e5gra elever:innen schlagen manchmal vor, die K\u00fchlschr\u00e4nke nach Zimmern aufzuteilen. Wir verzichten bewusst darauf: Zum einen behalten die Wohngemeinschaften so ihren Charakter als WG mit viel Unabh\u00e4ngigkeit und Freiheit. Zum anderen soll die Nutzung des K\u00fchlschranks flexibel bleiben &#8211; alle organisieren sich gemeinsam und individuell.  <\/p>\n<p data-prosemirror-content-type=\"node\" data-prosemirror-node-name=\"paragraph\" data-prosemirror-node-block=\"true\">Det ger f\u00f6rdelar (t.ex. spontant samarbete, mindre strikta regler), men det kan ocks\u00e5 inneb\u00e4ra att ni m\u00e5ste vara aktiva och ta h\u00e4nsyn till varandra.<\/p>\n<\/div>\n\t\t\t\t<\/div>\n\t\t\t\t\t\t\t\t\t\t<script type=\"application\/ld+json\">{\"@context\":\"https:\\\/\\\/schema.org\",\"@type\":\"FAQPage\",\"mainEntity\":[{\"@type\":\"Question\",\"name\":\"Uppfyller den spanska kursen 30 timmar per vecka kraven f\\u00f6r Bildungsurlaub f\\u00f6r mitt Bundesland?\",\"acceptedAnswer\":{\"@type\":\"Answer\",\"text\":\"<p data-prosemirror-content-type=\\\"node\\\" data-prosemirror-node-name=\\\"paragraph\\\" data-prosemirror-node-block=\\\"true\\\" data-pm-slice=\\\"1 1 []\\\">Ja. V\\u00e5r utbildningsurlaubskurs omfattar 30 gruppundervisningstimmar per vecka. Kursen s\\u00e4tter sig tillsammans fr\\u00e5n Gruppenunterricht och 7 eller fler Unterrichtsstunden betreutem Lernen.  <\\\/p>\\n<p data-prosemirror-content-type=\\\"node\\\" data-prosemirror-node-name=\\\"paragraph\\\" data-prosemirror-node-block=\\\"true\\\">Je nach Bundesland kann der Anteil des betreuten Lernens variieren, um den jeweiligen gesetzlichen Vorgaben zu entsprechen. Der Gesamtpreis bleibt dabei immer gleich. <\\\/p>\\n<p data-prosemirror-content-type=\\\"node\\\" data-prosemirror-node-name=\\\"paragraph\\\" data-prosemirror-node-block=\\\"true\\\">G\\u00e4rna skicka vi Ihnen Stundenplan zu &#8211; fr\\u00e5ga Sie oss enkelt!<\\\/p>\\n\"}},{\"@type\":\"Question\",\"name\":\"Uppfyller den spanska kursen 30 timmar per vecka kraven f\\u00f6r Bildungsurlaub f\\u00f6r mitt Bundesland?\",\"acceptedAnswer\":{\"@type\":\"Answer\",\"text\":\"<p data-prosemirror-content-type=\\\"node\\\" data-prosemirror-node-name=\\\"paragraph\\\" data-prosemirror-node-block=\\\"true\\\" data-pm-slice=\\\"1 1 []\\\">Ja. V\\u00e5r utbildningsurlaubskurs omfattar 30 gruppundervisningstimmar per vecka. Kursen s\\u00e4tter sig tillsammans fr\\u00e5n Gruppenunterricht och 7 eller fler Unterrichtsstunden betreutem Lernen.  <\\\/p>\\n<p data-prosemirror-content-type=\\\"node\\\" data-prosemirror-node-name=\\\"paragraph\\\" data-prosemirror-node-block=\\\"true\\\">Je nach Bundesland kann der Anteil des betreuten Lernens variieren, um den jeweiligen gesetzlichen Vorgaben zu entsprechen. Der Gesamtpreis bleibt dabei immer gleich. <\\\/p>\\n<p data-prosemirror-content-type=\\\"node\\\" data-prosemirror-node-name=\\\"paragraph\\\" data-prosemirror-node-block=\\\"true\\\">G\\u00e4rna skicka vi Ihnen Stundenplan zu &#8211; fr\\u00e5ga Sie oss enkelt!<\\\/p>\\n\"}},{\"@type\":\"Question\",\"name\":\"M\\u00e5ste jag alltid delta i hela undervisningen f\\u00f6r att f\\u00e5 mitt certifikat?\",\"acceptedAnswer\":{\"@type\":\"Answer\",\"text\":\"<p data-prosemirror-content-type=\\\"node\\\" data-prosemirror-node-name=\\\"paragraph\\\" data-prosemirror-node-block=\\\"true\\\" data-pm-slice=\\\"1 1 []\\\">F\\u00f6r att deltagarbeviset f\\u00f6r utbildningsresan ska kunna erh\\u00e5llas kr\\u00e4vs ett deltagande p\\u00e5 80 % av det totala beloppet.<\\\/p>\\n<p data-prosemirror-content-type=\\\"node\\\" data-prosemirror-node-name=\\\"paragraph\\\" data-prosemirror-node-block=\\\"true\\\">\\n\"}},{\"@type\":\"Question\",\"name\":\"Boende: Kan jag f\\u00e5 extra mat till min bostad?\",\"acceptedAnswer\":{\"@type\":\"Answer\",\"text\":\"<p data-prosemirror-content-type=\\\"node\\\" data-prosemirror-node-name=\\\"paragraph\\\" data-prosemirror-node-block=\\\"true\\\" data-pm-slice=\\\"1 1 []\\\">V\\u00e5ra Unterk\\u00fcnfte \\u00e4r organiserade i vackra f\\u00e4rger och \\u00e4r inte avsedda f\\u00f6r turister. D\\u00e4rf\\u00f6r kan maximalt 2 Extran\\u00e4chte gebucht werden. Den regulj\\u00e4ra resan \\u00e4r s\\u00f6ndagar och avresan samstdagar. Je nach Bedarf kannst du entweder die Nacht vor Kursbeginn (Samstag auf Sonntag) oder die Nacht nach Kursende (Samstag auf Sonntag) als Extranacht hinzubuchen.   <\\\/p>\\n\"}},{\"@type\":\"Question\",\"name\":\"Boendegemenskaper: Vem \\u00e4r ansvarig f\\u00f6r kylsk\\u00e5pet i bostadsgemenskapen?\",\"acceptedAnswer\":{\"@type\":\"Answer\",\"text\":\"<p data-prosemirror-content-type=\\\"node\\\" data-prosemirror-node-name=\\\"paragraph\\\" data-prosemirror-node-block=\\\"true\\\" data-pm-slice=\\\"1 1 []\\\">K\\u00fchlschrank wird nicht von unserem Reinigungspersonal aufger\\u00e4umt, sondern von den Bewohnern:innen der WG selbst. Det betyder att ni tillsammans ska se till att det \\u00e4r ordning och reda. <\\\/p>\\n<p data-prosemirror-content-type=\\\"node\\\" data-prosemirror-node-name=\\\"paragraph\\\" data-prosemirror-node-block=\\\"true\\\">En f\\u00f6rdel: Du kan ocks\\u00e5 dra nytta av livsmedlen, som av Sch\\u00fcler:innen, die abreisen, dagelassen werden. Der Nachteil: Manchmal f\\u00f6rblir n\\u00e5got l\\u00e4ngre i K\\u00fchlschrank stehen, n\\u00e4r ingen es wegr\\u00e4umt. Vi rekommenderar d\\u00e4rf\\u00f6r, regelbundet gemensamt att kontrollera och kylsk\\u00e5pet rent att h\\u00e5lla.  <\\\/p>\\n\"}},{\"@type\":\"Question\",\"name\":\"Varf\\u00f6r \\u00e4r K\\u00fchlschr\\u00e4nke inte i fasta omr\\u00e5den inlagda?\",\"acceptedAnswer\":{\"@type\":\"Answer\",\"text\":\"<p data-prosemirror-content-type=\\\"node\\\" data-prosemirror-node-name=\\\"paragraph\\\" data-prosemirror-node-block=\\\"true\\\" data-pm-slice=\\\"1 1 []\\\">N\\u00e5gra elever:innen schlagen manchmal vor, die K\\u00fchlschr\\u00e4nke nach Zimmern aufzuteilen. Wir verzichten bewusst darauf: Zum einen behalten die Wohngemeinschaften so ihren Charakter als WG mit viel Unabh\\u00e4ngigkeit und Freiheit. Zum anderen soll die Nutzung des K\\u00fchlschranks flexibel bleiben &#8211; alle organisieren sich gemeinsam und individuell.  <\\\/p>\\n<p data-prosemirror-content-type=\\\"node\\\" data-prosemirror-node-name=\\\"paragraph\\\" data-prosemirror-node-block=\\\"true\\\">Det ger f\\u00f6rdelar (t.ex. spontant samarbete, mindre strikta regler), men det kan ocks\\u00e5 inneb\\u00e4ra att ni m\\u00e5ste vara aktiva och ta h\\u00e4nsyn till varandra.<\\\/p>\\n\"}}]}<\/script>\n\t\t\t\t\t<\/div>\n\t\t\t\t\t\t<\/div>\n\t\t\t\t<\/div>\n\t\t\t\t\t<\/div>\n\t\t<\/div>\n\t\t\t\t\t<\/div>\n\t\t<\/section>\n\t\t\t\t<\/div>\n\t\t","protected":false},"excerpt":{"rendered":"<p>Vanliga fr\u00e5gor och svar Vi vet att du har en del fr\u00e5gor och f\u00f6rmodligen vill ha mer information om oss<\/p>\n","protected":false},"author":5,"featured_media":0,"parent":0,"menu_order":0,"comment_status":"closed","ping_status":"closed","template":"","meta":{"two_page_speed":[],"footnotes":""},"class_list":["post-14546","page","type-page","status-publish","hentry"],"_links":{"self":[{"href":"https:\/\/maxxinstitutes.com\/sv\/wp-json\/wp\/v2\/pages\/14546","targetHints":{"allow":["GET"]}}],"collection":[{"href":"https:\/\/maxxinstitutes.com\/sv\/wp-json\/wp\/v2\/pages"}],"about":[{"href":"https:\/\/maxxinstitutes.com\/sv\/wp-json\/wp\/v2\/types\/page"}],"author":[{"embeddable":true,"href":"https:\/\/maxxinstitutes.com\/sv\/wp-json\/wp\/v2\/users\/5"}],"replies":[{"embeddable":true,"href":"https:\/\/maxxinstitutes.com\/sv\/wp-json\/wp\/v2\/comments?post=14546"}],"version-history":[{"count":14,"href":"https:\/\/maxxinstitutes.com\/sv\/wp-json\/wp\/v2\/pages\/14546\/revisions"}],"predecessor-version":[{"id":27897,"href":"https:\/\/maxxinstitutes.com\/sv\/wp-json\/wp\/v2\/pages\/14546\/revisions\/27897"}],"wp:attachment":[{"href":"https:\/\/maxxinstitutes.com\/sv\/wp-json\/wp\/v2\/media?parent=14546"}],"curies":[{"name":"wp","href":"https:\/\/api.w.org\/{rel}","templated":true}]}}