{"id":14553,"date":"2024-10-06T20:02:18","date_gmt":"2024-10-06T20:02:18","guid":{"rendered":"http:\/\/maxxinstitutes.com\/faqs\/"},"modified":"2026-04-02T10:29:52","modified_gmt":"2026-04-02T10:29:52","slug":"faqs","status":"publish","type":"page","link":"https:\/\/maxxinstitutes.com\/de\/faqs\/","title":{"rendered":"FAQs"},"content":{"rendered":"\t\t<div data-elementor-type=\"wp-page\" data-elementor-id=\"14553\" class=\"elementor elementor-14553 elementor-12659\" data-elementor-post-type=\"page\">\n\t\t\t\t\t\t<section class=\"elementor-section elementor-top-section elementor-element elementor-element-50c27d84 elementor-section-full_width elementor-section-stretched elementor-section-height-default elementor-section-height-default\" data-id=\"50c27d84\" data-element_type=\"section\" data-e-type=\"section\" data-settings=\"{&quot;stretch_section&quot;:&quot;section-stretched&quot;}\">\n\t\t\t\t\t\t<div class=\"elementor-container elementor-column-gap-default\">\n\t\t\t\t\t<div class=\"elementor-column elementor-col-100 elementor-top-column elementor-element elementor-element-e057dc9\" data-id=\"e057dc9\" data-element_type=\"column\" data-e-type=\"column\">\n\t\t\t<div class=\"elementor-widget-wrap elementor-element-populated\">\n\t\t\t\t\t\t<div class=\"elementor-element elementor-element-e0db4b3 elementor-widget elementor-widget-heading\" data-id=\"e0db4b3\" data-element_type=\"widget\" data-e-type=\"widget\" data-widget_type=\"heading.default\">\n\t\t\t\t<div class=\"elementor-widget-container\">\n\t\t\t\t\t<h2 class=\"elementor-heading-title elementor-size-default\">H\u00e4ufig gestellte Fragen<\/h2>\t\t\t\t<\/div>\n\t\t\t\t<\/div>\n\t\t\t\t<div class=\"elementor-element elementor-element-e4c970b color-scheme-inherit text-left elementor-widget elementor-widget-text-editor\" data-id=\"e4c970b\" data-element_type=\"widget\" data-e-type=\"widget\" data-widget_type=\"text-editor.default\">\n\t\t\t\t<div class=\"elementor-widget-container\">\n\t\t\t\t\t\t\t\t\t<p>Wir wissen, dass Sie einige Fragen haben und wahrscheinlich gerne mehr Informationen \u00fcber uns und unsere Angebote h\u00e4tten. Nachfolgend finden Sie eine Liste h\u00e4ufig gestellter Fragen (FAQs) zu einer Vielzahl von Themen. Wenn Sie Ihre Antwort hier nicht finden, k\u00f6nnen Sie sich gerne direkt an uns wenden, und wir helfen Ihnen gerne weiter. <\/p>\t\t\t\t\t\t\t\t<\/div>\n\t\t\t\t<\/div>\n\t\t\t\t\t<\/div>\n\t\t<\/div>\n\t\t\t\t\t<\/div>\n\t\t<\/section>\n\t\t\t\t<section class=\"wd-negative-gap elementor-section elementor-top-section elementor-element elementor-element-0408e8f elementor-section-boxed elementor-section-height-default elementor-section-height-default\" data-id=\"0408e8f\" data-element_type=\"section\" data-e-type=\"section\">\n\t\t\t\t\t\t<div class=\"elementor-container elementor-column-gap-default\">\n\t\t\t\t\t<div class=\"elementor-column elementor-col-100 elementor-top-column elementor-element elementor-element-7c1de9c\" data-id=\"7c1de9c\" data-element_type=\"column\" data-e-type=\"column\">\n\t\t\t<div class=\"elementor-widget-wrap elementor-element-populated\">\n\t\t\t\t\t\t<div class=\"elementor-element elementor-element-38ba1b8 elementor-widget elementor-widget-heading\" data-id=\"38ba1b8\" data-element_type=\"widget\" data-e-type=\"widget\" data-widget_type=\"heading.default\">\n\t\t\t\t<div class=\"elementor-widget-container\">\n\t\t\t\t\t<h2 class=\"elementor-heading-title elementor-size-default\">Spanisch Niveaus &amp; Ziele<\/h2>\t\t\t\t<\/div>\n\t\t\t\t<\/div>\n\t\t\t\t<div class=\"elementor-element elementor-element-1a94ee0 wd-accordion-theme-style elementor-widget elementor-widget-accordion\" data-id=\"1a94ee0\" data-element_type=\"widget\" data-e-type=\"widget\" data-widget_type=\"accordion.default\">\n\t\t\t\t<div class=\"elementor-widget-container\">\n\t\t\t\t\t\t\t<div class=\"elementor-accordion\">\n\t\t\t\t\t\t\t<div class=\"elementor-accordion-item\">\n\t\t\t\t\t<div id=\"elementor-tab-title-2781\" class=\"elementor-tab-title\" data-tab=\"1\" role=\"button\" aria-controls=\"elementor-tab-content-2781\" aria-expanded=\"false\">\n\t\t\t\t\t\t\t\t\t\t\t\t\t<span class=\"elementor-accordion-icon elementor-accordion-icon-right\" aria-hidden=\"true\">\n\t\t\t\t\t\t\t\t\t\t\t\t\t\t\t<span class=\"elementor-accordion-icon-closed\"><svg class=\"e-font-icon-svg e-fas-long-arrow-alt-right\" viewBox=\"0 0 448 512\" xmlns=\"http:\/\/www.w3.org\/2000\/svg\"><path d=\"M313.941 216H12c-6.627 0-12 5.373-12 12v56c0 6.627 5.373 12 12 12h301.941v46.059c0 21.382 25.851 32.09 40.971 16.971l86.059-86.059c9.373-9.373 9.373-24.569 0-33.941l-86.059-86.059c-15.119-15.119-40.971-4.411-40.971 16.971V216z\"><\/path><\/svg><\/span>\n\t\t\t\t\t\t\t\t<span class=\"elementor-accordion-icon-opened\"><svg class=\"e-font-icon-svg e-fas-long-arrow-alt-up\" viewBox=\"0 0 256 512\" xmlns=\"http:\/\/www.w3.org\/2000\/svg\"><path d=\"M88 166.059V468c0 6.627 5.373 12 12 12h56c6.627 0 12-5.373 12-12V166.059h46.059c21.382 0 32.09-25.851 16.971-40.971l-86.059-86.059c-9.373-9.373-24.569-9.373-33.941 0l-86.059 86.059c-15.119 15.119-4.411 40.971 16.971 40.971H88z\"><\/path><\/svg><\/span>\n\t\t\t\t\t\t\t\t\t\t\t\t\t\t<\/span>\n\t\t\t\t\t\t\t\t\t\t\t\t<a class=\"elementor-accordion-title\" tabindex=\"0\">Wie lange dauert es, Spanisch zu lernen und was sind die Inhalte?<\/a>\n\t\t\t\t\t<\/div>\n\t\t\t\t\t<div id=\"elementor-tab-content-2781\" class=\"elementor-tab-content elementor-clearfix\" data-tab=\"1\" role=\"region\" aria-labelledby=\"elementor-tab-title-2781\"><header class=\"bt_bb_headline bt_bb_dash_none bt_bb_subheadline bt_bb_size_inherit bt_bb_align_inherit\" data-bt-override-class=\"{\"bt_bb_align_\":{\"current_class\":\"bt_bb_align_inherit\",\"xxl\":\"inherit\",\"xl\":\"inherit\"}}\">\n<div class=\"bt_bb_headline_subheadline\">\n<p>Dies ist wahrscheinlich eine der h\u00e4ufigsten Fragen, die wir von unseren Studenten erhalten. Nachfolgend finden Sie eine Beschreibung der Inhalte und der ben\u00f6tigten Zeit f\u00fcr jede Stufe. Bitte beachten Sie, dass es sich hierbei um Durchschnittszeiten handelt und dass einige Sch\u00fcler vielleicht noch schneller sind und weniger Stunden ben\u00f6tigen und andere wiederum mehr brauchen.  <\/p>\n<p>Im Allgemeinen k\u00f6nnen wir sagen, dass Sie, ausgehend von 0, mindestens 40 Stunden ben\u00f6tigen, um ein niedriges Niveau zu erreichen, auf dem Sie mit vielen Fehlern sprechen k\u00f6nnen und die Grundlagen verstehen. Und ab 100 Stunden k\u00f6nnen Sie ein mittleres Niveau erreichen, auf dem Sie anfangen, ein wenig mehr zu sprechen, wenn auch immer noch mit Fehlern. Alles, was \u00fcber diesem Niveau liegt, ist eine wichtige Phase der Perfektionierung und bedeutet viel \u00dcbung und Vertiefung der Grammatikkonzepte, die Sie bereits kennen.  <\/p>\n<p>Bitte sehen Sie sich die Stufen und die Details unten an, um sich ein vollst\u00e4ndiges Bild von Ihrem Lernplan und Ihrem Fortschritt zu machen.<\/p>\n<\/div>\n<\/header>\n<\/div>\n\t\t\t\t<\/div>\n\t\t\t\t\t\t\t<div class=\"elementor-accordion-item\">\n\t\t\t\t\t<div id=\"elementor-tab-title-2782\" class=\"elementor-tab-title\" data-tab=\"2\" role=\"button\" aria-controls=\"elementor-tab-content-2782\" aria-expanded=\"false\">\n\t\t\t\t\t\t\t\t\t\t\t\t\t<span class=\"elementor-accordion-icon elementor-accordion-icon-right\" aria-hidden=\"true\">\n\t\t\t\t\t\t\t\t\t\t\t\t\t\t\t<span class=\"elementor-accordion-icon-closed\"><svg class=\"e-font-icon-svg e-fas-long-arrow-alt-right\" viewBox=\"0 0 448 512\" xmlns=\"http:\/\/www.w3.org\/2000\/svg\"><path d=\"M313.941 216H12c-6.627 0-12 5.373-12 12v56c0 6.627 5.373 12 12 12h301.941v46.059c0 21.382 25.851 32.09 40.971 16.971l86.059-86.059c9.373-9.373 9.373-24.569 0-33.941l-86.059-86.059c-15.119-15.119-40.971-4.411-40.971 16.971V216z\"><\/path><\/svg><\/span>\n\t\t\t\t\t\t\t\t<span class=\"elementor-accordion-icon-opened\"><svg class=\"e-font-icon-svg e-fas-long-arrow-alt-up\" viewBox=\"0 0 256 512\" xmlns=\"http:\/\/www.w3.org\/2000\/svg\"><path d=\"M88 166.059V468c0 6.627 5.373 12 12 12h56c6.627 0 12-5.373 12-12V166.059h46.059c21.382 0 32.09-25.851 16.971-40.971l-86.059-86.059c-9.373-9.373-24.569-9.373-33.941 0l-86.059 86.059c-15.119 15.119-4.411 40.971 16.971 40.971H88z\"><\/path><\/svg><\/span>\n\t\t\t\t\t\t\t\t\t\t\t\t\t\t<\/span>\n\t\t\t\t\t\t\t\t\t\t\t\t<a class=\"elementor-accordion-title\" tabindex=\"0\">Wie lange dauert es, Spanisch zu lernen und was sind die Inhalte?<\/a>\n\t\t\t\t\t<\/div>\n\t\t\t\t\t<div id=\"elementor-tab-content-2782\" class=\"elementor-tab-content elementor-clearfix\" data-tab=\"2\" role=\"region\" aria-labelledby=\"elementor-tab-title-2782\"><header class=\"bt_bb_headline bt_bb_dash_none bt_bb_subheadline bt_bb_size_inherit bt_bb_align_inherit\" data-bt-override-class=\"{\"bt_bb_align_\":{\"current_class\":\"bt_bb_align_inherit\",\"xxl\":\"inherit\",\"xl\":\"inherit\"}}\">\n<div class=\"bt_bb_headline_subheadline\">\n<p>Dies ist wahrscheinlich eine der h\u00e4ufigsten Fragen, die wir von unseren Studenten erhalten. Nachfolgend finden Sie eine Beschreibung der Inhalte und der ben\u00f6tigten Zeit f\u00fcr jede Stufe. Bitte beachten Sie, dass es sich hierbei um Durchschnittszeiten handelt und dass einige Sch\u00fcler vielleicht noch schneller sind und weniger Stunden ben\u00f6tigen und andere wiederum mehr brauchen.  <\/p>\n<p>Im Allgemeinen k\u00f6nnen wir sagen, dass Sie, ausgehend von 0, mindestens 40 Stunden ben\u00f6tigen, um ein niedriges Niveau zu erreichen, auf dem Sie mit vielen Fehlern sprechen k\u00f6nnen und die Grundlagen verstehen. Und ab 100 Stunden k\u00f6nnen Sie ein mittleres Niveau erreichen, auf dem Sie anfangen, ein wenig mehr zu sprechen, wenn auch immer noch mit Fehlern. Alles, was \u00fcber diesem Niveau liegt, ist eine wichtige Phase der Perfektionierung und bedeutet viel \u00dcbung und Vertiefung der Grammatikkonzepte, die Sie bereits kennen.  <\/p>\n<p>Bitte sehen Sie sich die Stufen und die Details unten an, um sich ein vollst\u00e4ndiges Bild von Ihrem Lernplan und Ihrem Fortschritt zu machen.<\/p>\n<\/div>\n<\/header>\n<\/div>\n\t\t\t\t<\/div>\n\t\t\t\t\t\t\t<div class=\"elementor-accordion-item\">\n\t\t\t\t\t<div id=\"elementor-tab-title-2783\" class=\"elementor-tab-title\" data-tab=\"3\" role=\"button\" aria-controls=\"elementor-tab-content-2783\" aria-expanded=\"false\">\n\t\t\t\t\t\t\t\t\t\t\t\t\t<span class=\"elementor-accordion-icon elementor-accordion-icon-right\" aria-hidden=\"true\">\n\t\t\t\t\t\t\t\t\t\t\t\t\t\t\t<span class=\"elementor-accordion-icon-closed\"><svg class=\"e-font-icon-svg e-fas-long-arrow-alt-right\" viewBox=\"0 0 448 512\" xmlns=\"http:\/\/www.w3.org\/2000\/svg\"><path d=\"M313.941 216H12c-6.627 0-12 5.373-12 12v56c0 6.627 5.373 12 12 12h301.941v46.059c0 21.382 25.851 32.09 40.971 16.971l86.059-86.059c9.373-9.373 9.373-24.569 0-33.941l-86.059-86.059c-15.119-15.119-40.971-4.411-40.971 16.971V216z\"><\/path><\/svg><\/span>\n\t\t\t\t\t\t\t\t<span class=\"elementor-accordion-icon-opened\"><svg class=\"e-font-icon-svg e-fas-long-arrow-alt-up\" viewBox=\"0 0 256 512\" xmlns=\"http:\/\/www.w3.org\/2000\/svg\"><path d=\"M88 166.059V468c0 6.627 5.373 12 12 12h56c6.627 0 12-5.373 12-12V166.059h46.059c21.382 0 32.09-25.851 16.971-40.971l-86.059-86.059c-9.373-9.373-24.569-9.373-33.941 0l-86.059 86.059c-15.119 15.119-4.411 40.971 16.971 40.971H88z\"><\/path><\/svg><\/span>\n\t\t\t\t\t\t\t\t\t\t\t\t\t\t<\/span>\n\t\t\t\t\t\t\t\t\t\t\t\t<a class=\"elementor-accordion-title\" tabindex=\"0\">A1 - Basic User oder Anf\u00e4nger<\/a>\n\t\t\t\t\t<\/div>\n\t\t\t\t\t<div id=\"elementor-tab-content-2783\" class=\"elementor-tab-content elementor-clearfix\" data-tab=\"3\" role=\"region\" aria-labelledby=\"elementor-tab-title-2783\"><header class=\"bt_bb_headline bt_bb_dash_none bt_bb_subheadline bt_bb_size_inherit bt_bb_align_inherit\" data-bt-override-class=\"{\"bt_bb_align_\":{\"current_class\":\"bt_bb_align_inherit\",\"xxl\":\"inherit\",\"xl\":\"inherit\"}}\">\n<div class=\"bt_bb_headline_subheadline\">Sie k\u00f6nnen einige sehr einfache, allt\u00e4gliche S\u00e4tze verstehen und jemanden verstehen, der sich sehr sorgf\u00e4ltig artikuliert, sehr langsam und mit langen Pausen spricht. Vielleicht k\u00f6nnen Sie auch sehr kurze, einfache Texte sowie bekannte Namen und W\u00f6rter lesen. <\/div>\n<div> <\/div>\n<div class=\"bt_bb_headline_subheadline\"><strong style=\"color: #1b1919;\">Inhalt und Dauer<\/strong><\/div>\n<\/header>\n<div class=\"bt_bb_text\">\n<p>Die durchschnittliche Studienzeit, um den gesamten Inhalt von A1 in unseren Kursen zu bew\u00e4ltigen, betr\u00e4gt etwa 40-70 Stunden. Sie ist in den Kursen in der Schule auf Ibiza und in unseren Online-Kursen \u00e4hnlich. Es h\u00e4ngt auch ein wenig von jedem Sch\u00fcler ab, wie gut er\/sie dem Kurs folgen kann: vom Alter, von der Motivation, vielleicht von den Kenntnissen in anderen Sprachen, dem Hintergrund oder anderen Faktoren. Es handelt sich um einen ungef\u00e4hren Wert.   <\/p>\n<\/div>\n<p><a href=\"https:\/\/cvc.cervantes.es\/ensenanza\/biblioteca_ele\/plan_curricular\/niveles\/01_objetivos_relacion_a1-a2.htm\" target=\"_blank\" rel=\"noopener\">Plan Curricular del Instituto Cervantes. Objetivos generales.<\/a><\/p>\n<\/div>\n\t\t\t\t<\/div>\n\t\t\t\t\t\t\t<div class=\"elementor-accordion-item\">\n\t\t\t\t\t<div id=\"elementor-tab-title-2784\" class=\"elementor-tab-title\" data-tab=\"4\" role=\"button\" aria-controls=\"elementor-tab-content-2784\" aria-expanded=\"false\">\n\t\t\t\t\t\t\t\t\t\t\t\t\t<span class=\"elementor-accordion-icon elementor-accordion-icon-right\" aria-hidden=\"true\">\n\t\t\t\t\t\t\t\t\t\t\t\t\t\t\t<span class=\"elementor-accordion-icon-closed\"><svg class=\"e-font-icon-svg e-fas-long-arrow-alt-right\" viewBox=\"0 0 448 512\" xmlns=\"http:\/\/www.w3.org\/2000\/svg\"><path d=\"M313.941 216H12c-6.627 0-12 5.373-12 12v56c0 6.627 5.373 12 12 12h301.941v46.059c0 21.382 25.851 32.09 40.971 16.971l86.059-86.059c9.373-9.373 9.373-24.569 0-33.941l-86.059-86.059c-15.119-15.119-40.971-4.411-40.971 16.971V216z\"><\/path><\/svg><\/span>\n\t\t\t\t\t\t\t\t<span class=\"elementor-accordion-icon-opened\"><svg class=\"e-font-icon-svg e-fas-long-arrow-alt-up\" viewBox=\"0 0 256 512\" xmlns=\"http:\/\/www.w3.org\/2000\/svg\"><path d=\"M88 166.059V468c0 6.627 5.373 12 12 12h56c6.627 0 12-5.373 12-12V166.059h46.059c21.382 0 32.09-25.851 16.971-40.971l-86.059-86.059c-9.373-9.373-24.569-9.373-33.941 0l-86.059 86.059c-15.119 15.119-4.411 40.971 16.971 40.971H88z\"><\/path><\/svg><\/span>\n\t\t\t\t\t\t\t\t\t\t\t\t\t\t<\/span>\n\t\t\t\t\t\t\t\t\t\t\t\t<a class=\"elementor-accordion-title\" tabindex=\"0\">A2 - Grundschulniveau<\/a>\n\t\t\t\t\t<\/div>\n\t\t\t\t\t<div id=\"elementor-tab-content-2784\" class=\"elementor-tab-content elementor-clearfix\" data-tab=\"4\" role=\"region\" aria-labelledby=\"elementor-tab-title-2784\"><header class=\"bt_bb_headline bt_bb_dash_none bt_bb_subheadline bt_bb_size_inherit bt_bb_align_inherit\" data-bt-override-class=\"{\"bt_bb_align_\":{\"current_class\":\"bt_bb_align_inherit\",\"xxl\":\"inherit\",\"xl\":\"inherit\"}}\">\n<div class=\"bt_bb_headline_subheadline\">Sie k\u00f6nnen einfache pers\u00f6nliche, famili\u00e4re und berufsbezogene Ausdr\u00fccke und S\u00e4tze verstehen und jemanden, der sich sehr sorgf\u00e4ltig artikuliert. Sie k\u00f6nnen auch sehr kurze, einfache Texte sowie bekannte Namen und W\u00f6rter lesen. <\/div>\n<div> <\/div>\n<div class=\"bt_bb_headline_subheadline\"><strong style=\"color: #1b1919;\">Inhalt und Dauer<\/strong><\/div>\n<\/header>\n<div class=\"bt_bb_text\">\n<p>Die durchschnittliche Studienzeit, um den gesamten Inhalt von A2 in unseren Kursen zu bew\u00e4ltigen, betr\u00e4gt etwa 60-120 Stunden. Sie ist in den Kursen in der Schule auf Ibiza und in unseren Online-Kursen \u00e4hnlich. Es h\u00e4ngt auch ein wenig von jedem Sch\u00fcler ab, wie gut er\/sie dem Kurs folgen kann: vom Alter, von der Motivation, vielleicht von den Kenntnissen in anderen Sprachen, dem Hintergrund oder anderen Faktoren. Es handelt sich um einen ungef\u00e4hren Wert.   <\/p>\n<\/div>\n<p><a href=\"https:\/\/cvc.cervantes.es\/ensenanza\/biblioteca_ele\/plan_curricular\/niveles\/01_objetivos_relacion_a1-a2.htm\" target=\"_blank\" rel=\"noopener\">Plan Curricular del Instituto Cervantes. Objetivos generales.<\/a><\/p>\n<\/div>\n\t\t\t\t<\/div>\n\t\t\t\t\t\t\t<div class=\"elementor-accordion-item\">\n\t\t\t\t\t<div id=\"elementor-tab-title-2785\" class=\"elementor-tab-title\" data-tab=\"5\" role=\"button\" aria-controls=\"elementor-tab-content-2785\" aria-expanded=\"false\">\n\t\t\t\t\t\t\t\t\t\t\t\t\t<span class=\"elementor-accordion-icon elementor-accordion-icon-right\" aria-hidden=\"true\">\n\t\t\t\t\t\t\t\t\t\t\t\t\t\t\t<span class=\"elementor-accordion-icon-closed\"><svg class=\"e-font-icon-svg e-fas-long-arrow-alt-right\" viewBox=\"0 0 448 512\" xmlns=\"http:\/\/www.w3.org\/2000\/svg\"><path d=\"M313.941 216H12c-6.627 0-12 5.373-12 12v56c0 6.627 5.373 12 12 12h301.941v46.059c0 21.382 25.851 32.09 40.971 16.971l86.059-86.059c9.373-9.373 9.373-24.569 0-33.941l-86.059-86.059c-15.119-15.119-40.971-4.411-40.971 16.971V216z\"><\/path><\/svg><\/span>\n\t\t\t\t\t\t\t\t<span class=\"elementor-accordion-icon-opened\"><svg class=\"e-font-icon-svg e-fas-long-arrow-alt-up\" viewBox=\"0 0 256 512\" xmlns=\"http:\/\/www.w3.org\/2000\/svg\"><path d=\"M88 166.059V468c0 6.627 5.373 12 12 12h56c6.627 0 12-5.373 12-12V166.059h46.059c21.382 0 32.09-25.851 16.971-40.971l-86.059-86.059c-9.373-9.373-24.569-9.373-33.941 0l-86.059 86.059c-15.119 15.119-4.411 40.971 16.971 40.971H88z\"><\/path><\/svg><\/span>\n\t\t\t\t\t\t\t\t\t\t\t\t\t\t<\/span>\n\t\t\t\t\t\t\t\t\t\t\t\t<a class=\"elementor-accordion-title\" tabindex=\"0\">B1 - Mittlere Stufe<\/a>\n\t\t\t\t\t<\/div>\n\t\t\t\t\t<div id=\"elementor-tab-content-2785\" class=\"elementor-tab-content elementor-clearfix\" data-tab=\"5\" role=\"region\" aria-labelledby=\"elementor-tab-title-2785\"><header class=\"bt_bb_headline bt_bb_dash_none bt_bb_subheadline bt_bb_size_inherit bt_bb_align_inherit\" data-bt-override-class=\"{\"bt_bb_align_\":{\"current_class\":\"bt_bb_align_inherit\",\"xxl\":\"inherit\",\"xl\":\"inherit\"}}\">\n<div class=\"bt_bb_headline_subheadline\">Sie k\u00f6nnen die wichtigsten Punkte zu allgemeinen Themen \u00fcber Arbeit und Schule und auch \u00fcber Reisen besonders gut verstehen, wenn Ihr Gespr\u00e4chspartner klar und deutlich spricht. Sie k\u00f6nnen auch \u00fcber Themen sprechen, die Ihnen vertraut sind oder die Sie pers\u00f6nlich interessieren. <\/div>\n<div> <\/div>\n<div class=\"bt_bb_headline_subheadline\"><strong style=\"color: #1b1919;\">Inhalt und Dauer<\/strong><\/div>\n<\/header>\n<div class=\"bt_bb_text\">\n<p>Die durchschnittliche Studienzeit, um den gesamten Inhalt von B1 in unseren Kursen zu bew\u00e4ltigen, betr\u00e4gt etwa 80-160 Stunden. Sie ist in den Kursen in der Schule auf Ibiza und in unseren Online-Kursen \u00e4hnlich. Es h\u00e4ngt auch ein wenig von jedem einzelnen Sch\u00fcler ab, wie gut er\/sie dem Kurs folgen kann: vom Alter, von der Motivation, vielleicht von Kenntnissen in anderen Sprachen, dem Hintergrund oder anderen Faktoren. Es handelt sich um einen ungef\u00e4hren Wert.   <\/p>\n<p><a href=\"https:\/\/cvc.cervantes.es\/ensenanza\/biblioteca_ele\/plan_curricular\/niveles\/01_objetivos_relacion_b1-b2.htm\" target=\"_blank\" rel=\"noopener\">Plan Curricular del Instituto Cervantes. Objetivos generales.<\/a><\/p>\n<\/div>\n<\/div>\n\t\t\t\t<\/div>\n\t\t\t\t\t\t\t<div class=\"elementor-accordion-item\">\n\t\t\t\t\t<div id=\"elementor-tab-title-2786\" class=\"elementor-tab-title\" data-tab=\"6\" role=\"button\" aria-controls=\"elementor-tab-content-2786\" aria-expanded=\"false\">\n\t\t\t\t\t\t\t\t\t\t\t\t\t<span class=\"elementor-accordion-icon elementor-accordion-icon-right\" aria-hidden=\"true\">\n\t\t\t\t\t\t\t\t\t\t\t\t\t\t\t<span class=\"elementor-accordion-icon-closed\"><svg class=\"e-font-icon-svg e-fas-long-arrow-alt-right\" viewBox=\"0 0 448 512\" xmlns=\"http:\/\/www.w3.org\/2000\/svg\"><path d=\"M313.941 216H12c-6.627 0-12 5.373-12 12v56c0 6.627 5.373 12 12 12h301.941v46.059c0 21.382 25.851 32.09 40.971 16.971l86.059-86.059c9.373-9.373 9.373-24.569 0-33.941l-86.059-86.059c-15.119-15.119-40.971-4.411-40.971 16.971V216z\"><\/path><\/svg><\/span>\n\t\t\t\t\t\t\t\t<span class=\"elementor-accordion-icon-opened\"><svg class=\"e-font-icon-svg e-fas-long-arrow-alt-up\" viewBox=\"0 0 256 512\" xmlns=\"http:\/\/www.w3.org\/2000\/svg\"><path d=\"M88 166.059V468c0 6.627 5.373 12 12 12h56c6.627 0 12-5.373 12-12V166.059h46.059c21.382 0 32.09-25.851 16.971-40.971l-86.059-86.059c-9.373-9.373-24.569-9.373-33.941 0l-86.059 86.059c-15.119 15.119-4.411 40.971 16.971 40.971H88z\"><\/path><\/svg><\/span>\n\t\t\t\t\t\t\t\t\t\t\t\t\t\t<\/span>\n\t\t\t\t\t\t\t\t\t\t\t\t<a class=\"elementor-accordion-title\" tabindex=\"0\">B2 - Obere Mittelstufe<\/a>\n\t\t\t\t\t<\/div>\n\t\t\t\t\t<div id=\"elementor-tab-content-2786\" class=\"elementor-tab-content elementor-clearfix\" data-tab=\"6\" role=\"region\" aria-labelledby=\"elementor-tab-title-2786\"><header class=\"bt_bb_headline bt_bb_dash_none bt_bb_subheadline bt_bb_size_inherit bt_bb_align_inherit\" data-bt-override-class=\"{\"bt_bb_align_\":{\"current_class\":\"bt_bb_align_inherit\",\"xxl\":\"inherit\",\"xl\":\"inherit\"}}\">\n<div class=\"bt_bb_headline_subheadline\">Sie k\u00f6nnen die Hauptgedanken komplexer Texte verstehen und sich flie\u00dfend mit Muttersprachlern \u00fcber ein breites Spektrum von Themen austauschen, wobei Sie Vor- und Nachteile verschiedener Optionen nennen k\u00f6nnen.<\/div>\n<div> <\/div>\n<div class=\"bt_bb_headline_subheadline\"><strong style=\"color: #1b1919;\">Inhalt und Dauer<\/strong><\/div>\n<\/header>\n<div class=\"bt_bb_text\">\n<p>Die durchschnittliche Lernzeit, um den gesamten Inhalt von B2 in unseren Kursen zu bew\u00e4ltigen, betr\u00e4gt etwa 100-200 Stunden. Sie ist in den Kursen in der Schule auf Ibiza und in unseren Online-Kursen \u00e4hnlich. Es h\u00e4ngt auch ein wenig von jedem Sch\u00fcler ab, wie gut er\/sie dem Kurs folgen kann: vom Alter, von der Motivation, vielleicht von den Kenntnissen in anderen Sprachen, dem Hintergrund oder anderen Faktoren. Es handelt sich um einen ungef\u00e4hren Wert.   <\/p>\n<\/div>\n<p><a href=\"https:\/\/cvc.cervantes.es\/ensenanza\/biblioteca_ele\/plan_curricular\/niveles\/01_objetivos_relacion_b1-b2.htm\" target=\"_blank\" rel=\"noopener\">Plan Curricular del Instituto Cervantes. Objetivos generales.<\/a><\/p>\n<\/div>\n\t\t\t\t<\/div>\n\t\t\t\t\t\t\t<div class=\"elementor-accordion-item\">\n\t\t\t\t\t<div id=\"elementor-tab-title-2787\" class=\"elementor-tab-title\" data-tab=\"7\" role=\"button\" aria-controls=\"elementor-tab-content-2787\" aria-expanded=\"false\">\n\t\t\t\t\t\t\t\t\t\t\t\t\t<span class=\"elementor-accordion-icon elementor-accordion-icon-right\" aria-hidden=\"true\">\n\t\t\t\t\t\t\t\t\t\t\t\t\t\t\t<span class=\"elementor-accordion-icon-closed\"><svg class=\"e-font-icon-svg e-fas-long-arrow-alt-right\" viewBox=\"0 0 448 512\" xmlns=\"http:\/\/www.w3.org\/2000\/svg\"><path d=\"M313.941 216H12c-6.627 0-12 5.373-12 12v56c0 6.627 5.373 12 12 12h301.941v46.059c0 21.382 25.851 32.09 40.971 16.971l86.059-86.059c9.373-9.373 9.373-24.569 0-33.941l-86.059-86.059c-15.119-15.119-40.971-4.411-40.971 16.971V216z\"><\/path><\/svg><\/span>\n\t\t\t\t\t\t\t\t<span class=\"elementor-accordion-icon-opened\"><svg class=\"e-font-icon-svg e-fas-long-arrow-alt-up\" viewBox=\"0 0 256 512\" xmlns=\"http:\/\/www.w3.org\/2000\/svg\"><path d=\"M88 166.059V468c0 6.627 5.373 12 12 12h56c6.627 0 12-5.373 12-12V166.059h46.059c21.382 0 32.09-25.851 16.971-40.971l-86.059-86.059c-9.373-9.373-24.569-9.373-33.941 0l-86.059 86.059c-15.119 15.119-4.411 40.971 16.971 40.971H88z\"><\/path><\/svg><\/span>\n\t\t\t\t\t\t\t\t\t\t\t\t\t\t<\/span>\n\t\t\t\t\t\t\t\t\t\t\t\t<a class=\"elementor-accordion-title\" tabindex=\"0\">C1 - Fortgeschritten<\/a>\n\t\t\t\t\t<\/div>\n\t\t\t\t\t<div id=\"elementor-tab-content-2787\" class=\"elementor-tab-content elementor-clearfix\" data-tab=\"7\" role=\"region\" aria-labelledby=\"elementor-tab-title-2787\"><header class=\"bt_bb_headline bt_bb_dash_none bt_bb_subheadline bt_bb_size_inherit bt_bb_align_inherit\" data-bt-override-class=\"{\"bt_bb_align_\":{\"current_class\":\"bt_bb_align_inherit\",\"xxl\":\"inherit\",\"xl\":\"inherit\"}}\">\n<div class=\"bt_bb_headline_subheadline\">Sch\u00fcler auf dem Niveau C1 verf\u00fcgen \u00fcber fortgeschrittene Kenntnisse der spanischen Sprache und k\u00f6nnen lange Texte und deren implizite Bedeutungen sowie l\u00e4ngere Redebeitr\u00e4ge zu abstrakten Themen verstehen. Sie k\u00f6nnen sich klar, strukturiert und detailliert \u00fcber komplexe Themen \u00e4u\u00dfern und sind in der Lage, die spanische Sprache im gesellschaftlichen, beruflichen oder studienbezogenen Umfeld zu verwenden. <\/div>\n<div> <\/div>\n<div class=\"bt_bb_headline_subheadline\"><strong style=\"color: #1b1919;\">Dauer<\/strong><\/div>\n<\/header>\n<div class=\"bt_bb_text\">\n<p>Die durchschnittliche Studienzeit, um alle Inhalte von C1 in unseren Kursen durchzuarbeiten, liegt zwischen 100 und 200 Stunden.<\/p>\n<\/div>\n<p><a href=\"https:\/\/cvc.cervantes.es\/ensenanza\/biblioteca_ele\/plan_curricular\/niveles\/01_objetivos_relacion_c1-c2.htm\" target=\"_blank\" rel=\"noopener\">Plan Curricular del Instituto Cervantes. Objetivos generales.<\/a><\/p>\n<\/div>\n\t\t\t\t<\/div>\n\t\t\t\t\t\t\t<div class=\"elementor-accordion-item\">\n\t\t\t\t\t<div id=\"elementor-tab-title-2788\" class=\"elementor-tab-title\" data-tab=\"8\" role=\"button\" aria-controls=\"elementor-tab-content-2788\" aria-expanded=\"false\">\n\t\t\t\t\t\t\t\t\t\t\t\t\t<span class=\"elementor-accordion-icon elementor-accordion-icon-right\" aria-hidden=\"true\">\n\t\t\t\t\t\t\t\t\t\t\t\t\t\t\t<span class=\"elementor-accordion-icon-closed\"><svg class=\"e-font-icon-svg e-fas-long-arrow-alt-right\" viewBox=\"0 0 448 512\" xmlns=\"http:\/\/www.w3.org\/2000\/svg\"><path d=\"M313.941 216H12c-6.627 0-12 5.373-12 12v56c0 6.627 5.373 12 12 12h301.941v46.059c0 21.382 25.851 32.09 40.971 16.971l86.059-86.059c9.373-9.373 9.373-24.569 0-33.941l-86.059-86.059c-15.119-15.119-40.971-4.411-40.971 16.971V216z\"><\/path><\/svg><\/span>\n\t\t\t\t\t\t\t\t<span class=\"elementor-accordion-icon-opened\"><svg class=\"e-font-icon-svg e-fas-long-arrow-alt-up\" viewBox=\"0 0 256 512\" xmlns=\"http:\/\/www.w3.org\/2000\/svg\"><path d=\"M88 166.059V468c0 6.627 5.373 12 12 12h56c6.627 0 12-5.373 12-12V166.059h46.059c21.382 0 32.09-25.851 16.971-40.971l-86.059-86.059c-9.373-9.373-24.569-9.373-33.941 0l-86.059 86.059c-15.119 15.119-4.411 40.971 16.971 40.971H88z\"><\/path><\/svg><\/span>\n\t\t\t\t\t\t\t\t\t\t\t\t\t\t<\/span>\n\t\t\t\t\t\t\t\t\t\t\t\t<a class=\"elementor-accordion-title\" tabindex=\"0\">C2 - Kompetent<\/a>\n\t\t\t\t\t<\/div>\n\t\t\t\t\t<div id=\"elementor-tab-content-2788\" class=\"elementor-tab-content elementor-clearfix\" data-tab=\"8\" role=\"region\" aria-labelledby=\"elementor-tab-title-2788\"><header class=\"bt_bb_headline bt_bb_dash_none bt_bb_subheadline bt_bb_size_inherit bt_bb_align_inherit\" data-bt-override-class=\"{\"bt_bb_align_\":{\"current_class\":\"bt_bb_align_inherit\",\"xxl\":\"inherit\",\"xl\":\"inherit\"}}\">\n<div class=\"bt_bb_headline_subheadline\">Sie verf\u00fcgen \u00fcber ausgezeichnete Kenntnisse der spanischen Sprache. Sie k\u00f6nnen praktisch alles, was Sie von einem Muttersprachler h\u00f6ren oder lesen, m\u00fchelos verstehen und sich auch bei sehr komplexen Themen flie\u00dfend und mit hoher Genauigkeit ausdr\u00fccken. <\/div>\n<div> <\/div>\n<div class=\"bt_bb_headline_subheadline\"><strong style=\"color: #1b1919;\">Dauer<\/strong><\/div>\n<\/header>\n<div class=\"bt_bb_text\">\n<p>Die durchschnittliche Studienzeit, um alle Inhalte von C2 in unseren Kursen durchzuarbeiten, liegt zwischen 100 und 200 Stunden.<\/p>\n<p><a href=\"https:\/\/cvc.cervantes.es\/ensenanza\/biblioteca_ele\/plan_curricular\/niveles\/01_objetivos_relacion_c1-c2.htm\" target=\"_blank\" rel=\"noopener\">Plan Curricular del Instituto Cervantes. Objetivos generales.<\/a><\/p>\n<\/div>\n<\/div>\n\t\t\t\t<\/div>\n\t\t\t\t\t\t\t\t\t\t<script type=\"application\/ld+json\">{\"@context\":\"https:\\\/\\\/schema.org\",\"@type\":\"FAQPage\",\"mainEntity\":[{\"@type\":\"Question\",\"name\":\"Wie lange dauert es, Spanisch zu lernen und was sind die Inhalte?\",\"acceptedAnswer\":{\"@type\":\"Answer\",\"text\":\"<header class=\\\"bt_bb_headline bt_bb_dash_none bt_bb_subheadline bt_bb_size_inherit bt_bb_align_inherit\\\" data-bt-override-class=\\\"{\\\"bt_bb_align_\\\":{\\\"current_class\\\":\\\"bt_bb_align_inherit\\\",\\\"xxl\\\":\\\"inherit\\\",\\\"xl\\\":\\\"inherit\\\"}}\\\">\\n<div class=\\\"bt_bb_headline_subheadline\\\">\\n<p>Dies ist wahrscheinlich eine der h\\u00e4ufigsten Fragen, die wir von unseren Studenten erhalten. Nachfolgend finden Sie eine Beschreibung der Inhalte und der ben\\u00f6tigten Zeit f\\u00fcr jede Stufe. Bitte beachten Sie, dass es sich hierbei um Durchschnittszeiten handelt und dass einige Sch\\u00fcler vielleicht noch schneller sind und weniger Stunden ben\\u00f6tigen und andere wiederum mehr brauchen.  <\\\/p>\\n<p>Im Allgemeinen k\\u00f6nnen wir sagen, dass Sie, ausgehend von 0, mindestens 40 Stunden ben\\u00f6tigen, um ein niedriges Niveau zu erreichen, auf dem Sie mit vielen Fehlern sprechen k\\u00f6nnen und die Grundlagen verstehen. Und ab 100 Stunden k\\u00f6nnen Sie ein mittleres Niveau erreichen, auf dem Sie anfangen, ein wenig mehr zu sprechen, wenn auch immer noch mit Fehlern. Alles, was \\u00fcber diesem Niveau liegt, ist eine wichtige Phase der Perfektionierung und bedeutet viel \\u00dcbung und Vertiefung der Grammatikkonzepte, die Sie bereits kennen.  <\\\/p>\\n<p>Bitte sehen Sie sich die Stufen und die Details unten an, um sich ein vollst\\u00e4ndiges Bild von Ihrem Lernplan und Ihrem Fortschritt zu machen.<\\\/p>\\n<\\\/div>\\n<\\\/header>\\n\"}},{\"@type\":\"Question\",\"name\":\"Wie lange dauert es, Spanisch zu lernen und was sind die Inhalte?\",\"acceptedAnswer\":{\"@type\":\"Answer\",\"text\":\"<header class=\\\"bt_bb_headline bt_bb_dash_none bt_bb_subheadline bt_bb_size_inherit bt_bb_align_inherit\\\" data-bt-override-class=\\\"{\\\"bt_bb_align_\\\":{\\\"current_class\\\":\\\"bt_bb_align_inherit\\\",\\\"xxl\\\":\\\"inherit\\\",\\\"xl\\\":\\\"inherit\\\"}}\\\">\\n<div class=\\\"bt_bb_headline_subheadline\\\">\\n<p>Dies ist wahrscheinlich eine der h\\u00e4ufigsten Fragen, die wir von unseren Studenten erhalten. Nachfolgend finden Sie eine Beschreibung der Inhalte und der ben\\u00f6tigten Zeit f\\u00fcr jede Stufe. Bitte beachten Sie, dass es sich hierbei um Durchschnittszeiten handelt und dass einige Sch\\u00fcler vielleicht noch schneller sind und weniger Stunden ben\\u00f6tigen und andere wiederum mehr brauchen.  <\\\/p>\\n<p>Im Allgemeinen k\\u00f6nnen wir sagen, dass Sie, ausgehend von 0, mindestens 40 Stunden ben\\u00f6tigen, um ein niedriges Niveau zu erreichen, auf dem Sie mit vielen Fehlern sprechen k\\u00f6nnen und die Grundlagen verstehen. Und ab 100 Stunden k\\u00f6nnen Sie ein mittleres Niveau erreichen, auf dem Sie anfangen, ein wenig mehr zu sprechen, wenn auch immer noch mit Fehlern. Alles, was \\u00fcber diesem Niveau liegt, ist eine wichtige Phase der Perfektionierung und bedeutet viel \\u00dcbung und Vertiefung der Grammatikkonzepte, die Sie bereits kennen.  <\\\/p>\\n<p>Bitte sehen Sie sich die Stufen und die Details unten an, um sich ein vollst\\u00e4ndiges Bild von Ihrem Lernplan und Ihrem Fortschritt zu machen.<\\\/p>\\n<\\\/div>\\n<\\\/header>\\n\"}},{\"@type\":\"Question\",\"name\":\"A1 - Basic User oder Anf\\u00e4nger\",\"acceptedAnswer\":{\"@type\":\"Answer\",\"text\":\"<header class=\\\"bt_bb_headline bt_bb_dash_none bt_bb_subheadline bt_bb_size_inherit bt_bb_align_inherit\\\" data-bt-override-class=\\\"{\\\"bt_bb_align_\\\":{\\\"current_class\\\":\\\"bt_bb_align_inherit\\\",\\\"xxl\\\":\\\"inherit\\\",\\\"xl\\\":\\\"inherit\\\"}}\\\">\\n<div class=\\\"bt_bb_headline_subheadline\\\">Sie k\\u00f6nnen einige sehr einfache, allt\\u00e4gliche S\\u00e4tze verstehen und jemanden verstehen, der sich sehr sorgf\\u00e4ltig artikuliert, sehr langsam und mit langen Pausen spricht. Vielleicht k\\u00f6nnen Sie auch sehr kurze, einfache Texte sowie bekannte Namen und W\\u00f6rter lesen. <\\\/div>\\n<div> <\\\/div>\\n<div class=\\\"bt_bb_headline_subheadline\\\"><strong style=\\\"color: #1b1919;\\\">Inhalt und Dauer<\\\/strong><\\\/div>\\n<\\\/header>\\n<div class=\\\"bt_bb_text\\\">\\n<p>Die durchschnittliche Studienzeit, um den gesamten Inhalt von A1 in unseren Kursen zu bew\\u00e4ltigen, betr\\u00e4gt etwa 40-70 Stunden. Sie ist in den Kursen in der Schule auf Ibiza und in unseren Online-Kursen \\u00e4hnlich. Es h\\u00e4ngt auch ein wenig von jedem Sch\\u00fcler ab, wie gut er\\\/sie dem Kurs folgen kann: vom Alter, von der Motivation, vielleicht von den Kenntnissen in anderen Sprachen, dem Hintergrund oder anderen Faktoren. Es handelt sich um einen ungef\\u00e4hren Wert.   <\\\/p>\\n<\\\/div>\\n<p><a href=\\\"https:\\\/\\\/cvc.cervantes.es\\\/ensenanza\\\/biblioteca_ele\\\/plan_curricular\\\/niveles\\\/01_objetivos_relacion_a1-a2.htm\\\" target=\\\"_blank\\\" rel=\\\"noopener\\\">Plan Curricular del Instituto Cervantes. Objetivos generales.<\\\/a><\\\/p>\\n\"}},{\"@type\":\"Question\",\"name\":\"A2 - Grundschulniveau\",\"acceptedAnswer\":{\"@type\":\"Answer\",\"text\":\"<header class=\\\"bt_bb_headline bt_bb_dash_none bt_bb_subheadline bt_bb_size_inherit bt_bb_align_inherit\\\" data-bt-override-class=\\\"{\\\"bt_bb_align_\\\":{\\\"current_class\\\":\\\"bt_bb_align_inherit\\\",\\\"xxl\\\":\\\"inherit\\\",\\\"xl\\\":\\\"inherit\\\"}}\\\">\\n<div class=\\\"bt_bb_headline_subheadline\\\">Sie k\\u00f6nnen einfache pers\\u00f6nliche, famili\\u00e4re und berufsbezogene Ausdr\\u00fccke und S\\u00e4tze verstehen und jemanden, der sich sehr sorgf\\u00e4ltig artikuliert. Sie k\\u00f6nnen auch sehr kurze, einfache Texte sowie bekannte Namen und W\\u00f6rter lesen. <\\\/div>\\n<div> <\\\/div>\\n<div class=\\\"bt_bb_headline_subheadline\\\"><strong style=\\\"color: #1b1919;\\\">Inhalt und Dauer<\\\/strong><\\\/div>\\n<\\\/header>\\n<div class=\\\"bt_bb_text\\\">\\n<p>Die durchschnittliche Studienzeit, um den gesamten Inhalt von A2 in unseren Kursen zu bew\\u00e4ltigen, betr\\u00e4gt etwa 60-120 Stunden. Sie ist in den Kursen in der Schule auf Ibiza und in unseren Online-Kursen \\u00e4hnlich. Es h\\u00e4ngt auch ein wenig von jedem Sch\\u00fcler ab, wie gut er\\\/sie dem Kurs folgen kann: vom Alter, von der Motivation, vielleicht von den Kenntnissen in anderen Sprachen, dem Hintergrund oder anderen Faktoren. Es handelt sich um einen ungef\\u00e4hren Wert.   <\\\/p>\\n<\\\/div>\\n<p><a href=\\\"https:\\\/\\\/cvc.cervantes.es\\\/ensenanza\\\/biblioteca_ele\\\/plan_curricular\\\/niveles\\\/01_objetivos_relacion_a1-a2.htm\\\" target=\\\"_blank\\\" rel=\\\"noopener\\\">Plan Curricular del Instituto Cervantes. Objetivos generales.<\\\/a><\\\/p>\\n\"}},{\"@type\":\"Question\",\"name\":\"B1 - Mittlere Stufe\",\"acceptedAnswer\":{\"@type\":\"Answer\",\"text\":\"<header class=\\\"bt_bb_headline bt_bb_dash_none bt_bb_subheadline bt_bb_size_inherit bt_bb_align_inherit\\\" data-bt-override-class=\\\"{\\\"bt_bb_align_\\\":{\\\"current_class\\\":\\\"bt_bb_align_inherit\\\",\\\"xxl\\\":\\\"inherit\\\",\\\"xl\\\":\\\"inherit\\\"}}\\\">\\n<div class=\\\"bt_bb_headline_subheadline\\\">Sie k\\u00f6nnen die wichtigsten Punkte zu allgemeinen Themen \\u00fcber Arbeit und Schule und auch \\u00fcber Reisen besonders gut verstehen, wenn Ihr Gespr\\u00e4chspartner klar und deutlich spricht. Sie k\\u00f6nnen auch \\u00fcber Themen sprechen, die Ihnen vertraut sind oder die Sie pers\\u00f6nlich interessieren. <\\\/div>\\n<div> <\\\/div>\\n<div class=\\\"bt_bb_headline_subheadline\\\"><strong style=\\\"color: #1b1919;\\\">Inhalt und Dauer<\\\/strong><\\\/div>\\n<\\\/header>\\n<div class=\\\"bt_bb_text\\\">\\n<p>Die durchschnittliche Studienzeit, um den gesamten Inhalt von B1 in unseren Kursen zu bew\\u00e4ltigen, betr\\u00e4gt etwa 80-160 Stunden. Sie ist in den Kursen in der Schule auf Ibiza und in unseren Online-Kursen \\u00e4hnlich. Es h\\u00e4ngt auch ein wenig von jedem einzelnen Sch\\u00fcler ab, wie gut er\\\/sie dem Kurs folgen kann: vom Alter, von der Motivation, vielleicht von Kenntnissen in anderen Sprachen, dem Hintergrund oder anderen Faktoren. Es handelt sich um einen ungef\\u00e4hren Wert.   <\\\/p>\\n<p><a href=\\\"https:\\\/\\\/cvc.cervantes.es\\\/ensenanza\\\/biblioteca_ele\\\/plan_curricular\\\/niveles\\\/01_objetivos_relacion_b1-b2.htm\\\" target=\\\"_blank\\\" rel=\\\"noopener\\\">Plan Curricular del Instituto Cervantes. Objetivos generales.<\\\/a><\\\/p>\\n<\\\/div>\\n\"}},{\"@type\":\"Question\",\"name\":\"B2 - Obere Mittelstufe\",\"acceptedAnswer\":{\"@type\":\"Answer\",\"text\":\"<header class=\\\"bt_bb_headline bt_bb_dash_none bt_bb_subheadline bt_bb_size_inherit bt_bb_align_inherit\\\" data-bt-override-class=\\\"{\\\"bt_bb_align_\\\":{\\\"current_class\\\":\\\"bt_bb_align_inherit\\\",\\\"xxl\\\":\\\"inherit\\\",\\\"xl\\\":\\\"inherit\\\"}}\\\">\\n<div class=\\\"bt_bb_headline_subheadline\\\">Sie k\\u00f6nnen die Hauptgedanken komplexer Texte verstehen und sich flie\\u00dfend mit Muttersprachlern \\u00fcber ein breites Spektrum von Themen austauschen, wobei Sie Vor- und Nachteile verschiedener Optionen nennen k\\u00f6nnen.<\\\/div>\\n<div> <\\\/div>\\n<div class=\\\"bt_bb_headline_subheadline\\\"><strong style=\\\"color: #1b1919;\\\">Inhalt und Dauer<\\\/strong><\\\/div>\\n<\\\/header>\\n<div class=\\\"bt_bb_text\\\">\\n<p>Die durchschnittliche Lernzeit, um den gesamten Inhalt von B2 in unseren Kursen zu bew\\u00e4ltigen, betr\\u00e4gt etwa 100-200 Stunden. Sie ist in den Kursen in der Schule auf Ibiza und in unseren Online-Kursen \\u00e4hnlich. Es h\\u00e4ngt auch ein wenig von jedem Sch\\u00fcler ab, wie gut er\\\/sie dem Kurs folgen kann: vom Alter, von der Motivation, vielleicht von den Kenntnissen in anderen Sprachen, dem Hintergrund oder anderen Faktoren. Es handelt sich um einen ungef\\u00e4hren Wert.   <\\\/p>\\n<\\\/div>\\n<p><a href=\\\"https:\\\/\\\/cvc.cervantes.es\\\/ensenanza\\\/biblioteca_ele\\\/plan_curricular\\\/niveles\\\/01_objetivos_relacion_b1-b2.htm\\\" target=\\\"_blank\\\" rel=\\\"noopener\\\">Plan Curricular del Instituto Cervantes. Objetivos generales.<\\\/a><\\\/p>\\n\"}},{\"@type\":\"Question\",\"name\":\"C1 - Fortgeschritten\",\"acceptedAnswer\":{\"@type\":\"Answer\",\"text\":\"<header class=\\\"bt_bb_headline bt_bb_dash_none bt_bb_subheadline bt_bb_size_inherit bt_bb_align_inherit\\\" data-bt-override-class=\\\"{\\\"bt_bb_align_\\\":{\\\"current_class\\\":\\\"bt_bb_align_inherit\\\",\\\"xxl\\\":\\\"inherit\\\",\\\"xl\\\":\\\"inherit\\\"}}\\\">\\n<div class=\\\"bt_bb_headline_subheadline\\\">Sch\\u00fcler auf dem Niveau C1 verf\\u00fcgen \\u00fcber fortgeschrittene Kenntnisse der spanischen Sprache und k\\u00f6nnen lange Texte und deren implizite Bedeutungen sowie l\\u00e4ngere Redebeitr\\u00e4ge zu abstrakten Themen verstehen. Sie k\\u00f6nnen sich klar, strukturiert und detailliert \\u00fcber komplexe Themen \\u00e4u\\u00dfern und sind in der Lage, die spanische Sprache im gesellschaftlichen, beruflichen oder studienbezogenen Umfeld zu verwenden. <\\\/div>\\n<div> <\\\/div>\\n<div class=\\\"bt_bb_headline_subheadline\\\"><strong style=\\\"color: #1b1919;\\\">Dauer<\\\/strong><\\\/div>\\n<\\\/header>\\n<div class=\\\"bt_bb_text\\\">\\n<p>Die durchschnittliche Studienzeit, um alle Inhalte von C1 in unseren Kursen durchzuarbeiten, liegt zwischen 100 und 200 Stunden.<\\\/p>\\n<\\\/div>\\n<p><a href=\\\"https:\\\/\\\/cvc.cervantes.es\\\/ensenanza\\\/biblioteca_ele\\\/plan_curricular\\\/niveles\\\/01_objetivos_relacion_c1-c2.htm\\\" target=\\\"_blank\\\" rel=\\\"noopener\\\">Plan Curricular del Instituto Cervantes. Objetivos generales.<\\\/a><\\\/p>\\n\"}},{\"@type\":\"Question\",\"name\":\"C2 - Kompetent\",\"acceptedAnswer\":{\"@type\":\"Answer\",\"text\":\"<header class=\\\"bt_bb_headline bt_bb_dash_none bt_bb_subheadline bt_bb_size_inherit bt_bb_align_inherit\\\" data-bt-override-class=\\\"{\\\"bt_bb_align_\\\":{\\\"current_class\\\":\\\"bt_bb_align_inherit\\\",\\\"xxl\\\":\\\"inherit\\\",\\\"xl\\\":\\\"inherit\\\"}}\\\">\\n<div class=\\\"bt_bb_headline_subheadline\\\">Sie verf\\u00fcgen \\u00fcber ausgezeichnete Kenntnisse der spanischen Sprache. Sie k\\u00f6nnen praktisch alles, was Sie von einem Muttersprachler h\\u00f6ren oder lesen, m\\u00fchelos verstehen und sich auch bei sehr komplexen Themen flie\\u00dfend und mit hoher Genauigkeit ausdr\\u00fccken. <\\\/div>\\n<div> <\\\/div>\\n<div class=\\\"bt_bb_headline_subheadline\\\"><strong style=\\\"color: #1b1919;\\\">Dauer<\\\/strong><\\\/div>\\n<\\\/header>\\n<div class=\\\"bt_bb_text\\\">\\n<p>Die durchschnittliche Studienzeit, um alle Inhalte von C2 in unseren Kursen durchzuarbeiten, liegt zwischen 100 und 200 Stunden.<\\\/p>\\n<p><a href=\\\"https:\\\/\\\/cvc.cervantes.es\\\/ensenanza\\\/biblioteca_ele\\\/plan_curricular\\\/niveles\\\/01_objetivos_relacion_c1-c2.htm\\\" target=\\\"_blank\\\" rel=\\\"noopener\\\">Plan Curricular del Instituto Cervantes. Objetivos generales.<\\\/a><\\\/p>\\n<\\\/div>\\n\"}}]}<\/script>\n\t\t\t\t\t<\/div>\n\t\t\t\t\t\t<\/div>\n\t\t\t\t<\/div>\n\t\t\t\t<div class=\"elementor-element elementor-element-c5c3808 elementor-align-center elementor-widget elementor-widget-button\" data-id=\"c5c3808\" data-element_type=\"widget\" data-e-type=\"widget\" data-widget_type=\"button.default\">\n\t\t\t\t<div class=\"elementor-widget-container\">\n\t\t\t\t\t\t\t\t\t<div class=\"elementor-button-wrapper\">\n\t\t\t\t\t<a class=\"elementor-button elementor-button-link elementor-size-sm\" href=\"https:\/\/maxxinstitutes.com\/de\/level-test\/\">\n\t\t\t\t\t\t<span class=\"elementor-button-content-wrapper\">\n\t\t\t\t\t\t<span class=\"elementor-button-icon\">\n\t\t\t\t<svg aria-hidden=\"true\" class=\"e-font-icon-svg e-fas-long-arrow-alt-right\" viewBox=\"0 0 448 512\" xmlns=\"http:\/\/www.w3.org\/2000\/svg\"><path d=\"M313.941 216H12c-6.627 0-12 5.373-12 12v56c0 6.627 5.373 12 12 12h301.941v46.059c0 21.382 25.851 32.09 40.971 16.971l86.059-86.059c9.373-9.373 9.373-24.569 0-33.941l-86.059-86.059c-15.119-15.119-40.971-4.411-40.971 16.971V216z\"><\/path><\/svg>\t\t\t<\/span>\n\t\t\t\t\t\t\t\t\t<span class=\"elementor-button-text\">PR\u00dcFEN SIE IHR SPANISCHNIVEAU<\/span>\n\t\t\t\t\t<\/span>\n\t\t\t\t\t<\/a>\n\t\t\t\t<\/div>\n\t\t\t\t\t\t\t\t<\/div>\n\t\t\t\t<\/div>\n\t\t\t\t\t<\/div>\n\t\t<\/div>\n\t\t\t\t\t<\/div>\n\t\t<\/section>\n\t\t\t\t<section class=\"wd-negative-gap elementor-section elementor-top-section elementor-element elementor-element-dadf2a4 elementor-section-boxed elementor-section-height-default elementor-section-height-default\" data-id=\"dadf2a4\" data-element_type=\"section\" data-e-type=\"section\">\n\t\t\t\t\t\t<div class=\"elementor-container elementor-column-gap-default\">\n\t\t\t\t\t<div class=\"elementor-column elementor-col-100 elementor-top-column elementor-element elementor-element-6d94baa\" data-id=\"6d94baa\" data-element_type=\"column\" data-e-type=\"column\">\n\t\t\t<div class=\"elementor-widget-wrap elementor-element-populated\">\n\t\t\t\t\t\t<div class=\"elementor-element elementor-element-3d1c6c9 elementor-widget elementor-widget-heading\" data-id=\"3d1c6c9\" data-element_type=\"widget\" data-e-type=\"widget\" data-widget_type=\"heading.default\">\n\t\t\t\t<div class=\"elementor-widget-container\">\n\t\t\t\t\t<h2 class=\"elementor-heading-title elementor-size-default\">Kurse &amp; Die Schule<\/h2>\t\t\t\t<\/div>\n\t\t\t\t<\/div>\n\t\t\t\t<div class=\"elementor-element elementor-element-c007dce wd-accordion-theme-style elementor-widget elementor-widget-accordion\" data-id=\"c007dce\" data-element_type=\"widget\" data-e-type=\"widget\" data-widget_type=\"accordion.default\">\n\t\t\t\t<div class=\"elementor-widget-container\">\n\t\t\t\t\t\t\t<div class=\"elementor-accordion\">\n\t\t\t\t\t\t\t<div class=\"elementor-accordion-item\">\n\t\t\t\t\t<div id=\"elementor-tab-title-2011\" class=\"elementor-tab-title\" data-tab=\"1\" role=\"button\" aria-controls=\"elementor-tab-content-2011\" aria-expanded=\"false\">\n\t\t\t\t\t\t\t\t\t\t\t\t\t<span class=\"elementor-accordion-icon elementor-accordion-icon-right\" aria-hidden=\"true\">\n\t\t\t\t\t\t\t\t\t\t\t\t\t\t\t<span class=\"elementor-accordion-icon-closed\"><svg class=\"e-font-icon-svg e-fas-long-arrow-alt-right\" viewBox=\"0 0 448 512\" xmlns=\"http:\/\/www.w3.org\/2000\/svg\"><path d=\"M313.941 216H12c-6.627 0-12 5.373-12 12v56c0 6.627 5.373 12 12 12h301.941v46.059c0 21.382 25.851 32.09 40.971 16.971l86.059-86.059c9.373-9.373 9.373-24.569 0-33.941l-86.059-86.059c-15.119-15.119-40.971-4.411-40.971 16.971V216z\"><\/path><\/svg><\/span>\n\t\t\t\t\t\t\t\t<span class=\"elementor-accordion-icon-opened\"><svg class=\"e-font-icon-svg e-fas-long-arrow-alt-up\" viewBox=\"0 0 256 512\" xmlns=\"http:\/\/www.w3.org\/2000\/svg\"><path d=\"M88 166.059V468c0 6.627 5.373 12 12 12h56c6.627 0 12-5.373 12-12V166.059h46.059c21.382 0 32.09-25.851 16.971-40.971l-86.059-86.059c-9.373-9.373-24.569-9.373-33.941 0l-86.059 86.059c-15.119 15.119-4.411 40.971 16.971 40.971H88z\"><\/path><\/svg><\/span>\n\t\t\t\t\t\t\t\t\t\t\t\t\t\t<\/span>\n\t\t\t\t\t\t\t\t\t\t\t\t<a class=\"elementor-accordion-title\" tabindex=\"0\">Wie kann ich mich anmelden?<\/a>\n\t\t\t\t\t<\/div>\n\t\t\t\t\t<div id=\"elementor-tab-content-2011\" class=\"elementor-tab-content elementor-clearfix\" data-tab=\"1\" role=\"region\" aria-labelledby=\"elementor-tab-title-2011\"><ul>\n<li>Auf dieser Webseite:<br \/>W\u00e4hlen Sie die Dauer und legen Sie die Wochen in den Warenkorb<br \/>Geben Sie Ihre pers\u00f6nlichen Daten ein. Um zur Kasse zu gehen, zahlen Sie mit Ihrer Kreditkarte \u00fcber Paypal (Sie brauchen kein Paypal-Konto) <\/li>\n<li>Per E-Mail:<br \/>Kontaktieren Sie uns unter <a href=\"mailto:info@maxxinstitutes.com\"><strong>info@maxxinstitutes.com<\/strong><\/a><br \/>Wir senden Ihnen das Anmeldeformular<br \/>\u00dcberweisen Sie den Betrag und wir best\u00e4tigen Ihnen den Kurs<\/li>\n<li>Unterkunft:<br \/>W\u00e4hrend der Buchung Ihres Kurses werden wir die Unterkunft mit Ihnen besprechen und Ihnen bei der Buchung helfen. Es ist ganz einfach. <\/li>\n<\/ul>\n<\/div>\n\t\t\t\t<\/div>\n\t\t\t\t\t\t\t<div class=\"elementor-accordion-item\">\n\t\t\t\t\t<div id=\"elementor-tab-title-2012\" class=\"elementor-tab-title\" data-tab=\"2\" role=\"button\" aria-controls=\"elementor-tab-content-2012\" aria-expanded=\"false\">\n\t\t\t\t\t\t\t\t\t\t\t\t\t<span class=\"elementor-accordion-icon elementor-accordion-icon-right\" aria-hidden=\"true\">\n\t\t\t\t\t\t\t\t\t\t\t\t\t\t\t<span class=\"elementor-accordion-icon-closed\"><svg class=\"e-font-icon-svg e-fas-long-arrow-alt-right\" viewBox=\"0 0 448 512\" xmlns=\"http:\/\/www.w3.org\/2000\/svg\"><path d=\"M313.941 216H12c-6.627 0-12 5.373-12 12v56c0 6.627 5.373 12 12 12h301.941v46.059c0 21.382 25.851 32.09 40.971 16.971l86.059-86.059c9.373-9.373 9.373-24.569 0-33.941l-86.059-86.059c-15.119-15.119-40.971-4.411-40.971 16.971V216z\"><\/path><\/svg><\/span>\n\t\t\t\t\t\t\t\t<span class=\"elementor-accordion-icon-opened\"><svg class=\"e-font-icon-svg e-fas-long-arrow-alt-up\" viewBox=\"0 0 256 512\" xmlns=\"http:\/\/www.w3.org\/2000\/svg\"><path d=\"M88 166.059V468c0 6.627 5.373 12 12 12h56c6.627 0 12-5.373 12-12V166.059h46.059c21.382 0 32.09-25.851 16.971-40.971l-86.059-86.059c-9.373-9.373-24.569-9.373-33.941 0l-86.059 86.059c-15.119 15.119-4.411 40.971 16.971 40.971H88z\"><\/path><\/svg><\/span>\n\t\t\t\t\t\t\t\t\t\t\t\t\t\t<\/span>\n\t\t\t\t\t\t\t\t\t\t\t\t<a class=\"elementor-accordion-title\" tabindex=\"0\">Wie kann ich mich anmelden?<\/a>\n\t\t\t\t\t<\/div>\n\t\t\t\t\t<div id=\"elementor-tab-content-2012\" class=\"elementor-tab-content elementor-clearfix\" data-tab=\"2\" role=\"region\" aria-labelledby=\"elementor-tab-title-2012\"><ul>\n<li>Auf dieser Webseite:<br \/>W\u00e4hlen Sie die Dauer und legen Sie die Wochen in den Warenkorb<br \/>Geben Sie Ihre pers\u00f6nlichen Daten ein. Um zur Kasse zu gehen, zahlen Sie mit Ihrer Kreditkarte \u00fcber Paypal (Sie brauchen kein Paypal-Konto) <\/li>\n<li>Per E-Mail:<br \/>Kontaktieren Sie uns unter <a href=\"mailto:info@maxxinstitutes.com\"><strong>info@maxxinstitutes.com<\/strong><\/a><br \/>Wir senden Ihnen das Anmeldeformular<br \/>\u00dcberweisen Sie den Betrag und wir best\u00e4tigen Ihnen den Kurs<\/li>\n<li>Unterkunft:<br \/>W\u00e4hrend der Buchung Ihres Kurses werden wir die Unterkunft mit Ihnen besprechen und Ihnen bei der Buchung helfen. Es ist ganz einfach. <\/li>\n<\/ul>\n<\/div>\n\t\t\t\t<\/div>\n\t\t\t\t\t\t\t<div class=\"elementor-accordion-item\">\n\t\t\t\t\t<div id=\"elementor-tab-title-2013\" class=\"elementor-tab-title\" data-tab=\"3\" role=\"button\" aria-controls=\"elementor-tab-content-2013\" aria-expanded=\"false\">\n\t\t\t\t\t\t\t\t\t\t\t\t\t<span class=\"elementor-accordion-icon elementor-accordion-icon-right\" aria-hidden=\"true\">\n\t\t\t\t\t\t\t\t\t\t\t\t\t\t\t<span class=\"elementor-accordion-icon-closed\"><svg class=\"e-font-icon-svg e-fas-long-arrow-alt-right\" viewBox=\"0 0 448 512\" xmlns=\"http:\/\/www.w3.org\/2000\/svg\"><path d=\"M313.941 216H12c-6.627 0-12 5.373-12 12v56c0 6.627 5.373 12 12 12h301.941v46.059c0 21.382 25.851 32.09 40.971 16.971l86.059-86.059c9.373-9.373 9.373-24.569 0-33.941l-86.059-86.059c-15.119-15.119-40.971-4.411-40.971 16.971V216z\"><\/path><\/svg><\/span>\n\t\t\t\t\t\t\t\t<span class=\"elementor-accordion-icon-opened\"><svg class=\"e-font-icon-svg e-fas-long-arrow-alt-up\" viewBox=\"0 0 256 512\" xmlns=\"http:\/\/www.w3.org\/2000\/svg\"><path d=\"M88 166.059V468c0 6.627 5.373 12 12 12h56c6.627 0 12-5.373 12-12V166.059h46.059c21.382 0 32.09-25.851 16.971-40.971l-86.059-86.059c-9.373-9.373-24.569-9.373-33.941 0l-86.059 86.059c-15.119 15.119-4.411 40.971 16.971 40.971H88z\"><\/path><\/svg><\/span>\n\t\t\t\t\t\t\t\t\t\t\t\t\t\t<\/span>\n\t\t\t\t\t\t\t\t\t\t\t\t<a class=\"elementor-accordion-title\" tabindex=\"0\">Wie hoch ist das Durchschnittsalter?<\/a>\n\t\t\t\t\t<\/div>\n\t\t\t\t\t<div id=\"elementor-tab-content-2013\" class=\"elementor-tab-content elementor-clearfix\" data-tab=\"3\" role=\"region\" aria-labelledby=\"elementor-tab-title-2013\"><p>Das Durchschnittsalter unserer Studenten liegt bei etwa 32 Jahren. W\u00e4hrend des gr\u00f6\u00dften Teils des Jahres sind unsere Studenten zwischen 25 und 50 Jahre alt. In den Sommermonaten Juli und August kommen zus\u00e4tzlich Studenten zwischen 18 und 22 Jahren hinzu, da dies die Zeit des Jahres ist, in der sie reisen k\u00f6nnen. Aus diesem Grund gibt es zwischen Mai und Oktober etwas mehr Studenten an der Schule als in der \u00fcbrigen Zeit des Jahres, in der es etwas weniger Studenten gibt.   <\/p>\n<\/div>\n\t\t\t\t<\/div>\n\t\t\t\t\t\t\t<div class=\"elementor-accordion-item\">\n\t\t\t\t\t<div id=\"elementor-tab-title-2014\" class=\"elementor-tab-title\" data-tab=\"4\" role=\"button\" aria-controls=\"elementor-tab-content-2014\" aria-expanded=\"false\">\n\t\t\t\t\t\t\t\t\t\t\t\t\t<span class=\"elementor-accordion-icon elementor-accordion-icon-right\" aria-hidden=\"true\">\n\t\t\t\t\t\t\t\t\t\t\t\t\t\t\t<span class=\"elementor-accordion-icon-closed\"><svg class=\"e-font-icon-svg e-fas-long-arrow-alt-right\" viewBox=\"0 0 448 512\" xmlns=\"http:\/\/www.w3.org\/2000\/svg\"><path d=\"M313.941 216H12c-6.627 0-12 5.373-12 12v56c0 6.627 5.373 12 12 12h301.941v46.059c0 21.382 25.851 32.09 40.971 16.971l86.059-86.059c9.373-9.373 9.373-24.569 0-33.941l-86.059-86.059c-15.119-15.119-40.971-4.411-40.971 16.971V216z\"><\/path><\/svg><\/span>\n\t\t\t\t\t\t\t\t<span class=\"elementor-accordion-icon-opened\"><svg class=\"e-font-icon-svg e-fas-long-arrow-alt-up\" viewBox=\"0 0 256 512\" xmlns=\"http:\/\/www.w3.org\/2000\/svg\"><path d=\"M88 166.059V468c0 6.627 5.373 12 12 12h56c6.627 0 12-5.373 12-12V166.059h46.059c21.382 0 32.09-25.851 16.971-40.971l-86.059-86.059c-9.373-9.373-24.569-9.373-33.941 0l-86.059 86.059c-15.119 15.119-4.411 40.971 16.971 40.971H88z\"><\/path><\/svg><\/span>\n\t\t\t\t\t\t\t\t\t\t\t\t\t\t<\/span>\n\t\t\t\t\t\t\t\t\t\t\t\t<a class=\"elementor-accordion-title\" tabindex=\"0\">Kann ich als absoluter Anf\u00e4nger teilnehmen?<\/a>\n\t\t\t\t\t<\/div>\n\t\t\t\t\t<div id=\"elementor-tab-content-2014\" class=\"elementor-tab-content elementor-clearfix\" data-tab=\"4\" role=\"region\" aria-labelledby=\"elementor-tab-title-2014\"><p>Ja, absolut. Wir haben spezielle Gruppen f\u00fcr absolute Anf\u00e4nger. Bitte beachten Sie die spezifischen Starttermine oben.  <\/p>\n<\/div>\n\t\t\t\t<\/div>\n\t\t\t\t\t\t\t<div class=\"elementor-accordion-item\">\n\t\t\t\t\t<div id=\"elementor-tab-title-2015\" class=\"elementor-tab-title\" data-tab=\"5\" role=\"button\" aria-controls=\"elementor-tab-content-2015\" aria-expanded=\"false\">\n\t\t\t\t\t\t\t\t\t\t\t\t\t<span class=\"elementor-accordion-icon elementor-accordion-icon-right\" aria-hidden=\"true\">\n\t\t\t\t\t\t\t\t\t\t\t\t\t\t\t<span class=\"elementor-accordion-icon-closed\"><svg class=\"e-font-icon-svg e-fas-long-arrow-alt-right\" viewBox=\"0 0 448 512\" xmlns=\"http:\/\/www.w3.org\/2000\/svg\"><path d=\"M313.941 216H12c-6.627 0-12 5.373-12 12v56c0 6.627 5.373 12 12 12h301.941v46.059c0 21.382 25.851 32.09 40.971 16.971l86.059-86.059c9.373-9.373 9.373-24.569 0-33.941l-86.059-86.059c-15.119-15.119-40.971-4.411-40.971 16.971V216z\"><\/path><\/svg><\/span>\n\t\t\t\t\t\t\t\t<span class=\"elementor-accordion-icon-opened\"><svg class=\"e-font-icon-svg e-fas-long-arrow-alt-up\" viewBox=\"0 0 256 512\" xmlns=\"http:\/\/www.w3.org\/2000\/svg\"><path d=\"M88 166.059V468c0 6.627 5.373 12 12 12h56c6.627 0 12-5.373 12-12V166.059h46.059c21.382 0 32.09-25.851 16.971-40.971l-86.059-86.059c-9.373-9.373-24.569-9.373-33.941 0l-86.059 86.059c-15.119 15.119-4.411 40.971 16.971 40.971H88z\"><\/path><\/svg><\/span>\n\t\t\t\t\t\t\t\t\t\t\t\t\t\t<\/span>\n\t\t\t\t\t\t\t\t\t\t\t\t<a class=\"elementor-accordion-title\" tabindex=\"0\">Wie ist der Kurs aufgebaut?<\/a>\n\t\t\t\t\t<\/div>\n\t\t\t\t\t<div id=\"elementor-tab-content-2015\" class=\"elementor-tab-content elementor-clearfix\" data-tab=\"5\" role=\"region\" aria-labelledby=\"elementor-tab-title-2015\"><p>Der Gruppenunterricht beginnt jeden Montag und Sie werden Ihr Spanisch kontinuierlich verbessern. Jeden Donnerstag findet ein kleiner Progressionstest statt, um sicherzustellen, dass Sie wie geplant lernen. Jeden Montag werden Sie je nach Ihrem Lernfortschritt in eine Gruppe eingeteilt.  <\/p>\n<\/div>\n\t\t\t\t<\/div>\n\t\t\t\t\t\t\t<div class=\"elementor-accordion-item\">\n\t\t\t\t\t<div id=\"elementor-tab-title-2016\" class=\"elementor-tab-title\" data-tab=\"6\" role=\"button\" aria-controls=\"elementor-tab-content-2016\" aria-expanded=\"false\">\n\t\t\t\t\t\t\t\t\t\t\t\t\t<span class=\"elementor-accordion-icon elementor-accordion-icon-right\" aria-hidden=\"true\">\n\t\t\t\t\t\t\t\t\t\t\t\t\t\t\t<span class=\"elementor-accordion-icon-closed\"><svg class=\"e-font-icon-svg e-fas-long-arrow-alt-right\" viewBox=\"0 0 448 512\" xmlns=\"http:\/\/www.w3.org\/2000\/svg\"><path d=\"M313.941 216H12c-6.627 0-12 5.373-12 12v56c0 6.627 5.373 12 12 12h301.941v46.059c0 21.382 25.851 32.09 40.971 16.971l86.059-86.059c9.373-9.373 9.373-24.569 0-33.941l-86.059-86.059c-15.119-15.119-40.971-4.411-40.971 16.971V216z\"><\/path><\/svg><\/span>\n\t\t\t\t\t\t\t\t<span class=\"elementor-accordion-icon-opened\"><svg class=\"e-font-icon-svg e-fas-long-arrow-alt-up\" viewBox=\"0 0 256 512\" xmlns=\"http:\/\/www.w3.org\/2000\/svg\"><path d=\"M88 166.059V468c0 6.627 5.373 12 12 12h56c6.627 0 12-5.373 12-12V166.059h46.059c21.382 0 32.09-25.851 16.971-40.971l-86.059-86.059c-9.373-9.373-24.569-9.373-33.941 0l-86.059 86.059c-15.119 15.119-4.411 40.971 16.971 40.971H88z\"><\/path><\/svg><\/span>\n\t\t\t\t\t\t\t\t\t\t\t\t\t\t<\/span>\n\t\t\t\t\t\t\t\t\t\t\t\t<a class=\"elementor-accordion-title\" tabindex=\"0\">Bekomme ich ein Kurszertifikat?<\/a>\n\t\t\t\t\t<\/div>\n\t\t\t\t\t<div id=\"elementor-tab-content-2016\" class=\"elementor-tab-content elementor-clearfix\" data-tab=\"6\" role=\"region\" aria-labelledby=\"elementor-tab-title-2016\"><p>Ja. Jeder Kursteilnehmer erh\u00e4lt ein Kurszertifikat, wenn er mindestens 80 % der Kurse absolviert und unterst\u00fctzt hat. <\/p>\n<\/div>\n\t\t\t\t<\/div>\n\t\t\t\t\t\t\t<div class=\"elementor-accordion-item\">\n\t\t\t\t\t<div id=\"elementor-tab-title-2017\" class=\"elementor-tab-title\" data-tab=\"7\" role=\"button\" aria-controls=\"elementor-tab-content-2017\" aria-expanded=\"false\">\n\t\t\t\t\t\t\t\t\t\t\t\t\t<span class=\"elementor-accordion-icon elementor-accordion-icon-right\" aria-hidden=\"true\">\n\t\t\t\t\t\t\t\t\t\t\t\t\t\t\t<span class=\"elementor-accordion-icon-closed\"><svg class=\"e-font-icon-svg e-fas-long-arrow-alt-right\" viewBox=\"0 0 448 512\" xmlns=\"http:\/\/www.w3.org\/2000\/svg\"><path d=\"M313.941 216H12c-6.627 0-12 5.373-12 12v56c0 6.627 5.373 12 12 12h301.941v46.059c0 21.382 25.851 32.09 40.971 16.971l86.059-86.059c9.373-9.373 9.373-24.569 0-33.941l-86.059-86.059c-15.119-15.119-40.971-4.411-40.971 16.971V216z\"><\/path><\/svg><\/span>\n\t\t\t\t\t\t\t\t<span class=\"elementor-accordion-icon-opened\"><svg class=\"e-font-icon-svg e-fas-long-arrow-alt-up\" viewBox=\"0 0 256 512\" xmlns=\"http:\/\/www.w3.org\/2000\/svg\"><path d=\"M88 166.059V468c0 6.627 5.373 12 12 12h56c6.627 0 12-5.373 12-12V166.059h46.059c21.382 0 32.09-25.851 16.971-40.971l-86.059-86.059c-9.373-9.373-24.569-9.373-33.941 0l-86.059 86.059c-15.119 15.119-4.411 40.971 16.971 40.971H88z\"><\/path><\/svg><\/span>\n\t\t\t\t\t\t\t\t\t\t\t\t\t\t<\/span>\n\t\t\t\t\t\t\t\t\t\t\t\t<a class=\"elementor-accordion-title\" tabindex=\"0\">Gibt es ein Mindest- oder H\u00f6chstalter?<\/a>\n\t\t\t\t\t<\/div>\n\t\t\t\t\t<div id=\"elementor-tab-content-2017\" class=\"elementor-tab-content elementor-clearfix\" data-tab=\"7\" role=\"region\" aria-labelledby=\"elementor-tab-title-2017\"><p>Nein. Sch\u00fcler jeden Alters k\u00f6nnen am Unterricht teilnehmen. <\/p>\n<\/div>\n\t\t\t\t<\/div>\n\t\t\t\t\t\t\t<div class=\"elementor-accordion-item\">\n\t\t\t\t\t<div id=\"elementor-tab-title-2018\" class=\"elementor-tab-title\" data-tab=\"8\" role=\"button\" aria-controls=\"elementor-tab-content-2018\" aria-expanded=\"false\">\n\t\t\t\t\t\t\t\t\t\t\t\t\t<span class=\"elementor-accordion-icon elementor-accordion-icon-right\" aria-hidden=\"true\">\n\t\t\t\t\t\t\t\t\t\t\t\t\t\t\t<span class=\"elementor-accordion-icon-closed\"><svg class=\"e-font-icon-svg e-fas-long-arrow-alt-right\" viewBox=\"0 0 448 512\" xmlns=\"http:\/\/www.w3.org\/2000\/svg\"><path d=\"M313.941 216H12c-6.627 0-12 5.373-12 12v56c0 6.627 5.373 12 12 12h301.941v46.059c0 21.382 25.851 32.09 40.971 16.971l86.059-86.059c9.373-9.373 9.373-24.569 0-33.941l-86.059-86.059c-15.119-15.119-40.971-4.411-40.971 16.971V216z\"><\/path><\/svg><\/span>\n\t\t\t\t\t\t\t\t<span class=\"elementor-accordion-icon-opened\"><svg class=\"e-font-icon-svg e-fas-long-arrow-alt-up\" viewBox=\"0 0 256 512\" xmlns=\"http:\/\/www.w3.org\/2000\/svg\"><path d=\"M88 166.059V468c0 6.627 5.373 12 12 12h56c6.627 0 12-5.373 12-12V166.059h46.059c21.382 0 32.09-25.851 16.971-40.971l-86.059-86.059c-9.373-9.373-24.569-9.373-33.941 0l-86.059 86.059c-15.119 15.119-4.411 40.971 16.971 40.971H88z\"><\/path><\/svg><\/span>\n\t\t\t\t\t\t\t\t\t\t\t\t\t\t<\/span>\n\t\t\t\t\t\t\t\t\t\t\t\t<a class=\"elementor-accordion-title\" tabindex=\"0\">Wie lange brauche ich pro Level?<\/a>\n\t\t\t\t\t<\/div>\n\t\t\t\t\t<div id=\"elementor-tab-content-2018\" class=\"elementor-tab-content elementor-clearfix\" data-tab=\"8\" role=\"region\" aria-labelledby=\"elementor-tab-title-2018\"><p>Gem\u00e4\u00df dem Gemeinsamen Europ\u00e4ischen Referenzrahmen f\u00fcr Sprachen (CEFR) und dem Lehrplan des Instituto Cervantes gibt es eine relativ genaue Beschreibung der Inhalte jeder Sprachstufe. Als akkreditierte Sprachschule vermitteln wir alle Inhalte auf strukturierte Weise und mit einem praktischen Ansatz. Bitte klicken Sie auf Niveaus und Ziele, um zu sehen, wie viele Stunden Sie pro Niveau ben\u00f6tigen.  <\/p>\n<p>In unserem Kurs mit 10 Gruppenstunden pro Woche werden Sie etwa alle 3 Wochen ein Buch fertigstellen.<\/p>\n<\/div>\n\t\t\t\t<\/div>\n\t\t\t\t\t\t\t<div class=\"elementor-accordion-item\">\n\t\t\t\t\t<div id=\"elementor-tab-title-2019\" class=\"elementor-tab-title\" data-tab=\"9\" role=\"button\" aria-controls=\"elementor-tab-content-2019\" aria-expanded=\"false\">\n\t\t\t\t\t\t\t\t\t\t\t\t\t<span class=\"elementor-accordion-icon elementor-accordion-icon-right\" aria-hidden=\"true\">\n\t\t\t\t\t\t\t\t\t\t\t\t\t\t\t<span class=\"elementor-accordion-icon-closed\"><svg class=\"e-font-icon-svg e-fas-long-arrow-alt-right\" viewBox=\"0 0 448 512\" xmlns=\"http:\/\/www.w3.org\/2000\/svg\"><path d=\"M313.941 216H12c-6.627 0-12 5.373-12 12v56c0 6.627 5.373 12 12 12h301.941v46.059c0 21.382 25.851 32.09 40.971 16.971l86.059-86.059c9.373-9.373 9.373-24.569 0-33.941l-86.059-86.059c-15.119-15.119-40.971-4.411-40.971 16.971V216z\"><\/path><\/svg><\/span>\n\t\t\t\t\t\t\t\t<span class=\"elementor-accordion-icon-opened\"><svg class=\"e-font-icon-svg e-fas-long-arrow-alt-up\" viewBox=\"0 0 256 512\" xmlns=\"http:\/\/www.w3.org\/2000\/svg\"><path d=\"M88 166.059V468c0 6.627 5.373 12 12 12h56c6.627 0 12-5.373 12-12V166.059h46.059c21.382 0 32.09-25.851 16.971-40.971l-86.059-86.059c-9.373-9.373-24.569-9.373-33.941 0l-86.059 86.059c-15.119 15.119-4.411 40.971 16.971 40.971H88z\"><\/path><\/svg><\/span>\n\t\t\t\t\t\t\t\t\t\t\t\t\t\t<\/span>\n\t\t\t\t\t\t\t\t\t\t\t\t<a class=\"elementor-accordion-title\" tabindex=\"0\">Was ist im Preis inbegriffen?<\/a>\n\t\t\t\t\t<\/div>\n\t\t\t\t\t<div id=\"elementor-tab-content-2019\" class=\"elementor-tab-content elementor-clearfix\" data-tab=\"9\" role=\"region\" aria-labelledby=\"elementor-tab-title-2019\"><ul>\n<li>Die Klassen wie beschrieben<\/li>\n<li>die Freizeitaktivit\u00e4ten \u00a1Vive en Espa\u00f1ol!, 3 w\u00f6chentliche Aktivit\u00e4ten<\/li>\n<li>1 Progressionstest pro Woche<\/li>\n<li>der Stufentest<\/li>\n<li>Nutzung des Selbstlernraums und der Bibliothek<\/li>\n<li>kostenloses W-LAN in der Schule<\/li>\n<li>ein Kurszertifikat<\/li>\n<\/ul>\n<\/div>\n\t\t\t\t<\/div>\n\t\t\t\t\t\t\t<div class=\"elementor-accordion-item\">\n\t\t\t\t\t<div id=\"elementor-tab-title-20110\" class=\"elementor-tab-title\" data-tab=\"10\" role=\"button\" aria-controls=\"elementor-tab-content-20110\" aria-expanded=\"false\">\n\t\t\t\t\t\t\t\t\t\t\t\t\t<span class=\"elementor-accordion-icon elementor-accordion-icon-right\" aria-hidden=\"true\">\n\t\t\t\t\t\t\t\t\t\t\t\t\t\t\t<span class=\"elementor-accordion-icon-closed\"><svg class=\"e-font-icon-svg e-fas-long-arrow-alt-right\" viewBox=\"0 0 448 512\" xmlns=\"http:\/\/www.w3.org\/2000\/svg\"><path d=\"M313.941 216H12c-6.627 0-12 5.373-12 12v56c0 6.627 5.373 12 12 12h301.941v46.059c0 21.382 25.851 32.09 40.971 16.971l86.059-86.059c9.373-9.373 9.373-24.569 0-33.941l-86.059-86.059c-15.119-15.119-40.971-4.411-40.971 16.971V216z\"><\/path><\/svg><\/span>\n\t\t\t\t\t\t\t\t<span class=\"elementor-accordion-icon-opened\"><svg class=\"e-font-icon-svg e-fas-long-arrow-alt-up\" viewBox=\"0 0 256 512\" xmlns=\"http:\/\/www.w3.org\/2000\/svg\"><path d=\"M88 166.059V468c0 6.627 5.373 12 12 12h56c6.627 0 12-5.373 12-12V166.059h46.059c21.382 0 32.09-25.851 16.971-40.971l-86.059-86.059c-9.373-9.373-24.569-9.373-33.941 0l-86.059 86.059c-15.119 15.119-4.411 40.971 16.971 40.971H88z\"><\/path><\/svg><\/span>\n\t\t\t\t\t\t\t\t\t\t\t\t\t\t<\/span>\n\t\t\t\t\t\t\t\t\t\t\t\t<a class=\"elementor-accordion-title\" tabindex=\"0\">Zu welchen Zeiten kann ich Unterricht haben?<\/a>\n\t\t\t\t\t<\/div>\n\t\t\t\t\t<div id=\"elementor-tab-content-20110\" class=\"elementor-tab-content elementor-clearfix\" data-tab=\"10\" role=\"region\" aria-labelledby=\"elementor-tab-title-20110\"><p>So ziemlich jederzeit von Montag bis Freitag zwischen 8 Uhr und 22 Uhr, je nach Verf\u00fcgbarkeit der Lehrer. An Wochenenden gegen Aufpreis. Wir haben viele Lehrer und k\u00f6nnen uns im Allgemeinen sehr gut an Ihren vollen Terminkalender anpassen.  <\/p>\n<\/div>\n\t\t\t\t<\/div>\n\t\t\t\t\t\t\t<div class=\"elementor-accordion-item\">\n\t\t\t\t\t<div id=\"elementor-tab-title-20111\" class=\"elementor-tab-title\" data-tab=\"11\" role=\"button\" aria-controls=\"elementor-tab-content-20111\" aria-expanded=\"false\">\n\t\t\t\t\t\t\t\t\t\t\t\t\t<span class=\"elementor-accordion-icon elementor-accordion-icon-right\" aria-hidden=\"true\">\n\t\t\t\t\t\t\t\t\t\t\t\t\t\t\t<span class=\"elementor-accordion-icon-closed\"><svg class=\"e-font-icon-svg e-fas-long-arrow-alt-right\" viewBox=\"0 0 448 512\" xmlns=\"http:\/\/www.w3.org\/2000\/svg\"><path d=\"M313.941 216H12c-6.627 0-12 5.373-12 12v56c0 6.627 5.373 12 12 12h301.941v46.059c0 21.382 25.851 32.09 40.971 16.971l86.059-86.059c9.373-9.373 9.373-24.569 0-33.941l-86.059-86.059c-15.119-15.119-40.971-4.411-40.971 16.971V216z\"><\/path><\/svg><\/span>\n\t\t\t\t\t\t\t\t<span class=\"elementor-accordion-icon-opened\"><svg class=\"e-font-icon-svg e-fas-long-arrow-alt-up\" viewBox=\"0 0 256 512\" xmlns=\"http:\/\/www.w3.org\/2000\/svg\"><path d=\"M88 166.059V468c0 6.627 5.373 12 12 12h56c6.627 0 12-5.373 12-12V166.059h46.059c21.382 0 32.09-25.851 16.971-40.971l-86.059-86.059c-9.373-9.373-24.569-9.373-33.941 0l-86.059 86.059c-15.119 15.119-4.411 40.971 16.971 40.971H88z\"><\/path><\/svg><\/span>\n\t\t\t\t\t\t\t\t\t\t\t\t\t\t<\/span>\n\t\t\t\t\t\t\t\t\t\t\t\t<a class=\"elementor-accordion-title\" tabindex=\"0\">Wie sieht eine typische Woche aus?<\/a>\n\t\t\t\t\t<\/div>\n\t\t\t\t\t<div id=\"elementor-tab-content-20111\" class=\"elementor-tab-content elementor-clearfix\" data-tab=\"11\" role=\"region\" aria-labelledby=\"elementor-tab-title-20111\"><article data-collapse-role=\"target\">\n<article class=\"collapse__body post seres-collapse-target active\" data-collapse-role=\"target\"><strong>Eine typische Woche sieht so aus:<\/strong><\/article>\n<article data-collapse-role=\"target\"><\/article>\n<article data-collapse-role=\"target\"><\/article>\n<\/article>\n<article data-collapse-role=\"target\"><\/article>\n<article data-collapse-role=\"target\"><strong>Sonntag:<\/strong><\/article>\n<ul>\n<li data-collapse-role=\"target\">Ankunft in der Unterkunft<\/li>\n<li data-collapse-role=\"target\">In der Wohngemeinschaft, lernen Sie Ihre Mitbewohner kennen<\/li>\n<\/ul>\n<article class=\"collapse__body post seres-collapse-target active\" data-collapse-role=\"target\"><strong>Montag:<\/strong><\/article>\n<ul>\n<li class=\"collapse__body post seres-collapse-target active\" data-collapse-role=\"target\">  8.00-9.00: Einchecken an der Rezeption der Schule. Auf Ihrer Buchungsbest\u00e4tigung geben wir an, zu welcher Zeit Sie am ersten Tag an der Rezeption der Schule sein m\u00fcssen.<\/li>\n<li data-collapse-role=\"target\">9.00: Willkommens-Pr\u00e4sentation<\/li>\n<li data-collapse-role=\"target\">9.20: Gehen Sie zu Ihrer Gruppe entsprechend Ihrem Niveau<\/li>\n<li data-collapse-role=\"target\">9.30 Uhr: Der Unterricht beginnt<\/li>\n<li data-collapse-role=\"target\">11.00: Kaffeepause<\/li>\n<li data-collapse-role=\"target\">11.15: Der Unterricht beginnt wieder<\/li>\n<li data-collapse-role=\"target\">12:45: Der Unterricht endet<\/li>\n<li data-collapse-role=\"target\">13:00: Treffen vor der Schule f\u00fcr den interaktiven Spaziergang durch Ibiza-Stadt<\/li>\n<\/ul>\n<article data-collapse-role=\"target\"><strong>Dienstag:  <\/strong><\/article>\n<ul>\n<li data-collapse-role=\"target\">9:30-12:45: Unterricht<\/li>\n<li data-collapse-role=\"target\">13:00: Treffen Sie sich vor der Schule, um den Lebensmittelmarkt zu besuchen<\/li>\n<\/ul>\n<article data-collapse-role=\"target\"><strong>Mittwoch:<\/strong><\/article>\n<ul>\n<li>9:30-11:00: Unterricht<\/li>\n<li data-collapse-role=\"target\">11.00: Kaffeepause<\/li>\n<li data-collapse-role=\"target\">11.15: Der Unterricht beginnt wieder. Wiederholung der neu gelernten Inhalte. <\/li>\n<li data-collapse-role=\"target\">Freizeit nach dem Unterricht. Die Studenten nutzen diese Zeit normalerweise, um an einen etwas weiter entfernten Strand zu gehen. Vielleicht &#8222;Las Salinas&#8220;.  <\/li>\n<\/ul>\n<p><strong>Donnerstag:<\/strong><\/p>\n<ul>\n<li>9:30-9:50: Progressionstest und anschlie\u00dfend regul\u00e4rer Unterricht<\/li>\n<li data-collapse-role=\"target\">11.00: Kaffeepause<\/li>\n<li data-collapse-role=\"target\">11.15-12.45: Unterricht<\/li>\n<li>13:00: Treffen Sie sich an der Rezeption der Schule f\u00fcr die Ausspracheerfahrung.<\/li>\n<\/ul>\n<p><strong>Freitag:<\/strong><\/p>\n<ul>\n<li>9:30: Besprechung des Progressionstests und anschlie\u00dfend regul\u00e4rer Unterricht<\/li>\n<li data-collapse-role=\"target\">11.00: Kaffeepause<\/li>\n<li data-collapse-role=\"target\">11.15-12.45: Unterricht<\/li>\n<\/ul>\n<p><strong>Samstag:<\/strong> Studenten genie\u00dfen die freie Zeit oder checken aus ihrer Unterkunft aus<\/p>\n<p><strong>Sonntag:<\/strong> Die Sch\u00fcler erkunden die Insel oder machen einen 30-min\u00fctigen Bootsausflug zur Nachbarinsel Formentera<\/p>\n<\/div>\n\t\t\t\t<\/div>\n\t\t\t\t\t\t\t<div class=\"elementor-accordion-item\">\n\t\t\t\t\t<div id=\"elementor-tab-title-20112\" class=\"elementor-tab-title\" data-tab=\"12\" role=\"button\" aria-controls=\"elementor-tab-content-20112\" aria-expanded=\"false\">\n\t\t\t\t\t\t\t\t\t\t\t\t\t<span class=\"elementor-accordion-icon elementor-accordion-icon-right\" aria-hidden=\"true\">\n\t\t\t\t\t\t\t\t\t\t\t\t\t\t\t<span class=\"elementor-accordion-icon-closed\"><svg class=\"e-font-icon-svg e-fas-long-arrow-alt-right\" viewBox=\"0 0 448 512\" xmlns=\"http:\/\/www.w3.org\/2000\/svg\"><path d=\"M313.941 216H12c-6.627 0-12 5.373-12 12v56c0 6.627 5.373 12 12 12h301.941v46.059c0 21.382 25.851 32.09 40.971 16.971l86.059-86.059c9.373-9.373 9.373-24.569 0-33.941l-86.059-86.059c-15.119-15.119-40.971-4.411-40.971 16.971V216z\"><\/path><\/svg><\/span>\n\t\t\t\t\t\t\t\t<span class=\"elementor-accordion-icon-opened\"><svg class=\"e-font-icon-svg e-fas-long-arrow-alt-up\" viewBox=\"0 0 256 512\" xmlns=\"http:\/\/www.w3.org\/2000\/svg\"><path d=\"M88 166.059V468c0 6.627 5.373 12 12 12h56c6.627 0 12-5.373 12-12V166.059h46.059c21.382 0 32.09-25.851 16.971-40.971l-86.059-86.059c-9.373-9.373-24.569-9.373-33.941 0l-86.059 86.059c-15.119 15.119-4.411 40.971 16.971 40.971H88z\"><\/path><\/svg><\/span>\n\t\t\t\t\t\t\t\t\t\t\t\t\t\t<\/span>\n\t\t\t\t\t\t\t\t\t\t\t\t<a class=\"elementor-accordion-title\" tabindex=\"0\">Auf welche Ebene werden Sie mich setzen?<\/a>\n\t\t\t\t\t<\/div>\n\t\t\t\t\t<div id=\"elementor-tab-content-20112\" class=\"elementor-tab-content elementor-clearfix\" data-tab=\"12\" role=\"region\" aria-labelledby=\"elementor-tab-title-20112\"><p>Unsere akademischen Koordinatoren sind hoch qualifiziert und werden Ihre Niveautestergebnisse sowie Ihre w\u00f6chentliche Selbsteinsch\u00e4tzung im Detail analysieren. Anhand der Ergebnisse werden Sie in die beste Gruppe f\u00fcr Ihr Niveau eingeteilt. Sollten Sie am ersten Tag das Gef\u00fchl haben, dass das Niveau zu schwer oder zu leicht ist, lassen Sie es uns bitte wissen. Wir werden Sie dann erneut testen und Sie in eine Gruppe einteilen, die sich f\u00fcr Sie richtig anf\u00fchlt.   <\/p>\n<\/div>\n\t\t\t\t<\/div>\n\t\t\t\t\t\t\t<div class=\"elementor-accordion-item\">\n\t\t\t\t\t<div id=\"elementor-tab-title-20113\" class=\"elementor-tab-title\" data-tab=\"13\" role=\"button\" aria-controls=\"elementor-tab-content-20113\" aria-expanded=\"false\">\n\t\t\t\t\t\t\t\t\t\t\t\t\t<span class=\"elementor-accordion-icon elementor-accordion-icon-right\" aria-hidden=\"true\">\n\t\t\t\t\t\t\t\t\t\t\t\t\t\t\t<span class=\"elementor-accordion-icon-closed\"><svg class=\"e-font-icon-svg e-fas-long-arrow-alt-right\" viewBox=\"0 0 448 512\" xmlns=\"http:\/\/www.w3.org\/2000\/svg\"><path d=\"M313.941 216H12c-6.627 0-12 5.373-12 12v56c0 6.627 5.373 12 12 12h301.941v46.059c0 21.382 25.851 32.09 40.971 16.971l86.059-86.059c9.373-9.373 9.373-24.569 0-33.941l-86.059-86.059c-15.119-15.119-40.971-4.411-40.971 16.971V216z\"><\/path><\/svg><\/span>\n\t\t\t\t\t\t\t\t<span class=\"elementor-accordion-icon-opened\"><svg class=\"e-font-icon-svg e-fas-long-arrow-alt-up\" viewBox=\"0 0 256 512\" xmlns=\"http:\/\/www.w3.org\/2000\/svg\"><path d=\"M88 166.059V468c0 6.627 5.373 12 12 12h56c6.627 0 12-5.373 12-12V166.059h46.059c21.382 0 32.09-25.851 16.971-40.971l-86.059-86.059c-9.373-9.373-24.569-9.373-33.941 0l-86.059 86.059c-15.119 15.119-4.411 40.971 16.971 40.971H88z\"><\/path><\/svg><\/span>\n\t\t\t\t\t\t\t\t\t\t\t\t\t\t<\/span>\n\t\t\t\t\t\t\t\t\t\t\t\t<a class=\"elementor-accordion-title\" tabindex=\"0\">Wie sind die Kurse aufgebaut?<\/a>\n\t\t\t\t\t<\/div>\n\t\t\t\t\t<div id=\"elementor-tab-content-20113\" class=\"elementor-tab-content elementor-clearfix\" data-tab=\"13\" role=\"region\" aria-labelledby=\"elementor-tab-title-20113\"><p>Bevor wir beginnen, bitten wir Sie um eine detaillierte Beschreibung Ihres Lernziels und Ihres derzeitigen Sprachniveaus. Falls erforderlich, f\u00fchren wir mit Ihnen einen Einstufungstest durch. Auf dieser Grundlage stellen unsere Lehrer einen Lernplan auf und w\u00e4hlen das beste Lernmaterial f\u00fcr Sie aus.  <\/p>\n<\/div>\n\t\t\t\t<\/div>\n\t\t\t\t\t\t\t<div class=\"elementor-accordion-item\">\n\t\t\t\t\t<div id=\"elementor-tab-title-20114\" class=\"elementor-tab-title\" data-tab=\"14\" role=\"button\" aria-controls=\"elementor-tab-content-20114\" aria-expanded=\"false\">\n\t\t\t\t\t\t\t\t\t\t\t\t\t<span class=\"elementor-accordion-icon elementor-accordion-icon-right\" aria-hidden=\"true\">\n\t\t\t\t\t\t\t\t\t\t\t\t\t\t\t<span class=\"elementor-accordion-icon-closed\"><svg class=\"e-font-icon-svg e-fas-long-arrow-alt-right\" viewBox=\"0 0 448 512\" xmlns=\"http:\/\/www.w3.org\/2000\/svg\"><path d=\"M313.941 216H12c-6.627 0-12 5.373-12 12v56c0 6.627 5.373 12 12 12h301.941v46.059c0 21.382 25.851 32.09 40.971 16.971l86.059-86.059c9.373-9.373 9.373-24.569 0-33.941l-86.059-86.059c-15.119-15.119-40.971-4.411-40.971 16.971V216z\"><\/path><\/svg><\/span>\n\t\t\t\t\t\t\t\t<span class=\"elementor-accordion-icon-opened\"><svg class=\"e-font-icon-svg e-fas-long-arrow-alt-up\" viewBox=\"0 0 256 512\" xmlns=\"http:\/\/www.w3.org\/2000\/svg\"><path d=\"M88 166.059V468c0 6.627 5.373 12 12 12h56c6.627 0 12-5.373 12-12V166.059h46.059c21.382 0 32.09-25.851 16.971-40.971l-86.059-86.059c-9.373-9.373-24.569-9.373-33.941 0l-86.059 86.059c-15.119 15.119-4.411 40.971 16.971 40.971H88z\"><\/path><\/svg><\/span>\n\t\t\t\t\t\t\t\t\t\t\t\t\t\t<\/span>\n\t\t\t\t\t\t\t\t\t\t\t\t<a class=\"elementor-accordion-title\" tabindex=\"0\">Wie oft werde ich ein neues Buch kaufen m\u00fcssen?<\/a>\n\t\t\t\t\t<\/div>\n\t\t\t\t\t<div id=\"elementor-tab-content-20114\" class=\"elementor-tab-content elementor-clearfix\" data-tab=\"14\" role=\"region\" aria-labelledby=\"elementor-tab-title-20114\"><p>Je nach Niveau und Intensit\u00e4t Ihres Kurses werden Sie etwa alle 3-4 Wochen ein neues Buch kaufen m\u00fcssen.  <\/p>\n<\/div>\n\t\t\t\t<\/div>\n\t\t\t\t\t\t\t<div class=\"elementor-accordion-item\">\n\t\t\t\t\t<div id=\"elementor-tab-title-20115\" class=\"elementor-tab-title\" data-tab=\"15\" role=\"button\" aria-controls=\"elementor-tab-content-20115\" aria-expanded=\"false\">\n\t\t\t\t\t\t\t\t\t\t\t\t\t<span class=\"elementor-accordion-icon elementor-accordion-icon-right\" aria-hidden=\"true\">\n\t\t\t\t\t\t\t\t\t\t\t\t\t\t\t<span class=\"elementor-accordion-icon-closed\"><svg class=\"e-font-icon-svg e-fas-long-arrow-alt-right\" viewBox=\"0 0 448 512\" xmlns=\"http:\/\/www.w3.org\/2000\/svg\"><path d=\"M313.941 216H12c-6.627 0-12 5.373-12 12v56c0 6.627 5.373 12 12 12h301.941v46.059c0 21.382 25.851 32.09 40.971 16.971l86.059-86.059c9.373-9.373 9.373-24.569 0-33.941l-86.059-86.059c-15.119-15.119-40.971-4.411-40.971 16.971V216z\"><\/path><\/svg><\/span>\n\t\t\t\t\t\t\t\t<span class=\"elementor-accordion-icon-opened\"><svg class=\"e-font-icon-svg e-fas-long-arrow-alt-up\" viewBox=\"0 0 256 512\" xmlns=\"http:\/\/www.w3.org\/2000\/svg\"><path d=\"M88 166.059V468c0 6.627 5.373 12 12 12h56c6.627 0 12-5.373 12-12V166.059h46.059c21.382 0 32.09-25.851 16.971-40.971l-86.059-86.059c-9.373-9.373-24.569-9.373-33.941 0l-86.059 86.059c-15.119 15.119-4.411 40.971 16.971 40.971H88z\"><\/path><\/svg><\/span>\n\t\t\t\t\t\t\t\t\t\t\t\t\t\t<\/span>\n\t\t\t\t\t\t\t\t\t\t\t\t<a class=\"elementor-accordion-title\" tabindex=\"0\">Werde ich w\u00e4hrend des Kurses sprechen?<\/a>\n\t\t\t\t\t<\/div>\n\t\t\t\t\t<div id=\"elementor-tab-content-20115\" class=\"elementor-tab-content elementor-clearfix\" data-tab=\"15\" role=\"region\" aria-labelledby=\"elementor-tab-title-20115\"><p>Auf jeden Fall. Der Unterricht funktioniert genau wie in einem Klassenzimmer. Alle Sch\u00fcler nehmen aktiv am Unterricht teil und melden sich in jeder Stunde zu Wort. Es ist derselbe Unterricht wie in der Schule, nur eben online.   <\/p>\n<\/div>\n\t\t\t\t<\/div>\n\t\t\t\t\t\t\t<div class=\"elementor-accordion-item\">\n\t\t\t\t\t<div id=\"elementor-tab-title-20116\" class=\"elementor-tab-title\" data-tab=\"16\" role=\"button\" aria-controls=\"elementor-tab-content-20116\" aria-expanded=\"false\">\n\t\t\t\t\t\t\t\t\t\t\t\t\t<span class=\"elementor-accordion-icon elementor-accordion-icon-right\" aria-hidden=\"true\">\n\t\t\t\t\t\t\t\t\t\t\t\t\t\t\t<span class=\"elementor-accordion-icon-closed\"><svg class=\"e-font-icon-svg e-fas-long-arrow-alt-right\" viewBox=\"0 0 448 512\" xmlns=\"http:\/\/www.w3.org\/2000\/svg\"><path d=\"M313.941 216H12c-6.627 0-12 5.373-12 12v56c0 6.627 5.373 12 12 12h301.941v46.059c0 21.382 25.851 32.09 40.971 16.971l86.059-86.059c9.373-9.373 9.373-24.569 0-33.941l-86.059-86.059c-15.119-15.119-40.971-4.411-40.971 16.971V216z\"><\/path><\/svg><\/span>\n\t\t\t\t\t\t\t\t<span class=\"elementor-accordion-icon-opened\"><svg class=\"e-font-icon-svg e-fas-long-arrow-alt-up\" viewBox=\"0 0 256 512\" xmlns=\"http:\/\/www.w3.org\/2000\/svg\"><path d=\"M88 166.059V468c0 6.627 5.373 12 12 12h56c6.627 0 12-5.373 12-12V166.059h46.059c21.382 0 32.09-25.851 16.971-40.971l-86.059-86.059c-9.373-9.373-24.569-9.373-33.941 0l-86.059 86.059c-15.119 15.119-4.411 40.971 16.971 40.971H88z\"><\/path><\/svg><\/span>\n\t\t\t\t\t\t\t\t\t\t\t\t\t\t<\/span>\n\t\t\t\t\t\t\t\t\t\t\t\t<a class=\"elementor-accordion-title\" tabindex=\"0\">Ben\u00f6tige ich ein bestimmtes Programm oder Ger\u00e4t?<\/a>\n\t\t\t\t\t<\/div>\n\t\t\t\t\t<div id=\"elementor-tab-content-20116\" class=\"elementor-tab-content elementor-clearfix\" data-tab=\"16\" role=\"region\" aria-labelledby=\"elementor-tab-title-20116\"><p>Nein. Unser virtuelles Klassenzimmer auf der Plattform Zoom funktioniert auf allen Ger\u00e4ten. Sie sehen ein Whiteboard, den Lehrer und Ihre Klassenkameraden. Genau wie in einem echten Klassenzimmer.   <\/p>\n<\/div>\n\t\t\t\t<\/div>\n\t\t\t\t\t\t\t<div class=\"elementor-accordion-item\">\n\t\t\t\t\t<div id=\"elementor-tab-title-20117\" class=\"elementor-tab-title\" data-tab=\"17\" role=\"button\" aria-controls=\"elementor-tab-content-20117\" aria-expanded=\"false\">\n\t\t\t\t\t\t\t\t\t\t\t\t\t<span class=\"elementor-accordion-icon elementor-accordion-icon-right\" aria-hidden=\"true\">\n\t\t\t\t\t\t\t\t\t\t\t\t\t\t\t<span class=\"elementor-accordion-icon-closed\"><svg class=\"e-font-icon-svg e-fas-long-arrow-alt-right\" viewBox=\"0 0 448 512\" xmlns=\"http:\/\/www.w3.org\/2000\/svg\"><path d=\"M313.941 216H12c-6.627 0-12 5.373-12 12v56c0 6.627 5.373 12 12 12h301.941v46.059c0 21.382 25.851 32.09 40.971 16.971l86.059-86.059c9.373-9.373 9.373-24.569 0-33.941l-86.059-86.059c-15.119-15.119-40.971-4.411-40.971 16.971V216z\"><\/path><\/svg><\/span>\n\t\t\t\t\t\t\t\t<span class=\"elementor-accordion-icon-opened\"><svg class=\"e-font-icon-svg e-fas-long-arrow-alt-up\" viewBox=\"0 0 256 512\" xmlns=\"http:\/\/www.w3.org\/2000\/svg\"><path d=\"M88 166.059V468c0 6.627 5.373 12 12 12h56c6.627 0 12-5.373 12-12V166.059h46.059c21.382 0 32.09-25.851 16.971-40.971l-86.059-86.059c-9.373-9.373-24.569-9.373-33.941 0l-86.059 86.059c-15.119 15.119-4.411 40.971 16.971 40.971H88z\"><\/path><\/svg><\/span>\n\t\t\t\t\t\t\t\t\t\t\t\t\t\t<\/span>\n\t\t\t\t\t\t\t\t\t\t\t\t<a class=\"elementor-accordion-title\" tabindex=\"0\">Werde ich Hausaufgaben aufgeben m\u00fcssen?<\/a>\n\t\t\t\t\t<\/div>\n\t\t\t\t\t<div id=\"elementor-tab-content-20117\" class=\"elementor-tab-content elementor-clearfix\" data-tab=\"17\" role=\"region\" aria-labelledby=\"elementor-tab-title-20117\"><p>Wenn Sie es w\u00fcnschen, ja. Wir werden Ihren Privatunterricht an Ihren Zeitplan anpassen. Hausaufgaben sind zwar eine wunderbare M\u00f6glichkeit, Fortschritte zu machen, auch wenn Sie nicht am Unterricht teilnehmen, aber es besteht keine Verpflichtung. Wir werden Sie fragen, ob Sie Hausaufgaben w\u00fcnschen oder nicht.   <\/p>\n<\/div>\n\t\t\t\t<\/div>\n\t\t\t\t\t\t\t<div class=\"elementor-accordion-item\">\n\t\t\t\t\t<div id=\"elementor-tab-title-20118\" class=\"elementor-tab-title\" data-tab=\"18\" role=\"button\" aria-controls=\"elementor-tab-content-20118\" aria-expanded=\"false\">\n\t\t\t\t\t\t\t\t\t\t\t\t\t<span class=\"elementor-accordion-icon elementor-accordion-icon-right\" aria-hidden=\"true\">\n\t\t\t\t\t\t\t\t\t\t\t\t\t\t\t<span class=\"elementor-accordion-icon-closed\"><svg class=\"e-font-icon-svg e-fas-long-arrow-alt-right\" viewBox=\"0 0 448 512\" xmlns=\"http:\/\/www.w3.org\/2000\/svg\"><path d=\"M313.941 216H12c-6.627 0-12 5.373-12 12v56c0 6.627 5.373 12 12 12h301.941v46.059c0 21.382 25.851 32.09 40.971 16.971l86.059-86.059c9.373-9.373 9.373-24.569 0-33.941l-86.059-86.059c-15.119-15.119-40.971-4.411-40.971 16.971V216z\"><\/path><\/svg><\/span>\n\t\t\t\t\t\t\t\t<span class=\"elementor-accordion-icon-opened\"><svg class=\"e-font-icon-svg e-fas-long-arrow-alt-up\" viewBox=\"0 0 256 512\" xmlns=\"http:\/\/www.w3.org\/2000\/svg\"><path d=\"M88 166.059V468c0 6.627 5.373 12 12 12h56c6.627 0 12-5.373 12-12V166.059h46.059c21.382 0 32.09-25.851 16.971-40.971l-86.059-86.059c-9.373-9.373-24.569-9.373-33.941 0l-86.059 86.059c-15.119 15.119-4.411 40.971 16.971 40.971H88z\"><\/path><\/svg><\/span>\n\t\t\t\t\t\t\t\t\t\t\t\t\t\t<\/span>\n\t\t\t\t\t\t\t\t\t\t\t\t<a class=\"elementor-accordion-title\" tabindex=\"0\">Kann ich den Kurs absagen?<\/a>\n\t\t\t\t\t<\/div>\n\t\t\t\t\t<div id=\"elementor-tab-content-20118\" class=\"elementor-tab-content elementor-clearfix\" data-tab=\"18\" role=\"region\" aria-labelledby=\"elementor-tab-title-20118\"><p>Da es sich um Gruppenkurse handelt, k\u00f6nnen Sie keine einzelnen Tage oder Stunden stornieren.<\/p>\n<\/div>\n\t\t\t\t<\/div>\n\t\t\t\t\t\t\t\t\t\t<script type=\"application\/ld+json\">{\"@context\":\"https:\\\/\\\/schema.org\",\"@type\":\"FAQPage\",\"mainEntity\":[{\"@type\":\"Question\",\"name\":\"Wie kann ich mich anmelden?\",\"acceptedAnswer\":{\"@type\":\"Answer\",\"text\":\"<ul>\\n<li>Auf dieser Webseite:<br \\\/>W\\u00e4hlen Sie die Dauer und legen Sie die Wochen in den Warenkorb<br \\\/>Geben Sie Ihre pers\\u00f6nlichen Daten ein. Um zur Kasse zu gehen, zahlen Sie mit Ihrer Kreditkarte \\u00fcber Paypal (Sie brauchen kein Paypal-Konto) <\\\/li>\\n<li>Per E-Mail:<br \\\/>Kontaktieren Sie uns unter <a href=\\\"mailto:info@maxxinstitutes.com\\\"><strong>info@maxxinstitutes.com<\\\/strong><\\\/a><br \\\/>Wir senden Ihnen das Anmeldeformular<br \\\/>\\u00dcberweisen Sie den Betrag und wir best\\u00e4tigen Ihnen den Kurs<\\\/li>\\n<li>Unterkunft:<br \\\/>W\\u00e4hrend der Buchung Ihres Kurses werden wir die Unterkunft mit Ihnen besprechen und Ihnen bei der Buchung helfen. Es ist ganz einfach. <\\\/li>\\n<\\\/ul>\\n\"}},{\"@type\":\"Question\",\"name\":\"Wie kann ich mich anmelden?\",\"acceptedAnswer\":{\"@type\":\"Answer\",\"text\":\"<ul>\\n<li>Auf dieser Webseite:<br \\\/>W\\u00e4hlen Sie die Dauer und legen Sie die Wochen in den Warenkorb<br \\\/>Geben Sie Ihre pers\\u00f6nlichen Daten ein. Um zur Kasse zu gehen, zahlen Sie mit Ihrer Kreditkarte \\u00fcber Paypal (Sie brauchen kein Paypal-Konto) <\\\/li>\\n<li>Per E-Mail:<br \\\/>Kontaktieren Sie uns unter <a href=\\\"mailto:info@maxxinstitutes.com\\\"><strong>info@maxxinstitutes.com<\\\/strong><\\\/a><br \\\/>Wir senden Ihnen das Anmeldeformular<br \\\/>\\u00dcberweisen Sie den Betrag und wir best\\u00e4tigen Ihnen den Kurs<\\\/li>\\n<li>Unterkunft:<br \\\/>W\\u00e4hrend der Buchung Ihres Kurses werden wir die Unterkunft mit Ihnen besprechen und Ihnen bei der Buchung helfen. Es ist ganz einfach. <\\\/li>\\n<\\\/ul>\\n\"}},{\"@type\":\"Question\",\"name\":\"Wie hoch ist das Durchschnittsalter?\",\"acceptedAnswer\":{\"@type\":\"Answer\",\"text\":\"<p>Das Durchschnittsalter unserer Studenten liegt bei etwa 32 Jahren. W\\u00e4hrend des gr\\u00f6\\u00dften Teils des Jahres sind unsere Studenten zwischen 25 und 50 Jahre alt. In den Sommermonaten Juli und August kommen zus\\u00e4tzlich Studenten zwischen 18 und 22 Jahren hinzu, da dies die Zeit des Jahres ist, in der sie reisen k\\u00f6nnen. Aus diesem Grund gibt es zwischen Mai und Oktober etwas mehr Studenten an der Schule als in der \\u00fcbrigen Zeit des Jahres, in der es etwas weniger Studenten gibt.   <\\\/p>\\n\"}},{\"@type\":\"Question\",\"name\":\"Kann ich als absoluter Anf\\u00e4nger teilnehmen?\",\"acceptedAnswer\":{\"@type\":\"Answer\",\"text\":\"<p>Ja, absolut. Wir haben spezielle Gruppen f\\u00fcr absolute Anf\\u00e4nger. Bitte beachten Sie die spezifischen Starttermine oben.  <\\\/p>\\n\"}},{\"@type\":\"Question\",\"name\":\"Wie ist der Kurs aufgebaut?\",\"acceptedAnswer\":{\"@type\":\"Answer\",\"text\":\"<p>Der Gruppenunterricht beginnt jeden Montag und Sie werden Ihr Spanisch kontinuierlich verbessern. Jeden Donnerstag findet ein kleiner Progressionstest statt, um sicherzustellen, dass Sie wie geplant lernen. Jeden Montag werden Sie je nach Ihrem Lernfortschritt in eine Gruppe eingeteilt.  <\\\/p>\\n\"}},{\"@type\":\"Question\",\"name\":\"Bekomme ich ein Kurszertifikat?\",\"acceptedAnswer\":{\"@type\":\"Answer\",\"text\":\"<p>Ja. Jeder Kursteilnehmer erh\\u00e4lt ein Kurszertifikat, wenn er mindestens 80 % der Kurse absolviert und unterst\\u00fctzt hat. <\\\/p>\\n\"}},{\"@type\":\"Question\",\"name\":\"Gibt es ein Mindest- oder H\\u00f6chstalter?\",\"acceptedAnswer\":{\"@type\":\"Answer\",\"text\":\"<p>Nein. Sch\\u00fcler jeden Alters k\\u00f6nnen am Unterricht teilnehmen. <\\\/p>\\n\"}},{\"@type\":\"Question\",\"name\":\"Wie lange brauche ich pro Level?\",\"acceptedAnswer\":{\"@type\":\"Answer\",\"text\":\"<p>Gem\\u00e4\\u00df dem Gemeinsamen Europ\\u00e4ischen Referenzrahmen f\\u00fcr Sprachen (CEFR) und dem Lehrplan des Instituto Cervantes gibt es eine relativ genaue Beschreibung der Inhalte jeder Sprachstufe. Als akkreditierte Sprachschule vermitteln wir alle Inhalte auf strukturierte Weise und mit einem praktischen Ansatz. Bitte klicken Sie auf Niveaus und Ziele, um zu sehen, wie viele Stunden Sie pro Niveau ben\\u00f6tigen.  <\\\/p>\\n<p>In unserem Kurs mit 10 Gruppenstunden pro Woche werden Sie etwa alle 3 Wochen ein Buch fertigstellen.<\\\/p>\\n\"}},{\"@type\":\"Question\",\"name\":\"Was ist im Preis inbegriffen?\",\"acceptedAnswer\":{\"@type\":\"Answer\",\"text\":\"<ul>\\n<li>Die Klassen wie beschrieben<\\\/li>\\n<li>die Freizeitaktivit\\u00e4ten \\u00a1Vive en Espa\\u00f1ol!, 3 w\\u00f6chentliche Aktivit\\u00e4ten<\\\/li>\\n<li>1 Progressionstest pro Woche<\\\/li>\\n<li>der Stufentest<\\\/li>\\n<li>Nutzung des Selbstlernraums und der Bibliothek<\\\/li>\\n<li>kostenloses W-LAN in der Schule<\\\/li>\\n<li>ein Kurszertifikat<\\\/li>\\n<\\\/ul>\\n\"}},{\"@type\":\"Question\",\"name\":\"Zu welchen Zeiten kann ich Unterricht haben?\",\"acceptedAnswer\":{\"@type\":\"Answer\",\"text\":\"<p>So ziemlich jederzeit von Montag bis Freitag zwischen 8 Uhr und 22 Uhr, je nach Verf\\u00fcgbarkeit der Lehrer. An Wochenenden gegen Aufpreis. Wir haben viele Lehrer und k\\u00f6nnen uns im Allgemeinen sehr gut an Ihren vollen Terminkalender anpassen.  <\\\/p>\\n\"}},{\"@type\":\"Question\",\"name\":\"Wie sieht eine typische Woche aus?\",\"acceptedAnswer\":{\"@type\":\"Answer\",\"text\":\"<article data-collapse-role=\\\"target\\\">\\n<article class=\\\"collapse__body post seres-collapse-target active\\\" data-collapse-role=\\\"target\\\"><strong>Eine typische Woche sieht so aus:<\\\/strong><\\\/article>\\n<article data-collapse-role=\\\"target\\\"><\\\/article>\\n<article data-collapse-role=\\\"target\\\"><\\\/article>\\n<\\\/article>\\n<article data-collapse-role=\\\"target\\\"><\\\/article>\\n<article data-collapse-role=\\\"target\\\"><strong>Sonntag:<\\\/strong><\\\/article>\\n<ul>\\n<li data-collapse-role=\\\"target\\\">Ankunft in der Unterkunft<\\\/li>\\n<li data-collapse-role=\\\"target\\\">In der Wohngemeinschaft, lernen Sie Ihre Mitbewohner kennen<\\\/li>\\n<\\\/ul>\\n<article class=\\\"collapse__body post seres-collapse-target active\\\" data-collapse-role=\\\"target\\\"><strong>Montag:<\\\/strong><\\\/article>\\n<ul>\\n<li class=\\\"collapse__body post seres-collapse-target active\\\" data-collapse-role=\\\"target\\\">  8.00-9.00: Einchecken an der Rezeption der Schule. Auf Ihrer Buchungsbest\\u00e4tigung geben wir an, zu welcher Zeit Sie am ersten Tag an der Rezeption der Schule sein m\\u00fcssen.<\\\/li>\\n<li data-collapse-role=\\\"target\\\">9.00: Willkommens-Pr\\u00e4sentation<\\\/li>\\n<li data-collapse-role=\\\"target\\\">9.20: Gehen Sie zu Ihrer Gruppe entsprechend Ihrem Niveau<\\\/li>\\n<li data-collapse-role=\\\"target\\\">9.30 Uhr: Der Unterricht beginnt<\\\/li>\\n<li data-collapse-role=\\\"target\\\">11.00: Kaffeepause<\\\/li>\\n<li data-collapse-role=\\\"target\\\">11.15: Der Unterricht beginnt wieder<\\\/li>\\n<li data-collapse-role=\\\"target\\\">12:45: Der Unterricht endet<\\\/li>\\n<li data-collapse-role=\\\"target\\\">13:00: Treffen vor der Schule f\\u00fcr den interaktiven Spaziergang durch Ibiza-Stadt<\\\/li>\\n<\\\/ul>\\n<article data-collapse-role=\\\"target\\\"><strong>Dienstag:  <\\\/strong><\\\/article>\\n<ul>\\n<li data-collapse-role=\\\"target\\\">9:30-12:45: Unterricht<\\\/li>\\n<li data-collapse-role=\\\"target\\\">13:00: Treffen Sie sich vor der Schule, um den Lebensmittelmarkt zu besuchen<\\\/li>\\n<\\\/ul>\\n<article data-collapse-role=\\\"target\\\"><strong>Mittwoch:<\\\/strong><\\\/article>\\n<ul>\\n<li>9:30-11:00: Unterricht<\\\/li>\\n<li data-collapse-role=\\\"target\\\">11.00: Kaffeepause<\\\/li>\\n<li data-collapse-role=\\\"target\\\">11.15: Der Unterricht beginnt wieder. Wiederholung der neu gelernten Inhalte. <\\\/li>\\n<li data-collapse-role=\\\"target\\\">Freizeit nach dem Unterricht. Die Studenten nutzen diese Zeit normalerweise, um an einen etwas weiter entfernten Strand zu gehen. Vielleicht &#8222;Las Salinas&#8220;.  <\\\/li>\\n<\\\/ul>\\n<p><strong>Donnerstag:<\\\/strong><\\\/p>\\n<ul>\\n<li>9:30-9:50: Progressionstest und anschlie\\u00dfend regul\\u00e4rer Unterricht<\\\/li>\\n<li data-collapse-role=\\\"target\\\">11.00: Kaffeepause<\\\/li>\\n<li data-collapse-role=\\\"target\\\">11.15-12.45: Unterricht<\\\/li>\\n<li>13:00: Treffen Sie sich an der Rezeption der Schule f\\u00fcr die Ausspracheerfahrung.<\\\/li>\\n<\\\/ul>\\n<p><strong>Freitag:<\\\/strong><\\\/p>\\n<ul>\\n<li>9:30: Besprechung des Progressionstests und anschlie\\u00dfend regul\\u00e4rer Unterricht<\\\/li>\\n<li data-collapse-role=\\\"target\\\">11.00: Kaffeepause<\\\/li>\\n<li data-collapse-role=\\\"target\\\">11.15-12.45: Unterricht<\\\/li>\\n<\\\/ul>\\n<p><strong>Samstag:<\\\/strong> Studenten genie\\u00dfen die freie Zeit oder checken aus ihrer Unterkunft aus<\\\/p>\\n<p><strong>Sonntag:<\\\/strong> Die Sch\\u00fcler erkunden die Insel oder machen einen 30-min\\u00fctigen Bootsausflug zur Nachbarinsel Formentera<\\\/p>\\n\"}},{\"@type\":\"Question\",\"name\":\"Auf welche Ebene werden Sie mich setzen?\",\"acceptedAnswer\":{\"@type\":\"Answer\",\"text\":\"<p>Unsere akademischen Koordinatoren sind hoch qualifiziert und werden Ihre Niveautestergebnisse sowie Ihre w\\u00f6chentliche Selbsteinsch\\u00e4tzung im Detail analysieren. Anhand der Ergebnisse werden Sie in die beste Gruppe f\\u00fcr Ihr Niveau eingeteilt. Sollten Sie am ersten Tag das Gef\\u00fchl haben, dass das Niveau zu schwer oder zu leicht ist, lassen Sie es uns bitte wissen. Wir werden Sie dann erneut testen und Sie in eine Gruppe einteilen, die sich f\\u00fcr Sie richtig anf\\u00fchlt.   <\\\/p>\\n\"}},{\"@type\":\"Question\",\"name\":\"Wie sind die Kurse aufgebaut?\",\"acceptedAnswer\":{\"@type\":\"Answer\",\"text\":\"<p>Bevor wir beginnen, bitten wir Sie um eine detaillierte Beschreibung Ihres Lernziels und Ihres derzeitigen Sprachniveaus. Falls erforderlich, f\\u00fchren wir mit Ihnen einen Einstufungstest durch. Auf dieser Grundlage stellen unsere Lehrer einen Lernplan auf und w\\u00e4hlen das beste Lernmaterial f\\u00fcr Sie aus.  <\\\/p>\\n\"}},{\"@type\":\"Question\",\"name\":\"Wie oft werde ich ein neues Buch kaufen m\\u00fcssen?\",\"acceptedAnswer\":{\"@type\":\"Answer\",\"text\":\"<p>Je nach Niveau und Intensit\\u00e4t Ihres Kurses werden Sie etwa alle 3-4 Wochen ein neues Buch kaufen m\\u00fcssen.  <\\\/p>\\n\"}},{\"@type\":\"Question\",\"name\":\"Werde ich w\\u00e4hrend des Kurses sprechen?\",\"acceptedAnswer\":{\"@type\":\"Answer\",\"text\":\"<p>Auf jeden Fall. Der Unterricht funktioniert genau wie in einem Klassenzimmer. Alle Sch\\u00fcler nehmen aktiv am Unterricht teil und melden sich in jeder Stunde zu Wort. Es ist derselbe Unterricht wie in der Schule, nur eben online.   <\\\/p>\\n\"}},{\"@type\":\"Question\",\"name\":\"Ben\\u00f6tige ich ein bestimmtes Programm oder Ger\\u00e4t?\",\"acceptedAnswer\":{\"@type\":\"Answer\",\"text\":\"<p>Nein. Unser virtuelles Klassenzimmer auf der Plattform Zoom funktioniert auf allen Ger\\u00e4ten. Sie sehen ein Whiteboard, den Lehrer und Ihre Klassenkameraden. Genau wie in einem echten Klassenzimmer.   <\\\/p>\\n\"}},{\"@type\":\"Question\",\"name\":\"Werde ich Hausaufgaben aufgeben m\\u00fcssen?\",\"acceptedAnswer\":{\"@type\":\"Answer\",\"text\":\"<p>Wenn Sie es w\\u00fcnschen, ja. Wir werden Ihren Privatunterricht an Ihren Zeitplan anpassen. Hausaufgaben sind zwar eine wunderbare M\\u00f6glichkeit, Fortschritte zu machen, auch wenn Sie nicht am Unterricht teilnehmen, aber es besteht keine Verpflichtung. Wir werden Sie fragen, ob Sie Hausaufgaben w\\u00fcnschen oder nicht.   <\\\/p>\\n\"}},{\"@type\":\"Question\",\"name\":\"Kann ich den Kurs absagen?\",\"acceptedAnswer\":{\"@type\":\"Answer\",\"text\":\"<p>Da es sich um Gruppenkurse handelt, k\\u00f6nnen Sie keine einzelnen Tage oder Stunden stornieren.<\\\/p>\\n\"}}]}<\/script>\n\t\t\t\t\t<\/div>\n\t\t\t\t\t\t<\/div>\n\t\t\t\t<\/div>\n\t\t\t\t\t<\/div>\n\t\t<\/div>\n\t\t\t\t\t<\/div>\n\t\t<\/section>\n\t\t\t\t<section class=\"wd-negative-gap elementor-section elementor-top-section elementor-element elementor-element-0844e87 elementor-section-boxed elementor-section-height-default elementor-section-height-default\" data-id=\"0844e87\" data-element_type=\"section\" data-e-type=\"section\">\n\t\t\t\t\t\t<div class=\"elementor-container elementor-column-gap-default\">\n\t\t\t\t\t<div class=\"elementor-column elementor-col-100 elementor-top-column elementor-element elementor-element-2d62aa5\" data-id=\"2d62aa5\" data-element_type=\"column\" data-e-type=\"column\">\n\t\t\t<div class=\"elementor-widget-wrap elementor-element-populated\">\n\t\t\t\t\t\t<div class=\"elementor-element elementor-element-bebacd3 elementor-widget elementor-widget-heading\" data-id=\"bebacd3\" data-element_type=\"widget\" data-e-type=\"widget\" data-widget_type=\"heading.default\">\n\t\t\t\t<div class=\"elementor-widget-container\">\n\t\t\t\t\t<h2 class=\"elementor-heading-title elementor-size-default\">B\u00fccher und Materialien<\/h2>\t\t\t\t<\/div>\n\t\t\t\t<\/div>\n\t\t\t\t<div class=\"elementor-element elementor-element-6f69ebf wd-accordion-theme-style elementor-widget elementor-widget-accordion\" data-id=\"6f69ebf\" data-element_type=\"widget\" data-e-type=\"widget\" data-widget_type=\"accordion.default\">\n\t\t\t\t<div class=\"elementor-widget-container\">\n\t\t\t\t\t\t\t<div class=\"elementor-accordion\">\n\t\t\t\t\t\t\t<div class=\"elementor-accordion-item\">\n\t\t\t\t\t<div id=\"elementor-tab-title-1161\" class=\"elementor-tab-title\" data-tab=\"1\" role=\"button\" aria-controls=\"elementor-tab-content-1161\" aria-expanded=\"false\">\n\t\t\t\t\t\t\t\t\t\t\t\t\t<span class=\"elementor-accordion-icon elementor-accordion-icon-right\" aria-hidden=\"true\">\n\t\t\t\t\t\t\t\t\t\t\t\t\t\t\t<span class=\"elementor-accordion-icon-closed\"><svg class=\"e-font-icon-svg e-fas-long-arrow-alt-right\" viewBox=\"0 0 448 512\" xmlns=\"http:\/\/www.w3.org\/2000\/svg\"><path d=\"M313.941 216H12c-6.627 0-12 5.373-12 12v56c0 6.627 5.373 12 12 12h301.941v46.059c0 21.382 25.851 32.09 40.971 16.971l86.059-86.059c9.373-9.373 9.373-24.569 0-33.941l-86.059-86.059c-15.119-15.119-40.971-4.411-40.971 16.971V216z\"><\/path><\/svg><\/span>\n\t\t\t\t\t\t\t\t<span class=\"elementor-accordion-icon-opened\"><svg class=\"e-font-icon-svg e-fas-long-arrow-alt-up\" viewBox=\"0 0 256 512\" xmlns=\"http:\/\/www.w3.org\/2000\/svg\"><path d=\"M88 166.059V468c0 6.627 5.373 12 12 12h56c6.627 0 12-5.373 12-12V166.059h46.059c21.382 0 32.09-25.851 16.971-40.971l-86.059-86.059c-9.373-9.373-24.569-9.373-33.941 0l-86.059 86.059c-15.119 15.119-4.411 40.971 16.971 40.971H88z\"><\/path><\/svg><\/span>\n\t\t\t\t\t\t\t\t\t\t\t\t\t\t<\/span>\n\t\t\t\t\t\t\t\t\t\t\t\t<a class=\"elementor-accordion-title\" tabindex=\"0\">Wie kann ich mich anmelden?<\/a>\n\t\t\t\t\t<\/div>\n\t\t\t\t\t<div id=\"elementor-tab-content-1161\" class=\"elementor-tab-content elementor-clearfix\" data-tab=\"1\" role=\"region\" aria-labelledby=\"elementor-tab-title-1161\"><ul>\n<li>Auf dieser Webseite:<br \/>W\u00e4hlen Sie die Dauer und legen Sie die Wochen in den Warenkorb<br \/>Geben Sie Ihre pers\u00f6nlichen Daten ein. Um zur Kasse zu gehen, zahlen Sie mit Ihrer Kreditkarte \u00fcber Paypal (Sie brauchen kein Paypal-Konto) <\/li>\n<li>Per E-Mail:<br \/>Kontaktieren Sie uns unter <a href=\"mailto:info@maxxinstitutes.com\"><strong>info@maxxinstitutes.com<\/strong><\/a><br \/>Wir senden Ihnen das Anmeldeformular<br \/>\u00dcberweisen Sie den Betrag und wir best\u00e4tigen Ihnen den Kurs<\/li>\n<li>Unterkunft:<br \/>W\u00e4hrend der Buchung Ihres Kurses werden wir die Unterkunft mit Ihnen besprechen und Ihnen bei der Buchung helfen. Es ist ganz einfach. <\/li>\n<\/ul>\n<\/div>\n\t\t\t\t<\/div>\n\t\t\t\t\t\t\t<div class=\"elementor-accordion-item\">\n\t\t\t\t\t<div id=\"elementor-tab-title-1162\" class=\"elementor-tab-title\" data-tab=\"2\" role=\"button\" aria-controls=\"elementor-tab-content-1162\" aria-expanded=\"false\">\n\t\t\t\t\t\t\t\t\t\t\t\t\t<span class=\"elementor-accordion-icon elementor-accordion-icon-right\" aria-hidden=\"true\">\n\t\t\t\t\t\t\t\t\t\t\t\t\t\t\t<span class=\"elementor-accordion-icon-closed\"><svg class=\"e-font-icon-svg e-fas-long-arrow-alt-right\" viewBox=\"0 0 448 512\" xmlns=\"http:\/\/www.w3.org\/2000\/svg\"><path d=\"M313.941 216H12c-6.627 0-12 5.373-12 12v56c0 6.627 5.373 12 12 12h301.941v46.059c0 21.382 25.851 32.09 40.971 16.971l86.059-86.059c9.373-9.373 9.373-24.569 0-33.941l-86.059-86.059c-15.119-15.119-40.971-4.411-40.971 16.971V216z\"><\/path><\/svg><\/span>\n\t\t\t\t\t\t\t\t<span class=\"elementor-accordion-icon-opened\"><svg class=\"e-font-icon-svg e-fas-long-arrow-alt-up\" viewBox=\"0 0 256 512\" xmlns=\"http:\/\/www.w3.org\/2000\/svg\"><path d=\"M88 166.059V468c0 6.627 5.373 12 12 12h56c6.627 0 12-5.373 12-12V166.059h46.059c21.382 0 32.09-25.851 16.971-40.971l-86.059-86.059c-9.373-9.373-24.569-9.373-33.941 0l-86.059 86.059c-15.119 15.119-4.411 40.971 16.971 40.971H88z\"><\/path><\/svg><\/span>\n\t\t\t\t\t\t\t\t\t\t\t\t\t\t<\/span>\n\t\t\t\t\t\t\t\t\t\t\t\t<a class=\"elementor-accordion-title\" tabindex=\"0\">Welche Unterrichtsmaterialien werden wir verwenden?<\/a>\n\t\t\t\t\t<\/div>\n\t\t\t\t\t<div id=\"elementor-tab-content-1162\" class=\"elementor-tab-content elementor-clearfix\" data-tab=\"2\" role=\"region\" aria-labelledby=\"elementor-tab-title-1162\"><p>MAXX Institutes verwendet Kursb\u00fccher nach dem Instituto Cervantes, die speziell f\u00fcr Intensivkurse in Spanien entwickelt wurden. Das Ziel der Kursb\u00fccher ist es, die spanische Sprache mit der bestm\u00f6glichen Methodik zu lehren. Wir bereichern sie mit zus\u00e4tzlichen Materialien, Klassenaudios und Internet-Ressourcen. <\/p>\n<\/div>\n\t\t\t\t<\/div>\n\t\t\t\t\t\t\t<div class=\"elementor-accordion-item\">\n\t\t\t\t\t<div id=\"elementor-tab-title-1163\" class=\"elementor-tab-title\" data-tab=\"3\" role=\"button\" aria-controls=\"elementor-tab-content-1163\" aria-expanded=\"false\">\n\t\t\t\t\t\t\t\t\t\t\t\t\t<span class=\"elementor-accordion-icon elementor-accordion-icon-right\" aria-hidden=\"true\">\n\t\t\t\t\t\t\t\t\t\t\t\t\t\t\t<span class=\"elementor-accordion-icon-closed\"><svg class=\"e-font-icon-svg e-fas-long-arrow-alt-right\" viewBox=\"0 0 448 512\" xmlns=\"http:\/\/www.w3.org\/2000\/svg\"><path d=\"M313.941 216H12c-6.627 0-12 5.373-12 12v56c0 6.627 5.373 12 12 12h301.941v46.059c0 21.382 25.851 32.09 40.971 16.971l86.059-86.059c9.373-9.373 9.373-24.569 0-33.941l-86.059-86.059c-15.119-15.119-40.971-4.411-40.971 16.971V216z\"><\/path><\/svg><\/span>\n\t\t\t\t\t\t\t\t<span class=\"elementor-accordion-icon-opened\"><svg class=\"e-font-icon-svg e-fas-long-arrow-alt-up\" viewBox=\"0 0 256 512\" xmlns=\"http:\/\/www.w3.org\/2000\/svg\"><path d=\"M88 166.059V468c0 6.627 5.373 12 12 12h56c6.627 0 12-5.373 12-12V166.059h46.059c21.382 0 32.09-25.851 16.971-40.971l-86.059-86.059c-9.373-9.373-24.569-9.373-33.941 0l-86.059 86.059c-15.119 15.119-4.411 40.971 16.971 40.971H88z\"><\/path><\/svg><\/span>\n\t\t\t\t\t\t\t\t\t\t\t\t\t\t<\/span>\n\t\t\t\t\t\t\t\t\t\t\t\t<a class=\"elementor-accordion-title\" tabindex=\"0\">Werde ich mit einem Buch lernen?<\/a>\n\t\t\t\t\t<\/div>\n\t\t\t\t\t<div id=\"elementor-tab-content-1163\" class=\"elementor-tab-content elementor-clearfix\" data-tab=\"3\" role=\"region\" aria-labelledby=\"elementor-tab-title-1163\"><p>Ihr Lehrer wird den Unterricht an Ihre pers\u00f6nlichen Lernziele anpassen. Wenn Sie ein Buch verwenden m\u00f6chten oder wenn der Lehrer der Meinung ist, dass es ein gutes Mittel ist, um Ihre Ziele zu erreichen, werden wir ein Buch f\u00fcr Ihren Unterricht verwenden. Der Lehrer wird Ihnen sagen, welches und wo Sie es kaufen k\u00f6nnen.  <\/p><\/p>\n<\/div>\n\t\t\t\t<\/div>\n\t\t\t\t\t\t\t<div class=\"elementor-accordion-item\">\n\t\t\t\t\t<div id=\"elementor-tab-title-1164\" class=\"elementor-tab-title\" data-tab=\"4\" role=\"button\" aria-controls=\"elementor-tab-content-1164\" aria-expanded=\"false\">\n\t\t\t\t\t\t\t\t\t\t\t\t\t<span class=\"elementor-accordion-icon elementor-accordion-icon-right\" aria-hidden=\"true\">\n\t\t\t\t\t\t\t\t\t\t\t\t\t\t\t<span class=\"elementor-accordion-icon-closed\"><svg class=\"e-font-icon-svg e-fas-long-arrow-alt-right\" viewBox=\"0 0 448 512\" xmlns=\"http:\/\/www.w3.org\/2000\/svg\"><path d=\"M313.941 216H12c-6.627 0-12 5.373-12 12v56c0 6.627 5.373 12 12 12h301.941v46.059c0 21.382 25.851 32.09 40.971 16.971l86.059-86.059c9.373-9.373 9.373-24.569 0-33.941l-86.059-86.059c-15.119-15.119-40.971-4.411-40.971 16.971V216z\"><\/path><\/svg><\/span>\n\t\t\t\t\t\t\t\t<span class=\"elementor-accordion-icon-opened\"><svg class=\"e-font-icon-svg e-fas-long-arrow-alt-up\" viewBox=\"0 0 256 512\" xmlns=\"http:\/\/www.w3.org\/2000\/svg\"><path d=\"M88 166.059V468c0 6.627 5.373 12 12 12h56c6.627 0 12-5.373 12-12V166.059h46.059c21.382 0 32.09-25.851 16.971-40.971l-86.059-86.059c-9.373-9.373-24.569-9.373-33.941 0l-86.059 86.059c-15.119 15.119-4.411 40.971 16.971 40.971H88z\"><\/path><\/svg><\/span>\n\t\t\t\t\t\t\t\t\t\t\t\t\t\t<\/span>\n\t\t\t\t\t\t\t\t\t\t\t\t<a class=\"elementor-accordion-title\" tabindex=\"0\">Wie funktioniert das Buchsystem?<\/a>\n\t\t\t\t\t<\/div>\n\t\t\t\t\t<div id=\"elementor-tab-content-1164\" class=\"elementor-tab-content elementor-clearfix\" data-tab=\"4\" role=\"region\" aria-labelledby=\"elementor-tab-title-1164\"><p data-prosemirror-content-type=\"node\" data-prosemirror-node-name=\"paragraph\" data-prosemirror-node-block=\"true\" data-pm-slice=\"1 1 []\">In unseren Spanischkursen verwenden wir moderne Kursb\u00fccher, die Ihren Lernfortschritt Schritt f\u00fcr Schritt verfolgen.<\/p>\n<\/div>\n\t\t\t\t<\/div>\n\t\t\t\t\t\t\t<div class=\"elementor-accordion-item\">\n\t\t\t\t\t<div id=\"elementor-tab-title-1165\" class=\"elementor-tab-title\" data-tab=\"5\" role=\"button\" aria-controls=\"elementor-tab-content-1165\" aria-expanded=\"false\">\n\t\t\t\t\t\t\t\t\t\t\t\t\t<span class=\"elementor-accordion-icon elementor-accordion-icon-right\" aria-hidden=\"true\">\n\t\t\t\t\t\t\t\t\t\t\t\t\t\t\t<span class=\"elementor-accordion-icon-closed\"><svg class=\"e-font-icon-svg e-fas-long-arrow-alt-right\" viewBox=\"0 0 448 512\" xmlns=\"http:\/\/www.w3.org\/2000\/svg\"><path d=\"M313.941 216H12c-6.627 0-12 5.373-12 12v56c0 6.627 5.373 12 12 12h301.941v46.059c0 21.382 25.851 32.09 40.971 16.971l86.059-86.059c9.373-9.373 9.373-24.569 0-33.941l-86.059-86.059c-15.119-15.119-40.971-4.411-40.971 16.971V216z\"><\/path><\/svg><\/span>\n\t\t\t\t\t\t\t\t<span class=\"elementor-accordion-icon-opened\"><svg class=\"e-font-icon-svg e-fas-long-arrow-alt-up\" viewBox=\"0 0 256 512\" xmlns=\"http:\/\/www.w3.org\/2000\/svg\"><path d=\"M88 166.059V468c0 6.627 5.373 12 12 12h56c6.627 0 12-5.373 12-12V166.059h46.059c21.382 0 32.09-25.851 16.971-40.971l-86.059-86.059c-9.373-9.373-24.569-9.373-33.941 0l-86.059 86.059c-15.119 15.119-4.411 40.971 16.971 40.971H88z\"><\/path><\/svg><\/span>\n\t\t\t\t\t\t\t\t\t\t\t\t\t\t<\/span>\n\t\t\t\t\t\t\t\t\t\t\t\t<a class=\"elementor-accordion-title\" tabindex=\"0\">Wie oft werde ich ein neues Buch ben\u00f6tigen?<\/a>\n\t\t\t\t\t<\/div>\n\t\t\t\t\t<div id=\"elementor-tab-content-1165\" class=\"elementor-tab-content elementor-clearfix\" data-tab=\"5\" role=\"region\" aria-labelledby=\"elementor-tab-title-1165\"><p data-prosemirror-content-type=\"node\" data-prosemirror-node-name=\"paragraph\" data-prosemirror-node-block=\"true\" data-pm-slice=\"1 1 []\">Normalerweise brauchen Sie alle vier Wochen ein neues Buch, da unsere Kurse schnell voranschreiten.<\/p>\n<\/div>\n\t\t\t\t<\/div>\n\t\t\t\t\t\t\t<div class=\"elementor-accordion-item\">\n\t\t\t\t\t<div id=\"elementor-tab-title-1166\" class=\"elementor-tab-title\" data-tab=\"6\" role=\"button\" aria-controls=\"elementor-tab-content-1166\" aria-expanded=\"false\">\n\t\t\t\t\t\t\t\t\t\t\t\t\t<span class=\"elementor-accordion-icon elementor-accordion-icon-right\" aria-hidden=\"true\">\n\t\t\t\t\t\t\t\t\t\t\t\t\t\t\t<span class=\"elementor-accordion-icon-closed\"><svg class=\"e-font-icon-svg e-fas-long-arrow-alt-right\" viewBox=\"0 0 448 512\" xmlns=\"http:\/\/www.w3.org\/2000\/svg\"><path d=\"M313.941 216H12c-6.627 0-12 5.373-12 12v56c0 6.627 5.373 12 12 12h301.941v46.059c0 21.382 25.851 32.09 40.971 16.971l86.059-86.059c9.373-9.373 9.373-24.569 0-33.941l-86.059-86.059c-15.119-15.119-40.971-4.411-40.971 16.971V216z\"><\/path><\/svg><\/span>\n\t\t\t\t\t\t\t\t<span class=\"elementor-accordion-icon-opened\"><svg class=\"e-font-icon-svg e-fas-long-arrow-alt-up\" viewBox=\"0 0 256 512\" xmlns=\"http:\/\/www.w3.org\/2000\/svg\"><path d=\"M88 166.059V468c0 6.627 5.373 12 12 12h56c6.627 0 12-5.373 12-12V166.059h46.059c21.382 0 32.09-25.851 16.971-40.971l-86.059-86.059c-9.373-9.373-24.569-9.373-33.941 0l-86.059 86.059c-15.119 15.119-4.411 40.971 16.971 40.971H88z\"><\/path><\/svg><\/span>\n\t\t\t\t\t\t\t\t\t\t\t\t\t\t<\/span>\n\t\t\t\t\t\t\t\t\t\t\t\t<a class=\"elementor-accordion-title\" tabindex=\"0\">Ich habe bereits f\u00fcr ein Buch bezahlt - warum brauche ich noch eines?<\/a>\n\t\t\t\t\t<\/div>\n\t\t\t\t\t<div id=\"elementor-tab-content-1166\" class=\"elementor-tab-content elementor-clearfix\" data-tab=\"6\" role=\"region\" aria-labelledby=\"elementor-tab-title-1166\"><p data-prosemirror-content-type=\"node\" data-prosemirror-node-name=\"paragraph\" data-prosemirror-node-block=\"true\" data-pm-slice=\"1 1 []\">Das erste Buch ist bereits in Ihrer ersten Zahlung enthalten (entweder bei der Buchung Ihres Kurses oder an Ihrem ersten Tag). Danach m\u00fcssen Sie jedes Mal ein neues Buch kaufen, wenn Ihre Gruppe mit dem n\u00e4chsten Modul fortf\u00e4hrt. <\/p>\n<\/div>\n\t\t\t\t<\/div>\n\t\t\t\t\t\t\t<div class=\"elementor-accordion-item\">\n\t\t\t\t\t<div id=\"elementor-tab-title-1167\" class=\"elementor-tab-title\" data-tab=\"7\" role=\"button\" aria-controls=\"elementor-tab-content-1167\" aria-expanded=\"false\">\n\t\t\t\t\t\t\t\t\t\t\t\t\t<span class=\"elementor-accordion-icon elementor-accordion-icon-right\" aria-hidden=\"true\">\n\t\t\t\t\t\t\t\t\t\t\t\t\t\t\t<span class=\"elementor-accordion-icon-closed\"><svg class=\"e-font-icon-svg e-fas-long-arrow-alt-right\" viewBox=\"0 0 448 512\" xmlns=\"http:\/\/www.w3.org\/2000\/svg\"><path d=\"M313.941 216H12c-6.627 0-12 5.373-12 12v56c0 6.627 5.373 12 12 12h301.941v46.059c0 21.382 25.851 32.09 40.971 16.971l86.059-86.059c9.373-9.373 9.373-24.569 0-33.941l-86.059-86.059c-15.119-15.119-40.971-4.411-40.971 16.971V216z\"><\/path><\/svg><\/span>\n\t\t\t\t\t\t\t\t<span class=\"elementor-accordion-icon-opened\"><svg class=\"e-font-icon-svg e-fas-long-arrow-alt-up\" viewBox=\"0 0 256 512\" xmlns=\"http:\/\/www.w3.org\/2000\/svg\"><path d=\"M88 166.059V468c0 6.627 5.373 12 12 12h56c6.627 0 12-5.373 12-12V166.059h46.059c21.382 0 32.09-25.851 16.971-40.971l-86.059-86.059c-9.373-9.373-24.569-9.373-33.941 0l-86.059 86.059c-15.119 15.119-4.411 40.971 16.971 40.971H88z\"><\/path><\/svg><\/span>\n\t\t\t\t\t\t\t\t\t\t\t\t\t\t<\/span>\n\t\t\t\t\t\t\t\t\t\t\t\t<a class=\"elementor-accordion-title\" tabindex=\"0\">Was ist, wenn ich mitten in einem Buch einsteige?<\/a>\n\t\t\t\t\t<\/div>\n\t\t\t\t\t<div id=\"elementor-tab-content-1167\" class=\"elementor-tab-content elementor-clearfix\" data-tab=\"7\" role=\"region\" aria-labelledby=\"elementor-tab-title-1167\"><p data-prosemirror-content-type=\"node\" data-prosemirror-node-name=\"paragraph\" data-prosemirror-node-block=\"true\" data-pm-slice=\"1 3 []\">Das h\u00e4ngt davon ab, wo Sie anfangen:<\/p>\n<ul class=\"ak-ul\" data-prosemirror-content-type=\"node\" data-prosemirror-node-name=\"bulletList\" data-prosemirror-node-block=\"true\">\n<li data-prosemirror-content-type=\"node\" data-prosemirror-node-name=\"listItem\" data-prosemirror-node-block=\"true\">\n<p data-prosemirror-content-type=\"node\" data-prosemirror-node-name=\"paragraph\" data-prosemirror-node-block=\"true\">Wenn Sie in der Mitte eines Buches einsteigen, brauchen Sie vielleicht schon nach zwei Wochen ein neues.<\/p>\n<\/li>\n<li data-prosemirror-content-type=\"node\" data-prosemirror-node-name=\"listItem\" data-prosemirror-node-block=\"true\">\n<p data-prosemirror-content-type=\"node\" data-prosemirror-node-name=\"paragraph\" data-prosemirror-node-block=\"true\">Wenn Sie gegen Ende einsteigen, brauchen Sie vielleicht schon nach einer Woche ein neues.<\/p>\n<\/li>\n<\/ul>\n<\/div>\n\t\t\t\t<\/div>\n\t\t\t\t\t\t\t<div class=\"elementor-accordion-item\">\n\t\t\t\t\t<div id=\"elementor-tab-title-1168\" class=\"elementor-tab-title\" data-tab=\"8\" role=\"button\" aria-controls=\"elementor-tab-content-1168\" aria-expanded=\"false\">\n\t\t\t\t\t\t\t\t\t\t\t\t\t<span class=\"elementor-accordion-icon elementor-accordion-icon-right\" aria-hidden=\"true\">\n\t\t\t\t\t\t\t\t\t\t\t\t\t\t\t<span class=\"elementor-accordion-icon-closed\"><svg class=\"e-font-icon-svg e-fas-long-arrow-alt-right\" viewBox=\"0 0 448 512\" xmlns=\"http:\/\/www.w3.org\/2000\/svg\"><path d=\"M313.941 216H12c-6.627 0-12 5.373-12 12v56c0 6.627 5.373 12 12 12h301.941v46.059c0 21.382 25.851 32.09 40.971 16.971l86.059-86.059c9.373-9.373 9.373-24.569 0-33.941l-86.059-86.059c-15.119-15.119-40.971-4.411-40.971 16.971V216z\"><\/path><\/svg><\/span>\n\t\t\t\t\t\t\t\t<span class=\"elementor-accordion-icon-opened\"><svg class=\"e-font-icon-svg e-fas-long-arrow-alt-up\" viewBox=\"0 0 256 512\" xmlns=\"http:\/\/www.w3.org\/2000\/svg\"><path d=\"M88 166.059V468c0 6.627 5.373 12 12 12h56c6.627 0 12-5.373 12-12V166.059h46.059c21.382 0 32.09-25.851 16.971-40.971l-86.059-86.059c-9.373-9.373-24.569-9.373-33.941 0l-86.059 86.059c-15.119 15.119-4.411 40.971 16.971 40.971H88z\"><\/path><\/svg><\/span>\n\t\t\t\t\t\t\t\t\t\t\t\t\t\t<\/span>\n\t\t\t\t\t\t\t\t\t\t\t\t<a class=\"elementor-accordion-title\" tabindex=\"0\">Wie viel kostet ein Buch?<\/a>\n\t\t\t\t\t<\/div>\n\t\t\t\t\t<div id=\"elementor-tab-content-1168\" class=\"elementor-tab-content elementor-clearfix\" data-tab=\"8\" role=\"region\" aria-labelledby=\"elementor-tab-title-1168\"><p data-prosemirror-content-type=\"node\" data-prosemirror-node-name=\"paragraph\" data-prosemirror-node-block=\"true\" data-pm-slice=\"1 1 []\">Den Buchpreis finden Sie in unserer Preisliste oder fragen Sie einfach unser Team an der Rezeption nach Details.<\/p>\n<\/div>\n\t\t\t\t<\/div>\n\t\t\t\t\t\t\t\t\t\t<script type=\"application\/ld+json\">{\"@context\":\"https:\\\/\\\/schema.org\",\"@type\":\"FAQPage\",\"mainEntity\":[{\"@type\":\"Question\",\"name\":\"Wie kann ich mich anmelden?\",\"acceptedAnswer\":{\"@type\":\"Answer\",\"text\":\"<ul>\\n<li>Auf dieser Webseite:<br \\\/>W\\u00e4hlen Sie die Dauer und legen Sie die Wochen in den Warenkorb<br \\\/>Geben Sie Ihre pers\\u00f6nlichen Daten ein. Um zur Kasse zu gehen, zahlen Sie mit Ihrer Kreditkarte \\u00fcber Paypal (Sie brauchen kein Paypal-Konto) <\\\/li>\\n<li>Per E-Mail:<br \\\/>Kontaktieren Sie uns unter <a href=\\\"mailto:info@maxxinstitutes.com\\\"><strong>info@maxxinstitutes.com<\\\/strong><\\\/a><br \\\/>Wir senden Ihnen das Anmeldeformular<br \\\/>\\u00dcberweisen Sie den Betrag und wir best\\u00e4tigen Ihnen den Kurs<\\\/li>\\n<li>Unterkunft:<br \\\/>W\\u00e4hrend der Buchung Ihres Kurses werden wir die Unterkunft mit Ihnen besprechen und Ihnen bei der Buchung helfen. Es ist ganz einfach. <\\\/li>\\n<\\\/ul>\\n\"}},{\"@type\":\"Question\",\"name\":\"Welche Unterrichtsmaterialien werden wir verwenden?\",\"acceptedAnswer\":{\"@type\":\"Answer\",\"text\":\"<p>MAXX Institutes verwendet Kursb\\u00fccher nach dem Instituto Cervantes, die speziell f\\u00fcr Intensivkurse in Spanien entwickelt wurden. Das Ziel der Kursb\\u00fccher ist es, die spanische Sprache mit der bestm\\u00f6glichen Methodik zu lehren. Wir bereichern sie mit zus\\u00e4tzlichen Materialien, Klassenaudios und Internet-Ressourcen. <\\\/p>\\n\"}},{\"@type\":\"Question\",\"name\":\"Werde ich mit einem Buch lernen?\",\"acceptedAnswer\":{\"@type\":\"Answer\",\"text\":\"<p>Ihr Lehrer wird den Unterricht an Ihre pers\\u00f6nlichen Lernziele anpassen. Wenn Sie ein Buch verwenden m\\u00f6chten oder wenn der Lehrer der Meinung ist, dass es ein gutes Mittel ist, um Ihre Ziele zu erreichen, werden wir ein Buch f\\u00fcr Ihren Unterricht verwenden. Der Lehrer wird Ihnen sagen, welches und wo Sie es kaufen k\\u00f6nnen.  <\\\/p><\\\/p>\\n\"}},{\"@type\":\"Question\",\"name\":\"Wie funktioniert das Buchsystem?\",\"acceptedAnswer\":{\"@type\":\"Answer\",\"text\":\"<p data-prosemirror-content-type=\\\"node\\\" data-prosemirror-node-name=\\\"paragraph\\\" data-prosemirror-node-block=\\\"true\\\" data-pm-slice=\\\"1 1 []\\\">In unseren Spanischkursen verwenden wir moderne Kursb\\u00fccher, die Ihren Lernfortschritt Schritt f\\u00fcr Schritt verfolgen.<\\\/p>\\n\"}},{\"@type\":\"Question\",\"name\":\"Wie oft werde ich ein neues Buch ben\\u00f6tigen?\",\"acceptedAnswer\":{\"@type\":\"Answer\",\"text\":\"<p data-prosemirror-content-type=\\\"node\\\" data-prosemirror-node-name=\\\"paragraph\\\" data-prosemirror-node-block=\\\"true\\\" data-pm-slice=\\\"1 1 []\\\">Normalerweise brauchen Sie alle vier Wochen ein neues Buch, da unsere Kurse schnell voranschreiten.<\\\/p>\\n\"}},{\"@type\":\"Question\",\"name\":\"Ich habe bereits f\\u00fcr ein Buch bezahlt - warum brauche ich noch eines?\",\"acceptedAnswer\":{\"@type\":\"Answer\",\"text\":\"<p data-prosemirror-content-type=\\\"node\\\" data-prosemirror-node-name=\\\"paragraph\\\" data-prosemirror-node-block=\\\"true\\\" data-pm-slice=\\\"1 1 []\\\">Das erste Buch ist bereits in Ihrer ersten Zahlung enthalten (entweder bei der Buchung Ihres Kurses oder an Ihrem ersten Tag). Danach m\\u00fcssen Sie jedes Mal ein neues Buch kaufen, wenn Ihre Gruppe mit dem n\\u00e4chsten Modul fortf\\u00e4hrt. <\\\/p>\\n\"}},{\"@type\":\"Question\",\"name\":\"Was ist, wenn ich mitten in einem Buch einsteige?\",\"acceptedAnswer\":{\"@type\":\"Answer\",\"text\":\"<p data-prosemirror-content-type=\\\"node\\\" data-prosemirror-node-name=\\\"paragraph\\\" data-prosemirror-node-block=\\\"true\\\" data-pm-slice=\\\"1 3 []\\\">Das h\\u00e4ngt davon ab, wo Sie anfangen:<\\\/p>\\n<ul class=\\\"ak-ul\\\" data-prosemirror-content-type=\\\"node\\\" data-prosemirror-node-name=\\\"bulletList\\\" data-prosemirror-node-block=\\\"true\\\">\\n<li data-prosemirror-content-type=\\\"node\\\" data-prosemirror-node-name=\\\"listItem\\\" data-prosemirror-node-block=\\\"true\\\">\\n<p data-prosemirror-content-type=\\\"node\\\" data-prosemirror-node-name=\\\"paragraph\\\" data-prosemirror-node-block=\\\"true\\\">Wenn Sie in der Mitte eines Buches einsteigen, brauchen Sie vielleicht schon nach zwei Wochen ein neues.<\\\/p>\\n<\\\/li>\\n<li data-prosemirror-content-type=\\\"node\\\" data-prosemirror-node-name=\\\"listItem\\\" data-prosemirror-node-block=\\\"true\\\">\\n<p data-prosemirror-content-type=\\\"node\\\" data-prosemirror-node-name=\\\"paragraph\\\" data-prosemirror-node-block=\\\"true\\\">Wenn Sie gegen Ende einsteigen, brauchen Sie vielleicht schon nach einer Woche ein neues.<\\\/p>\\n<\\\/li>\\n<\\\/ul>\\n\"}},{\"@type\":\"Question\",\"name\":\"Wie viel kostet ein Buch?\",\"acceptedAnswer\":{\"@type\":\"Answer\",\"text\":\"<p data-prosemirror-content-type=\\\"node\\\" data-prosemirror-node-name=\\\"paragraph\\\" data-prosemirror-node-block=\\\"true\\\" data-pm-slice=\\\"1 1 []\\\">Den Buchpreis finden Sie in unserer Preisliste oder fragen Sie einfach unser Team an der Rezeption nach Details.<\\\/p>\\n\"}}]}<\/script>\n\t\t\t\t\t<\/div>\n\t\t\t\t\t\t<\/div>\n\t\t\t\t<\/div>\n\t\t\t\t\t<\/div>\n\t\t<\/div>\n\t\t\t\t\t<\/div>\n\t\t<\/section>\n\t\t\t\t<section class=\"wd-negative-gap elementor-section elementor-top-section elementor-element elementor-element-2774ff9 elementor-section-boxed elementor-section-height-default elementor-section-height-default\" data-id=\"2774ff9\" data-element_type=\"section\" data-e-type=\"section\">\n\t\t\t\t\t\t<div class=\"elementor-container elementor-column-gap-default\">\n\t\t\t\t\t<div class=\"elementor-column elementor-col-100 elementor-top-column elementor-element elementor-element-4d49583\" data-id=\"4d49583\" data-element_type=\"column\" data-e-type=\"column\">\n\t\t\t<div class=\"elementor-widget-wrap elementor-element-populated\">\n\t\t\t\t\t\t<div class=\"elementor-element elementor-element-d4b8237 elementor-widget elementor-widget-heading\" data-id=\"d4b8237\" data-element_type=\"widget\" data-e-type=\"widget\" data-widget_type=\"heading.default\">\n\t\t\t\t<div class=\"elementor-widget-container\">\n\t\t\t\t\t<h2 class=\"elementor-heading-title elementor-size-default\">Unterkunft auf Ibiza<\/h2>\t\t\t\t<\/div>\n\t\t\t\t<\/div>\n\t\t\t\t<div class=\"elementor-element elementor-element-0e26712 wd-accordion-theme-style elementor-widget elementor-widget-accordion\" data-id=\"0e26712\" data-element_type=\"widget\" data-e-type=\"widget\" data-widget_type=\"accordion.default\">\n\t\t\t\t<div class=\"elementor-widget-container\">\n\t\t\t\t\t\t\t<div class=\"elementor-accordion\">\n\t\t\t\t\t\t\t<div class=\"elementor-accordion-item\">\n\t\t\t\t\t<div id=\"elementor-tab-title-1481\" class=\"elementor-tab-title\" data-tab=\"1\" role=\"button\" aria-controls=\"elementor-tab-content-1481\" aria-expanded=\"false\">\n\t\t\t\t\t\t\t\t\t\t\t\t\t<span class=\"elementor-accordion-icon elementor-accordion-icon-right\" aria-hidden=\"true\">\n\t\t\t\t\t\t\t\t\t\t\t\t\t\t\t<span class=\"elementor-accordion-icon-closed\"><svg class=\"e-font-icon-svg e-fas-long-arrow-alt-right\" viewBox=\"0 0 448 512\" xmlns=\"http:\/\/www.w3.org\/2000\/svg\"><path d=\"M313.941 216H12c-6.627 0-12 5.373-12 12v56c0 6.627 5.373 12 12 12h301.941v46.059c0 21.382 25.851 32.09 40.971 16.971l86.059-86.059c9.373-9.373 9.373-24.569 0-33.941l-86.059-86.059c-15.119-15.119-40.971-4.411-40.971 16.971V216z\"><\/path><\/svg><\/span>\n\t\t\t\t\t\t\t\t<span class=\"elementor-accordion-icon-opened\"><svg class=\"e-font-icon-svg e-fas-long-arrow-alt-up\" viewBox=\"0 0 256 512\" xmlns=\"http:\/\/www.w3.org\/2000\/svg\"><path d=\"M88 166.059V468c0 6.627 5.373 12 12 12h56c6.627 0 12-5.373 12-12V166.059h46.059c21.382 0 32.09-25.851 16.971-40.971l-86.059-86.059c-9.373-9.373-24.569-9.373-33.941 0l-86.059 86.059c-15.119 15.119-4.411 40.971 16.971 40.971H88z\"><\/path><\/svg><\/span>\n\t\t\t\t\t\t\t\t\t\t\t\t\t\t<\/span>\n\t\t\t\t\t\t\t\t\t\t\t\t<a class=\"elementor-accordion-title\" tabindex=\"0\">Wo befinden sich die Apartments?<\/a>\n\t\t\t\t\t<\/div>\n\t\t\t\t\t<div id=\"elementor-tab-content-1481\" class=\"elementor-tab-content elementor-clearfix\" data-tab=\"1\" role=\"region\" aria-labelledby=\"elementor-tab-title-1481\"><p>Alle Wohngemeinschaften befinden sich normalerweise im Zentrum von Ibiza-Stadt. Es ist klein und Sie k\u00f6nnen bequem in 15-25 Minuten von einem Ende zum anderen laufen. Ungef\u00e4hr 3-4 Tage vor Ihrer Ankunft werden wir Ihnen die genaue Adresse Ihres Apartments best\u00e4tigen.  <\/p>\n<\/div>\n\t\t\t\t<\/div>\n\t\t\t\t\t\t\t<div class=\"elementor-accordion-item\">\n\t\t\t\t\t<div id=\"elementor-tab-title-1482\" class=\"elementor-tab-title\" data-tab=\"2\" role=\"button\" aria-controls=\"elementor-tab-content-1482\" aria-expanded=\"false\">\n\t\t\t\t\t\t\t\t\t\t\t\t\t<span class=\"elementor-accordion-icon elementor-accordion-icon-right\" aria-hidden=\"true\">\n\t\t\t\t\t\t\t\t\t\t\t\t\t\t\t<span class=\"elementor-accordion-icon-closed\"><svg class=\"e-font-icon-svg e-fas-long-arrow-alt-right\" viewBox=\"0 0 448 512\" xmlns=\"http:\/\/www.w3.org\/2000\/svg\"><path d=\"M313.941 216H12c-6.627 0-12 5.373-12 12v56c0 6.627 5.373 12 12 12h301.941v46.059c0 21.382 25.851 32.09 40.971 16.971l86.059-86.059c9.373-9.373 9.373-24.569 0-33.941l-86.059-86.059c-15.119-15.119-40.971-4.411-40.971 16.971V216z\"><\/path><\/svg><\/span>\n\t\t\t\t\t\t\t\t<span class=\"elementor-accordion-icon-opened\"><svg class=\"e-font-icon-svg e-fas-long-arrow-alt-up\" viewBox=\"0 0 256 512\" xmlns=\"http:\/\/www.w3.org\/2000\/svg\"><path d=\"M88 166.059V468c0 6.627 5.373 12 12 12h56c6.627 0 12-5.373 12-12V166.059h46.059c21.382 0 32.09-25.851 16.971-40.971l-86.059-86.059c-9.373-9.373-24.569-9.373-33.941 0l-86.059 86.059c-15.119 15.119-4.411 40.971 16.971 40.971H88z\"><\/path><\/svg><\/span>\n\t\t\t\t\t\t\t\t\t\t\t\t\t\t<\/span>\n\t\t\t\t\t\t\t\t\t\t\t\t<a class=\"elementor-accordion-title\" tabindex=\"0\">Wo befinden sich die Apartments?<\/a>\n\t\t\t\t\t<\/div>\n\t\t\t\t\t<div id=\"elementor-tab-content-1482\" class=\"elementor-tab-content elementor-clearfix\" data-tab=\"2\" role=\"region\" aria-labelledby=\"elementor-tab-title-1482\"><p>Alle Wohngemeinschaften befinden sich normalerweise im Zentrum von Ibiza-Stadt. Es ist klein und Sie k\u00f6nnen bequem in 15-25 Minuten von einem Ende zum anderen laufen. Ungef\u00e4hr 3-4 Tage vor Ihrer Ankunft werden wir Ihnen die genaue Adresse Ihres Apartments best\u00e4tigen.  <\/p>\n<\/div>\n\t\t\t\t<\/div>\n\t\t\t\t\t\t\t<div class=\"elementor-accordion-item\">\n\t\t\t\t\t<div id=\"elementor-tab-title-1483\" class=\"elementor-tab-title\" data-tab=\"3\" role=\"button\" aria-controls=\"elementor-tab-content-1483\" aria-expanded=\"false\">\n\t\t\t\t\t\t\t\t\t\t\t\t\t<span class=\"elementor-accordion-icon elementor-accordion-icon-right\" aria-hidden=\"true\">\n\t\t\t\t\t\t\t\t\t\t\t\t\t\t\t<span class=\"elementor-accordion-icon-closed\"><svg class=\"e-font-icon-svg e-fas-long-arrow-alt-right\" viewBox=\"0 0 448 512\" xmlns=\"http:\/\/www.w3.org\/2000\/svg\"><path d=\"M313.941 216H12c-6.627 0-12 5.373-12 12v56c0 6.627 5.373 12 12 12h301.941v46.059c0 21.382 25.851 32.09 40.971 16.971l86.059-86.059c9.373-9.373 9.373-24.569 0-33.941l-86.059-86.059c-15.119-15.119-40.971-4.411-40.971 16.971V216z\"><\/path><\/svg><\/span>\n\t\t\t\t\t\t\t\t<span class=\"elementor-accordion-icon-opened\"><svg class=\"e-font-icon-svg e-fas-long-arrow-alt-up\" viewBox=\"0 0 256 512\" xmlns=\"http:\/\/www.w3.org\/2000\/svg\"><path d=\"M88 166.059V468c0 6.627 5.373 12 12 12h56c6.627 0 12-5.373 12-12V166.059h46.059c21.382 0 32.09-25.851 16.971-40.971l-86.059-86.059c-9.373-9.373-24.569-9.373-33.941 0l-86.059 86.059c-15.119 15.119-4.411 40.971 16.971 40.971H88z\"><\/path><\/svg><\/span>\n\t\t\t\t\t\t\t\t\t\t\t\t\t\t<\/span>\n\t\t\t\t\t\t\t\t\t\t\t\t<a class=\"elementor-accordion-title\" tabindex=\"0\">Wann ist der Check-in und Check-out?<\/a>\n\t\t\t\t\t<\/div>\n\t\t\t\t\t<div id=\"elementor-tab-content-1483\" class=\"elementor-tab-content elementor-clearfix\" data-tab=\"3\" role=\"region\" aria-labelledby=\"elementor-tab-title-1483\"><p>Der Aufenthalt in einer Wohngemeinschaft wird in Wochenbl\u00f6cken organisiert und der Check-in ist sonntags nach 18:00 Uhr und der Check-out samstags um 11:00 Uhr.<\/p>\n<\/div>\n\t\t\t\t<\/div>\n\t\t\t\t\t\t\t<div class=\"elementor-accordion-item\">\n\t\t\t\t\t<div id=\"elementor-tab-title-1484\" class=\"elementor-tab-title\" data-tab=\"4\" role=\"button\" aria-controls=\"elementor-tab-content-1484\" aria-expanded=\"false\">\n\t\t\t\t\t\t\t\t\t\t\t\t\t<span class=\"elementor-accordion-icon elementor-accordion-icon-right\" aria-hidden=\"true\">\n\t\t\t\t\t\t\t\t\t\t\t\t\t\t\t<span class=\"elementor-accordion-icon-closed\"><svg class=\"e-font-icon-svg e-fas-long-arrow-alt-right\" viewBox=\"0 0 448 512\" xmlns=\"http:\/\/www.w3.org\/2000\/svg\"><path d=\"M313.941 216H12c-6.627 0-12 5.373-12 12v56c0 6.627 5.373 12 12 12h301.941v46.059c0 21.382 25.851 32.09 40.971 16.971l86.059-86.059c9.373-9.373 9.373-24.569 0-33.941l-86.059-86.059c-15.119-15.119-40.971-4.411-40.971 16.971V216z\"><\/path><\/svg><\/span>\n\t\t\t\t\t\t\t\t<span class=\"elementor-accordion-icon-opened\"><svg class=\"e-font-icon-svg e-fas-long-arrow-alt-up\" viewBox=\"0 0 256 512\" xmlns=\"http:\/\/www.w3.org\/2000\/svg\"><path d=\"M88 166.059V468c0 6.627 5.373 12 12 12h56c6.627 0 12-5.373 12-12V166.059h46.059c21.382 0 32.09-25.851 16.971-40.971l-86.059-86.059c-9.373-9.373-24.569-9.373-33.941 0l-86.059 86.059c-15.119 15.119-4.411 40.971 16.971 40.971H88z\"><\/path><\/svg><\/span>\n\t\t\t\t\t\t\t\t\t\t\t\t\t\t<\/span>\n\t\t\t\t\t\t\t\t\t\t\t\t<a class=\"elementor-accordion-title\" tabindex=\"0\">Kann ich eine zus\u00e4tzliche Nacht buchen?<\/a>\n\t\t\t\t\t<\/div>\n\t\t\t\t\t<div id=\"elementor-tab-content-1484\" class=\"elementor-tab-content elementor-clearfix\" data-tab=\"4\" role=\"region\" aria-labelledby=\"elementor-tab-title-1484\"><p>Ja, gegen einen Aufpreis ist es m\u00f6glich, eine Nacht am Anfang Ihres Aufenthalts (von Samstag auf Sonntag) oder am Anfang des Aufenthalts (ebenfalls von Samstag auf Sonntag) hinzuzuf\u00fcgen. Die Flugverbindung k\u00f6nnte besser oder einfach billiger sein und der Grund f\u00fcr eine zus\u00e4tzliche Nacht sein. Bitte fragen Sie uns nach der Verf\u00fcgbarkeit, da dies nicht immer m\u00f6glich ist.  <\/p>\n<\/div>\n\t\t\t\t<\/div>\n\t\t\t\t\t\t\t<div class=\"elementor-accordion-item\">\n\t\t\t\t\t<div id=\"elementor-tab-title-1485\" class=\"elementor-tab-title\" data-tab=\"5\" role=\"button\" aria-controls=\"elementor-tab-content-1485\" aria-expanded=\"false\">\n\t\t\t\t\t\t\t\t\t\t\t\t\t<span class=\"elementor-accordion-icon elementor-accordion-icon-right\" aria-hidden=\"true\">\n\t\t\t\t\t\t\t\t\t\t\t\t\t\t\t<span class=\"elementor-accordion-icon-closed\"><svg class=\"e-font-icon-svg e-fas-long-arrow-alt-right\" viewBox=\"0 0 448 512\" xmlns=\"http:\/\/www.w3.org\/2000\/svg\"><path d=\"M313.941 216H12c-6.627 0-12 5.373-12 12v56c0 6.627 5.373 12 12 12h301.941v46.059c0 21.382 25.851 32.09 40.971 16.971l86.059-86.059c9.373-9.373 9.373-24.569 0-33.941l-86.059-86.059c-15.119-15.119-40.971-4.411-40.971 16.971V216z\"><\/path><\/svg><\/span>\n\t\t\t\t\t\t\t\t<span class=\"elementor-accordion-icon-opened\"><svg class=\"e-font-icon-svg e-fas-long-arrow-alt-up\" viewBox=\"0 0 256 512\" xmlns=\"http:\/\/www.w3.org\/2000\/svg\"><path d=\"M88 166.059V468c0 6.627 5.373 12 12 12h56c6.627 0 12-5.373 12-12V166.059h46.059c21.382 0 32.09-25.851 16.971-40.971l-86.059-86.059c-9.373-9.373-24.569-9.373-33.941 0l-86.059 86.059c-15.119 15.119-4.411 40.971 16.971 40.971H88z\"><\/path><\/svg><\/span>\n\t\t\t\t\t\t\t\t\t\t\t\t\t\t<\/span>\n\t\t\t\t\t\t\t\t\t\t\t\t<a class=\"elementor-accordion-title\" tabindex=\"0\">Wie alt sind die anderen Bewohner der Wohnung?<\/a>\n\t\t\t\t\t<\/div>\n\t\t\t\t\t<div id=\"elementor-tab-content-1485\" class=\"elementor-tab-content elementor-clearfix\" data-tab=\"5\" role=\"region\" aria-labelledby=\"elementor-tab-title-1485\"><p>Wir versuchen immer, die Altersgruppen in den einzelnen Apartments \u00e4hnlich zu halten. Das ist jedoch nicht immer m\u00f6glich. Studenten zwischen 18 und 17 Jahren k\u00f6nnen ein Zimmer in einer Wohngemeinschaft mieten, aber im Allgemeinen ist die Idee, die J\u00fcngeren zusammen und die \u00c4lteren ebenfalls zusammen unterzubringen. Ausnahmen best\u00e4tigen jedoch die Regel und es bleibt eine gro\u00dfartige Mischung von Altersgruppen und Nationalit\u00e4ten, die es Ihnen erm\u00f6glicht, hier auf Ibiza unter Gleichgesinnten zu sein.   <\/p>\n<\/div>\n\t\t\t\t<\/div>\n\t\t\t\t\t\t\t<div class=\"elementor-accordion-item\">\n\t\t\t\t\t<div id=\"elementor-tab-title-1486\" class=\"elementor-tab-title\" data-tab=\"6\" role=\"button\" aria-controls=\"elementor-tab-content-1486\" aria-expanded=\"false\">\n\t\t\t\t\t\t\t\t\t\t\t\t\t<span class=\"elementor-accordion-icon elementor-accordion-icon-right\" aria-hidden=\"true\">\n\t\t\t\t\t\t\t\t\t\t\t\t\t\t\t<span class=\"elementor-accordion-icon-closed\"><svg class=\"e-font-icon-svg e-fas-long-arrow-alt-right\" viewBox=\"0 0 448 512\" xmlns=\"http:\/\/www.w3.org\/2000\/svg\"><path d=\"M313.941 216H12c-6.627 0-12 5.373-12 12v56c0 6.627 5.373 12 12 12h301.941v46.059c0 21.382 25.851 32.09 40.971 16.971l86.059-86.059c9.373-9.373 9.373-24.569 0-33.941l-86.059-86.059c-15.119-15.119-40.971-4.411-40.971 16.971V216z\"><\/path><\/svg><\/span>\n\t\t\t\t\t\t\t\t<span class=\"elementor-accordion-icon-opened\"><svg class=\"e-font-icon-svg e-fas-long-arrow-alt-up\" viewBox=\"0 0 256 512\" xmlns=\"http:\/\/www.w3.org\/2000\/svg\"><path d=\"M88 166.059V468c0 6.627 5.373 12 12 12h56c6.627 0 12-5.373 12-12V166.059h46.059c21.382 0 32.09-25.851 16.971-40.971l-86.059-86.059c-9.373-9.373-24.569-9.373-33.941 0l-86.059 86.059c-15.119 15.119-4.411 40.971 16.971 40.971H88z\"><\/path><\/svg><\/span>\n\t\t\t\t\t\t\t\t\t\t\t\t\t\t<\/span>\n\t\t\t\t\t\t\t\t\t\t\t\t<a class=\"elementor-accordion-title\" tabindex=\"0\">Wie lange im Voraus sollte ich die Reservierung vornehmen?<\/a>\n\t\t\t\t\t<\/div>\n\t\t\t\t\t<div id=\"elementor-tab-content-1486\" class=\"elementor-tab-content elementor-clearfix\" data-tab=\"6\" role=\"region\" aria-labelledby=\"elementor-tab-title-1486\"><p>In den Sommermonaten sind die Zimmer meist sehr schnell ausgebucht. Wir empfehlen Ihnen, mindestens 2 Monate im Voraus zu buchen. Wenn weniger Zeit verbleibt, kann es sein, dass kein Zimmer mehr verf\u00fcgbar ist oder wir Ihnen nur noch ein Zimmer mit geringerer Ausstattung anbieten k\u00f6nnen.  <\/p>\n<\/div>\n\t\t\t\t<\/div>\n\t\t\t\t\t\t\t<div class=\"elementor-accordion-item\">\n\t\t\t\t\t<div id=\"elementor-tab-title-1487\" class=\"elementor-tab-title\" data-tab=\"7\" role=\"button\" aria-controls=\"elementor-tab-content-1487\" aria-expanded=\"false\">\n\t\t\t\t\t\t\t\t\t\t\t\t\t<span class=\"elementor-accordion-icon elementor-accordion-icon-right\" aria-hidden=\"true\">\n\t\t\t\t\t\t\t\t\t\t\t\t\t\t\t<span class=\"elementor-accordion-icon-closed\"><svg class=\"e-font-icon-svg e-fas-long-arrow-alt-right\" viewBox=\"0 0 448 512\" xmlns=\"http:\/\/www.w3.org\/2000\/svg\"><path d=\"M313.941 216H12c-6.627 0-12 5.373-12 12v56c0 6.627 5.373 12 12 12h301.941v46.059c0 21.382 25.851 32.09 40.971 16.971l86.059-86.059c9.373-9.373 9.373-24.569 0-33.941l-86.059-86.059c-15.119-15.119-40.971-4.411-40.971 16.971V216z\"><\/path><\/svg><\/span>\n\t\t\t\t\t\t\t\t<span class=\"elementor-accordion-icon-opened\"><svg class=\"e-font-icon-svg e-fas-long-arrow-alt-up\" viewBox=\"0 0 256 512\" xmlns=\"http:\/\/www.w3.org\/2000\/svg\"><path d=\"M88 166.059V468c0 6.627 5.373 12 12 12h56c6.627 0 12-5.373 12-12V166.059h46.059c21.382 0 32.09-25.851 16.971-40.971l-86.059-86.059c-9.373-9.373-24.569-9.373-33.941 0l-86.059 86.059c-15.119 15.119-4.411 40.971 16.971 40.971H88z\"><\/path><\/svg><\/span>\n\t\t\t\t\t\t\t\t\t\t\t\t\t\t<\/span>\n\t\t\t\t\t\t\t\t\t\t\t\t<a class=\"elementor-accordion-title\" tabindex=\"0\">Gibt es eine Internetverbindung?<\/a>\n\t\t\t\t\t<\/div>\n\t\t\t\t\t<div id=\"elementor-tab-content-1487\" class=\"elementor-tab-content elementor-clearfix\" data-tab=\"7\" role=\"region\" aria-labelledby=\"elementor-tab-title-1487\"><p>Ja, WLAN ist in allen Gemeinschaftsapartments inbegriffen.<\/p>\n<\/div>\n\t\t\t\t<\/div>\n\t\t\t\t\t\t\t<div class=\"elementor-accordion-item\">\n\t\t\t\t\t<div id=\"elementor-tab-title-1488\" class=\"elementor-tab-title\" data-tab=\"8\" role=\"button\" aria-controls=\"elementor-tab-content-1488\" aria-expanded=\"false\">\n\t\t\t\t\t\t\t\t\t\t\t\t\t<span class=\"elementor-accordion-icon elementor-accordion-icon-right\" aria-hidden=\"true\">\n\t\t\t\t\t\t\t\t\t\t\t\t\t\t\t<span class=\"elementor-accordion-icon-closed\"><svg class=\"e-font-icon-svg e-fas-long-arrow-alt-right\" viewBox=\"0 0 448 512\" xmlns=\"http:\/\/www.w3.org\/2000\/svg\"><path d=\"M313.941 216H12c-6.627 0-12 5.373-12 12v56c0 6.627 5.373 12 12 12h301.941v46.059c0 21.382 25.851 32.09 40.971 16.971l86.059-86.059c9.373-9.373 9.373-24.569 0-33.941l-86.059-86.059c-15.119-15.119-40.971-4.411-40.971 16.971V216z\"><\/path><\/svg><\/span>\n\t\t\t\t\t\t\t\t<span class=\"elementor-accordion-icon-opened\"><svg class=\"e-font-icon-svg e-fas-long-arrow-alt-up\" viewBox=\"0 0 256 512\" xmlns=\"http:\/\/www.w3.org\/2000\/svg\"><path d=\"M88 166.059V468c0 6.627 5.373 12 12 12h56c6.627 0 12-5.373 12-12V166.059h46.059c21.382 0 32.09-25.851 16.971-40.971l-86.059-86.059c-9.373-9.373-24.569-9.373-33.941 0l-86.059 86.059c-15.119 15.119-4.411 40.971 16.971 40.971H88z\"><\/path><\/svg><\/span>\n\t\t\t\t\t\t\t\t\t\t\t\t\t\t<\/span>\n\t\t\t\t\t\t\t\t\t\t\t\t<a class=\"elementor-accordion-title\" tabindex=\"0\">Wie viele Personen wohnen in einem Apartment?<\/a>\n\t\t\t\t\t<\/div>\n\t\t\t\t\t<div id=\"elementor-tab-content-1488\" class=\"elementor-tab-content elementor-clearfix\" data-tab=\"8\" role=\"region\" aria-labelledby=\"elementor-tab-title-1488\"><p>Normalerweise wohnen zwischen 4 und 7 Sch\u00fcler in einem Apartment.<\/p>\n<\/div>\n\t\t\t\t<\/div>\n\t\t\t\t\t\t\t<div class=\"elementor-accordion-item\">\n\t\t\t\t\t<div id=\"elementor-tab-title-1489\" class=\"elementor-tab-title\" data-tab=\"9\" role=\"button\" aria-controls=\"elementor-tab-content-1489\" aria-expanded=\"false\">\n\t\t\t\t\t\t\t\t\t\t\t\t\t<span class=\"elementor-accordion-icon elementor-accordion-icon-right\" aria-hidden=\"true\">\n\t\t\t\t\t\t\t\t\t\t\t\t\t\t\t<span class=\"elementor-accordion-icon-closed\"><svg class=\"e-font-icon-svg e-fas-long-arrow-alt-right\" viewBox=\"0 0 448 512\" xmlns=\"http:\/\/www.w3.org\/2000\/svg\"><path d=\"M313.941 216H12c-6.627 0-12 5.373-12 12v56c0 6.627 5.373 12 12 12h301.941v46.059c0 21.382 25.851 32.09 40.971 16.971l86.059-86.059c9.373-9.373 9.373-24.569 0-33.941l-86.059-86.059c-15.119-15.119-40.971-4.411-40.971 16.971V216z\"><\/path><\/svg><\/span>\n\t\t\t\t\t\t\t\t<span class=\"elementor-accordion-icon-opened\"><svg class=\"e-font-icon-svg e-fas-long-arrow-alt-up\" viewBox=\"0 0 256 512\" xmlns=\"http:\/\/www.w3.org\/2000\/svg\"><path d=\"M88 166.059V468c0 6.627 5.373 12 12 12h56c6.627 0 12-5.373 12-12V166.059h46.059c21.382 0 32.09-25.851 16.971-40.971l-86.059-86.059c-9.373-9.373-24.569-9.373-33.941 0l-86.059 86.059c-15.119 15.119-4.411 40.971 16.971 40.971H88z\"><\/path><\/svg><\/span>\n\t\t\t\t\t\t\t\t\t\t\t\t\t\t<\/span>\n\t\t\t\t\t\t\t\t\t\t\t\t<a class=\"elementor-accordion-title\" tabindex=\"0\">Kann ich ein eigenes Badezimmer haben?<\/a>\n\t\t\t\t\t<\/div>\n\t\t\t\t\t<div id=\"elementor-tab-content-1489\" class=\"elementor-tab-content elementor-clearfix\" data-tab=\"9\" role=\"region\" aria-labelledby=\"elementor-tab-title-1489\"><p>Ja, gegen einen Aufpreis. Bitte fragen Sie uns nach einem Angebot und beachten Sie, dass die Verf\u00fcgbarkeit sehr begrenzt ist. <\/p>\n<\/div>\n\t\t\t\t<\/div>\n\t\t\t\t\t\t\t<div class=\"elementor-accordion-item\">\n\t\t\t\t\t<div id=\"elementor-tab-title-14810\" class=\"elementor-tab-title\" data-tab=\"10\" role=\"button\" aria-controls=\"elementor-tab-content-14810\" aria-expanded=\"false\">\n\t\t\t\t\t\t\t\t\t\t\t\t\t<span class=\"elementor-accordion-icon elementor-accordion-icon-right\" aria-hidden=\"true\">\n\t\t\t\t\t\t\t\t\t\t\t\t\t\t\t<span class=\"elementor-accordion-icon-closed\"><svg class=\"e-font-icon-svg e-fas-long-arrow-alt-right\" viewBox=\"0 0 448 512\" xmlns=\"http:\/\/www.w3.org\/2000\/svg\"><path d=\"M313.941 216H12c-6.627 0-12 5.373-12 12v56c0 6.627 5.373 12 12 12h301.941v46.059c0 21.382 25.851 32.09 40.971 16.971l86.059-86.059c9.373-9.373 9.373-24.569 0-33.941l-86.059-86.059c-15.119-15.119-40.971-4.411-40.971 16.971V216z\"><\/path><\/svg><\/span>\n\t\t\t\t\t\t\t\t<span class=\"elementor-accordion-icon-opened\"><svg class=\"e-font-icon-svg e-fas-long-arrow-alt-up\" viewBox=\"0 0 256 512\" xmlns=\"http:\/\/www.w3.org\/2000\/svg\"><path d=\"M88 166.059V468c0 6.627 5.373 12 12 12h56c6.627 0 12-5.373 12-12V166.059h46.059c21.382 0 32.09-25.851 16.971-40.971l-86.059-86.059c-9.373-9.373-24.569-9.373-33.941 0l-86.059 86.059c-15.119 15.119-4.411 40.971 16.971 40.971H88z\"><\/path><\/svg><\/span>\n\t\t\t\t\t\t\t\t\t\t\t\t\t\t<\/span>\n\t\t\t\t\t\t\t\t\t\t\t\t<a class=\"elementor-accordion-title\" tabindex=\"0\">Wof\u00fcr wird die Schadenskaution verwendet?<\/a>\n\t\t\t\t\t<\/div>\n\t\t\t\t\t<div id=\"elementor-tab-content-14810\" class=\"elementor-tab-content elementor-clearfix\" data-tab=\"10\" role=\"region\" aria-labelledby=\"elementor-tab-title-14810\"><p>Es hat verschiedene Funktionen:<\/p>\n<ol>\n<li>Um Ihr Zimmer zu reservieren. Die Restzahlung leisten Sie vor Ihrer Ankunft. <\/li>\n<li>Zur Deckung kleinerer Sch\u00e4den, z.B. fehlender Handt\u00fccher oder zerbrochener Gegenst\u00e4nde.<\/li>\n<li>Um sicherzustellen, dass alle Insassen den R\u00e4dern folgen. Diese sind: Das Zimmer in demselben Zustand zu verlassen, in dem Sie es bei Ihrer Ankunft vorgefunden haben. Hinterlassen Sie den Schl\u00fcssel in dem daf\u00fcr vorgesehenen Briefkasten, wenn Sie auschecken.  <\/li>\n<\/ol>\n<p>Die Regeln des Zusammenlebens in Bezug auf L\u00e4rm, Reinigung usw. gut zu befolgen. Die Kaution wird innerhalb von 7 Tagen nach dem Check-out per \u00dcberweisung zur\u00fcckerstattet. <\/p>\n<\/div>\n\t\t\t\t<\/div>\n\t\t\t\t\t\t\t<div class=\"elementor-accordion-item\">\n\t\t\t\t\t<div id=\"elementor-tab-title-14811\" class=\"elementor-tab-title\" data-tab=\"11\" role=\"button\" aria-controls=\"elementor-tab-content-14811\" aria-expanded=\"false\">\n\t\t\t\t\t\t\t\t\t\t\t\t\t<span class=\"elementor-accordion-icon elementor-accordion-icon-right\" aria-hidden=\"true\">\n\t\t\t\t\t\t\t\t\t\t\t\t\t\t\t<span class=\"elementor-accordion-icon-closed\"><svg class=\"e-font-icon-svg e-fas-long-arrow-alt-right\" viewBox=\"0 0 448 512\" xmlns=\"http:\/\/www.w3.org\/2000\/svg\"><path d=\"M313.941 216H12c-6.627 0-12 5.373-12 12v56c0 6.627 5.373 12 12 12h301.941v46.059c0 21.382 25.851 32.09 40.971 16.971l86.059-86.059c9.373-9.373 9.373-24.569 0-33.941l-86.059-86.059c-15.119-15.119-40.971-4.411-40.971 16.971V216z\"><\/path><\/svg><\/span>\n\t\t\t\t\t\t\t\t<span class=\"elementor-accordion-icon-opened\"><svg class=\"e-font-icon-svg e-fas-long-arrow-alt-up\" viewBox=\"0 0 256 512\" xmlns=\"http:\/\/www.w3.org\/2000\/svg\"><path d=\"M88 166.059V468c0 6.627 5.373 12 12 12h56c6.627 0 12-5.373 12-12V166.059h46.059c21.382 0 32.09-25.851 16.971-40.971l-86.059-86.059c-9.373-9.373-24.569-9.373-33.941 0l-86.059 86.059c-15.119 15.119-4.411 40.971 16.971 40.971H88z\"><\/path><\/svg><\/span>\n\t\t\t\t\t\t\t\t\t\t\t\t\t\t<\/span>\n\t\t\t\t\t\t\t\t\t\t\t\t<a class=\"elementor-accordion-title\" tabindex=\"0\">Was, wenn es mir nicht gef\u00e4llt?<\/a>\n\t\t\t\t\t<\/div>\n\t\t\t\t\t<div id=\"elementor-tab-content-14811\" class=\"elementor-tab-content elementor-clearfix\" data-tab=\"11\" role=\"region\" aria-labelledby=\"elementor-tab-title-14811\"><p>Wenn ein anderes Zimmer verf\u00fcgbar ist, k\u00f6nnen Sie es sich ansehen und wenn es Ihnen gef\u00e4llt, k\u00f6nnen Sie es wechseln. Der Wechsel kann nur an Wochenenden und niemals unter der Woche erfolgen und es f\u00e4llt eine zus\u00e4tzliche Wechselgeb\u00fchr von \u20ac45 an. In allen anderen F\u00e4llen fallen unsere Stornierungsgeb\u00fchren an. Es ist nicht m\u00f6glich, eine R\u00fcckerstattung zu erhalten, wenn Ihr Aufenthalt bereits begonnen hat.   <\/p>\n<\/div>\n\t\t\t\t<\/div>\n\t\t\t\t\t\t\t\t\t\t<script type=\"application\/ld+json\">{\"@context\":\"https:\\\/\\\/schema.org\",\"@type\":\"FAQPage\",\"mainEntity\":[{\"@type\":\"Question\",\"name\":\"Wo befinden sich die Apartments?\",\"acceptedAnswer\":{\"@type\":\"Answer\",\"text\":\"<p>Alle Wohngemeinschaften befinden sich normalerweise im Zentrum von Ibiza-Stadt. Es ist klein und Sie k\\u00f6nnen bequem in 15-25 Minuten von einem Ende zum anderen laufen. Ungef\\u00e4hr 3-4 Tage vor Ihrer Ankunft werden wir Ihnen die genaue Adresse Ihres Apartments best\\u00e4tigen.  <\\\/p>\\n\"}},{\"@type\":\"Question\",\"name\":\"Wo befinden sich die Apartments?\",\"acceptedAnswer\":{\"@type\":\"Answer\",\"text\":\"<p>Alle Wohngemeinschaften befinden sich normalerweise im Zentrum von Ibiza-Stadt. Es ist klein und Sie k\\u00f6nnen bequem in 15-25 Minuten von einem Ende zum anderen laufen. Ungef\\u00e4hr 3-4 Tage vor Ihrer Ankunft werden wir Ihnen die genaue Adresse Ihres Apartments best\\u00e4tigen.  <\\\/p>\\n\"}},{\"@type\":\"Question\",\"name\":\"Wann ist der Check-in und Check-out?\",\"acceptedAnswer\":{\"@type\":\"Answer\",\"text\":\"<p>Der Aufenthalt in einer Wohngemeinschaft wird in Wochenbl\\u00f6cken organisiert und der Check-in ist sonntags nach 18:00 Uhr und der Check-out samstags um 11:00 Uhr.<\\\/p>\\n\"}},{\"@type\":\"Question\",\"name\":\"Kann ich eine zus\\u00e4tzliche Nacht buchen?\",\"acceptedAnswer\":{\"@type\":\"Answer\",\"text\":\"<p>Ja, gegen einen Aufpreis ist es m\\u00f6glich, eine Nacht am Anfang Ihres Aufenthalts (von Samstag auf Sonntag) oder am Anfang des Aufenthalts (ebenfalls von Samstag auf Sonntag) hinzuzuf\\u00fcgen. Die Flugverbindung k\\u00f6nnte besser oder einfach billiger sein und der Grund f\\u00fcr eine zus\\u00e4tzliche Nacht sein. Bitte fragen Sie uns nach der Verf\\u00fcgbarkeit, da dies nicht immer m\\u00f6glich ist.  <\\\/p>\\n\"}},{\"@type\":\"Question\",\"name\":\"Wie alt sind die anderen Bewohner der Wohnung?\",\"acceptedAnswer\":{\"@type\":\"Answer\",\"text\":\"<p>Wir versuchen immer, die Altersgruppen in den einzelnen Apartments \\u00e4hnlich zu halten. Das ist jedoch nicht immer m\\u00f6glich. Studenten zwischen 18 und 17 Jahren k\\u00f6nnen ein Zimmer in einer Wohngemeinschaft mieten, aber im Allgemeinen ist die Idee, die J\\u00fcngeren zusammen und die \\u00c4lteren ebenfalls zusammen unterzubringen. Ausnahmen best\\u00e4tigen jedoch die Regel und es bleibt eine gro\\u00dfartige Mischung von Altersgruppen und Nationalit\\u00e4ten, die es Ihnen erm\\u00f6glicht, hier auf Ibiza unter Gleichgesinnten zu sein.   <\\\/p>\\n\"}},{\"@type\":\"Question\",\"name\":\"Wie lange im Voraus sollte ich die Reservierung vornehmen?\",\"acceptedAnswer\":{\"@type\":\"Answer\",\"text\":\"<p>In den Sommermonaten sind die Zimmer meist sehr schnell ausgebucht. Wir empfehlen Ihnen, mindestens 2 Monate im Voraus zu buchen. Wenn weniger Zeit verbleibt, kann es sein, dass kein Zimmer mehr verf\\u00fcgbar ist oder wir Ihnen nur noch ein Zimmer mit geringerer Ausstattung anbieten k\\u00f6nnen.  <\\\/p>\\n\"}},{\"@type\":\"Question\",\"name\":\"Gibt es eine Internetverbindung?\",\"acceptedAnswer\":{\"@type\":\"Answer\",\"text\":\"<p>Ja, WLAN ist in allen Gemeinschaftsapartments inbegriffen.<\\\/p>\\n\"}},{\"@type\":\"Question\",\"name\":\"Wie viele Personen wohnen in einem Apartment?\",\"acceptedAnswer\":{\"@type\":\"Answer\",\"text\":\"<p>Normalerweise wohnen zwischen 4 und 7 Sch\\u00fcler in einem Apartment.<\\\/p>\\n\"}},{\"@type\":\"Question\",\"name\":\"Kann ich ein eigenes Badezimmer haben?\",\"acceptedAnswer\":{\"@type\":\"Answer\",\"text\":\"<p>Ja, gegen einen Aufpreis. Bitte fragen Sie uns nach einem Angebot und beachten Sie, dass die Verf\\u00fcgbarkeit sehr begrenzt ist. <\\\/p>\\n\"}},{\"@type\":\"Question\",\"name\":\"Wof\\u00fcr wird die Schadenskaution verwendet?\",\"acceptedAnswer\":{\"@type\":\"Answer\",\"text\":\"<p>Es hat verschiedene Funktionen:<\\\/p>\\n<ol>\\n<li>Um Ihr Zimmer zu reservieren. Die Restzahlung leisten Sie vor Ihrer Ankunft. <\\\/li>\\n<li>Zur Deckung kleinerer Sch\\u00e4den, z.B. fehlender Handt\\u00fccher oder zerbrochener Gegenst\\u00e4nde.<\\\/li>\\n<li>Um sicherzustellen, dass alle Insassen den R\\u00e4dern folgen. Diese sind: Das Zimmer in demselben Zustand zu verlassen, in dem Sie es bei Ihrer Ankunft vorgefunden haben. Hinterlassen Sie den Schl\\u00fcssel in dem daf\\u00fcr vorgesehenen Briefkasten, wenn Sie auschecken.  <\\\/li>\\n<\\\/ol>\\n<p>Die Regeln des Zusammenlebens in Bezug auf L\\u00e4rm, Reinigung usw. gut zu befolgen. Die Kaution wird innerhalb von 7 Tagen nach dem Check-out per \\u00dcberweisung zur\\u00fcckerstattet. <\\\/p>\\n\"}},{\"@type\":\"Question\",\"name\":\"Was, wenn es mir nicht gef\\u00e4llt?\",\"acceptedAnswer\":{\"@type\":\"Answer\",\"text\":\"<p>Wenn ein anderes Zimmer verf\\u00fcgbar ist, k\\u00f6nnen Sie es sich ansehen und wenn es Ihnen gef\\u00e4llt, k\\u00f6nnen Sie es wechseln. Der Wechsel kann nur an Wochenenden und niemals unter der Woche erfolgen und es f\\u00e4llt eine zus\\u00e4tzliche Wechselgeb\\u00fchr von \\u20ac45 an. In allen anderen F\\u00e4llen fallen unsere Stornierungsgeb\\u00fchren an. Es ist nicht m\\u00f6glich, eine R\\u00fcckerstattung zu erhalten, wenn Ihr Aufenthalt bereits begonnen hat.   <\\\/p>\\n\"}}]}<\/script>\n\t\t\t\t\t<\/div>\n\t\t\t\t\t\t<\/div>\n\t\t\t\t<\/div>\n\t\t\t\t\t<\/div>\n\t\t<\/div>\n\t\t\t\t\t<\/div>\n\t\t<\/section>\n\t\t\t\t<section class=\"wd-negative-gap elementor-section elementor-top-section elementor-element elementor-element-140bac7 elementor-section-boxed elementor-section-height-default elementor-section-height-default\" data-id=\"140bac7\" data-element_type=\"section\" data-e-type=\"section\">\n\t\t\t\t\t\t<div class=\"elementor-container elementor-column-gap-default\">\n\t\t\t\t\t<div class=\"elementor-column elementor-col-100 elementor-top-column elementor-element elementor-element-c2dcc23\" data-id=\"c2dcc23\" data-element_type=\"column\" data-e-type=\"column\">\n\t\t\t<div class=\"elementor-widget-wrap elementor-element-populated\">\n\t\t\t\t\t\t<div class=\"elementor-element elementor-element-33c9fdc elementor-widget elementor-widget-heading\" data-id=\"33c9fdc\" data-element_type=\"widget\" data-e-type=\"widget\" data-widget_type=\"heading.default\">\n\t\t\t\t<div class=\"elementor-widget-container\">\n\t\t\t\t\t<h2 class=\"elementor-heading-title elementor-size-default\">Unterk\u00fcnfte auf Mallorca<\/h2>\t\t\t\t<\/div>\n\t\t\t\t<\/div>\n\t\t\t\t<div class=\"elementor-element elementor-element-6546852 wd-accordion-theme-style elementor-widget elementor-widget-accordion\" data-id=\"6546852\" data-element_type=\"widget\" data-e-type=\"widget\" data-widget_type=\"accordion.default\">\n\t\t\t\t<div class=\"elementor-widget-container\">\n\t\t\t\t\t\t\t<div class=\"elementor-accordion\">\n\t\t\t\t\t\t\t<div class=\"elementor-accordion-item\">\n\t\t\t\t\t<div id=\"elementor-tab-title-1061\" class=\"elementor-tab-title\" data-tab=\"1\" role=\"button\" aria-controls=\"elementor-tab-content-1061\" aria-expanded=\"false\">\n\t\t\t\t\t\t\t\t\t\t\t\t\t<span class=\"elementor-accordion-icon elementor-accordion-icon-right\" aria-hidden=\"true\">\n\t\t\t\t\t\t\t\t\t\t\t\t\t\t\t<span class=\"elementor-accordion-icon-closed\"><svg class=\"e-font-icon-svg e-fas-long-arrow-alt-right\" viewBox=\"0 0 448 512\" xmlns=\"http:\/\/www.w3.org\/2000\/svg\"><path d=\"M313.941 216H12c-6.627 0-12 5.373-12 12v56c0 6.627 5.373 12 12 12h301.941v46.059c0 21.382 25.851 32.09 40.971 16.971l86.059-86.059c9.373-9.373 9.373-24.569 0-33.941l-86.059-86.059c-15.119-15.119-40.971-4.411-40.971 16.971V216z\"><\/path><\/svg><\/span>\n\t\t\t\t\t\t\t\t<span class=\"elementor-accordion-icon-opened\"><svg class=\"e-font-icon-svg e-fas-long-arrow-alt-up\" viewBox=\"0 0 256 512\" xmlns=\"http:\/\/www.w3.org\/2000\/svg\"><path d=\"M88 166.059V468c0 6.627 5.373 12 12 12h56c6.627 0 12-5.373 12-12V166.059h46.059c21.382 0 32.09-25.851 16.971-40.971l-86.059-86.059c-9.373-9.373-24.569-9.373-33.941 0l-86.059 86.059c-15.119 15.119-4.411 40.971 16.971 40.971H88z\"><\/path><\/svg><\/span>\n\t\t\t\t\t\t\t\t\t\t\t\t\t\t<\/span>\n\t\t\t\t\t\t\t\t\t\t\t\t<a class=\"elementor-accordion-title\" tabindex=\"0\">Wo befinden sich die Gastfamilien?<\/a>\n\t\t\t\t\t<\/div>\n\t\t\t\t\t<div id=\"elementor-tab-content-1061\" class=\"elementor-tab-content elementor-clearfix\" data-tab=\"1\" role=\"region\" aria-labelledby=\"elementor-tab-title-1061\"><p><span class=\"OYPEnA font-feature-liga-off font-feature-clig-off font-feature-calt-off text-decoration-none text-strikethrough-none\">Innerhalb von Palma de Mallorca oder in der N\u00e4he, in ruhigen Wohnvierteln, manchmal in der N\u00e4he des Stadtzentrums und manchmal in v\u00f6llig ruhigen Gegenden mit reinen Wohngeb\u00e4uden<\/span><\/p>\n<\/div>\n\t\t\t\t<\/div>\n\t\t\t\t\t\t\t<div class=\"elementor-accordion-item\">\n\t\t\t\t\t<div id=\"elementor-tab-title-1062\" class=\"elementor-tab-title\" data-tab=\"2\" role=\"button\" aria-controls=\"elementor-tab-content-1062\" aria-expanded=\"false\">\n\t\t\t\t\t\t\t\t\t\t\t\t\t<span class=\"elementor-accordion-icon elementor-accordion-icon-right\" aria-hidden=\"true\">\n\t\t\t\t\t\t\t\t\t\t\t\t\t\t\t<span class=\"elementor-accordion-icon-closed\"><svg class=\"e-font-icon-svg e-fas-long-arrow-alt-right\" viewBox=\"0 0 448 512\" xmlns=\"http:\/\/www.w3.org\/2000\/svg\"><path d=\"M313.941 216H12c-6.627 0-12 5.373-12 12v56c0 6.627 5.373 12 12 12h301.941v46.059c0 21.382 25.851 32.09 40.971 16.971l86.059-86.059c9.373-9.373 9.373-24.569 0-33.941l-86.059-86.059c-15.119-15.119-40.971-4.411-40.971 16.971V216z\"><\/path><\/svg><\/span>\n\t\t\t\t\t\t\t\t<span class=\"elementor-accordion-icon-opened\"><svg class=\"e-font-icon-svg e-fas-long-arrow-alt-up\" viewBox=\"0 0 256 512\" xmlns=\"http:\/\/www.w3.org\/2000\/svg\"><path d=\"M88 166.059V468c0 6.627 5.373 12 12 12h56c6.627 0 12-5.373 12-12V166.059h46.059c21.382 0 32.09-25.851 16.971-40.971l-86.059-86.059c-9.373-9.373-24.569-9.373-33.941 0l-86.059 86.059c-15.119 15.119-4.411 40.971 16.971 40.971H88z\"><\/path><\/svg><\/span>\n\t\t\t\t\t\t\t\t\t\t\t\t\t\t<\/span>\n\t\t\t\t\t\t\t\t\t\t\t\t<a class=\"elementor-accordion-title\" tabindex=\"0\">Wo befinden sich die Gastfamilien?<\/a>\n\t\t\t\t\t<\/div>\n\t\t\t\t\t<div id=\"elementor-tab-content-1062\" class=\"elementor-tab-content elementor-clearfix\" data-tab=\"2\" role=\"region\" aria-labelledby=\"elementor-tab-title-1062\"><p><span class=\"OYPEnA font-feature-liga-off font-feature-clig-off font-feature-calt-off text-decoration-none text-strikethrough-none\">Innerhalb von Palma de Mallorca oder in der N\u00e4he, in ruhigen Wohnvierteln, manchmal in der N\u00e4he des Stadtzentrums und manchmal in v\u00f6llig ruhigen Gegenden mit reinen Wohnh\u00e4usern.<\/span><\/p>\n<\/div>\n\t\t\t\t<\/div>\n\t\t\t\t\t\t\t<div class=\"elementor-accordion-item\">\n\t\t\t\t\t<div id=\"elementor-tab-title-1063\" class=\"elementor-tab-title\" data-tab=\"3\" role=\"button\" aria-controls=\"elementor-tab-content-1063\" aria-expanded=\"false\">\n\t\t\t\t\t\t\t\t\t\t\t\t\t<span class=\"elementor-accordion-icon elementor-accordion-icon-right\" aria-hidden=\"true\">\n\t\t\t\t\t\t\t\t\t\t\t\t\t\t\t<span class=\"elementor-accordion-icon-closed\"><svg class=\"e-font-icon-svg e-fas-long-arrow-alt-right\" viewBox=\"0 0 448 512\" xmlns=\"http:\/\/www.w3.org\/2000\/svg\"><path d=\"M313.941 216H12c-6.627 0-12 5.373-12 12v56c0 6.627 5.373 12 12 12h301.941v46.059c0 21.382 25.851 32.09 40.971 16.971l86.059-86.059c9.373-9.373 9.373-24.569 0-33.941l-86.059-86.059c-15.119-15.119-40.971-4.411-40.971 16.971V216z\"><\/path><\/svg><\/span>\n\t\t\t\t\t\t\t\t<span class=\"elementor-accordion-icon-opened\"><svg class=\"e-font-icon-svg e-fas-long-arrow-alt-up\" viewBox=\"0 0 256 512\" xmlns=\"http:\/\/www.w3.org\/2000\/svg\"><path d=\"M88 166.059V468c0 6.627 5.373 12 12 12h56c6.627 0 12-5.373 12-12V166.059h46.059c21.382 0 32.09-25.851 16.971-40.971l-86.059-86.059c-9.373-9.373-24.569-9.373-33.941 0l-86.059 86.059c-15.119 15.119-4.411 40.971 16.971 40.971H88z\"><\/path><\/svg><\/span>\n\t\t\t\t\t\t\t\t\t\t\t\t\t\t<\/span>\n\t\t\t\t\t\t\t\t\t\t\t\t<a class=\"elementor-accordion-title\" tabindex=\"0\">Wann ist der Check-in und Check-out?<\/a>\n\t\t\t\t\t<\/div>\n\t\t\t\t\t<div id=\"elementor-tab-content-1063\" class=\"elementor-tab-content elementor-clearfix\" data-tab=\"3\" role=\"region\" aria-labelledby=\"elementor-tab-title-1063\"><ul>\n<li><span class=\"OYPEnA font-feature-liga-off font-feature-clig-off font-feature-calt-off text-decoration-none text-strikethrough-none\">W\u00f6chentliche Aufenthalte: <\/span><span class=\"OYPEnA font-feature-liga-off font-feature-clig-off font-feature-calt-off text-decoration-none text-strikethrough-none\">Einchecken sonntags nach 16:00 Uhr, Auschecken samstags bis 11:00 Uhr.<\/span><\/li>\n<li><span class=\"OYPEnA font-feature-liga-off font-feature-clig-off font-feature-calt-off text-decoration-none text-strikethrough-none\">Zus\u00e4tzliche N\u00e4chte: <\/span><span class=\"OYPEnA font-feature-liga-off font-feature-clig-off font-feature-calt-off text-decoration-none text-strikethrough-none\">Gegen Aufpreis erh\u00e4ltlich, je nach Verf\u00fcgbarkeit.<\/span><\/li>\n<li><span class=\"OYPEnA font-feature-liga-off font-feature-clig-off font-feature-calt-off text-decoration-none text-strikethrough-none\">Zimmer\u00e4nderungen: Nur an Wochenenden m\u00f6glich, gegen eine \u00c4nderungsgeb\u00fchr<\/span><\/li>\n<\/ul>\n<\/div>\n\t\t\t\t<\/div>\n\t\t\t\t\t\t\t<div class=\"elementor-accordion-item\">\n\t\t\t\t\t<div id=\"elementor-tab-title-1064\" class=\"elementor-tab-title\" data-tab=\"4\" role=\"button\" aria-controls=\"elementor-tab-content-1064\" aria-expanded=\"false\">\n\t\t\t\t\t\t\t\t\t\t\t\t\t<span class=\"elementor-accordion-icon elementor-accordion-icon-right\" aria-hidden=\"true\">\n\t\t\t\t\t\t\t\t\t\t\t\t\t\t\t<span class=\"elementor-accordion-icon-closed\"><svg class=\"e-font-icon-svg e-fas-long-arrow-alt-right\" viewBox=\"0 0 448 512\" xmlns=\"http:\/\/www.w3.org\/2000\/svg\"><path d=\"M313.941 216H12c-6.627 0-12 5.373-12 12v56c0 6.627 5.373 12 12 12h301.941v46.059c0 21.382 25.851 32.09 40.971 16.971l86.059-86.059c9.373-9.373 9.373-24.569 0-33.941l-86.059-86.059c-15.119-15.119-40.971-4.411-40.971 16.971V216z\"><\/path><\/svg><\/span>\n\t\t\t\t\t\t\t\t<span class=\"elementor-accordion-icon-opened\"><svg class=\"e-font-icon-svg e-fas-long-arrow-alt-up\" viewBox=\"0 0 256 512\" xmlns=\"http:\/\/www.w3.org\/2000\/svg\"><path d=\"M88 166.059V468c0 6.627 5.373 12 12 12h56c6.627 0 12-5.373 12-12V166.059h46.059c21.382 0 32.09-25.851 16.971-40.971l-86.059-86.059c-9.373-9.373-24.569-9.373-33.941 0l-86.059 86.059c-15.119 15.119-4.411 40.971 16.971 40.971H88z\"><\/path><\/svg><\/span>\n\t\t\t\t\t\t\t\t\t\t\t\t\t\t<\/span>\n\t\t\t\t\t\t\t\t\t\t\t\t<a class=\"elementor-accordion-title\" tabindex=\"0\">Wie lange im Voraus sollte ich die Reservierung vornehmen?<\/a>\n\t\t\t\t\t<\/div>\n\t\t\t\t\t<div id=\"elementor-tab-content-1064\" class=\"elementor-tab-content elementor-clearfix\" data-tab=\"4\" role=\"region\" aria-labelledby=\"elementor-tab-title-1064\"><p>In den Sommermonaten sind die Zimmer meist sehr schnell ausgebucht. Wir empfehlen Ihnen, mindestens 2 Monate im Voraus zu buchen. Wenn weniger Zeit verbleibt, kann es sein, dass kein Zimmer mehr verf\u00fcgbar ist oder wir Ihnen nur noch ein Zimmer mit geringerer Ausstattung anbieten k\u00f6nnen.  <\/p>\n<\/div>\n\t\t\t\t<\/div>\n\t\t\t\t\t\t\t<div class=\"elementor-accordion-item\">\n\t\t\t\t\t<div id=\"elementor-tab-title-1065\" class=\"elementor-tab-title\" data-tab=\"5\" role=\"button\" aria-controls=\"elementor-tab-content-1065\" aria-expanded=\"false\">\n\t\t\t\t\t\t\t\t\t\t\t\t\t<span class=\"elementor-accordion-icon elementor-accordion-icon-right\" aria-hidden=\"true\">\n\t\t\t\t\t\t\t\t\t\t\t\t\t\t\t<span class=\"elementor-accordion-icon-closed\"><svg class=\"e-font-icon-svg e-fas-long-arrow-alt-right\" viewBox=\"0 0 448 512\" xmlns=\"http:\/\/www.w3.org\/2000\/svg\"><path d=\"M313.941 216H12c-6.627 0-12 5.373-12 12v56c0 6.627 5.373 12 12 12h301.941v46.059c0 21.382 25.851 32.09 40.971 16.971l86.059-86.059c9.373-9.373 9.373-24.569 0-33.941l-86.059-86.059c-15.119-15.119-40.971-4.411-40.971 16.971V216z\"><\/path><\/svg><\/span>\n\t\t\t\t\t\t\t\t<span class=\"elementor-accordion-icon-opened\"><svg class=\"e-font-icon-svg e-fas-long-arrow-alt-up\" viewBox=\"0 0 256 512\" xmlns=\"http:\/\/www.w3.org\/2000\/svg\"><path d=\"M88 166.059V468c0 6.627 5.373 12 12 12h56c6.627 0 12-5.373 12-12V166.059h46.059c21.382 0 32.09-25.851 16.971-40.971l-86.059-86.059c-9.373-9.373-24.569-9.373-33.941 0l-86.059 86.059c-15.119 15.119-4.411 40.971 16.971 40.971H88z\"><\/path><\/svg><\/span>\n\t\t\t\t\t\t\t\t\t\t\t\t\t\t<\/span>\n\t\t\t\t\t\t\t\t\t\t\t\t<a class=\"elementor-accordion-title\" tabindex=\"0\">Gibt es eine Internetverbindung?<\/a>\n\t\t\t\t\t<\/div>\n\t\t\t\t\t<div id=\"elementor-tab-content-1065\" class=\"elementor-tab-content elementor-clearfix\" data-tab=\"5\" role=\"region\" aria-labelledby=\"elementor-tab-title-1065\"><p>Ja, Wifi ist inklusive.<\/p>\n<\/div>\n\t\t\t\t<\/div>\n\t\t\t\t\t\t\t<div class=\"elementor-accordion-item\">\n\t\t\t\t\t<div id=\"elementor-tab-title-1066\" class=\"elementor-tab-title\" data-tab=\"6\" role=\"button\" aria-controls=\"elementor-tab-content-1066\" aria-expanded=\"false\">\n\t\t\t\t\t\t\t\t\t\t\t\t\t<span class=\"elementor-accordion-icon elementor-accordion-icon-right\" aria-hidden=\"true\">\n\t\t\t\t\t\t\t\t\t\t\t\t\t\t\t<span class=\"elementor-accordion-icon-closed\"><svg class=\"e-font-icon-svg e-fas-long-arrow-alt-right\" viewBox=\"0 0 448 512\" xmlns=\"http:\/\/www.w3.org\/2000\/svg\"><path d=\"M313.941 216H12c-6.627 0-12 5.373-12 12v56c0 6.627 5.373 12 12 12h301.941v46.059c0 21.382 25.851 32.09 40.971 16.971l86.059-86.059c9.373-9.373 9.373-24.569 0-33.941l-86.059-86.059c-15.119-15.119-40.971-4.411-40.971 16.971V216z\"><\/path><\/svg><\/span>\n\t\t\t\t\t\t\t\t<span class=\"elementor-accordion-icon-opened\"><svg class=\"e-font-icon-svg e-fas-long-arrow-alt-up\" viewBox=\"0 0 256 512\" xmlns=\"http:\/\/www.w3.org\/2000\/svg\"><path d=\"M88 166.059V468c0 6.627 5.373 12 12 12h56c6.627 0 12-5.373 12-12V166.059h46.059c21.382 0 32.09-25.851 16.971-40.971l-86.059-86.059c-9.373-9.373-24.569-9.373-33.941 0l-86.059 86.059c-15.119 15.119-4.411 40.971 16.971 40.971H88z\"><\/path><\/svg><\/span>\n\t\t\t\t\t\t\t\t\t\t\t\t\t\t<\/span>\n\t\t\t\t\t\t\t\t\t\t\t\t<a class=\"elementor-accordion-title\" tabindex=\"0\">Kann ich ein eigenes Badezimmer haben?<\/a>\n\t\t\t\t\t<\/div>\n\t\t\t\t\t<div id=\"elementor-tab-content-1066\" class=\"elementor-tab-content elementor-clearfix\" data-tab=\"6\" role=\"region\" aria-labelledby=\"elementor-tab-title-1066\"><p>Ja, gegen einen Aufpreis. Bitte fragen Sie uns nach einem Angebot und beachten Sie, dass die Verf\u00fcgbarkeit sehr begrenzt ist. <\/p>\n<\/div>\n\t\t\t\t<\/div>\n\t\t\t\t\t\t\t<div class=\"elementor-accordion-item\">\n\t\t\t\t\t<div id=\"elementor-tab-title-1067\" class=\"elementor-tab-title\" data-tab=\"7\" role=\"button\" aria-controls=\"elementor-tab-content-1067\" aria-expanded=\"false\">\n\t\t\t\t\t\t\t\t\t\t\t\t\t<span class=\"elementor-accordion-icon elementor-accordion-icon-right\" aria-hidden=\"true\">\n\t\t\t\t\t\t\t\t\t\t\t\t\t\t\t<span class=\"elementor-accordion-icon-closed\"><svg class=\"e-font-icon-svg e-fas-long-arrow-alt-right\" viewBox=\"0 0 448 512\" xmlns=\"http:\/\/www.w3.org\/2000\/svg\"><path d=\"M313.941 216H12c-6.627 0-12 5.373-12 12v56c0 6.627 5.373 12 12 12h301.941v46.059c0 21.382 25.851 32.09 40.971 16.971l86.059-86.059c9.373-9.373 9.373-24.569 0-33.941l-86.059-86.059c-15.119-15.119-40.971-4.411-40.971 16.971V216z\"><\/path><\/svg><\/span>\n\t\t\t\t\t\t\t\t<span class=\"elementor-accordion-icon-opened\"><svg class=\"e-font-icon-svg e-fas-long-arrow-alt-up\" viewBox=\"0 0 256 512\" xmlns=\"http:\/\/www.w3.org\/2000\/svg\"><path d=\"M88 166.059V468c0 6.627 5.373 12 12 12h56c6.627 0 12-5.373 12-12V166.059h46.059c21.382 0 32.09-25.851 16.971-40.971l-86.059-86.059c-9.373-9.373-24.569-9.373-33.941 0l-86.059 86.059c-15.119 15.119-4.411 40.971 16.971 40.971H88z\"><\/path><\/svg><\/span>\n\t\t\t\t\t\t\t\t\t\t\t\t\t\t<\/span>\n\t\t\t\t\t\t\t\t\t\t\t\t<a class=\"elementor-accordion-title\" tabindex=\"0\">Wof\u00fcr wird die Schadenskaution verwendet?<\/a>\n\t\t\t\t\t<\/div>\n\t\t\t\t\t<div id=\"elementor-tab-content-1067\" class=\"elementor-tab-content elementor-clearfix\" data-tab=\"7\" role=\"region\" aria-labelledby=\"elementor-tab-title-1067\"><p>Es hat verschiedene Funktionen:<\/p>\n<ol>\n<li>Um Ihr Zimmer zu reservieren. Die Restzahlung leisten Sie vor Ihrer Ankunft. <\/li>\n<li>Zur Deckung kleinerer Sch\u00e4den, z.B. fehlender Handt\u00fccher oder zerbrochener Gegenst\u00e4nde.<\/li>\n<li>Um sicherzustellen, dass alle Insassen den R\u00e4dern folgen. Diese sind: Das Zimmer in demselben Zustand zu verlassen, in dem Sie es bei Ihrer Ankunft vorgefunden haben. Hinterlassen Sie den Schl\u00fcssel in dem daf\u00fcr vorgesehenen Briefkasten, wenn Sie auschecken.  <\/li>\n<\/ol>\n<p>Die Regeln des Zusammenlebens in Bezug auf L\u00e4rm, Reinigung usw. gut zu befolgen. Die Kaution wird innerhalb von 7 Tagen nach dem Check-out per \u00dcberweisung zur\u00fcckerstattet. <\/p>\n<\/div>\n\t\t\t\t<\/div>\n\t\t\t\t\t\t\t<div class=\"elementor-accordion-item\">\n\t\t\t\t\t<div id=\"elementor-tab-title-1068\" class=\"elementor-tab-title\" data-tab=\"8\" role=\"button\" aria-controls=\"elementor-tab-content-1068\" aria-expanded=\"false\">\n\t\t\t\t\t\t\t\t\t\t\t\t\t<span class=\"elementor-accordion-icon elementor-accordion-icon-right\" aria-hidden=\"true\">\n\t\t\t\t\t\t\t\t\t\t\t\t\t\t\t<span class=\"elementor-accordion-icon-closed\"><svg class=\"e-font-icon-svg e-fas-long-arrow-alt-right\" viewBox=\"0 0 448 512\" xmlns=\"http:\/\/www.w3.org\/2000\/svg\"><path d=\"M313.941 216H12c-6.627 0-12 5.373-12 12v56c0 6.627 5.373 12 12 12h301.941v46.059c0 21.382 25.851 32.09 40.971 16.971l86.059-86.059c9.373-9.373 9.373-24.569 0-33.941l-86.059-86.059c-15.119-15.119-40.971-4.411-40.971 16.971V216z\"><\/path><\/svg><\/span>\n\t\t\t\t\t\t\t\t<span class=\"elementor-accordion-icon-opened\"><svg class=\"e-font-icon-svg e-fas-long-arrow-alt-up\" viewBox=\"0 0 256 512\" xmlns=\"http:\/\/www.w3.org\/2000\/svg\"><path d=\"M88 166.059V468c0 6.627 5.373 12 12 12h56c6.627 0 12-5.373 12-12V166.059h46.059c21.382 0 32.09-25.851 16.971-40.971l-86.059-86.059c-9.373-9.373-24.569-9.373-33.941 0l-86.059 86.059c-15.119 15.119-4.411 40.971 16.971 40.971H88z\"><\/path><\/svg><\/span>\n\t\t\t\t\t\t\t\t\t\t\t\t\t\t<\/span>\n\t\t\t\t\t\t\t\t\t\t\t\t<a class=\"elementor-accordion-title\" tabindex=\"0\">Was, wenn es mir nicht gef\u00e4llt?<\/a>\n\t\t\t\t\t<\/div>\n\t\t\t\t\t<div id=\"elementor-tab-content-1068\" class=\"elementor-tab-content elementor-clearfix\" data-tab=\"8\" role=\"region\" aria-labelledby=\"elementor-tab-title-1068\"><p>Wenn ein anderes Zimmer verf\u00fcgbar ist, k\u00f6nnen Sie es sich ansehen und wenn es Ihnen gef\u00e4llt, k\u00f6nnen Sie es wechseln. Der Wechsel kann nur an Wochenenden und niemals unter der Woche erfolgen und es f\u00e4llt eine zus\u00e4tzliche Wechselgeb\u00fchr von \u20ac45 an. In allen anderen F\u00e4llen fallen unsere Stornierungsgeb\u00fchren an. Es ist nicht m\u00f6glich, eine R\u00fcckerstattung zu erhalten, wenn Ihr Aufenthalt bereits begonnen hat.   <\/p>\n<\/div>\n\t\t\t\t<\/div>\n\t\t\t\t\t\t\t\t\t\t<script type=\"application\/ld+json\">{\"@context\":\"https:\\\/\\\/schema.org\",\"@type\":\"FAQPage\",\"mainEntity\":[{\"@type\":\"Question\",\"name\":\"Wo befinden sich die Gastfamilien?\",\"acceptedAnswer\":{\"@type\":\"Answer\",\"text\":\"<p><span class=\\\"OYPEnA font-feature-liga-off font-feature-clig-off font-feature-calt-off text-decoration-none text-strikethrough-none\\\">Innerhalb von Palma de Mallorca oder in der N\\u00e4he, in ruhigen Wohnvierteln, manchmal in der N\\u00e4he des Stadtzentrums und manchmal in v\\u00f6llig ruhigen Gegenden mit reinen Wohngeb\\u00e4uden<\\\/span><\\\/p>\\n\"}},{\"@type\":\"Question\",\"name\":\"Wo befinden sich die Gastfamilien?\",\"acceptedAnswer\":{\"@type\":\"Answer\",\"text\":\"<p><span class=\\\"OYPEnA font-feature-liga-off font-feature-clig-off font-feature-calt-off text-decoration-none text-strikethrough-none\\\">Innerhalb von Palma de Mallorca oder in der N\\u00e4he, in ruhigen Wohnvierteln, manchmal in der N\\u00e4he des Stadtzentrums und manchmal in v\\u00f6llig ruhigen Gegenden mit reinen Wohnh\\u00e4usern.<\\\/span><\\\/p>\\n\"}},{\"@type\":\"Question\",\"name\":\"Wann ist der Check-in und Check-out?\",\"acceptedAnswer\":{\"@type\":\"Answer\",\"text\":\"<ul>\\n<li><span class=\\\"OYPEnA font-feature-liga-off font-feature-clig-off font-feature-calt-off text-decoration-none text-strikethrough-none\\\">W\\u00f6chentliche Aufenthalte: <\\\/span><span class=\\\"OYPEnA font-feature-liga-off font-feature-clig-off font-feature-calt-off text-decoration-none text-strikethrough-none\\\">Einchecken sonntags nach 16:00 Uhr, Auschecken samstags bis 11:00 Uhr.<\\\/span><\\\/li>\\n<li><span class=\\\"OYPEnA font-feature-liga-off font-feature-clig-off font-feature-calt-off text-decoration-none text-strikethrough-none\\\">Zus\\u00e4tzliche N\\u00e4chte: <\\\/span><span class=\\\"OYPEnA font-feature-liga-off font-feature-clig-off font-feature-calt-off text-decoration-none text-strikethrough-none\\\">Gegen Aufpreis erh\\u00e4ltlich, je nach Verf\\u00fcgbarkeit.<\\\/span><\\\/li>\\n<li><span class=\\\"OYPEnA font-feature-liga-off font-feature-clig-off font-feature-calt-off text-decoration-none text-strikethrough-none\\\">Zimmer\\u00e4nderungen: Nur an Wochenenden m\\u00f6glich, gegen eine \\u00c4nderungsgeb\\u00fchr<\\\/span><\\\/li>\\n<\\\/ul>\\n\"}},{\"@type\":\"Question\",\"name\":\"Wie lange im Voraus sollte ich die Reservierung vornehmen?\",\"acceptedAnswer\":{\"@type\":\"Answer\",\"text\":\"<p>In den Sommermonaten sind die Zimmer meist sehr schnell ausgebucht. Wir empfehlen Ihnen, mindestens 2 Monate im Voraus zu buchen. Wenn weniger Zeit verbleibt, kann es sein, dass kein Zimmer mehr verf\\u00fcgbar ist oder wir Ihnen nur noch ein Zimmer mit geringerer Ausstattung anbieten k\\u00f6nnen.  <\\\/p>\\n\"}},{\"@type\":\"Question\",\"name\":\"Gibt es eine Internetverbindung?\",\"acceptedAnswer\":{\"@type\":\"Answer\",\"text\":\"<p>Ja, Wifi ist inklusive.<\\\/p>\\n\"}},{\"@type\":\"Question\",\"name\":\"Kann ich ein eigenes Badezimmer haben?\",\"acceptedAnswer\":{\"@type\":\"Answer\",\"text\":\"<p>Ja, gegen einen Aufpreis. Bitte fragen Sie uns nach einem Angebot und beachten Sie, dass die Verf\\u00fcgbarkeit sehr begrenzt ist. <\\\/p>\\n\"}},{\"@type\":\"Question\",\"name\":\"Wof\\u00fcr wird die Schadenskaution verwendet?\",\"acceptedAnswer\":{\"@type\":\"Answer\",\"text\":\"<p>Es hat verschiedene Funktionen:<\\\/p>\\n<ol>\\n<li>Um Ihr Zimmer zu reservieren. Die Restzahlung leisten Sie vor Ihrer Ankunft. <\\\/li>\\n<li>Zur Deckung kleinerer Sch\\u00e4den, z.B. fehlender Handt\\u00fccher oder zerbrochener Gegenst\\u00e4nde.<\\\/li>\\n<li>Um sicherzustellen, dass alle Insassen den R\\u00e4dern folgen. Diese sind: Das Zimmer in demselben Zustand zu verlassen, in dem Sie es bei Ihrer Ankunft vorgefunden haben. Hinterlassen Sie den Schl\\u00fcssel in dem daf\\u00fcr vorgesehenen Briefkasten, wenn Sie auschecken.  <\\\/li>\\n<\\\/ol>\\n<p>Die Regeln des Zusammenlebens in Bezug auf L\\u00e4rm, Reinigung usw. gut zu befolgen. Die Kaution wird innerhalb von 7 Tagen nach dem Check-out per \\u00dcberweisung zur\\u00fcckerstattet. <\\\/p>\\n\"}},{\"@type\":\"Question\",\"name\":\"Was, wenn es mir nicht gef\\u00e4llt?\",\"acceptedAnswer\":{\"@type\":\"Answer\",\"text\":\"<p>Wenn ein anderes Zimmer verf\\u00fcgbar ist, k\\u00f6nnen Sie es sich ansehen und wenn es Ihnen gef\\u00e4llt, k\\u00f6nnen Sie es wechseln. Der Wechsel kann nur an Wochenenden und niemals unter der Woche erfolgen und es f\\u00e4llt eine zus\\u00e4tzliche Wechselgeb\\u00fchr von \\u20ac45 an. In allen anderen F\\u00e4llen fallen unsere Stornierungsgeb\\u00fchren an. Es ist nicht m\\u00f6glich, eine R\\u00fcckerstattung zu erhalten, wenn Ihr Aufenthalt bereits begonnen hat.   <\\\/p>\\n\"}}]}<\/script>\n\t\t\t\t\t<\/div>\n\t\t\t\t\t\t<\/div>\n\t\t\t\t<\/div>\n\t\t\t\t\t<\/div>\n\t\t<\/div>\n\t\t\t\t\t<\/div>\n\t\t<\/section>\n\t\t\t\t<section class=\"wd-negative-gap elementor-section elementor-top-section elementor-element elementor-element-2ccbb58 elementor-section-boxed elementor-section-height-default elementor-section-height-default\" data-id=\"2ccbb58\" data-element_type=\"section\" data-e-type=\"section\">\n\t\t\t\t\t\t<div class=\"elementor-container elementor-column-gap-default\">\n\t\t\t\t\t<div class=\"elementor-column elementor-col-100 elementor-top-column elementor-element elementor-element-10d4a46\" data-id=\"10d4a46\" data-element_type=\"column\" data-e-type=\"column\">\n\t\t\t<div class=\"elementor-widget-wrap elementor-element-populated\">\n\t\t\t\t\t\t<div class=\"elementor-element elementor-element-48a6d0e elementor-widget elementor-widget-heading\" data-id=\"48a6d0e\" data-element_type=\"widget\" data-e-type=\"widget\" data-widget_type=\"heading.default\">\n\t\t\t\t<div class=\"elementor-widget-container\">\n\t\t\t\t\t<h2 class=\"elementor-heading-title elementor-size-default\">Mallorca 50+ Spanischkurs<\/h2>\t\t\t\t<\/div>\n\t\t\t\t<\/div>\n\t\t\t\t<div class=\"elementor-element elementor-element-be1307c wd-accordion-theme-style elementor-widget elementor-widget-accordion\" data-id=\"be1307c\" data-element_type=\"widget\" data-e-type=\"widget\" data-widget_type=\"accordion.default\">\n\t\t\t\t<div class=\"elementor-widget-container\">\n\t\t\t\t\t\t\t<div class=\"elementor-accordion\">\n\t\t\t\t\t\t\t<div class=\"elementor-accordion-item\">\n\t\t\t\t\t<div id=\"elementor-tab-title-1991\" class=\"elementor-tab-title\" data-tab=\"1\" role=\"button\" aria-controls=\"elementor-tab-content-1991\" aria-expanded=\"false\">\n\t\t\t\t\t\t\t\t\t\t\t\t\t<span class=\"elementor-accordion-icon elementor-accordion-icon-right\" aria-hidden=\"true\">\n\t\t\t\t\t\t\t\t\t\t\t\t\t\t\t<span class=\"elementor-accordion-icon-closed\"><svg class=\"e-font-icon-svg e-fas-long-arrow-alt-right\" viewBox=\"0 0 448 512\" xmlns=\"http:\/\/www.w3.org\/2000\/svg\"><path d=\"M313.941 216H12c-6.627 0-12 5.373-12 12v56c0 6.627 5.373 12 12 12h301.941v46.059c0 21.382 25.851 32.09 40.971 16.971l86.059-86.059c9.373-9.373 9.373-24.569 0-33.941l-86.059-86.059c-15.119-15.119-40.971-4.411-40.971 16.971V216z\"><\/path><\/svg><\/span>\n\t\t\t\t\t\t\t\t<span class=\"elementor-accordion-icon-opened\"><svg class=\"e-font-icon-svg e-fas-long-arrow-alt-up\" viewBox=\"0 0 256 512\" xmlns=\"http:\/\/www.w3.org\/2000\/svg\"><path d=\"M88 166.059V468c0 6.627 5.373 12 12 12h56c6.627 0 12-5.373 12-12V166.059h46.059c21.382 0 32.09-25.851 16.971-40.971l-86.059-86.059c-9.373-9.373-24.569-9.373-33.941 0l-86.059 86.059c-15.119 15.119-4.411 40.971 16.971 40.971H88z\"><\/path><\/svg><\/span>\n\t\t\t\t\t\t\t\t\t\t\t\t\t\t<\/span>\n\t\t\t\t\t\t\t\t\t\t\t\t<a class=\"elementor-accordion-title\" tabindex=\"0\">Was ist der Spanischkurs Mallorca 50+?<\/a>\n\t\t\t\t\t<\/div>\n\t\t\t\t\t<div id=\"elementor-tab-content-1991\" class=\"elementor-tab-content elementor-clearfix\" data-tab=\"1\" role=\"region\" aria-labelledby=\"elementor-tab-title-1991\"><p>Der Spanischkurs Mallorca 50+ ist ein einzigartiges Programm f\u00fcr Lernende ab 50 Jahren, die das Erlernen der spanischen Sprache mit Kultur- und Freizeitaktivit\u00e4ten in der wundersch\u00f6nen mediterranen Umgebung von Palma de Mallorca verbinden m\u00f6chten.<\/p>\n<\/div>\n\t\t\t\t<\/div>\n\t\t\t\t\t\t\t<div class=\"elementor-accordion-item\">\n\t\t\t\t\t<div id=\"elementor-tab-title-1992\" class=\"elementor-tab-title\" data-tab=\"2\" role=\"button\" aria-controls=\"elementor-tab-content-1992\" aria-expanded=\"false\">\n\t\t\t\t\t\t\t\t\t\t\t\t\t<span class=\"elementor-accordion-icon elementor-accordion-icon-right\" aria-hidden=\"true\">\n\t\t\t\t\t\t\t\t\t\t\t\t\t\t\t<span class=\"elementor-accordion-icon-closed\"><svg class=\"e-font-icon-svg e-fas-long-arrow-alt-right\" viewBox=\"0 0 448 512\" xmlns=\"http:\/\/www.w3.org\/2000\/svg\"><path d=\"M313.941 216H12c-6.627 0-12 5.373-12 12v56c0 6.627 5.373 12 12 12h301.941v46.059c0 21.382 25.851 32.09 40.971 16.971l86.059-86.059c9.373-9.373 9.373-24.569 0-33.941l-86.059-86.059c-15.119-15.119-40.971-4.411-40.971 16.971V216z\"><\/path><\/svg><\/span>\n\t\t\t\t\t\t\t\t<span class=\"elementor-accordion-icon-opened\"><svg class=\"e-font-icon-svg e-fas-long-arrow-alt-up\" viewBox=\"0 0 256 512\" xmlns=\"http:\/\/www.w3.org\/2000\/svg\"><path d=\"M88 166.059V468c0 6.627 5.373 12 12 12h56c6.627 0 12-5.373 12-12V166.059h46.059c21.382 0 32.09-25.851 16.971-40.971l-86.059-86.059c-9.373-9.373-24.569-9.373-33.941 0l-86.059 86.059c-15.119 15.119-4.411 40.971 16.971 40.971H88z\"><\/path><\/svg><\/span>\n\t\t\t\t\t\t\t\t\t\t\t\t\t\t<\/span>\n\t\t\t\t\t\t\t\t\t\t\t\t<a class=\"elementor-accordion-title\" tabindex=\"0\">Was ist der Spanischkurs Mallorca 50+?<\/a>\n\t\t\t\t\t<\/div>\n\t\t\t\t\t<div id=\"elementor-tab-content-1992\" class=\"elementor-tab-content elementor-clearfix\" data-tab=\"2\" role=\"region\" aria-labelledby=\"elementor-tab-title-1992\"><p>Der Spanischkurs Mallorca 50+ ist ein einzigartiges Programm f\u00fcr Lernende ab 50 Jahren, die das Erlernen der spanischen Sprache mit Kultur- und Freizeitaktivit\u00e4ten in der wundersch\u00f6nen mediterranen Umgebung von Palma de Mallorca verbinden m\u00f6chten.<\/p>\n<\/div>\n\t\t\t\t<\/div>\n\t\t\t\t\t\t\t<div class=\"elementor-accordion-item\">\n\t\t\t\t\t<div id=\"elementor-tab-title-1993\" class=\"elementor-tab-title\" data-tab=\"3\" role=\"button\" aria-controls=\"elementor-tab-content-1993\" aria-expanded=\"false\">\n\t\t\t\t\t\t\t\t\t\t\t\t\t<span class=\"elementor-accordion-icon elementor-accordion-icon-right\" aria-hidden=\"true\">\n\t\t\t\t\t\t\t\t\t\t\t\t\t\t\t<span class=\"elementor-accordion-icon-closed\"><svg class=\"e-font-icon-svg e-fas-long-arrow-alt-right\" viewBox=\"0 0 448 512\" xmlns=\"http:\/\/www.w3.org\/2000\/svg\"><path d=\"M313.941 216H12c-6.627 0-12 5.373-12 12v56c0 6.627 5.373 12 12 12h301.941v46.059c0 21.382 25.851 32.09 40.971 16.971l86.059-86.059c9.373-9.373 9.373-24.569 0-33.941l-86.059-86.059c-15.119-15.119-40.971-4.411-40.971 16.971V216z\"><\/path><\/svg><\/span>\n\t\t\t\t\t\t\t\t<span class=\"elementor-accordion-icon-opened\"><svg class=\"e-font-icon-svg e-fas-long-arrow-alt-up\" viewBox=\"0 0 256 512\" xmlns=\"http:\/\/www.w3.org\/2000\/svg\"><path d=\"M88 166.059V468c0 6.627 5.373 12 12 12h56c6.627 0 12-5.373 12-12V166.059h46.059c21.382 0 32.09-25.851 16.971-40.971l-86.059-86.059c-9.373-9.373-24.569-9.373-33.941 0l-86.059 86.059c-15.119 15.119-4.411 40.971 16.971 40.971H88z\"><\/path><\/svg><\/span>\n\t\t\t\t\t\t\t\t\t\t\t\t\t\t<\/span>\n\t\t\t\t\t\t\t\t\t\t\t\t<a class=\"elementor-accordion-title\" tabindex=\"0\">Wo befindet sich die Sprachschule?<\/a>\n\t\t\t\t\t<\/div>\n\t\t\t\t\t<div id=\"elementor-tab-content-1993\" class=\"elementor-tab-content elementor-clearfix\" data-tab=\"3\" role=\"region\" aria-labelledby=\"elementor-tab-title-1993\"><p>Unsere Schule befindet sich in zentraler Lage an der Avenida de Portugal in Palma de Mallorca, direkt neben der Altstadt. Sie ist sowohl mit \u00f6ffentlichen Verkehrsmitteln als auch mit dem Auto leicht zu erreichen und verf\u00fcgt \u00fcber nahe gelegene Parkm\u00f6glichkeiten. <\/p>\n<\/div>\n\t\t\t\t<\/div>\n\t\t\t\t\t\t\t<div class=\"elementor-accordion-item\">\n\t\t\t\t\t<div id=\"elementor-tab-title-1994\" class=\"elementor-tab-title\" data-tab=\"4\" role=\"button\" aria-controls=\"elementor-tab-content-1994\" aria-expanded=\"false\">\n\t\t\t\t\t\t\t\t\t\t\t\t\t<span class=\"elementor-accordion-icon elementor-accordion-icon-right\" aria-hidden=\"true\">\n\t\t\t\t\t\t\t\t\t\t\t\t\t\t\t<span class=\"elementor-accordion-icon-closed\"><svg class=\"e-font-icon-svg e-fas-long-arrow-alt-right\" viewBox=\"0 0 448 512\" xmlns=\"http:\/\/www.w3.org\/2000\/svg\"><path d=\"M313.941 216H12c-6.627 0-12 5.373-12 12v56c0 6.627 5.373 12 12 12h301.941v46.059c0 21.382 25.851 32.09 40.971 16.971l86.059-86.059c9.373-9.373 9.373-24.569 0-33.941l-86.059-86.059c-15.119-15.119-40.971-4.411-40.971 16.971V216z\"><\/path><\/svg><\/span>\n\t\t\t\t\t\t\t\t<span class=\"elementor-accordion-icon-opened\"><svg class=\"e-font-icon-svg e-fas-long-arrow-alt-up\" viewBox=\"0 0 256 512\" xmlns=\"http:\/\/www.w3.org\/2000\/svg\"><path d=\"M88 166.059V468c0 6.627 5.373 12 12 12h56c6.627 0 12-5.373 12-12V166.059h46.059c21.382 0 32.09-25.851 16.971-40.971l-86.059-86.059c-9.373-9.373-24.569-9.373-33.941 0l-86.059 86.059c-15.119 15.119-4.411 40.971 16.971 40.971H88z\"><\/path><\/svg><\/span>\n\t\t\t\t\t\t\t\t\t\t\t\t\t\t<\/span>\n\t\t\t\t\t\t\t\t\t\t\t\t<a class=\"elementor-accordion-title\" tabindex=\"0\">Welche Sprachstufen werden angeboten?<\/a>\n\t\t\t\t\t<\/div>\n\t\t\t\t\t<div id=\"elementor-tab-content-1994\" class=\"elementor-tab-content elementor-clearfix\" data-tab=\"4\" role=\"region\" aria-labelledby=\"elementor-tab-title-1994\"><p>Wir bieten Kurse f\u00fcr die Stufen A1 (Anf\u00e4nger) bis B2 (Obere Mittelstufe) an.<\/p>\n<\/div>\n\t\t\t\t<\/div>\n\t\t\t\t\t\t\t<div class=\"elementor-accordion-item\">\n\t\t\t\t\t<div id=\"elementor-tab-title-1995\" class=\"elementor-tab-title\" data-tab=\"5\" role=\"button\" aria-controls=\"elementor-tab-content-1995\" aria-expanded=\"false\">\n\t\t\t\t\t\t\t\t\t\t\t\t\t<span class=\"elementor-accordion-icon elementor-accordion-icon-right\" aria-hidden=\"true\">\n\t\t\t\t\t\t\t\t\t\t\t\t\t\t\t<span class=\"elementor-accordion-icon-closed\"><svg class=\"e-font-icon-svg e-fas-long-arrow-alt-right\" viewBox=\"0 0 448 512\" xmlns=\"http:\/\/www.w3.org\/2000\/svg\"><path d=\"M313.941 216H12c-6.627 0-12 5.373-12 12v56c0 6.627 5.373 12 12 12h301.941v46.059c0 21.382 25.851 32.09 40.971 16.971l86.059-86.059c9.373-9.373 9.373-24.569 0-33.941l-86.059-86.059c-15.119-15.119-40.971-4.411-40.971 16.971V216z\"><\/path><\/svg><\/span>\n\t\t\t\t\t\t\t\t<span class=\"elementor-accordion-icon-opened\"><svg class=\"e-font-icon-svg e-fas-long-arrow-alt-up\" viewBox=\"0 0 256 512\" xmlns=\"http:\/\/www.w3.org\/2000\/svg\"><path d=\"M88 166.059V468c0 6.627 5.373 12 12 12h56c6.627 0 12-5.373 12-12V166.059h46.059c21.382 0 32.09-25.851 16.971-40.971l-86.059-86.059c-9.373-9.373-24.569-9.373-33.941 0l-86.059 86.059c-15.119 15.119-4.411 40.971 16.971 40.971H88z\"><\/path><\/svg><\/span>\n\t\t\t\t\t\t\t\t\t\t\t\t\t\t<\/span>\n\t\t\t\t\t\t\t\t\t\t\t\t<a class=\"elementor-accordion-title\" tabindex=\"0\">Was sind die Kursoptionen?<\/a>\n\t\t\t\t\t<\/div>\n\t\t\t\t\t<div id=\"elementor-tab-content-1995\" class=\"elementor-tab-content elementor-clearfix\" data-tab=\"5\" role=\"region\" aria-labelledby=\"elementor-tab-title-1995\"><p>Wir bieten zwei Optionen an:<\/p>\n<ul>\n<li><strong>10 Lektionen pro Woche<\/strong>: 11:25 UHR &#8211; 1:05 UHR<\/li>\n<li><strong>20 Lektionen pro Woche<\/strong>: 9:30 UHR &#8211; 1:05 UHR<\/li>\n<\/ul>\n<p>Beide Optionen beinhalten bis zu 7 Stunden betreutes Selbststudium pro Woche, wobei ein Lehrer f\u00fcr Fragen zur Verf\u00fcgung steht.<\/p>\n<\/div>\n\t\t\t\t<\/div>\n\t\t\t\t\t\t\t<div class=\"elementor-accordion-item\">\n\t\t\t\t\t<div id=\"elementor-tab-title-1996\" class=\"elementor-tab-title\" data-tab=\"6\" role=\"button\" aria-controls=\"elementor-tab-content-1996\" aria-expanded=\"false\">\n\t\t\t\t\t\t\t\t\t\t\t\t\t<span class=\"elementor-accordion-icon elementor-accordion-icon-right\" aria-hidden=\"true\">\n\t\t\t\t\t\t\t\t\t\t\t\t\t\t\t<span class=\"elementor-accordion-icon-closed\"><svg class=\"e-font-icon-svg e-fas-long-arrow-alt-right\" viewBox=\"0 0 448 512\" xmlns=\"http:\/\/www.w3.org\/2000\/svg\"><path d=\"M313.941 216H12c-6.627 0-12 5.373-12 12v56c0 6.627 5.373 12 12 12h301.941v46.059c0 21.382 25.851 32.09 40.971 16.971l86.059-86.059c9.373-9.373 9.373-24.569 0-33.941l-86.059-86.059c-15.119-15.119-40.971-4.411-40.971 16.971V216z\"><\/path><\/svg><\/span>\n\t\t\t\t\t\t\t\t<span class=\"elementor-accordion-icon-opened\"><svg class=\"e-font-icon-svg e-fas-long-arrow-alt-up\" viewBox=\"0 0 256 512\" xmlns=\"http:\/\/www.w3.org\/2000\/svg\"><path d=\"M88 166.059V468c0 6.627 5.373 12 12 12h56c6.627 0 12-5.373 12-12V166.059h46.059c21.382 0 32.09-25.851 16.971-40.971l-86.059-86.059c-9.373-9.373-24.569-9.373-33.941 0l-86.059 86.059c-15.119 15.119-4.411 40.971 16.971 40.971H88z\"><\/path><\/svg><\/span>\n\t\t\t\t\t\t\t\t\t\t\t\t\t\t<\/span>\n\t\t\t\t\t\t\t\t\t\t\t\t<a class=\"elementor-accordion-title\" tabindex=\"0\">Wie lange dauert der Kurs?<\/a>\n\t\t\t\t\t<\/div>\n\t\t\t\t\t<div id=\"elementor-tab-content-1996\" class=\"elementor-tab-content elementor-clearfix\" data-tab=\"6\" role=\"region\" aria-labelledby=\"elementor-tab-title-1996\"><p>Die Kurse werden f\u00fcr 1 oder 2 Wochen angeboten.<\/p>\n<\/div>\n\t\t\t\t<\/div>\n\t\t\t\t\t\t\t<div class=\"elementor-accordion-item\">\n\t\t\t\t\t<div id=\"elementor-tab-title-1997\" class=\"elementor-tab-title\" data-tab=\"7\" role=\"button\" aria-controls=\"elementor-tab-content-1997\" aria-expanded=\"false\">\n\t\t\t\t\t\t\t\t\t\t\t\t\t<span class=\"elementor-accordion-icon elementor-accordion-icon-right\" aria-hidden=\"true\">\n\t\t\t\t\t\t\t\t\t\t\t\t\t\t\t<span class=\"elementor-accordion-icon-closed\"><svg class=\"e-font-icon-svg e-fas-long-arrow-alt-right\" viewBox=\"0 0 448 512\" xmlns=\"http:\/\/www.w3.org\/2000\/svg\"><path d=\"M313.941 216H12c-6.627 0-12 5.373-12 12v56c0 6.627 5.373 12 12 12h301.941v46.059c0 21.382 25.851 32.09 40.971 16.971l86.059-86.059c9.373-9.373 9.373-24.569 0-33.941l-86.059-86.059c-15.119-15.119-40.971-4.411-40.971 16.971V216z\"><\/path><\/svg><\/span>\n\t\t\t\t\t\t\t\t<span class=\"elementor-accordion-icon-opened\"><svg class=\"e-font-icon-svg e-fas-long-arrow-alt-up\" viewBox=\"0 0 256 512\" xmlns=\"http:\/\/www.w3.org\/2000\/svg\"><path d=\"M88 166.059V468c0 6.627 5.373 12 12 12h56c6.627 0 12-5.373 12-12V166.059h46.059c21.382 0 32.09-25.851 16.971-40.971l-86.059-86.059c-9.373-9.373-24.569-9.373-33.941 0l-86.059 86.059c-15.119 15.119-4.411 40.971 16.971 40.971H88z\"><\/path><\/svg><\/span>\n\t\t\t\t\t\t\t\t\t\t\t\t\t\t<\/span>\n\t\t\t\t\t\t\t\t\t\t\t\t<a class=\"elementor-accordion-title\" tabindex=\"0\">Welches sind die Starttermine f\u00fcr 2025?<\/a>\n\t\t\t\t\t<\/div>\n\t\t\t\t\t<div id=\"elementor-tab-content-1997\" class=\"elementor-tab-content elementor-clearfix\" data-tab=\"7\" role=\"region\" aria-labelledby=\"elementor-tab-title-1997\"><ul>\n<li><strong>Juni<\/strong>: 2. und 9.<\/li>\n<li><strong>Oktober<\/strong>: 6., 13., 20. und 27.<\/li>\n<\/ul>\n<\/div>\n\t\t\t\t<\/div>\n\t\t\t\t\t\t\t<div class=\"elementor-accordion-item\">\n\t\t\t\t\t<div id=\"elementor-tab-title-1998\" class=\"elementor-tab-title\" data-tab=\"8\" role=\"button\" aria-controls=\"elementor-tab-content-1998\" aria-expanded=\"false\">\n\t\t\t\t\t\t\t\t\t\t\t\t\t<span class=\"elementor-accordion-icon elementor-accordion-icon-right\" aria-hidden=\"true\">\n\t\t\t\t\t\t\t\t\t\t\t\t\t\t\t<span class=\"elementor-accordion-icon-closed\"><svg class=\"e-font-icon-svg e-fas-long-arrow-alt-right\" viewBox=\"0 0 448 512\" xmlns=\"http:\/\/www.w3.org\/2000\/svg\"><path d=\"M313.941 216H12c-6.627 0-12 5.373-12 12v56c0 6.627 5.373 12 12 12h301.941v46.059c0 21.382 25.851 32.09 40.971 16.971l86.059-86.059c9.373-9.373 9.373-24.569 0-33.941l-86.059-86.059c-15.119-15.119-40.971-4.411-40.971 16.971V216z\"><\/path><\/svg><\/span>\n\t\t\t\t\t\t\t\t<span class=\"elementor-accordion-icon-opened\"><svg class=\"e-font-icon-svg e-fas-long-arrow-alt-up\" viewBox=\"0 0 256 512\" xmlns=\"http:\/\/www.w3.org\/2000\/svg\"><path d=\"M88 166.059V468c0 6.627 5.373 12 12 12h56c6.627 0 12-5.373 12-12V166.059h46.059c21.382 0 32.09-25.851 16.971-40.971l-86.059-86.059c-9.373-9.373-24.569-9.373-33.941 0l-86.059 86.059c-15.119 15.119-4.411 40.971 16.971 40.971H88z\"><\/path><\/svg><\/span>\n\t\t\t\t\t\t\t\t\t\t\t\t\t\t<\/span>\n\t\t\t\t\t\t\t\t\t\t\t\t<a class=\"elementor-accordion-title\" tabindex=\"0\">Ist der Kurs f\u00fcr Bildungsurlaub anerkannt?<\/a>\n\t\t\t\t\t<\/div>\n\t\t\t\t\t<div id=\"elementor-tab-content-1998\" class=\"elementor-tab-content elementor-clearfix\" data-tab=\"8\" role=\"region\" aria-labelledby=\"elementor-tab-title-1998\"><p>Ja, der Kurs mit 20 Unterrichtsstunden pro Woche ist in den folgenden deutschen Bundesl\u00e4ndern f\u00fcr den Bildungsurlaub anerkannt: Baden-W\u00fcrttemberg, Berlin, Brandenburg, Bremen, Hamburg, Hessen, Niedersachsen, Rheinland-Pfalz, Saarland, Sachsen-Anhalt, Schleswig-Holstein und Th\u00fcringen.<\/p>\n<h4> <\/h4>\n<\/div>\n\t\t\t\t<\/div>\n\t\t\t\t\t\t\t<div class=\"elementor-accordion-item\">\n\t\t\t\t\t<div id=\"elementor-tab-title-1999\" class=\"elementor-tab-title\" data-tab=\"9\" role=\"button\" aria-controls=\"elementor-tab-content-1999\" aria-expanded=\"false\">\n\t\t\t\t\t\t\t\t\t\t\t\t\t<span class=\"elementor-accordion-icon elementor-accordion-icon-right\" aria-hidden=\"true\">\n\t\t\t\t\t\t\t\t\t\t\t\t\t\t\t<span class=\"elementor-accordion-icon-closed\"><svg class=\"e-font-icon-svg e-fas-long-arrow-alt-right\" viewBox=\"0 0 448 512\" xmlns=\"http:\/\/www.w3.org\/2000\/svg\"><path d=\"M313.941 216H12c-6.627 0-12 5.373-12 12v56c0 6.627 5.373 12 12 12h301.941v46.059c0 21.382 25.851 32.09 40.971 16.971l86.059-86.059c9.373-9.373 9.373-24.569 0-33.941l-86.059-86.059c-15.119-15.119-40.971-4.411-40.971 16.971V216z\"><\/path><\/svg><\/span>\n\t\t\t\t\t\t\t\t<span class=\"elementor-accordion-icon-opened\"><svg class=\"e-font-icon-svg e-fas-long-arrow-alt-up\" viewBox=\"0 0 256 512\" xmlns=\"http:\/\/www.w3.org\/2000\/svg\"><path d=\"M88 166.059V468c0 6.627 5.373 12 12 12h56c6.627 0 12-5.373 12-12V166.059h46.059c21.382 0 32.09-25.851 16.971-40.971l-86.059-86.059c-9.373-9.373-24.569-9.373-33.941 0l-86.059 86.059c-15.119 15.119-4.411 40.971 16.971 40.971H88z\"><\/path><\/svg><\/span>\n\t\t\t\t\t\t\t\t\t\t\t\t\t\t<\/span>\n\t\t\t\t\t\t\t\t\t\t\t\t<a class=\"elementor-accordion-title\" tabindex=\"0\">Welche Freizeitaktivit\u00e4ten sind inbegriffen?<\/a>\n\t\t\t\t\t<\/div>\n\t\t\t\t\t<div id=\"elementor-tab-content-1999\" class=\"elementor-tab-content elementor-clearfix\" data-tab=\"9\" role=\"region\" aria-labelledby=\"elementor-tab-title-1999\"><p>Der Kurs umfasst 10 Gruppenaktivit\u00e4ten pro Woche, wie zum Beispiel:<\/p>\n<ul>\n<li>Stadtf\u00fchrungen<\/li>\n<li>Besuche in der Kathedrale<\/li>\n<li>Ausfl\u00fcge nach Valldemossa und S\u00f3ller<\/li>\n<li>Workshops zum Flamenco-Handklatschen<\/li>\n<li>Museums- und Marktbesuche<\/li>\n<\/ul>\n<\/div>\n\t\t\t\t<\/div>\n\t\t\t\t\t\t\t<div class=\"elementor-accordion-item\">\n\t\t\t\t\t<div id=\"elementor-tab-title-19910\" class=\"elementor-tab-title\" data-tab=\"10\" role=\"button\" aria-controls=\"elementor-tab-content-19910\" aria-expanded=\"false\">\n\t\t\t\t\t\t\t\t\t\t\t\t\t<span class=\"elementor-accordion-icon elementor-accordion-icon-right\" aria-hidden=\"true\">\n\t\t\t\t\t\t\t\t\t\t\t\t\t\t\t<span class=\"elementor-accordion-icon-closed\"><svg class=\"e-font-icon-svg e-fas-long-arrow-alt-right\" viewBox=\"0 0 448 512\" xmlns=\"http:\/\/www.w3.org\/2000\/svg\"><path d=\"M313.941 216H12c-6.627 0-12 5.373-12 12v56c0 6.627 5.373 12 12 12h301.941v46.059c0 21.382 25.851 32.09 40.971 16.971l86.059-86.059c9.373-9.373 9.373-24.569 0-33.941l-86.059-86.059c-15.119-15.119-40.971-4.411-40.971 16.971V216z\"><\/path><\/svg><\/span>\n\t\t\t\t\t\t\t\t<span class=\"elementor-accordion-icon-opened\"><svg class=\"e-font-icon-svg e-fas-long-arrow-alt-up\" viewBox=\"0 0 256 512\" xmlns=\"http:\/\/www.w3.org\/2000\/svg\"><path d=\"M88 166.059V468c0 6.627 5.373 12 12 12h56c6.627 0 12-5.373 12-12V166.059h46.059c21.382 0 32.09-25.851 16.971-40.971l-86.059-86.059c-9.373-9.373-24.569-9.373-33.941 0l-86.059 86.059c-15.119 15.119-4.411 40.971 16.971 40.971H88z\"><\/path><\/svg><\/span>\n\t\t\t\t\t\t\t\t\t\t\t\t\t\t<\/span>\n\t\t\t\t\t\t\t\t\t\t\t\t<a class=\"elementor-accordion-title\" tabindex=\"0\">Ist das Programm f\u00fcr Alleinreisende geeignet?<\/a>\n\t\t\t\t\t<\/div>\n\t\t\t\t\t<div id=\"elementor-tab-content-19910\" class=\"elementor-tab-content elementor-clearfix\" data-tab=\"10\" role=\"region\" aria-labelledby=\"elementor-tab-title-19910\"><p>Ja! Der Kurs f\u00f6rdert eine gemeinschaftliche Umgebung, in der Sie Gleichgesinnte treffen und neue Freunde finden k\u00f6nnen, w\u00e4hrend Sie Spanisch lernen. <\/p>\n<\/div>\n\t\t\t\t<\/div>\n\t\t\t\t\t\t\t<div class=\"elementor-accordion-item\">\n\t\t\t\t\t<div id=\"elementor-tab-title-19911\" class=\"elementor-tab-title\" data-tab=\"11\" role=\"button\" aria-controls=\"elementor-tab-content-19911\" aria-expanded=\"false\">\n\t\t\t\t\t\t\t\t\t\t\t\t\t<span class=\"elementor-accordion-icon elementor-accordion-icon-right\" aria-hidden=\"true\">\n\t\t\t\t\t\t\t\t\t\t\t\t\t\t\t<span class=\"elementor-accordion-icon-closed\"><svg class=\"e-font-icon-svg e-fas-long-arrow-alt-right\" viewBox=\"0 0 448 512\" xmlns=\"http:\/\/www.w3.org\/2000\/svg\"><path d=\"M313.941 216H12c-6.627 0-12 5.373-12 12v56c0 6.627 5.373 12 12 12h301.941v46.059c0 21.382 25.851 32.09 40.971 16.971l86.059-86.059c9.373-9.373 9.373-24.569 0-33.941l-86.059-86.059c-15.119-15.119-40.971-4.411-40.971 16.971V216z\"><\/path><\/svg><\/span>\n\t\t\t\t\t\t\t\t<span class=\"elementor-accordion-icon-opened\"><svg class=\"e-font-icon-svg e-fas-long-arrow-alt-up\" viewBox=\"0 0 256 512\" xmlns=\"http:\/\/www.w3.org\/2000\/svg\"><path d=\"M88 166.059V468c0 6.627 5.373 12 12 12h56c6.627 0 12-5.373 12-12V166.059h46.059c21.382 0 32.09-25.851 16.971-40.971l-86.059-86.059c-9.373-9.373-24.569-9.373-33.941 0l-86.059 86.059c-15.119 15.119-4.411 40.971 16.971 40.971H88z\"><\/path><\/svg><\/span>\n\t\t\t\t\t\t\t\t\t\t\t\t\t\t<\/span>\n\t\t\t\t\t\t\t\t\t\t\t\t<a class=\"elementor-accordion-title\" tabindex=\"0\">Welche Unterkunftsm\u00f6glichkeiten gibt es?<\/a>\n\t\t\t\t\t<\/div>\n\t\t\t\t\t<div id=\"elementor-tab-content-19911\" class=\"elementor-tab-content elementor-clearfix\" data-tab=\"11\" role=\"region\" aria-labelledby=\"elementor-tab-title-19911\"><ul>\n<li><strong>Standard-Unterk\u00fcnfte<\/strong>: Einfachere Unterk\u00fcnfte bei Gastgebern im Alter von 50-70 Jahren, die nicht weiter als 30 Minuten von der Schule entfernt sind. Inklusive Fr\u00fchst\u00fcck und Abendessen. <\/li>\n<li><strong>Komfort-Wohnungen<\/strong>: Moderne Unterk\u00fcnfte in ruhigeren Wohngegenden. Inklusive Fr\u00fchst\u00fcck und Abendessen. <\/li>\n<li><strong>Hotels<\/strong>: Eine Auswahl an Hotels in Palma de Mallorca f\u00fcr jedes Budget und jeden Geschmack.<\/li>\n<\/ul>\n<p>Private Badezimmer sind auf Anfrage sowohl f\u00fcr Standard- als auch f\u00fcr Komfortwohnungen erh\u00e4ltlich.<\/p>\n<\/div>\n\t\t\t\t<\/div>\n\t\t\t\t\t\t\t<div class=\"elementor-accordion-item\">\n\t\t\t\t\t<div id=\"elementor-tab-title-19912\" class=\"elementor-tab-title\" data-tab=\"12\" role=\"button\" aria-controls=\"elementor-tab-content-19912\" aria-expanded=\"false\">\n\t\t\t\t\t\t\t\t\t\t\t\t\t<span class=\"elementor-accordion-icon elementor-accordion-icon-right\" aria-hidden=\"true\">\n\t\t\t\t\t\t\t\t\t\t\t\t\t\t\t<span class=\"elementor-accordion-icon-closed\"><svg class=\"e-font-icon-svg e-fas-long-arrow-alt-right\" viewBox=\"0 0 448 512\" xmlns=\"http:\/\/www.w3.org\/2000\/svg\"><path d=\"M313.941 216H12c-6.627 0-12 5.373-12 12v56c0 6.627 5.373 12 12 12h301.941v46.059c0 21.382 25.851 32.09 40.971 16.971l86.059-86.059c9.373-9.373 9.373-24.569 0-33.941l-86.059-86.059c-15.119-15.119-40.971-4.411-40.971 16.971V216z\"><\/path><\/svg><\/span>\n\t\t\t\t\t\t\t\t<span class=\"elementor-accordion-icon-opened\"><svg class=\"e-font-icon-svg e-fas-long-arrow-alt-up\" viewBox=\"0 0 256 512\" xmlns=\"http:\/\/www.w3.org\/2000\/svg\"><path d=\"M88 166.059V468c0 6.627 5.373 12 12 12h56c6.627 0 12-5.373 12-12V166.059h46.059c21.382 0 32.09-25.851 16.971-40.971l-86.059-86.059c-9.373-9.373-24.569-9.373-33.941 0l-86.059 86.059c-15.119 15.119-4.411 40.971 16.971 40.971H88z\"><\/path><\/svg><\/span>\n\t\t\t\t\t\t\t\t\t\t\t\t\t\t<\/span>\n\t\t\t\t\t\t\t\t\t\t\t\t<a class=\"elementor-accordion-title\" tabindex=\"0\">Wie viele Sch\u00fcler sind in jeder Gruppe?<\/a>\n\t\t\t\t\t<\/div>\n\t\t\t\t\t<div id=\"elementor-tab-content-19912\" class=\"elementor-tab-content elementor-clearfix\" data-tab=\"12\" role=\"region\" aria-labelledby=\"elementor-tab-title-19912\"><p>Die Klassengr\u00f6\u00dfen sind klein, mit durchschnittlich 3-7 Sch\u00fclern und maximal 12 pro Gruppe.<\/p>\n<\/div>\n\t\t\t\t<\/div>\n\t\t\t\t\t\t\t<div class=\"elementor-accordion-item\">\n\t\t\t\t\t<div id=\"elementor-tab-title-19913\" class=\"elementor-tab-title\" data-tab=\"13\" role=\"button\" aria-controls=\"elementor-tab-content-19913\" aria-expanded=\"false\">\n\t\t\t\t\t\t\t\t\t\t\t\t\t<span class=\"elementor-accordion-icon elementor-accordion-icon-right\" aria-hidden=\"true\">\n\t\t\t\t\t\t\t\t\t\t\t\t\t\t\t<span class=\"elementor-accordion-icon-closed\"><svg class=\"e-font-icon-svg e-fas-long-arrow-alt-right\" viewBox=\"0 0 448 512\" xmlns=\"http:\/\/www.w3.org\/2000\/svg\"><path d=\"M313.941 216H12c-6.627 0-12 5.373-12 12v56c0 6.627 5.373 12 12 12h301.941v46.059c0 21.382 25.851 32.09 40.971 16.971l86.059-86.059c9.373-9.373 9.373-24.569 0-33.941l-86.059-86.059c-15.119-15.119-40.971-4.411-40.971 16.971V216z\"><\/path><\/svg><\/span>\n\t\t\t\t\t\t\t\t<span class=\"elementor-accordion-icon-opened\"><svg class=\"e-font-icon-svg e-fas-long-arrow-alt-up\" viewBox=\"0 0 256 512\" xmlns=\"http:\/\/www.w3.org\/2000\/svg\"><path d=\"M88 166.059V468c0 6.627 5.373 12 12 12h56c6.627 0 12-5.373 12-12V166.059h46.059c21.382 0 32.09-25.851 16.971-40.971l-86.059-86.059c-9.373-9.373-24.569-9.373-33.941 0l-86.059 86.059c-15.119 15.119-4.411 40.971 16.971 40.971H88z\"><\/path><\/svg><\/span>\n\t\t\t\t\t\t\t\t\t\t\t\t\t\t<\/span>\n\t\t\t\t\t\t\t\t\t\t\t\t<a class=\"elementor-accordion-title\" tabindex=\"0\">Was ist in der Kursgeb\u00fchr enthalten?<\/a>\n\t\t\t\t\t<\/div>\n\t\t\t\t\t<div id=\"elementor-tab-content-19913\" class=\"elementor-tab-content elementor-clearfix\" data-tab=\"13\" role=\"region\" aria-labelledby=\"elementor-tab-title-19913\"><ul>\n<li>Spanischunterricht<\/li>\n<li>Freizeitaktivit\u00e4ten<\/li>\n<li>Einstufungstest<\/li>\n<li>Teilnahmebest\u00e4tigung<\/li>\n<\/ul>\n<\/div>\n\t\t\t\t<\/div>\n\t\t\t\t\t\t\t<div class=\"elementor-accordion-item\">\n\t\t\t\t\t<div id=\"elementor-tab-title-19914\" class=\"elementor-tab-title\" data-tab=\"14\" role=\"button\" aria-controls=\"elementor-tab-content-19914\" aria-expanded=\"false\">\n\t\t\t\t\t\t\t\t\t\t\t\t\t<span class=\"elementor-accordion-icon elementor-accordion-icon-right\" aria-hidden=\"true\">\n\t\t\t\t\t\t\t\t\t\t\t\t\t\t\t<span class=\"elementor-accordion-icon-closed\"><svg class=\"e-font-icon-svg e-fas-long-arrow-alt-right\" viewBox=\"0 0 448 512\" xmlns=\"http:\/\/www.w3.org\/2000\/svg\"><path d=\"M313.941 216H12c-6.627 0-12 5.373-12 12v56c0 6.627 5.373 12 12 12h301.941v46.059c0 21.382 25.851 32.09 40.971 16.971l86.059-86.059c9.373-9.373 9.373-24.569 0-33.941l-86.059-86.059c-15.119-15.119-40.971-4.411-40.971 16.971V216z\"><\/path><\/svg><\/span>\n\t\t\t\t\t\t\t\t<span class=\"elementor-accordion-icon-opened\"><svg class=\"e-font-icon-svg e-fas-long-arrow-alt-up\" viewBox=\"0 0 256 512\" xmlns=\"http:\/\/www.w3.org\/2000\/svg\"><path d=\"M88 166.059V468c0 6.627 5.373 12 12 12h56c6.627 0 12-5.373 12-12V166.059h46.059c21.382 0 32.09-25.851 16.971-40.971l-86.059-86.059c-9.373-9.373-24.569-9.373-33.941 0l-86.059 86.059c-15.119 15.119-4.411 40.971 16.971 40.971H88z\"><\/path><\/svg><\/span>\n\t\t\t\t\t\t\t\t\t\t\t\t\t\t<\/span>\n\t\t\t\t\t\t\t\t\t\t\t\t<a class=\"elementor-accordion-title\" tabindex=\"0\">Sind die Spanischkurse nur f\u00fcr 50+ Teilnehmer?<\/a>\n\t\t\t\t\t<\/div>\n\t\t\t\t\t<div id=\"elementor-tab-content-19914\" class=\"elementor-tab-content elementor-clearfix\" data-tab=\"14\" role=\"region\" aria-labelledby=\"elementor-tab-title-19914\"><p><span class=\"a_GcMg font-feature-liga-off font-feature-clig-off font-feature-calt-off text-decoration-none text-strikethrough-none\">Nein. Sie nehmen am regul\u00e4ren Unterricht auf Ihrem Niveau mit Sch\u00fclern aller Altersgruppen teil. <\/span><\/p>\n<\/div>\n\t\t\t\t<\/div>\n\t\t\t\t\t\t\t<div class=\"elementor-accordion-item\">\n\t\t\t\t\t<div id=\"elementor-tab-title-19915\" class=\"elementor-tab-title\" data-tab=\"15\" role=\"button\" aria-controls=\"elementor-tab-content-19915\" aria-expanded=\"false\">\n\t\t\t\t\t\t\t\t\t\t\t\t\t<span class=\"elementor-accordion-icon elementor-accordion-icon-right\" aria-hidden=\"true\">\n\t\t\t\t\t\t\t\t\t\t\t\t\t\t\t<span class=\"elementor-accordion-icon-closed\"><svg class=\"e-font-icon-svg e-fas-long-arrow-alt-right\" viewBox=\"0 0 448 512\" xmlns=\"http:\/\/www.w3.org\/2000\/svg\"><path d=\"M313.941 216H12c-6.627 0-12 5.373-12 12v56c0 6.627 5.373 12 12 12h301.941v46.059c0 21.382 25.851 32.09 40.971 16.971l86.059-86.059c9.373-9.373 9.373-24.569 0-33.941l-86.059-86.059c-15.119-15.119-40.971-4.411-40.971 16.971V216z\"><\/path><\/svg><\/span>\n\t\t\t\t\t\t\t\t<span class=\"elementor-accordion-icon-opened\"><svg class=\"e-font-icon-svg e-fas-long-arrow-alt-up\" viewBox=\"0 0 256 512\" xmlns=\"http:\/\/www.w3.org\/2000\/svg\"><path d=\"M88 166.059V468c0 6.627 5.373 12 12 12h56c6.627 0 12-5.373 12-12V166.059h46.059c21.382 0 32.09-25.851 16.971-40.971l-86.059-86.059c-9.373-9.373-24.569-9.373-33.941 0l-86.059 86.059c-15.119 15.119-4.411 40.971 16.971 40.971H88z\"><\/path><\/svg><\/span>\n\t\t\t\t\t\t\t\t\t\t\t\t\t\t<\/span>\n\t\t\t\t\t\t\t\t\t\t\t\t<a class=\"elementor-accordion-title\" tabindex=\"0\">Ist das Aktivit\u00e4tsprogramm exklusiv f\u00fcr 50+ Teilnehmer?<\/a>\n\t\t\t\t\t<\/div>\n\t\t\t\t\t<div id=\"elementor-tab-content-19915\" class=\"elementor-tab-content elementor-clearfix\" data-tab=\"15\" role=\"region\" aria-labelledby=\"elementor-tab-title-19915\"><p><span class=\"a_GcMg font-feature-liga-off font-feature-clig-off font-feature-calt-off text-decoration-none text-strikethrough-none\">Ja. Das 50+ Programm ist haupts\u00e4chlich exklusiv f\u00fcr Teilnehmer dieses Programms. Nur der Welcome Drink kann auch von anderen Sch\u00fclern der Schule besucht werden, die in der Regel 30+ Jahre alt sind.  <\/span><\/p>\n<\/div>\n\t\t\t\t<\/div>\n\t\t\t\t\t\t\t\t\t\t<script type=\"application\/ld+json\">{\"@context\":\"https:\\\/\\\/schema.org\",\"@type\":\"FAQPage\",\"mainEntity\":[{\"@type\":\"Question\",\"name\":\"Was ist der Spanischkurs Mallorca 50+?\",\"acceptedAnswer\":{\"@type\":\"Answer\",\"text\":\"<p>Der Spanischkurs Mallorca 50+ ist ein einzigartiges Programm f\\u00fcr Lernende ab 50 Jahren, die das Erlernen der spanischen Sprache mit Kultur- und Freizeitaktivit\\u00e4ten in der wundersch\\u00f6nen mediterranen Umgebung von Palma de Mallorca verbinden m\\u00f6chten.<\\\/p>\\n\"}},{\"@type\":\"Question\",\"name\":\"Was ist der Spanischkurs Mallorca 50+?\",\"acceptedAnswer\":{\"@type\":\"Answer\",\"text\":\"<p>Der Spanischkurs Mallorca 50+ ist ein einzigartiges Programm f\\u00fcr Lernende ab 50 Jahren, die das Erlernen der spanischen Sprache mit Kultur- und Freizeitaktivit\\u00e4ten in der wundersch\\u00f6nen mediterranen Umgebung von Palma de Mallorca verbinden m\\u00f6chten.<\\\/p>\\n\"}},{\"@type\":\"Question\",\"name\":\"Wo befindet sich die Sprachschule?\",\"acceptedAnswer\":{\"@type\":\"Answer\",\"text\":\"<p>Unsere Schule befindet sich in zentraler Lage an der Avenida de Portugal in Palma de Mallorca, direkt neben der Altstadt. Sie ist sowohl mit \\u00f6ffentlichen Verkehrsmitteln als auch mit dem Auto leicht zu erreichen und verf\\u00fcgt \\u00fcber nahe gelegene Parkm\\u00f6glichkeiten. <\\\/p>\\n\"}},{\"@type\":\"Question\",\"name\":\"Welche Sprachstufen werden angeboten?\",\"acceptedAnswer\":{\"@type\":\"Answer\",\"text\":\"<p>Wir bieten Kurse f\\u00fcr die Stufen A1 (Anf\\u00e4nger) bis B2 (Obere Mittelstufe) an.<\\\/p>\\n\"}},{\"@type\":\"Question\",\"name\":\"Was sind die Kursoptionen?\",\"acceptedAnswer\":{\"@type\":\"Answer\",\"text\":\"<p>Wir bieten zwei Optionen an:<\\\/p>\\n<ul>\\n<li><strong>10 Lektionen pro Woche<\\\/strong>: 11:25 UHR &#8211; 1:05 UHR<\\\/li>\\n<li><strong>20 Lektionen pro Woche<\\\/strong>: 9:30 UHR &#8211; 1:05 UHR<\\\/li>\\n<\\\/ul>\\n<p>Beide Optionen beinhalten bis zu 7 Stunden betreutes Selbststudium pro Woche, wobei ein Lehrer f\\u00fcr Fragen zur Verf\\u00fcgung steht.<\\\/p>\\n\"}},{\"@type\":\"Question\",\"name\":\"Wie lange dauert der Kurs?\",\"acceptedAnswer\":{\"@type\":\"Answer\",\"text\":\"<p>Die Kurse werden f\\u00fcr 1 oder 2 Wochen angeboten.<\\\/p>\\n\"}},{\"@type\":\"Question\",\"name\":\"Welches sind die Starttermine f\\u00fcr 2025?\",\"acceptedAnswer\":{\"@type\":\"Answer\",\"text\":\"<ul>\\n<li><strong>Juni<\\\/strong>: 2. und 9.<\\\/li>\\n<li><strong>Oktober<\\\/strong>: 6., 13., 20. und 27.<\\\/li>\\n<\\\/ul>\\n\"}},{\"@type\":\"Question\",\"name\":\"Ist der Kurs f\\u00fcr Bildungsurlaub anerkannt?\",\"acceptedAnswer\":{\"@type\":\"Answer\",\"text\":\"<p>Ja, der Kurs mit 20 Unterrichtsstunden pro Woche ist in den folgenden deutschen Bundesl\\u00e4ndern f\\u00fcr den Bildungsurlaub anerkannt: Baden-W\\u00fcrttemberg, Berlin, Brandenburg, Bremen, Hamburg, Hessen, Niedersachsen, Rheinland-Pfalz, Saarland, Sachsen-Anhalt, Schleswig-Holstein und Th\\u00fcringen.<\\\/p>\\n<h4> <\\\/h4>\\n\"}},{\"@type\":\"Question\",\"name\":\"Welche Freizeitaktivit\\u00e4ten sind inbegriffen?\",\"acceptedAnswer\":{\"@type\":\"Answer\",\"text\":\"<p>Der Kurs umfasst 10 Gruppenaktivit\\u00e4ten pro Woche, wie zum Beispiel:<\\\/p>\\n<ul>\\n<li>Stadtf\\u00fchrungen<\\\/li>\\n<li>Besuche in der Kathedrale<\\\/li>\\n<li>Ausfl\\u00fcge nach Valldemossa und S\\u00f3ller<\\\/li>\\n<li>Workshops zum Flamenco-Handklatschen<\\\/li>\\n<li>Museums- und Marktbesuche<\\\/li>\\n<\\\/ul>\\n\"}},{\"@type\":\"Question\",\"name\":\"Ist das Programm f\\u00fcr Alleinreisende geeignet?\",\"acceptedAnswer\":{\"@type\":\"Answer\",\"text\":\"<p>Ja! Der Kurs f\\u00f6rdert eine gemeinschaftliche Umgebung, in der Sie Gleichgesinnte treffen und neue Freunde finden k\\u00f6nnen, w\\u00e4hrend Sie Spanisch lernen. <\\\/p>\\n\"}},{\"@type\":\"Question\",\"name\":\"Welche Unterkunftsm\\u00f6glichkeiten gibt es?\",\"acceptedAnswer\":{\"@type\":\"Answer\",\"text\":\"<ul>\\n<li><strong>Standard-Unterk\\u00fcnfte<\\\/strong>: Einfachere Unterk\\u00fcnfte bei Gastgebern im Alter von 50-70 Jahren, die nicht weiter als 30 Minuten von der Schule entfernt sind. Inklusive Fr\\u00fchst\\u00fcck und Abendessen. <\\\/li>\\n<li><strong>Komfort-Wohnungen<\\\/strong>: Moderne Unterk\\u00fcnfte in ruhigeren Wohngegenden. Inklusive Fr\\u00fchst\\u00fcck und Abendessen. <\\\/li>\\n<li><strong>Hotels<\\\/strong>: Eine Auswahl an Hotels in Palma de Mallorca f\\u00fcr jedes Budget und jeden Geschmack.<\\\/li>\\n<\\\/ul>\\n<p>Private Badezimmer sind auf Anfrage sowohl f\\u00fcr Standard- als auch f\\u00fcr Komfortwohnungen erh\\u00e4ltlich.<\\\/p>\\n\"}},{\"@type\":\"Question\",\"name\":\"Wie viele Sch\\u00fcler sind in jeder Gruppe?\",\"acceptedAnswer\":{\"@type\":\"Answer\",\"text\":\"<p>Die Klassengr\\u00f6\\u00dfen sind klein, mit durchschnittlich 3-7 Sch\\u00fclern und maximal 12 pro Gruppe.<\\\/p>\\n\"}},{\"@type\":\"Question\",\"name\":\"Was ist in der Kursgeb\\u00fchr enthalten?\",\"acceptedAnswer\":{\"@type\":\"Answer\",\"text\":\"<ul>\\n<li>Spanischunterricht<\\\/li>\\n<li>Freizeitaktivit\\u00e4ten<\\\/li>\\n<li>Einstufungstest<\\\/li>\\n<li>Teilnahmebest\\u00e4tigung<\\\/li>\\n<\\\/ul>\\n\"}},{\"@type\":\"Question\",\"name\":\"Sind die Spanischkurse nur f\\u00fcr 50+ Teilnehmer?\",\"acceptedAnswer\":{\"@type\":\"Answer\",\"text\":\"<p><span class=\\\"a_GcMg font-feature-liga-off font-feature-clig-off font-feature-calt-off text-decoration-none text-strikethrough-none\\\">Nein. Sie nehmen am regul\\u00e4ren Unterricht auf Ihrem Niveau mit Sch\\u00fclern aller Altersgruppen teil. <\\\/span><\\\/p>\\n\"}},{\"@type\":\"Question\",\"name\":\"Ist das Aktivit\\u00e4tsprogramm exklusiv f\\u00fcr 50+ Teilnehmer?\",\"acceptedAnswer\":{\"@type\":\"Answer\",\"text\":\"<p><span class=\\\"a_GcMg font-feature-liga-off font-feature-clig-off font-feature-calt-off text-decoration-none text-strikethrough-none\\\">Ja. Das 50+ Programm ist haupts\\u00e4chlich exklusiv f\\u00fcr Teilnehmer dieses Programms. Nur der Welcome Drink kann auch von anderen Sch\\u00fclern der Schule besucht werden, die in der Regel 30+ Jahre alt sind.  <\\\/span><\\\/p>\\n\"}}]}<\/script>\n\t\t\t\t\t<\/div>\n\t\t\t\t\t\t<\/div>\n\t\t\t\t<\/div>\n\t\t\t\t\t<\/div>\n\t\t<\/div>\n\t\t\t\t\t<\/div>\n\t\t<\/section>\n\t\t\t\t<section class=\"wd-negative-gap elementor-section elementor-top-section elementor-element elementor-element-f0a6c77 elementor-section-boxed elementor-section-height-default elementor-section-height-default\" data-id=\"f0a6c77\" data-element_type=\"section\" data-e-type=\"section\">\n\t\t\t\t\t\t<div class=\"elementor-container elementor-column-gap-default\">\n\t\t\t\t\t<div class=\"elementor-column elementor-col-100 elementor-top-column elementor-element elementor-element-9252b0d\" data-id=\"9252b0d\" data-element_type=\"column\" data-e-type=\"column\">\n\t\t\t<div class=\"elementor-widget-wrap elementor-element-populated\">\n\t\t\t\t\t\t<div class=\"elementor-element elementor-element-418a7e4 elementor-widget elementor-widget-heading\" data-id=\"418a7e4\" data-element_type=\"widget\" data-e-type=\"widget\" data-widget_type=\"heading.default\">\n\t\t\t\t<div class=\"elementor-widget-container\">\n\t\t\t\t\t<h2 class=\"elementor-heading-title elementor-size-default\">Bildungsurlaub<\/h2>\t\t\t\t<\/div>\n\t\t\t\t<\/div>\n\t\t\t\t<div class=\"elementor-element elementor-element-edc9fe7 wd-accordion-theme-style elementor-widget elementor-widget-accordion\" data-id=\"edc9fe7\" data-element_type=\"widget\" data-e-type=\"widget\" data-widget_type=\"accordion.default\">\n\t\t\t\t<div class=\"elementor-widget-container\">\n\t\t\t\t\t\t\t<div class=\"elementor-accordion\">\n\t\t\t\t\t\t\t<div class=\"elementor-accordion-item\">\n\t\t\t\t\t<div id=\"elementor-tab-title-2491\" class=\"elementor-tab-title\" data-tab=\"1\" role=\"button\" aria-controls=\"elementor-tab-content-2491\" aria-expanded=\"false\">\n\t\t\t\t\t\t\t\t\t\t\t\t\t<span class=\"elementor-accordion-icon elementor-accordion-icon-right\" aria-hidden=\"true\">\n\t\t\t\t\t\t\t\t\t\t\t\t\t\t\t<span class=\"elementor-accordion-icon-closed\"><svg class=\"e-font-icon-svg e-fas-long-arrow-alt-right\" viewBox=\"0 0 448 512\" xmlns=\"http:\/\/www.w3.org\/2000\/svg\"><path d=\"M313.941 216H12c-6.627 0-12 5.373-12 12v56c0 6.627 5.373 12 12 12h301.941v46.059c0 21.382 25.851 32.09 40.971 16.971l86.059-86.059c9.373-9.373 9.373-24.569 0-33.941l-86.059-86.059c-15.119-15.119-40.971-4.411-40.971 16.971V216z\"><\/path><\/svg><\/span>\n\t\t\t\t\t\t\t\t<span class=\"elementor-accordion-icon-opened\"><svg class=\"e-font-icon-svg e-fas-long-arrow-alt-up\" viewBox=\"0 0 256 512\" xmlns=\"http:\/\/www.w3.org\/2000\/svg\"><path d=\"M88 166.059V468c0 6.627 5.373 12 12 12h56c6.627 0 12-5.373 12-12V166.059h46.059c21.382 0 32.09-25.851 16.971-40.971l-86.059-86.059c-9.373-9.373-24.569-9.373-33.941 0l-86.059 86.059c-15.119 15.119-4.411 40.971 16.971 40.971H88z\"><\/path><\/svg><\/span>\n\t\t\t\t\t\t\t\t\t\t\t\t\t\t<\/span>\n\t\t\t\t\t\t\t\t\t\t\t\t<a class=\"elementor-accordion-title\" tabindex=\"0\">Erf\u00fcllt der Spanischkurs 30 Stunden pro Woche die Anforderungen f\u00fcr Bildungsurlaub f\u00fcr mein Bundesland?<\/a>\n\t\t\t\t\t<\/div>\n\t\t\t\t\t<div id=\"elementor-tab-content-2491\" class=\"elementor-tab-content elementor-clearfix\" data-tab=\"1\" role=\"region\" aria-labelledby=\"elementor-tab-title-2491\"><p data-prosemirror-content-type=\"node\" data-prosemirror-node-name=\"paragraph\" data-prosemirror-node-block=\"true\" data-pm-slice=\"1 1 []\">Ja. Unser Bildungsurlaubskurs umfasst 30 Gruppenunterrichtsstunden pro Woche. Der Kurs setzt sich zusammen aus Gruppenunterricht und 7 oder mehr Unterrichtsstunden betreutem Lernen.  <\/p>\n<p data-prosemirror-content-type=\"node\" data-prosemirror-node-name=\"paragraph\" data-prosemirror-node-block=\"true\">Je nach Bundesland kann der Anteil des betreuten Lernens variieren, um den jeweiligen gesetzlichen Vorgaben zu entsprechen. Der Gesamtpreis bleibt dabei immer gleich. <\/p>\n<p data-prosemirror-content-type=\"node\" data-prosemirror-node-name=\"paragraph\" data-prosemirror-node-block=\"true\">Gerne senden wir Ihnen Stundenplan zu &#8211; fragen Sie uns einfach!<\/p>\n<\/div>\n\t\t\t\t<\/div>\n\t\t\t\t\t\t\t<div class=\"elementor-accordion-item\">\n\t\t\t\t\t<div id=\"elementor-tab-title-2492\" class=\"elementor-tab-title\" data-tab=\"2\" role=\"button\" aria-controls=\"elementor-tab-content-2492\" aria-expanded=\"false\">\n\t\t\t\t\t\t\t\t\t\t\t\t\t<span class=\"elementor-accordion-icon elementor-accordion-icon-right\" aria-hidden=\"true\">\n\t\t\t\t\t\t\t\t\t\t\t\t\t\t\t<span class=\"elementor-accordion-icon-closed\"><svg class=\"e-font-icon-svg e-fas-long-arrow-alt-right\" viewBox=\"0 0 448 512\" xmlns=\"http:\/\/www.w3.org\/2000\/svg\"><path d=\"M313.941 216H12c-6.627 0-12 5.373-12 12v56c0 6.627 5.373 12 12 12h301.941v46.059c0 21.382 25.851 32.09 40.971 16.971l86.059-86.059c9.373-9.373 9.373-24.569 0-33.941l-86.059-86.059c-15.119-15.119-40.971-4.411-40.971 16.971V216z\"><\/path><\/svg><\/span>\n\t\t\t\t\t\t\t\t<span class=\"elementor-accordion-icon-opened\"><svg class=\"e-font-icon-svg e-fas-long-arrow-alt-up\" viewBox=\"0 0 256 512\" xmlns=\"http:\/\/www.w3.org\/2000\/svg\"><path d=\"M88 166.059V468c0 6.627 5.373 12 12 12h56c6.627 0 12-5.373 12-12V166.059h46.059c21.382 0 32.09-25.851 16.971-40.971l-86.059-86.059c-9.373-9.373-24.569-9.373-33.941 0l-86.059 86.059c-15.119 15.119-4.411 40.971 16.971 40.971H88z\"><\/path><\/svg><\/span>\n\t\t\t\t\t\t\t\t\t\t\t\t\t\t<\/span>\n\t\t\t\t\t\t\t\t\t\t\t\t<a class=\"elementor-accordion-title\" tabindex=\"0\">Erf\u00fcllt der Spanischkurs 30 Stunden pro Woche die Anforderungen f\u00fcr Bildungsurlaub f\u00fcr mein Bundesland?<\/a>\n\t\t\t\t\t<\/div>\n\t\t\t\t\t<div id=\"elementor-tab-content-2492\" class=\"elementor-tab-content elementor-clearfix\" data-tab=\"2\" role=\"region\" aria-labelledby=\"elementor-tab-title-2492\"><p data-prosemirror-content-type=\"node\" data-prosemirror-node-name=\"paragraph\" data-prosemirror-node-block=\"true\" data-pm-slice=\"1 1 []\">Ja. Unser Bildungsurlaubskurs umfasst 30 Gruppenunterrichtsstunden pro Woche. Der Kurs setzt sich zusammen aus Gruppenunterricht und 7 oder mehr Unterrichtsstunden betreutem Lernen.  <\/p>\n<p data-prosemirror-content-type=\"node\" data-prosemirror-node-name=\"paragraph\" data-prosemirror-node-block=\"true\">Je nach Bundesland kann der Anteil des betreuten Lernens variieren, um den jeweiligen gesetzlichen Vorgaben zu entsprechen. Der Gesamtpreis bleibt dabei immer gleich. <\/p>\n<p data-prosemirror-content-type=\"node\" data-prosemirror-node-name=\"paragraph\" data-prosemirror-node-block=\"true\">Gerne senden wir Ihnen Stundenplan zu &#8211; fragen Sie uns einfach!<\/p>\n<\/div>\n\t\t\t\t<\/div>\n\t\t\t\t\t\t\t<div class=\"elementor-accordion-item\">\n\t\t\t\t\t<div id=\"elementor-tab-title-2493\" class=\"elementor-tab-title\" data-tab=\"3\" role=\"button\" aria-controls=\"elementor-tab-content-2493\" aria-expanded=\"false\">\n\t\t\t\t\t\t\t\t\t\t\t\t\t<span class=\"elementor-accordion-icon elementor-accordion-icon-right\" aria-hidden=\"true\">\n\t\t\t\t\t\t\t\t\t\t\t\t\t\t\t<span class=\"elementor-accordion-icon-closed\"><svg class=\"e-font-icon-svg e-fas-long-arrow-alt-right\" viewBox=\"0 0 448 512\" xmlns=\"http:\/\/www.w3.org\/2000\/svg\"><path d=\"M313.941 216H12c-6.627 0-12 5.373-12 12v56c0 6.627 5.373 12 12 12h301.941v46.059c0 21.382 25.851 32.09 40.971 16.971l86.059-86.059c9.373-9.373 9.373-24.569 0-33.941l-86.059-86.059c-15.119-15.119-40.971-4.411-40.971 16.971V216z\"><\/path><\/svg><\/span>\n\t\t\t\t\t\t\t\t<span class=\"elementor-accordion-icon-opened\"><svg class=\"e-font-icon-svg e-fas-long-arrow-alt-up\" viewBox=\"0 0 256 512\" xmlns=\"http:\/\/www.w3.org\/2000\/svg\"><path d=\"M88 166.059V468c0 6.627 5.373 12 12 12h56c6.627 0 12-5.373 12-12V166.059h46.059c21.382 0 32.09-25.851 16.971-40.971l-86.059-86.059c-9.373-9.373-24.569-9.373-33.941 0l-86.059 86.059c-15.119 15.119-4.411 40.971 16.971 40.971H88z\"><\/path><\/svg><\/span>\n\t\t\t\t\t\t\t\t\t\t\t\t\t\t<\/span>\n\t\t\t\t\t\t\t\t\t\t\t\t<a class=\"elementor-accordion-title\" tabindex=\"0\">Muss ich immer am gesamten Unterricht teilnehmen, um mein Zertifikat zu erhalten?<\/a>\n\t\t\t\t\t<\/div>\n\t\t\t\t\t<div id=\"elementor-tab-content-2493\" class=\"elementor-tab-content elementor-clearfix\" data-tab=\"3\" role=\"region\" aria-labelledby=\"elementor-tab-title-2493\"><p data-prosemirror-content-type=\"node\" data-prosemirror-node-name=\"paragraph\" data-prosemirror-node-block=\"true\" data-pm-slice=\"1 1 []\">Um das Teilnahmezertifikat f\u00fcr den Bildungsurlaub zu erhalten, ist die Teilnahme an 80% des Unterrichts erforderlich.<\/p>\n<p data-prosemirror-content-type=\"node\" data-prosemirror-node-name=\"paragraph\" data-prosemirror-node-block=\"true\">\n<\/div>\n\t\t\t\t<\/div>\n\t\t\t\t\t\t\t<div class=\"elementor-accordion-item\">\n\t\t\t\t\t<div id=\"elementor-tab-title-2494\" class=\"elementor-tab-title\" data-tab=\"4\" role=\"button\" aria-controls=\"elementor-tab-content-2494\" aria-expanded=\"false\">\n\t\t\t\t\t\t\t\t\t\t\t\t\t<span class=\"elementor-accordion-icon elementor-accordion-icon-right\" aria-hidden=\"true\">\n\t\t\t\t\t\t\t\t\t\t\t\t\t\t\t<span class=\"elementor-accordion-icon-closed\"><svg class=\"e-font-icon-svg e-fas-long-arrow-alt-right\" viewBox=\"0 0 448 512\" xmlns=\"http:\/\/www.w3.org\/2000\/svg\"><path d=\"M313.941 216H12c-6.627 0-12 5.373-12 12v56c0 6.627 5.373 12 12 12h301.941v46.059c0 21.382 25.851 32.09 40.971 16.971l86.059-86.059c9.373-9.373 9.373-24.569 0-33.941l-86.059-86.059c-15.119-15.119-40.971-4.411-40.971 16.971V216z\"><\/path><\/svg><\/span>\n\t\t\t\t\t\t\t\t<span class=\"elementor-accordion-icon-opened\"><svg class=\"e-font-icon-svg e-fas-long-arrow-alt-up\" viewBox=\"0 0 256 512\" xmlns=\"http:\/\/www.w3.org\/2000\/svg\"><path d=\"M88 166.059V468c0 6.627 5.373 12 12 12h56c6.627 0 12-5.373 12-12V166.059h46.059c21.382 0 32.09-25.851 16.971-40.971l-86.059-86.059c-9.373-9.373-24.569-9.373-33.941 0l-86.059 86.059c-15.119 15.119-4.411 40.971 16.971 40.971H88z\"><\/path><\/svg><\/span>\n\t\t\t\t\t\t\t\t\t\t\t\t\t\t<\/span>\n\t\t\t\t\t\t\t\t\t\t\t\t<a class=\"elementor-accordion-title\" tabindex=\"0\">Unterkunft: Kann ich zus\u00e4tzliche N\u00e4chte zu meiner Unterkunft buchen?<\/a>\n\t\t\t\t\t<\/div>\n\t\t\t\t\t<div id=\"elementor-tab-content-2494\" class=\"elementor-tab-content elementor-clearfix\" data-tab=\"4\" role=\"region\" aria-labelledby=\"elementor-tab-title-2494\"><p data-prosemirror-content-type=\"node\" data-prosemirror-node-name=\"paragraph\" data-prosemirror-node-block=\"true\" data-pm-slice=\"1 1 []\">Unsere Unterk\u00fcnfte sind in w\u00f6chentlichen Bl\u00f6cken organisiert und keine touristischen Unterk\u00fcnfte. Daher k\u00f6nnen maximal 2 Extran\u00e4chte gebucht werden. Die regul\u00e4re Anreise ist sonntags und die Abreise samstags. Je nach Bedarf k\u00f6nnen Sie entweder die Nacht vor Kursbeginn (Samstag auf Sonntag) oder die Nacht nach Kursende (Samstag auf Sonntag) als Extranacht hinzubuchen.   <\/p>\n<\/div>\n\t\t\t\t<\/div>\n\t\t\t\t\t\t\t<div class=\"elementor-accordion-item\">\n\t\t\t\t\t<div id=\"elementor-tab-title-2495\" class=\"elementor-tab-title\" data-tab=\"5\" role=\"button\" aria-controls=\"elementor-tab-content-2495\" aria-expanded=\"false\">\n\t\t\t\t\t\t\t\t\t\t\t\t\t<span class=\"elementor-accordion-icon elementor-accordion-icon-right\" aria-hidden=\"true\">\n\t\t\t\t\t\t\t\t\t\t\t\t\t\t\t<span class=\"elementor-accordion-icon-closed\"><svg class=\"e-font-icon-svg e-fas-long-arrow-alt-right\" viewBox=\"0 0 448 512\" xmlns=\"http:\/\/www.w3.org\/2000\/svg\"><path d=\"M313.941 216H12c-6.627 0-12 5.373-12 12v56c0 6.627 5.373 12 12 12h301.941v46.059c0 21.382 25.851 32.09 40.971 16.971l86.059-86.059c9.373-9.373 9.373-24.569 0-33.941l-86.059-86.059c-15.119-15.119-40.971-4.411-40.971 16.971V216z\"><\/path><\/svg><\/span>\n\t\t\t\t\t\t\t\t<span class=\"elementor-accordion-icon-opened\"><svg class=\"e-font-icon-svg e-fas-long-arrow-alt-up\" viewBox=\"0 0 256 512\" xmlns=\"http:\/\/www.w3.org\/2000\/svg\"><path d=\"M88 166.059V468c0 6.627 5.373 12 12 12h56c6.627 0 12-5.373 12-12V166.059h46.059c21.382 0 32.09-25.851 16.971-40.971l-86.059-86.059c-9.373-9.373-24.569-9.373-33.941 0l-86.059 86.059c-15.119 15.119-4.411 40.971 16.971 40.971H88z\"><\/path><\/svg><\/span>\n\t\t\t\t\t\t\t\t\t\t\t\t\t\t<\/span>\n\t\t\t\t\t\t\t\t\t\t\t\t<a class=\"elementor-accordion-title\" tabindex=\"0\">  Wohngemeinschaften: Wer ist f\u00fcr den K\u00fchlschrank in der Wohngemeinschaft: verantwortlich?<\/a>\n\t\t\t\t\t<\/div>\n\t\t\t\t\t<div id=\"elementor-tab-content-2495\" class=\"elementor-tab-content elementor-clearfix\" data-tab=\"5\" role=\"region\" aria-labelledby=\"elementor-tab-title-2495\"><p data-prosemirror-content-type=\"node\" data-prosemirror-node-name=\"paragraph\" data-prosemirror-node-block=\"true\" data-pm-slice=\"1 1 []\">Der K\u00fchlschrank wird nicht von unserem Reinigungspersonal aufger\u00e4umt, sondern von den Bewohnern:innen der WG selbst. Das bedeutet, dass sie gemeinsam f\u00fcr Ordnung und Sauberkeit sorgt. <\/p>\n<p data-prosemirror-content-type=\"node\" data-prosemirror-node-name=\"paragraph\" data-prosemirror-node-block=\"true\">Ein Vorteil: Sie k\u00f6nnten auch von Lebensmitteln profitieren, die von Sch\u00fcler:innen, die abreisen, dagelassen werden. Der Nachteil: Manchmal bleibt etwas l\u00e4nger im K\u00fchlschrank stehen, wenn niemand es wegr\u00e4umt. Wir empfehlen daher, regelm\u00e4\u00dfig gemeinsam zu kontrollieren und den K\u00fchlschrank sauber zu halten.  <\/p>\n<\/div>\n\t\t\t\t<\/div>\n\t\t\t\t\t\t\t<div class=\"elementor-accordion-item\">\n\t\t\t\t\t<div id=\"elementor-tab-title-2496\" class=\"elementor-tab-title\" data-tab=\"6\" role=\"button\" aria-controls=\"elementor-tab-content-2496\" aria-expanded=\"false\">\n\t\t\t\t\t\t\t\t\t\t\t\t\t<span class=\"elementor-accordion-icon elementor-accordion-icon-right\" aria-hidden=\"true\">\n\t\t\t\t\t\t\t\t\t\t\t\t\t\t\t<span class=\"elementor-accordion-icon-closed\"><svg class=\"e-font-icon-svg e-fas-long-arrow-alt-right\" viewBox=\"0 0 448 512\" xmlns=\"http:\/\/www.w3.org\/2000\/svg\"><path d=\"M313.941 216H12c-6.627 0-12 5.373-12 12v56c0 6.627 5.373 12 12 12h301.941v46.059c0 21.382 25.851 32.09 40.971 16.971l86.059-86.059c9.373-9.373 9.373-24.569 0-33.941l-86.059-86.059c-15.119-15.119-40.971-4.411-40.971 16.971V216z\"><\/path><\/svg><\/span>\n\t\t\t\t\t\t\t\t<span class=\"elementor-accordion-icon-opened\"><svg class=\"e-font-icon-svg e-fas-long-arrow-alt-up\" viewBox=\"0 0 256 512\" xmlns=\"http:\/\/www.w3.org\/2000\/svg\"><path d=\"M88 166.059V468c0 6.627 5.373 12 12 12h56c6.627 0 12-5.373 12-12V166.059h46.059c21.382 0 32.09-25.851 16.971-40.971l-86.059-86.059c-9.373-9.373-24.569-9.373-33.941 0l-86.059 86.059c-15.119 15.119-4.411 40.971 16.971 40.971H88z\"><\/path><\/svg><\/span>\n\t\t\t\t\t\t\t\t\t\t\t\t\t\t<\/span>\n\t\t\t\t\t\t\t\t\t\t\t\t<a class=\"elementor-accordion-title\" tabindex=\"0\">Warum sind die K\u00fchlschr\u00e4nke nicht in feste Bereiche eingeteilt?<\/a>\n\t\t\t\t\t<\/div>\n\t\t\t\t\t<div id=\"elementor-tab-content-2496\" class=\"elementor-tab-content elementor-clearfix\" data-tab=\"6\" role=\"region\" aria-labelledby=\"elementor-tab-title-2496\"><p data-prosemirror-content-type=\"node\" data-prosemirror-node-name=\"paragraph\" data-prosemirror-node-block=\"true\" data-pm-slice=\"1 1 []\">Einige Sch\u00fcler:innen schlagen manchmal vor, die K\u00fchlschr\u00e4nke nach Zimmern aufzuteilen. Wir verzichten bewusst darauf: Zum einen behalten die Wohngemeinschaften so ihren Charakter als WG mit viel Unabh\u00e4ngigkeit und Freiheit. Zum anderen soll die Nutzung des K\u00fchlschranks flexibel bleiben &#8211; alle organisieren sich gemeinsam und individuell.  <\/p>\n<p data-prosemirror-content-type=\"node\" data-prosemirror-node-name=\"paragraph\" data-prosemirror-node-block=\"true\">Das bringt Vorteile (z. B. spontane Mitbenutzung, weniger starre Regeln), kann aber auch bedeuten, dass Sie sich aktiv abstimmen und R\u00fccksicht nehmen m\u00fcssen.<\/p>\n<\/div>\n\t\t\t\t<\/div>\n\t\t\t\t\t\t\t\t\t\t<script type=\"application\/ld+json\">{\"@context\":\"https:\\\/\\\/schema.org\",\"@type\":\"FAQPage\",\"mainEntity\":[{\"@type\":\"Question\",\"name\":\"Erf\\u00fcllt der Spanischkurs 30 Stunden pro Woche die Anforderungen f\\u00fcr Bildungsurlaub f\\u00fcr mein Bundesland?\",\"acceptedAnswer\":{\"@type\":\"Answer\",\"text\":\"<p data-prosemirror-content-type=\\\"node\\\" data-prosemirror-node-name=\\\"paragraph\\\" data-prosemirror-node-block=\\\"true\\\" data-pm-slice=\\\"1 1 []\\\">Ja. Unser Bildungsurlaubskurs umfasst 30 Gruppenunterrichtsstunden pro Woche. Der Kurs setzt sich zusammen aus Gruppenunterricht und 7 oder mehr Unterrichtsstunden betreutem Lernen.  <\\\/p>\\n<p data-prosemirror-content-type=\\\"node\\\" data-prosemirror-node-name=\\\"paragraph\\\" data-prosemirror-node-block=\\\"true\\\">Je nach Bundesland kann der Anteil des betreuten Lernens variieren, um den jeweiligen gesetzlichen Vorgaben zu entsprechen. Der Gesamtpreis bleibt dabei immer gleich. <\\\/p>\\n<p data-prosemirror-content-type=\\\"node\\\" data-prosemirror-node-name=\\\"paragraph\\\" data-prosemirror-node-block=\\\"true\\\">Gerne senden wir Ihnen Stundenplan zu &#8211; fragen Sie uns einfach!<\\\/p>\\n\"}},{\"@type\":\"Question\",\"name\":\"Erf\\u00fcllt der Spanischkurs 30 Stunden pro Woche die Anforderungen f\\u00fcr Bildungsurlaub f\\u00fcr mein Bundesland?\",\"acceptedAnswer\":{\"@type\":\"Answer\",\"text\":\"<p data-prosemirror-content-type=\\\"node\\\" data-prosemirror-node-name=\\\"paragraph\\\" data-prosemirror-node-block=\\\"true\\\" data-pm-slice=\\\"1 1 []\\\">Ja. Unser Bildungsurlaubskurs umfasst 30 Gruppenunterrichtsstunden pro Woche. Der Kurs setzt sich zusammen aus Gruppenunterricht und 7 oder mehr Unterrichtsstunden betreutem Lernen.  <\\\/p>\\n<p data-prosemirror-content-type=\\\"node\\\" data-prosemirror-node-name=\\\"paragraph\\\" data-prosemirror-node-block=\\\"true\\\">Je nach Bundesland kann der Anteil des betreuten Lernens variieren, um den jeweiligen gesetzlichen Vorgaben zu entsprechen. Der Gesamtpreis bleibt dabei immer gleich. <\\\/p>\\n<p data-prosemirror-content-type=\\\"node\\\" data-prosemirror-node-name=\\\"paragraph\\\" data-prosemirror-node-block=\\\"true\\\">Gerne senden wir Ihnen Stundenplan zu &#8211; fragen Sie uns einfach!<\\\/p>\\n\"}},{\"@type\":\"Question\",\"name\":\"Muss ich immer am gesamten Unterricht teilnehmen, um mein Zertifikat zu erhalten?\",\"acceptedAnswer\":{\"@type\":\"Answer\",\"text\":\"<p data-prosemirror-content-type=\\\"node\\\" data-prosemirror-node-name=\\\"paragraph\\\" data-prosemirror-node-block=\\\"true\\\" data-pm-slice=\\\"1 1 []\\\">Um das Teilnahmezertifikat f\\u00fcr den Bildungsurlaub zu erhalten, ist die Teilnahme an 80% des Unterrichts erforderlich.<\\\/p>\\n<p data-prosemirror-content-type=\\\"node\\\" data-prosemirror-node-name=\\\"paragraph\\\" data-prosemirror-node-block=\\\"true\\\">\\n\"}},{\"@type\":\"Question\",\"name\":\"Unterkunft: Kann ich zus\\u00e4tzliche N\\u00e4chte zu meiner Unterkunft buchen?\",\"acceptedAnswer\":{\"@type\":\"Answer\",\"text\":\"<p data-prosemirror-content-type=\\\"node\\\" data-prosemirror-node-name=\\\"paragraph\\\" data-prosemirror-node-block=\\\"true\\\" data-pm-slice=\\\"1 1 []\\\">Unsere Unterk\\u00fcnfte sind in w\\u00f6chentlichen Bl\\u00f6cken organisiert und keine touristischen Unterk\\u00fcnfte. Daher k\\u00f6nnen maximal 2 Extran\\u00e4chte gebucht werden. Die regul\\u00e4re Anreise ist sonntags und die Abreise samstags. Je nach Bedarf k\\u00f6nnen Sie entweder die Nacht vor Kursbeginn (Samstag auf Sonntag) oder die Nacht nach Kursende (Samstag auf Sonntag) als Extranacht hinzubuchen.   <\\\/p>\\n\"}},{\"@type\":\"Question\",\"name\":\"Wohngemeinschaften: Wer ist f\\u00fcr den K\\u00fchlschrank in der Wohngemeinschaft: verantwortlich?\",\"acceptedAnswer\":{\"@type\":\"Answer\",\"text\":\"<p data-prosemirror-content-type=\\\"node\\\" data-prosemirror-node-name=\\\"paragraph\\\" data-prosemirror-node-block=\\\"true\\\" data-pm-slice=\\\"1 1 []\\\">Der K\\u00fchlschrank wird nicht von unserem Reinigungspersonal aufger\\u00e4umt, sondern von den Bewohnern:innen der WG selbst. Das bedeutet, dass sie gemeinsam f\\u00fcr Ordnung und Sauberkeit sorgt. <\\\/p>\\n<p data-prosemirror-content-type=\\\"node\\\" data-prosemirror-node-name=\\\"paragraph\\\" data-prosemirror-node-block=\\\"true\\\">Ein Vorteil: Sie k\\u00f6nnten auch von Lebensmitteln profitieren, die von Sch\\u00fcler:innen, die abreisen, dagelassen werden. Der Nachteil: Manchmal bleibt etwas l\\u00e4nger im K\\u00fchlschrank stehen, wenn niemand es wegr\\u00e4umt. Wir empfehlen daher, regelm\\u00e4\\u00dfig gemeinsam zu kontrollieren und den K\\u00fchlschrank sauber zu halten.  <\\\/p>\\n\"}},{\"@type\":\"Question\",\"name\":\"Warum sind die K\\u00fchlschr\\u00e4nke nicht in feste Bereiche eingeteilt?\",\"acceptedAnswer\":{\"@type\":\"Answer\",\"text\":\"<p data-prosemirror-content-type=\\\"node\\\" data-prosemirror-node-name=\\\"paragraph\\\" data-prosemirror-node-block=\\\"true\\\" data-pm-slice=\\\"1 1 []\\\">Einige Sch\\u00fcler:innen schlagen manchmal vor, die K\\u00fchlschr\\u00e4nke nach Zimmern aufzuteilen. Wir verzichten bewusst darauf: Zum einen behalten die Wohngemeinschaften so ihren Charakter als WG mit viel Unabh\\u00e4ngigkeit und Freiheit. Zum anderen soll die Nutzung des K\\u00fchlschranks flexibel bleiben &#8211; alle organisieren sich gemeinsam und individuell.  <\\\/p>\\n<p data-prosemirror-content-type=\\\"node\\\" data-prosemirror-node-name=\\\"paragraph\\\" data-prosemirror-node-block=\\\"true\\\">Das bringt Vorteile (z. B. spontane Mitbenutzung, weniger starre Regeln), kann aber auch bedeuten, dass Sie sich aktiv abstimmen und R\\u00fccksicht nehmen m\\u00fcssen.<\\\/p>\\n\"}}]}<\/script>\n\t\t\t\t\t<\/div>\n\t\t\t\t\t\t<\/div>\n\t\t\t\t<\/div>\n\t\t\t\t\t<\/div>\n\t\t<\/div>\n\t\t\t\t\t<\/div>\n\t\t<\/section>\n\t\t\t\t<\/div>\n\t\t","protected":false},"excerpt":{"rendered":"<p>H\u00e4ufig gestellte Fragen Wir wissen, dass Sie einige Fragen haben und wahrscheinlich gerne mehr Informationen \u00fcber uns und unsere Angebote<\/p>\n","protected":false},"author":5,"featured_media":0,"parent":0,"menu_order":0,"comment_status":"closed","ping_status":"closed","template":"","meta":{"two_page_speed":[],"footnotes":""},"class_list":["post-14553","page","type-page","status-publish","hentry"],"_links":{"self":[{"href":"https:\/\/maxxinstitutes.com\/de\/wp-json\/wp\/v2\/pages\/14553","targetHints":{"allow":["GET"]}}],"collection":[{"href":"https:\/\/maxxinstitutes.com\/de\/wp-json\/wp\/v2\/pages"}],"about":[{"href":"https:\/\/maxxinstitutes.com\/de\/wp-json\/wp\/v2\/types\/page"}],"author":[{"embeddable":true,"href":"https:\/\/maxxinstitutes.com\/de\/wp-json\/wp\/v2\/users\/5"}],"replies":[{"embeddable":true,"href":"https:\/\/maxxinstitutes.com\/de\/wp-json\/wp\/v2\/comments?post=14553"}],"version-history":[{"count":14,"href":"https:\/\/maxxinstitutes.com\/de\/wp-json\/wp\/v2\/pages\/14553\/revisions"}],"predecessor-version":[{"id":27893,"href":"https:\/\/maxxinstitutes.com\/de\/wp-json\/wp\/v2\/pages\/14553\/revisions\/27893"}],"wp:attachment":[{"href":"https:\/\/maxxinstitutes.com\/de\/wp-json\/wp\/v2\/media?parent=14553"}],"curies":[{"name":"wp","href":"https:\/\/api.w.org\/{rel}","templated":true}]}}